{"id":32,"date":"2020-09-01T22:08:26","date_gmt":"2020-09-01T20:08:26","guid":{"rendered":"https:\/\/noblaskolan.se\/vellinge\/?page_id=32"},"modified":"2026-03-25T16:26:10","modified_gmt":"2026-03-25T15:26:10","slug":"lasarstider","status":"publish","type":"page","link":"https:\/\/noblaskolan.se\/vellinge\/om\/lasarstider\/","title":{"rendered":"L\u00e4s\u00e5rstider"},"content":{"rendered":"\n<div class=\"wp-block-columns is-layout-flex wp-container-core-columns-layout-1 wp-block-columns-is-layout-flex\">\n<div class=\"wp-block-column is-layout-flow wp-block-column-is-layout-flow\" style=\"flex-basis:100%\">\n<h1 class=\"wp-block-heading\">L\u00e4s\u00e5rstider<\/h1>\n\n\n\n<p   class=\"site__ingress container text-left  site__text-color--dark  site__free_text--ingress p-0\">\n\tH\u00e4r samlar vi v\u00e5ra l\u00e4s\u00e5rstider och information om skolstart, lov och skolavslutningar. Mer information, scheman f\u00f6r de olika klasserna och avvikelser finns i SchoolSoft. <\/p>\n\n\n\n\n\n<h2 class=\"wp-block-heading\">H\u00f6sten 2025<\/h2>\n\n\n\n<p><strong>Skolstart h\u00f6sttermin<\/strong><br>Skolan b\u00f6rjar igen den 14 augusti 2025.<\/p>\n\n\n\n<p><strong>Studiedag<\/strong><br>8 oktober<\/p>\n\n\n\n<p><strong>H\u00f6stlov<\/strong><br>H\u00f6stlovet 2025 \u00e4r vecka 44 mellan den 27 och 31 oktober.<\/p>\n\n\n\n<p><strong>Jullov<\/strong><br>Jullovet 2025 \u00e4r mellan den 19 december och 12 januari.<\/p>\n\n\n\n<h2 class=\"wp-block-heading\">V\u00e5ren 2026<\/h2>\n\n\n\n<p><strong>12 januari &#8211; 11 juni 2026.<\/strong><\/p>\n\n\n\n<p><strong>Studiedag<\/strong><br>12 januari<\/p>\n\n\n\n<p>13 januari (fritids st\u00e4ngt)<\/p>\n\n\n\n<p><strong>Sportlov<\/strong><br>Sportlovet 2026 \u00e4r vecka 8 mellan den 16 och 20 februari.<\/p>\n\n\n\n<p><strong>Studiedag<\/strong><\/p>\n\n\n\n<p>3 mars<\/p>\n\n\n\n<p><strong>P\u00e5sklov<\/strong><br>P\u00e5sklovet 2026 \u00e4r vecka 14 mellan den 30 mars till 2 april.<\/p>\n\n\n\n<p><strong>Ledig dag<\/strong><\/p>\n\n\n\n<p>15 maj.<\/p>\n\n\n\n<p><strong>Skolavslutning<\/strong><br>Skolavslutningen \u00e4r 11 juni 2026.<\/p>\n<\/div>\n<\/div>\n\n\n\t<div\n\t\t class=\"container images-module\" >\n\t\t<div class=\"row\">\n\t\t\t<div\n\t\t\t\t\tclass=\"col-12 p-0 position-relative images_module__slideshow images_module__slideshow-container \">\n\t\t\t\t<div class=\"images_module__slide\" data-slide=\"\"\n\t\t\t\t\t data-duration=\"\"><\/div>\n\t\t\t\t\t\t\t\t\t<div\n\t\t\t\t\t\t class=\"images_module__slides \">\n\n\n\t\t\t\t\t\t<div class=\"images__wrapper\" style=\"aspect-ratio: 1200 \/ 531;\">\n\t\t\t\t\t\t\t<img decoding=\"async\" width=\"2560\" height=\"1707\" src=\"https:\/\/noblaskolan.se\/wp-content\/uploads\/sites\/37\/2023\/08\/mariastadenhelsingborg2022-2027-2-scaled.jpg\" class=\"images__image_ratio  \" alt=\"Tv\u00e5 elever \u00e4r glada och kl\u00e4ttrar i ett tr\u00e4d.\" style=\"aspect-ratio: 1200 \/ 531;object-position: center top;\" srcset=\"https:\/\/noblaskolan.se\/wp-content\/uploads\/sites\/37\/2023\/08\/mariastadenhelsingborg2022-2027-2-scaled.jpg 2560w, https:\/\/noblaskolan.se\/wp-content\/uploads\/sites\/37\/2023\/08\/mariastadenhelsingborg2022-2027-2-scaled-300x200.jpg 300w, https:\/\/noblaskolan.se\/wp-content\/uploads\/sites\/37\/2023\/08\/mariastadenhelsingborg2022-2027-2-scaled-400x267.jpg 400w, https:\/\/noblaskolan.se\/wp-content\/uploads\/sites\/37\/2023\/08\/mariastadenhelsingborg2022-2027-2-scaled-600x400.jpg 600w, https:\/\/noblaskolan.se\/wp-content\/uploads\/sites\/37\/2023\/08\/mariastadenhelsingborg2022-2027-2-scaled-800x533.jpg 800w, https:\/\/noblaskolan.se\/wp-content\/uploads\/sites\/37\/2023\/08\/mariastadenhelsingborg2022-2027-2-scaled-1024x683.jpg 1024w, https:\/\/noblaskolan.se\/wp-content\/uploads\/sites\/37\/2023\/08\/mariastadenhelsingborg2022-2027-2-scaled-1200x800.jpg 1200w\" sizes=\"(max-width: 2560px) 100vw, 2560px\" \/>\t\t\t\t\t\t<\/div>\n\n\t\t\t\t\t\t\n\n\t\t\t\t\t\t\t\t\t\t\t<\/div>\n\t\t\t\t\n\t\t\t\t<div class=\"images_module__container_dot\">\n\t\t\t\t\t<div style=\"text-align:center\">\n\t\t\t\t\t\t\t\t\t\t\t\t\t<span   data-i=\"0\"\n\t\t\t\t\t\t\t\t  class=\"\n\t\t\t\t\t\t\timages_module__dot\n\t\t\t\t\t\t\t\t\t\t\t\t\t\t\"\n\t\t\t\t\t\t\t><\/span>\n\t\t\t\t\t\t\t\t\t\t\t<\/div>\n\t\t\t\t<\/div>\n\n\t\t\t<\/div>\n\t\t<\/div>\n\t<\/div>\n\t\n\n\n<script>\n\tvar images_display_descriptive_text = \"\";\n<\/script>\n\n\n<div   id=\"page-relative-menu\" class=\"site__font-monospace   container_width--full_width_conIcon   d-lg-none  \">\n\n\t\t\t\n<\/div>\n","protected":false},"excerpt":{"rendered":"<p>L\u00e4s\u00e5rstider H\u00f6sten 2025 Skolstart h\u00f6stterminSkolan b\u00f6rjar igen den 14 augusti 2025. Studiedag8 oktober H\u00f6stlovH\u00f6stlovet 2025 \u00e4r vecka 44 mellan den 27 och 31 oktober. JullovJullovet 2025 \u00e4r mellan den 19 december och 12 januari. V\u00e5ren 2026 12 januari &#8211; 11 juni 2026. Studiedag12 januari 13 januari (fritids st\u00e4ngt) SportlovSportlovet 2026 \u00e4r vecka 8 mellan den&#8230;<\/p>\n","protected":false},"author":1,"featured_media":0,"parent":20,"menu_order":0,"comment_status":"closed","ping_status":"closed","template":"","meta":{"footnotes":""},"yoast_head":"<!-- This site is optimized with the Yoast SEO plugin v22.0 - https:\/\/yoast.com\/wordpress\/plugins\/seo\/ -->\n<title>L\u00e4s\u00e5rstider, studiedagar och lov | Noblaskolan Boden<\/title>\n<meta name=\"description\" content=\"Ha koll p\u00e5 l\u00e4s\u00e5rstiderna och n\u00e4r eleverna \u00e4r lediga fr\u00e5n skolan. Vi har samlat v\u00e5ra lov, studiedagar och andra avvikelser p\u00e5 den h\u00e4r sidan.\" \/>\n<meta name=\"robots\" content=\"index, follow, max-snippet:-1, max-image-preview:large, max-video-preview:-1\" \/>\n<link rel=\"canonical\" href=\"https:\/\/noblaskolan.se\/vellinge\/om\/lasarstider\/\" \/>\n<meta property=\"og:locale\" content=\"sv_SE\" \/>\n<meta property=\"og:type\" content=\"article\" \/>\n<meta property=\"og:title\" content=\"L\u00e4s\u00e5rstider, studiedagar och lov | Noblaskolan Boden\" \/>\n<meta property=\"og:description\" content=\"Ha koll p\u00e5 l\u00e4s\u00e5rstiderna och n\u00e4r eleverna \u00e4r lediga fr\u00e5n skolan. Vi har samlat v\u00e5ra lov, studiedagar och andra avvikelser p\u00e5 den h\u00e4r sidan.\" \/>\n<meta property=\"og:url\" content=\"https:\/\/noblaskolan.se\/vellinge\/om\/lasarstider\/\" \/>\n<meta property=\"og:site_name\" content=\"Vellinge\" \/>\n<meta property=\"article:modified_time\" content=\"2026-03-25T15:26:10+00:00\" \/>\n<meta name=\"twitter:card\" content=\"summary_large_image\" \/>\n<meta name=\"twitter:title\" content=\"L\u00e4s\u00e5rstider, studiedagar och lov | Noblaskolan Boden\" \/>\n<meta name=\"twitter:description\" content=\"Ha koll p\u00e5 l\u00e4s\u00e5rstiderna och n\u00e4r eleverna \u00e4r lediga fr\u00e5n skolan. Vi har samlat v\u00e5ra lov, studiedagar och andra avvikelser p\u00e5 den h\u00e4r sidan.\" \/>\n<meta name=\"twitter:image\" content=\"https:\/\/noblaskolan.se\/wp-content\/uploads\/sites\/37\/2023\/08\/mariastadenhelsingborg2022-2027-2-scaled-1200x630.jpg\" \/>\n<meta name=\"twitter:label1\" content=\"Ber\u00e4knad l\u00e4stid\" \/>\n\t<meta name=\"twitter:data1\" content=\"1 minut\" \/>\n<script type=\"application\/ld+json\" class=\"yoast-schema-graph\">{\"@context\":\"https:\/\/schema.org\",\"@graph\":[{\"@type\":\"WebPage\",\"@id\":\"https:\/\/noblaskolan.se\/vellinge\/om\/lasarstider\/\",\"url\":\"https:\/\/noblaskolan.se\/vellinge\/om\/lasarstider\/\",\"name\":\"L\u00e4s\u00e5rstider, studiedagar och lov | Noblaskolan Boden\",\"isPartOf\":{\"@id\":\"https:\/\/noblaskolan.se\/vellinge\/#website\"},\"datePublished\":\"2020-09-01T20:08:26+00:00\",\"dateModified\":\"2026-03-25T15:26:10+00:00\",\"description\":\"Ha koll p\u00e5 l\u00e4s\u00e5rstiderna och n\u00e4r eleverna \u00e4r lediga fr\u00e5n skolan. Vi har samlat v\u00e5ra lov, studiedagar och andra avvikelser p\u00e5 den h\u00e4r sidan.\",\"breadcrumb\":{\"@id\":\"https:\/\/noblaskolan.se\/vellinge\/om\/lasarstider\/#breadcrumb\"},\"inLanguage\":\"sv-SE\",\"potentialAction\":[{\"@type\":\"ReadAction\",\"target\":[\"https:\/\/noblaskolan.se\/vellinge\/om\/lasarstider\/\"]}]},{\"@type\":\"BreadcrumbList\",\"@id\":\"https:\/\/noblaskolan.se\/vellinge\/om\/lasarstider\/#breadcrumb\",\"itemListElement\":[{\"@type\":\"ListItem\",\"position\":1,\"name\":\"Start\",\"item\":\"https:\/\/noblaskolan.se\/vellinge\/\"},{\"@type\":\"ListItem\",\"position\":2,\"name\":\"Om skolan\",\"item\":\"https:\/\/noblaskolan.se\/vellinge\/om\/\"},{\"@type\":\"ListItem\",\"position\":3,\"name\":\"L\u00e4s\u00e5rstider\"}]},{\"@type\":\"WebSite\",\"@id\":\"https:\/\/noblaskolan.se\/vellinge\/#website\",\"url\":\"https:\/\/noblaskolan.se\/vellinge\/\",\"name\":\"Vellinge\",\"description\":\"Noblaskolan Vellinge\",\"potentialAction\":[{\"@type\":\"SearchAction\",\"target\":{\"@type\":\"EntryPoint\",\"urlTemplate\":\"https:\/\/noblaskolan.se\/vellinge\/?s={search_term_string}\"},\"query-input\":\"required name=search_term_string\"}],\"inLanguage\":\"sv-SE\"}]}<\/script>\n<!-- \/ Yoast SEO plugin. -->","yoast_head_json":{"title":"L\u00e4s\u00e5rstider, studiedagar och lov | Noblaskolan Boden","description":"Ha koll p\u00e5 l\u00e4s\u00e5rstiderna och n\u00e4r eleverna \u00e4r lediga fr\u00e5n skolan. Vi har samlat v\u00e5ra lov, studiedagar och andra avvikelser p\u00e5 den h\u00e4r sidan.","robots":{"index":"index","follow":"follow","max-snippet":"max-snippet:-1","max-image-preview":"max-image-preview:large","max-video-preview":"max-video-preview:-1"},"canonical":"https:\/\/noblaskolan.se\/vellinge\/om\/lasarstider\/","og_locale":"sv_SE","og_type":"article","og_title":"L\u00e4s\u00e5rstider, studiedagar och lov | Noblaskolan Boden","og_description":"Ha koll p\u00e5 l\u00e4s\u00e5rstiderna och n\u00e4r eleverna \u00e4r lediga fr\u00e5n skolan. Vi har samlat v\u00e5ra lov, studiedagar och andra avvikelser p\u00e5 den h\u00e4r sidan.","og_url":"https:\/\/noblaskolan.se\/vellinge\/om\/lasarstider\/","og_site_name":"Vellinge","article_modified_time":"2026-03-25T15:26:10+00:00","twitter_card":"summary_large_image","twitter_title":"L\u00e4s\u00e5rstider, studiedagar och lov | Noblaskolan Boden","twitter_description":"Ha koll p\u00e5 l\u00e4s\u00e5rstiderna och n\u00e4r eleverna \u00e4r lediga fr\u00e5n skolan. Vi har samlat v\u00e5ra lov, studiedagar och andra avvikelser p\u00e5 den h\u00e4r sidan.","twitter_image":"https:\/\/noblaskolan.se\/wp-content\/uploads\/sites\/37\/2023\/08\/mariastadenhelsingborg2022-2027-2-scaled-1200x630.jpg","twitter_misc":{"Ber\u00e4knad l\u00e4stid":"1 minut"},"schema":{"@context":"https:\/\/schema.org","@graph":[{"@type":"WebPage","@id":"https:\/\/noblaskolan.se\/vellinge\/om\/lasarstider\/","url":"https:\/\/noblaskolan.se\/vellinge\/om\/lasarstider\/","name":"L\u00e4s\u00e5rstider, studiedagar och lov | Noblaskolan Boden","isPartOf":{"@id":"https:\/\/noblaskolan.se\/vellinge\/#website"},"datePublished":"2020-09-01T20:08:26+00:00","dateModified":"2026-03-25T15:26:10+00:00","description":"Ha koll p\u00e5 l\u00e4s\u00e5rstiderna och n\u00e4r eleverna \u00e4r lediga fr\u00e5n skolan. Vi har samlat v\u00e5ra lov, studiedagar och andra avvikelser p\u00e5 den h\u00e4r sidan.","breadcrumb":{"@id":"https:\/\/noblaskolan.se\/vellinge\/om\/lasarstider\/#breadcrumb"},"inLanguage":"sv-SE","potentialAction":[{"@type":"ReadAction","target":["https:\/\/noblaskolan.se\/vellinge\/om\/lasarstider\/"]}]},{"@type":"BreadcrumbList","@id":"https:\/\/noblaskolan.se\/vellinge\/om\/lasarstider\/#breadcrumb","itemListElement":[{"@type":"ListItem","position":1,"name":"Start","item":"https:\/\/noblaskolan.se\/vellinge\/"},{"@type":"ListItem","position":2,"name":"Om skolan","item":"https:\/\/noblaskolan.se\/vellinge\/om\/"},{"@type":"ListItem","position":3,"name":"L\u00e4s\u00e5rstider"}]},{"@type":"WebSite","@id":"https:\/\/noblaskolan.se\/vellinge\/#website","url":"https:\/\/noblaskolan.se\/vellinge\/","name":"Vellinge","description":"Noblaskolan Vellinge","potentialAction":[{"@type":"SearchAction","target":{"@type":"EntryPoint","urlTemplate":"https:\/\/noblaskolan.se\/vellinge\/?s={search_term_string}"},"query-input":"required name=search_term_string"}],"inLanguage":"sv-SE"}]}},"_links":{"self":[{"href":"https:\/\/noblaskolan.se\/vellinge\/wp-json\/wp\/v2\/pages\/32"}],"collection":[{"href":"https:\/\/noblaskolan.se\/vellinge\/wp-json\/wp\/v2\/pages"}],"about":[{"href":"https:\/\/noblaskolan.se\/vellinge\/wp-json\/wp\/v2\/types\/page"}],"author":[{"embeddable":true,"href":"https:\/\/noblaskolan.se\/vellinge\/wp-json\/wp\/v2\/users\/1"}],"replies":[{"embeddable":true,"href":"https:\/\/noblaskolan.se\/vellinge\/wp-json\/wp\/v2\/comments?post=32"}],"version-history":[{"count":10,"href":"https:\/\/noblaskolan.se\/vellinge\/wp-json\/wp\/v2\/pages\/32\/revisions"}],"predecessor-version":[{"id":3589,"href":"https:\/\/noblaskolan.se\/vellinge\/wp-json\/wp\/v2\/pages\/32\/revisions\/3589"}],"up":[{"embeddable":true,"href":"https:\/\/noblaskolan.se\/vellinge\/wp-json\/wp\/v2\/pages\/20"}],"wp:attachment":[{"href":"https:\/\/noblaskolan.se\/vellinge\/wp-json\/wp\/v2\/media?parent=32"}],"curies":[{"name":"wp","href":"https:\/\/api.w.org\/{rel}","templated":true}]}}