{"id":28,"date":"2020-09-01T22:07:29","date_gmt":"2020-09-01T20:07:29","guid":{"rendered":"https:\/\/noblaskolan.se\/taby\/?page_id=28"},"modified":"2026-03-25T12:20:17","modified_gmt":"2026-03-25T11:20:17","slug":"fritids","status":"publish","type":"page","link":"https:\/\/noblaskolan.se\/taby\/om\/fritids\/","title":{"rendered":"Fritids"},"content":{"rendered":"\n<div class=\"wp-block-columns is-layout-flex wp-container-core-columns-layout-1 wp-block-columns-is-layout-flex\">\n<div class=\"wp-block-column is-layout-flow wp-block-column-is-layout-flow\" style=\"flex-basis:100%\">\n<h1 class=\"wp-block-heading\">Fritids p\u00e5 Noblaskolan T\u00e4by<\/h1>\n\n\n\n<p   class=\"site__ingress container text-left  site__text-color--dark  site__free_text--ingress p-0\">\n\tNoblaskolan T\u00e4by erbjuder fritids f\u00f6r alla elever till och med det \u00e5r eleven g\u00e5r i \u00e5rskurs 6. <\/p>\n\n\n\n\n\n<p>Hos oss \u00e4r fritids en integrerad del av skoldagen. Med utg\u00e5ngspunkt i elevernas behov, intressen och erfarenheter skapar vi tillsammans ett fritids d\u00e4r omsorg, utveckling och l\u00e4rande utg\u00f6r en helhet. Vi vill erbjuda en meningsfull fritid som fr\u00e4mjar elevernas fantasi, inlevelse och f\u00f6rm\u00e5ga att l\u00e4ra tillsammans med andra genom lek, r\u00f6relse och skapande med estetiska uttrycksformer. P\u00e5 fritids str\u00e4var vi \u00e4ven efter att utmana eleverna till att n\u00e5 nya m\u00e5l och och g\u00f6ra nya uppt\u00e4ckter.<\/p>\n\n\n\n<h3 class=\"wp-block-heading\">Vad g\u00f6r vi p\u00e5 fritids?<\/h3>\n\n\n\n<p>Eftersom fritids \u00e4r elevernas fria tid f\u00e5r de sj\u00e4lva v\u00e4lja om de vill delta i n\u00e5gon av de organiserade aktiviteterna, t.ex. pyssel, verkstad, skolk\u00f6r, r\u00f6relse i idrottssalen, eller om de hellre vill leka fritt ute eller inne. Vi har en stor fin skolg\u00e5rd samt tillg\u00e5ng till ett stort skogsomr\u00e5de.<\/p>\n<\/div>\n<\/div>\n\n\n\n\t\n\t\n\t\n\n\t\n\t\n\t\t\n<section  class=\"c-block l-stacked  \" data-color-scheme=\"\">\n\t<div class=\"ams-fifty ams-fifty--container ams-fifty--right ams-fifty--bottom l-container u-pt-fluid-Ingen u-pb-fluid-2xl-4xl\">\n\t\t<div class=\"ams-fifty__content l-stack l-stack-xl is-left is-left@lg\">\n\t\t\t<div class=\"ams-fifty__text l-stack l-stack-lg\">\n\t\t\t\t\n\t\t\t\t\t\t\t\t\t<div class=\"text l-stack u-font-body\">\n\t\t\t\t\t\t<h3>\u00d6ppettider<\/h3>\n<p>Fritids \u00e4r \u00f6ppet mellan 07.00\u201317.30 alla vardagar. Avvikelser kan ske i samband med lov eller n\u00e4r vi har studiedagar d\u00e4r all personal n\u00e4rvarar. Se l\u00e4s\u00e5rstider <a href=\"https:\/\/noblaskolan.se\/taby\/om\/lasarstider\/\">h\u00e4r<\/a>.<\/p>\n<h3>Fritids under loven<\/h3>\n<p>P\u00e5 skolloven har fritids \u00f6ppet med undantag studiedagar och 3\u20134 veckor mitt i sommaren. Inf\u00f6r varje lov l\u00e4gger varje v\u00e5rdnadshavare in uppgifter om barnens n\u00e4rvaro\/ledighet i Schoolsoft. Utifr\u00e5n anm\u00e4lda elever planerar vi sedan aktiviteter, mat och pedagoger.<\/p>\n<h3>Kontaktuppgifter till fritidshemmet<\/h3>\n<p>Avdelning F-1: 070-6346967<br \/>\nAvdelning 2-3 070-6348256<br \/>\nAvdelning 4-6 070-6348646<\/p>\n\n\t\t\t\t\t<\/div>\n\t\t\t\t\t\t\t<\/div>\n\n\t\t\t\t\t<\/div>\n\n\t\t <div class=\"ams-fifty__media u-ratio-landscape\">\n\t\t \t\t\t\t\t<img decoding=\"async\" width=\"600\" height=\"400\" src=\"https:\/\/noblaskolan.se\/wp-content\/uploads\/sites\/32\/2023\/08\/mariastadenhelsingborg2022-2027-scaled-600x400.jpg\" class=\"attachment-md size-md\" alt=\"Tv\u00e5 elever i naturen.\" sizes=\"(min-width: 64em) 600px, calc(100vw - 160px)\" srcset=\"https:\/\/noblaskolan.se\/wp-content\/uploads\/sites\/32\/2023\/08\/mariastadenhelsingborg2022-2027-scaled-600x400.jpg 600w, https:\/\/noblaskolan.se\/wp-content\/uploads\/sites\/32\/2023\/08\/mariastadenhelsingborg2022-2027-scaled-300x200.jpg 300w, https:\/\/noblaskolan.se\/wp-content\/uploads\/sites\/32\/2023\/08\/mariastadenhelsingborg2022-2027-scaled-400x267.jpg 400w, https:\/\/noblaskolan.se\/wp-content\/uploads\/sites\/32\/2023\/08\/mariastadenhelsingborg2022-2027-scaled-800x533.jpg 800w, https:\/\/noblaskolan.se\/wp-content\/uploads\/sites\/32\/2023\/08\/mariastadenhelsingborg2022-2027-scaled-1024x683.jpg 1024w, https:\/\/noblaskolan.se\/wp-content\/uploads\/sites\/32\/2023\/08\/mariastadenhelsingborg2022-2027-scaled-1200x800.jpg 1200w\" \/>\n\t\t\t\n\t\t\t\n\t\t\t\t\t<\/div>\n\t<\/div>\n\n\t\t\n\n<\/section>\n\n\n<div   id=\"page-relative-menu\" class=\"site__font-monospace   container_width--full_width_conIcon   d-lg-none  \">\n\n\t\t\t\n<\/div>\n","protected":false},"excerpt":{"rendered":"<p>Fritids p\u00e5 Noblaskolan T\u00e4by Hos oss \u00e4r fritids en integrerad del av skoldagen. Med utg\u00e5ngspunkt i elevernas behov, intressen och erfarenheter skapar vi tillsammans ett fritids d\u00e4r omsorg, utveckling och l\u00e4rande utg\u00f6r en helhet. Vi vill erbjuda en meningsfull fritid som fr\u00e4mjar elevernas fantasi, inlevelse och f\u00f6rm\u00e5ga att l\u00e4ra tillsammans med andra genom lek, r\u00f6relse&#8230;<\/p>\n","protected":false},"author":1,"featured_media":0,"parent":20,"menu_order":0,"comment_status":"closed","ping_status":"closed","template":"","meta":{"footnotes":""},"yoast_head":"<!-- This site is optimized with the Yoast SEO plugin v22.0 - https:\/\/yoast.com\/wordpress\/plugins\/seo\/ -->\n<title>V\u00e5rt fritids och \u00f6ppettider | Noblaskolan T\u00e4by<\/title>\n<meta name=\"description\" content=\"L\u00e4s om vad eleverna f\u00e5r g\u00f6ra p\u00e5 v\u00e5rt fritidshem genom l\u00e4rande aktiviteter och utomhuslek. Du finner \u00e4ven \u00f6ppettider och kontaktuppgifter till fritids.\" \/>\n<meta name=\"robots\" content=\"index, follow, max-snippet:-1, max-image-preview:large, max-video-preview:-1\" \/>\n<link rel=\"canonical\" href=\"https:\/\/noblaskolan.se\/taby\/om\/fritids\/\" \/>\n<meta property=\"og:locale\" content=\"sv_SE\" \/>\n<meta property=\"og:type\" content=\"article\" \/>\n<meta property=\"og:title\" content=\"V\u00e5rt fritids och \u00f6ppettider | Noblaskolan T\u00e4by\" \/>\n<meta property=\"og:description\" content=\"L\u00e4s om vad eleverna f\u00e5r g\u00f6ra p\u00e5 v\u00e5rt fritidshem genom l\u00e4rande aktiviteter och utomhuslek. Du finner \u00e4ven \u00f6ppettider och kontaktuppgifter till fritids.\" \/>\n<meta property=\"og:url\" content=\"https:\/\/noblaskolan.se\/taby\/om\/fritids\/\" \/>\n<meta property=\"og:site_name\" content=\"T\u00e4by\" \/>\n<meta property=\"article:modified_time\" content=\"2026-03-25T11:20:17+00:00\" \/>\n<meta name=\"twitter:card\" content=\"summary_large_image\" \/>\n<meta name=\"twitter:title\" content=\"V\u00e5rt fritids och \u00f6ppettider | Noblaskolan T\u00e4by\" \/>\n<meta name=\"twitter:description\" content=\"L\u00e4s om vad eleverna f\u00e5r g\u00f6ra p\u00e5 v\u00e5rt fritidshem genom l\u00e4rande aktiviteter och utomhuslek. Du finner \u00e4ven \u00f6ppettider och kontaktuppgifter till fritids.\" \/>\n<meta name=\"twitter:label1\" content=\"Ber\u00e4knad l\u00e4stid\" \/>\n\t<meta name=\"twitter:data1\" content=\"2 minuter\" \/>\n<script type=\"application\/ld+json\" class=\"yoast-schema-graph\">{\"@context\":\"https:\/\/schema.org\",\"@graph\":[{\"@type\":\"WebPage\",\"@id\":\"https:\/\/noblaskolan.se\/taby\/om\/fritids\/\",\"url\":\"https:\/\/noblaskolan.se\/taby\/om\/fritids\/\",\"name\":\"V\u00e5rt fritids och \u00f6ppettider | Noblaskolan T\u00e4by\",\"isPartOf\":{\"@id\":\"https:\/\/noblaskolan.se\/taby\/#website\"},\"datePublished\":\"2020-09-01T20:07:29+00:00\",\"dateModified\":\"2026-03-25T11:20:17+00:00\",\"description\":\"L\u00e4s om vad eleverna f\u00e5r g\u00f6ra p\u00e5 v\u00e5rt fritidshem genom l\u00e4rande aktiviteter och utomhuslek. Du finner \u00e4ven \u00f6ppettider och kontaktuppgifter till fritids.\",\"breadcrumb\":{\"@id\":\"https:\/\/noblaskolan.se\/taby\/om\/fritids\/#breadcrumb\"},\"inLanguage\":\"sv-SE\",\"potentialAction\":[{\"@type\":\"ReadAction\",\"target\":[\"https:\/\/noblaskolan.se\/taby\/om\/fritids\/\"]}]},{\"@type\":\"BreadcrumbList\",\"@id\":\"https:\/\/noblaskolan.se\/taby\/om\/fritids\/#breadcrumb\",\"itemListElement\":[{\"@type\":\"ListItem\",\"position\":1,\"name\":\"Start\",\"item\":\"https:\/\/noblaskolan.se\/taby\/\"},{\"@type\":\"ListItem\",\"position\":2,\"name\":\"Om skolan\",\"item\":\"https:\/\/noblaskolan.se\/taby\/om\/\"},{\"@type\":\"ListItem\",\"position\":3,\"name\":\"Fritids\"}]},{\"@type\":\"WebSite\",\"@id\":\"https:\/\/noblaskolan.se\/taby\/#website\",\"url\":\"https:\/\/noblaskolan.se\/taby\/\",\"name\":\"T\u00e4by\",\"description\":\"Noblaskolan T\u00e4by\",\"potentialAction\":[{\"@type\":\"SearchAction\",\"target\":{\"@type\":\"EntryPoint\",\"urlTemplate\":\"https:\/\/noblaskolan.se\/taby\/?s={search_term_string}\"},\"query-input\":\"required name=search_term_string\"}],\"inLanguage\":\"sv-SE\"}]}<\/script>\n<!-- \/ Yoast SEO plugin. -->","yoast_head_json":{"title":"V\u00e5rt fritids och \u00f6ppettider | Noblaskolan T\u00e4by","description":"L\u00e4s om vad eleverna f\u00e5r g\u00f6ra p\u00e5 v\u00e5rt fritidshem genom l\u00e4rande aktiviteter och utomhuslek. Du finner \u00e4ven \u00f6ppettider och kontaktuppgifter till fritids.","robots":{"index":"index","follow":"follow","max-snippet":"max-snippet:-1","max-image-preview":"max-image-preview:large","max-video-preview":"max-video-preview:-1"},"canonical":"https:\/\/noblaskolan.se\/taby\/om\/fritids\/","og_locale":"sv_SE","og_type":"article","og_title":"V\u00e5rt fritids och \u00f6ppettider | Noblaskolan T\u00e4by","og_description":"L\u00e4s om vad eleverna f\u00e5r g\u00f6ra p\u00e5 v\u00e5rt fritidshem genom l\u00e4rande aktiviteter och utomhuslek. Du finner \u00e4ven \u00f6ppettider och kontaktuppgifter till fritids.","og_url":"https:\/\/noblaskolan.se\/taby\/om\/fritids\/","og_site_name":"T\u00e4by","article_modified_time":"2026-03-25T11:20:17+00:00","twitter_card":"summary_large_image","twitter_title":"V\u00e5rt fritids och \u00f6ppettider | Noblaskolan T\u00e4by","twitter_description":"L\u00e4s om vad eleverna f\u00e5r g\u00f6ra p\u00e5 v\u00e5rt fritidshem genom l\u00e4rande aktiviteter och utomhuslek. Du finner \u00e4ven \u00f6ppettider och kontaktuppgifter till fritids.","twitter_misc":{"Ber\u00e4knad l\u00e4stid":"2 minuter"},"schema":{"@context":"https:\/\/schema.org","@graph":[{"@type":"WebPage","@id":"https:\/\/noblaskolan.se\/taby\/om\/fritids\/","url":"https:\/\/noblaskolan.se\/taby\/om\/fritids\/","name":"V\u00e5rt fritids och \u00f6ppettider | Noblaskolan T\u00e4by","isPartOf":{"@id":"https:\/\/noblaskolan.se\/taby\/#website"},"datePublished":"2020-09-01T20:07:29+00:00","dateModified":"2026-03-25T11:20:17+00:00","description":"L\u00e4s om vad eleverna f\u00e5r g\u00f6ra p\u00e5 v\u00e5rt fritidshem genom l\u00e4rande aktiviteter och utomhuslek. Du finner \u00e4ven \u00f6ppettider och kontaktuppgifter till fritids.","breadcrumb":{"@id":"https:\/\/noblaskolan.se\/taby\/om\/fritids\/#breadcrumb"},"inLanguage":"sv-SE","potentialAction":[{"@type":"ReadAction","target":["https:\/\/noblaskolan.se\/taby\/om\/fritids\/"]}]},{"@type":"BreadcrumbList","@id":"https:\/\/noblaskolan.se\/taby\/om\/fritids\/#breadcrumb","itemListElement":[{"@type":"ListItem","position":1,"name":"Start","item":"https:\/\/noblaskolan.se\/taby\/"},{"@type":"ListItem","position":2,"name":"Om skolan","item":"https:\/\/noblaskolan.se\/taby\/om\/"},{"@type":"ListItem","position":3,"name":"Fritids"}]},{"@type":"WebSite","@id":"https:\/\/noblaskolan.se\/taby\/#website","url":"https:\/\/noblaskolan.se\/taby\/","name":"T\u00e4by","description":"Noblaskolan T\u00e4by","potentialAction":[{"@type":"SearchAction","target":{"@type":"EntryPoint","urlTemplate":"https:\/\/noblaskolan.se\/taby\/?s={search_term_string}"},"query-input":"required name=search_term_string"}],"inLanguage":"sv-SE"}]}},"_links":{"self":[{"href":"https:\/\/noblaskolan.se\/taby\/wp-json\/wp\/v2\/pages\/28"}],"collection":[{"href":"https:\/\/noblaskolan.se\/taby\/wp-json\/wp\/v2\/pages"}],"about":[{"href":"https:\/\/noblaskolan.se\/taby\/wp-json\/wp\/v2\/types\/page"}],"author":[{"embeddable":true,"href":"https:\/\/noblaskolan.se\/taby\/wp-json\/wp\/v2\/users\/1"}],"replies":[{"embeddable":true,"href":"https:\/\/noblaskolan.se\/taby\/wp-json\/wp\/v2\/comments?post=28"}],"version-history":[{"count":9,"href":"https:\/\/noblaskolan.se\/taby\/wp-json\/wp\/v2\/pages\/28\/revisions"}],"predecessor-version":[{"id":2158,"href":"https:\/\/noblaskolan.se\/taby\/wp-json\/wp\/v2\/pages\/28\/revisions\/2158"}],"up":[{"embeddable":true,"href":"https:\/\/noblaskolan.se\/taby\/wp-json\/wp\/v2\/pages\/20"}],"wp:attachment":[{"href":"https:\/\/noblaskolan.se\/taby\/wp-json\/wp\/v2\/media?parent=28"}],"curies":[{"name":"wp","href":"https:\/\/api.w.org\/{rel}","templated":true}]}}