{"id":20,"date":"2020-09-01T22:06:33","date_gmt":"2020-09-01T20:06:33","guid":{"rendered":"https:\/\/noblaskolan.se\/taby\/?page_id=20"},"modified":"2026-03-25T12:14:05","modified_gmt":"2026-03-25T11:14:05","slug":"om","status":"publish","type":"page","link":"https:\/\/noblaskolan.se\/taby\/om\/","title":{"rendered":"Om skolan"},"content":{"rendered":"\n\t\n\t\n\t\n\n\t\n\t\n\t\t\n<section  class=\"c-block l-stacked  \" data-color-scheme=\"\">\n\t<div class=\"ams-fifty ams-fifty--container ams-fifty--right ams-fifty--bottom l-container u-pt-fluid-2xl-4xl u-pb-fluid-2xl-4xl\">\n\t\t<div class=\"ams-fifty__content l-stack l-stack-xl is-left is-left@lg\">\n\t\t\t<div class=\"ams-fifty__text l-stack l-stack-lg\">\n\t\t\t\t\t\n\t<h2\n\tclass=\"c-heading u-font-title-1 \"\n\tstyle=\"\">\n\t\t\n\t\t\t\t\t\t\t\t\tOm Noblaskolan T\u00e4by\n\t\t\t\t<span class=\"c-heading__sub is-below u-font-title-3\">\n\t\t\t\t\tP\u00e5 Noblaskolan T\u00e4by i Stockholm jobbar vi f\u00f6r att varje elev ska n\u00e5 lite l\u00e4ngre.\n\t\t\t\t<\/span>\n\t\t\t\t\t\t\t\n\t<\/h2>\n\n\t\t\t\t\t\t\t\t\t<div class=\"text l-stack u-font-body\">\n\t\t\t\t\t\t<p>H\u00e4r finns v\u00e4rme och en positiv anda. V\u00e5ra engagerade l\u00e4rare \u00e4r skickliga pedagoger och inspirerande f\u00f6rebilder, vilket g\u00f6r eleverna genuint nyfikna p\u00e5 ny kunskap. P\u00e5 v\u00e5r skola \u00e4r vi m\u00e5na om att varje elev ska v\u00e5ga uttrycka vad hen k\u00e4nner och t\u00e4nker. En plats d\u00e4r alla kan vara sig sj\u00e4lva. Genom best\u00e4mda f\u00f6rh\u00e5llningss\u00e4tt, en stark elevh\u00e4lsa och tydliga regler skapar vi en trygg skolg\u00e5ng f\u00f6r varje elev.<\/p>\n<h3>En grundskola i T\u00e4by &#8211; fr\u00e5n f\u00f6rskoleklass till \u00e5rskurs 9<\/h3>\n<p>Idag g\u00e5r det cirka 520 elever p\u00e5 grundskolan i Noblaskolan T\u00e4by. I v\u00e5ra funktionella och trivsamma lokaler f\u00f6r skolundervisning och fritidsverksamhet trivs b\u00e5de elever och medarbetare. V\u00e5r inbjudande skolg\u00e5rd ligger mitt i ett natursk\u00f6nt omr\u00e5de i Skarp\u00e4ng \u2013 med n\u00e4rhet till b\u00e5de M\u00f6rtsj\u00f6n och Roslagsleden<strong>.<\/strong><\/p>\n\n\t\t\t\t\t<\/div>\n\t\t\t\t\t\t\t<\/div>\n\n\t\t\t\t\t<\/div>\n\n\t\t <div class=\"ams-fifty__media u-ratio-landscape\">\n\t\t \t\t\t\t\t<img decoding=\"async\" width=\"600\" height=\"400\" src=\"https:\/\/noblaskolan.se\/wp-content\/uploads\/sites\/32\/2026\/03\/noblaskolantaby202504mellanstadiewebb2-600x400.jpg\" class=\"attachment-md size-md\" alt=\"Elever som l\u00e4ser fr\u00e5n talkort.\" sizes=\"(min-width: 64em) 600px, calc(100vw - 160px)\" srcset=\"https:\/\/noblaskolan.se\/wp-content\/uploads\/sites\/32\/2026\/03\/noblaskolantaby202504mellanstadiewebb2-600x400.jpg 600w, https:\/\/noblaskolan.se\/wp-content\/uploads\/sites\/32\/2026\/03\/noblaskolantaby202504mellanstadiewebb2-300x200.jpg 300w, https:\/\/noblaskolan.se\/wp-content\/uploads\/sites\/32\/2026\/03\/noblaskolantaby202504mellanstadiewebb2-400x267.jpg 400w, https:\/\/noblaskolan.se\/wp-content\/uploads\/sites\/32\/2026\/03\/noblaskolantaby202504mellanstadiewebb2-800x534.jpg 800w, https:\/\/noblaskolan.se\/wp-content\/uploads\/sites\/32\/2026\/03\/noblaskolantaby202504mellanstadiewebb2.jpg 1000w\" \/>\n\t\t\t\n\t\t\t\n\t\t\t\t\t<\/div>\n\t<\/div>\n\n\t\t\n\n<\/section>\n\n\n\n\n<section  class=\"ams-usp c-block l-stacked\" data-color-scheme=\"nyans1_av_p2\">\n\t<div class=\"l-container l-stack l-stack-fluid-2xl u-pt-fluid-2xl-4xl u-pb-fluid-2xl-4xl is-center is-center@md\">\n\t\t\t\t\t<div class=\"ams-usp__intro l-stack l-stack-lg\">\n\t\t\t\t\t\n\t<h2\n\tclass=\"c-heading u-font-title-1 \"\n\tstyle=\"\">\n\t\t\n\t\t\t\t\tF\u00f6rdelarna med Noblaskolan\n\t\t\t\t\n\t<\/h2>\n\n\t\t\t\t\t\t\t<\/div>\n\t\t\n\t\t\t<ul class=\"ams-usp__list l-grid u-justify-center u-gap-fluid-2xl-4xl\">\n\t\t\t\t\t<li class=\"l-col-6@md l-col-4@lg\">\n\t\t\t\t<article\n\t\t\t\t\tclass=\"\n\t\t\t\t\tc-card\n\t\t\t\t\thas-media-zoom\n\t\t\t\t\t\n\t\t\t\t\t\n\t\t\t\t\t\"\n\t\t\t\t\tdata-variant=\"neutral\"\n\t\t\t\t\tdata-style=\"square\"\n\t\t\t\t\t\n\t\t\t\t\t>\n\t\t\t\t\t\t\t\t\t\t\t<div class=\"c-card__content l-stack l-stack-sm u-text-center\">\n\t\t\t\t\t\t\t\t\t\t\t\t\t\t\t<h3 class=\"c-card__title u-font-title-3\">\n\t\t\t\t\t\t\t\t\t\t\t\t\t\t\t\t\t\t\t\t\t\t\t\t\t\t\t\t\t\tEn skola med h\u00f6ga ambitioner\n\t\t\t\t\t\t\t\t\t\t\t\t\t\t\t\t\t\t\t\t\t\t\t\t\t\t\t<\/h3>\n\t\t\t\t\t\t\t\n\t\t\t\t\t\t\t\t\t\t\t\t\t\t\t<div class=\"c-card__text l-stack-xs u-font-body\">\n\t\t\t\t\t\t\t\t\t<p>Vi skapar motivation! Genom v\u00e5rt samarbete med \u00c5VA Gymnasium f\u00e5r eleverna m\u00f6jlighet att l\u00e4sa engelska 5 och matte 1C. Flera av v\u00e5ra elever l\u00e4ser engelska och matematik p\u00e5 gymnasieniv\u00e5 redan i \u00e5rskurs 9. <\/p>\n\n\t\t\t\t\t\t\t\t<\/div>\n\t\t\t\t\t\t\t\t\t\t\t\t\t<\/div>\n\t\t\t\t\t\n\t\t\t\t\t<div class=\"c-card__media\">\n\t\t\t\t\t\t\t\t\t\t\t\t\t<img decoding=\"async\" width=\"400\" height=\"267\" src=\"https:\/\/noblaskolan.se\/wp-content\/uploads\/2020\/09\/mariastadenhelsingborg2022-20272-scaled-400x267.jpg\" class=\"u-radius-square u-ratio-landscape  ams_icon_size_default\" alt=\"En \u00e4ldre elev sitter vid ett bord i sitt klassrum och ler in i kameran.\" srcset=\"https:\/\/noblaskolan.se\/wp-content\/uploads\/2020\/09\/mariastadenhelsingborg2022-20272-scaled-400x267.jpg 400w, https:\/\/noblaskolan.se\/wp-content\/uploads\/2020\/09\/mariastadenhelsingborg2022-20272-scaled-300x200.jpg 300w, https:\/\/noblaskolan.se\/wp-content\/uploads\/2020\/09\/mariastadenhelsingborg2022-20272-scaled-600x400.jpg 600w, https:\/\/noblaskolan.se\/wp-content\/uploads\/2020\/09\/mariastadenhelsingborg2022-20272-scaled-800x533.jpg 800w, https:\/\/noblaskolan.se\/wp-content\/uploads\/2020\/09\/mariastadenhelsingborg2022-20272-scaled-1024x683.jpg 1024w, https:\/\/noblaskolan.se\/wp-content\/uploads\/2020\/09\/mariastadenhelsingborg2022-20272-scaled-1200x800.jpg 1200w\" sizes=\"(max-width: 400px) 100vw, 400px\" \/>\n\t\t\t\t\t\t\t\t\t\t\t<\/div>\n\t\t\t\t<\/article>\n\t\t\t<\/li>\n\n\t\t\t\t\t<li class=\"l-col-6@md l-col-4@lg\">\n\t\t\t\t<article\n\t\t\t\t\tclass=\"\n\t\t\t\t\tc-card\n\t\t\t\t\thas-media-zoom\n\t\t\t\t\t\n\t\t\t\t\t\n\t\t\t\t\t\"\n\t\t\t\t\tdata-variant=\"neutral\"\n\t\t\t\t\tdata-style=\"square\"\n\t\t\t\t\t\n\t\t\t\t\t>\n\t\t\t\t\t\t\t\t\t\t\t<div class=\"c-card__content l-stack l-stack-sm u-text-center\">\n\t\t\t\t\t\t\t\t\t\t\t\t\t\t\t<h3 class=\"c-card__title u-font-title-3\">\n\t\t\t\t\t\t\t\t\t\t\t\t\t\t\t\t\t\t\t\t\t\t\t\t\t\t\t\t\t\tVi f\u00f6ljer Noblakoden\n\t\t\t\t\t\t\t\t\t\t\t\t\t\t\t\t\t\t\t\t\t\t\t\t\t\t\t<\/h3>\n\t\t\t\t\t\t\t\n\t\t\t\t\t\t\t\t\t\t\t\t\t\t\t<div class=\"c-card__text l-stack-xs u-font-body\">\n\t\t\t\t\t\t\t\t\t<p>Vi vet att struktur \u00e4r mer \u00e4n ordningsregler. D\u00e4rf\u00f6r har vi skapat Noblakoden \u2013 ett gemensamt f\u00f6rh\u00e5llningss\u00e4tt kring lektionsstruktur, ordning, mentorsrollen och andra saker som \u00e4r viktiga f\u00f6r en bra skolmilj\u00f6.<\/p>\n\n\t\t\t\t\t\t\t\t<\/div>\n\t\t\t\t\t\t\t\t\t\t\t\t\t<\/div>\n\t\t\t\t\t\n\t\t\t\t\t<div class=\"c-card__media\">\n\t\t\t\t\t\t\t\t\t\t\t\t\t<img decoding=\"async\" width=\"400\" height=\"267\" src=\"https:\/\/noblaskolan.se\/wp-content\/uploads\/2022\/11\/mariastadenhelsingborg2022-20272-scaled-400x267.jpg\" class=\"u-radius-square u-ratio-landscape  ams_icon_size_default\" alt=\"Elever st\u00e5r framme vid tavlan i ett klassrum och l\u00f6ser ett matteproblem.\" srcset=\"https:\/\/noblaskolan.se\/wp-content\/uploads\/2022\/11\/mariastadenhelsingborg2022-20272-scaled-400x267.jpg 400w, https:\/\/noblaskolan.se\/wp-content\/uploads\/2022\/11\/mariastadenhelsingborg2022-20272-scaled-300x200.jpg 300w, https:\/\/noblaskolan.se\/wp-content\/uploads\/2022\/11\/mariastadenhelsingborg2022-20272-scaled-600x400.jpg 600w, https:\/\/noblaskolan.se\/wp-content\/uploads\/2022\/11\/mariastadenhelsingborg2022-20272-scaled-800x533.jpg 800w, https:\/\/noblaskolan.se\/wp-content\/uploads\/2022\/11\/mariastadenhelsingborg2022-20272-scaled-1024x683.jpg 1024w, https:\/\/noblaskolan.se\/wp-content\/uploads\/2022\/11\/mariastadenhelsingborg2022-20272-scaled-1200x800.jpg 1200w\" sizes=\"(max-width: 400px) 100vw, 400px\" \/>\n\t\t\t\t\t\t\t\t\t\t\t<\/div>\n\t\t\t\t<\/article>\n\t\t\t<\/li>\n\n\t\t\t\t\t<li class=\"l-col-6@md l-col-4@lg\">\n\t\t\t\t<article\n\t\t\t\t\tclass=\"\n\t\t\t\t\tc-card\n\t\t\t\t\thas-media-zoom\n\t\t\t\t\t\n\t\t\t\t\t\n\t\t\t\t\t\"\n\t\t\t\t\tdata-variant=\"neutral\"\n\t\t\t\t\tdata-style=\"square\"\n\t\t\t\t\t\n\t\t\t\t\t>\n\t\t\t\t\t\t\t\t\t\t\t<div class=\"c-card__content l-stack l-stack-sm u-text-center\">\n\t\t\t\t\t\t\t\t\t\t\t\t\t\t\t<h3 class=\"c-card__title u-font-title-3\">\n\t\t\t\t\t\t\t\t\t\t\t\t\t\t\t\t\t\t\t\t\t\t\t\t\t\t\t\t\t\tTydligt ledarskap\n\t\t\t\t\t\t\t\t\t\t\t\t\t\t\t\t\t\t\t\t\t\t\t\t\t\t\t<\/h3>\n\t\t\t\t\t\t\t\n\t\t\t\t\t\t\t\t\t\t\t\t\t\t\t<div class=\"c-card__text l-stack-xs u-font-body\">\n\t\t\t\t\t\t\t\t\t<p>En av nycklarna till framg\u00e5ngsrik utbildning \u00e4r ett medvetet och tydligt ledarskap. Vi \u00e4r omsorgsfulla i ledarskapet p\u00e5 alla niv\u00e5er; fr\u00e5n l\u00e4rarens ledarskap i klassrummet till rektors ledarskap f\u00f6r hela skolan.<\/p>\n\n\t\t\t\t\t\t\t\t<\/div>\n\t\t\t\t\t\t\t\t\t\t\t\t\t<\/div>\n\t\t\t\t\t\n\t\t\t\t\t<div class=\"c-card__media\">\n\t\t\t\t\t\t\t\t\t\t\t\t\t<img decoding=\"async\" width=\"400\" height=\"267\" src=\"https:\/\/noblaskolan.se\/wp-content\/uploads\/2020\/09\/mariastadenhelsingborg2022-20271-scaled-400x267.jpg\" class=\"u-radius-square u-ratio-landscape  ams_icon_size_default\" alt=\"En l\u00e4rare p\u00e5 Noblaskolan sitter p\u00e5 huk vid ett bord med tre elever och pratar med dem.\" srcset=\"https:\/\/noblaskolan.se\/wp-content\/uploads\/2020\/09\/mariastadenhelsingborg2022-20271-scaled-400x267.jpg 400w, https:\/\/noblaskolan.se\/wp-content\/uploads\/2020\/09\/mariastadenhelsingborg2022-20271-scaled-300x200.jpg 300w, https:\/\/noblaskolan.se\/wp-content\/uploads\/2020\/09\/mariastadenhelsingborg2022-20271-scaled-600x400.jpg 600w, https:\/\/noblaskolan.se\/wp-content\/uploads\/2020\/09\/mariastadenhelsingborg2022-20271-scaled-800x533.jpg 800w, https:\/\/noblaskolan.se\/wp-content\/uploads\/2020\/09\/mariastadenhelsingborg2022-20271-scaled-1024x683.jpg 1024w, https:\/\/noblaskolan.se\/wp-content\/uploads\/2020\/09\/mariastadenhelsingborg2022-20271-scaled-1200x800.jpg 1200w\" sizes=\"(max-width: 400px) 100vw, 400px\" \/>\n\t\t\t\t\t\t\t\t\t\t\t<\/div>\n\t\t\t\t<\/article>\n\t\t\t<\/li>\n\n\t\t\t<\/ul>\n\n\t\t\t<\/div>\n\n\t\t\n\n<\/section>\n\n\n\n\t\n\t\n\t\n\n\t\n\t\n\t\t\n<section  class=\"c-block l-stacked  \" data-color-scheme=\"transparent\">\n\t<div class=\"ams-fifty ams-fifty--container ams-fifty--left ams-fifty--bottom l-container u-pt-fluid-2xl-4xl u-pb-fluid-2xl-4xl\">\n\t\t<div class=\"ams-fifty__content l-stack l-stack-xl is-left is-left@lg\">\n\t\t\t<div class=\"ams-fifty__text l-stack l-stack-lg\">\n\t\t\t\t\t\n\t<h2\n\tclass=\"c-heading u-font-title-2 \"\n\tstyle=\"\">\n\t\t\n\t\t\t\t\tVi utmanar och st\u00f6ttar v\u00e5ra elever\n\t\t\t\t\n\t<\/h2>\n\n\t\t\t\t\t\t\t\t\t<div class=\"text l-stack u-font-body\">\n\t\t\t\t\t\t<p>P\u00e5 Noblaskolan T\u00e4by arbetar vi med ett kvalitetsarbete och tror p\u00e5 att utmana, st\u00f6tta och st\u00e4lla krav f\u00f6r att p\u00e5 b\u00e4sta s\u00e4tt bygga elevernas personliga och akademiska sj\u00e4lvf\u00f6rtroende. Vi vet att v\u00e5ra elever har allt inom sig som kr\u00e4vs f\u00f6r att lyckas och att det \u00e4r v\u00e5r uppgift att locka fram det. V\u00e5r vision \u00e4r d\u00e4rf\u00f6r att alla elever ska ges f\u00f6ruts\u00e4ttningar att n\u00e5 sin fulla potential. L\u00e4s mer om hur vi jobbar i <a href=\"https:\/\/noblaskolan.se\/taby\/om\/grundskola\">grundskolan<\/a>.<\/p>\n<h3>Kommunikation mellan skola och v\u00e5rdnadshavare<\/h3>\n<p>Vi anv\u00e4nder oss av plattformen Schoolsoft f\u00f6r att skicka ut information mellan skola, elever och v\u00e5rdnadshavare. H\u00e4r finner du schema, matsedel, l\u00e4rarnas kontaktinformation, sjukanm\u00e4lan och viktiga dokument och blanketter.<\/p>\n<h3>Fr\u00e5gor om verksamheten<\/h3>\n<p>Om du undrar \u00f6ver n\u00e5got, titta under\u00a0<a href=\"https:\/\/noblaskolan.se\/taby\/om\/vanliga-fragor\/\">vanliga fr\u00e5gor<\/a>. Sj\u00e4lvklart g\u00e5r det \u00e4ven bra att kontakta oss.<\/p>\n<h3>S\u00f6k till Noblaskolan T\u00e4by<\/h3>\n<p><a href=\"https:\/\/noblaskolan.se\/taby\/koanmalan\/\">H\u00e4r<\/a>\u00a0hittar du information om hur du st\u00e4ller ditt barn i k\u00f6 hos oss, samt hur antagningsprocessen p\u00e5 Noblaskolan T\u00e4by g\u00e5r till.<\/p>\n\n\t\t\t\t\t<\/div>\n\t\t\t\t\t\t\t<\/div>\n\n\t\t\t\t\t<\/div>\n\n\t\t <div class=\"ams-fifty__media u-ratio-square\">\n\t\t \t\t\t\t\t<img decoding=\"async\" width=\"600\" height=\"400\" src=\"https:\/\/noblaskolan.se\/wp-content\/uploads\/sites\/32\/2024\/01\/noblaskolan-om-skolan-taby-202304-scaled-600x400.jpg\" class=\"attachment-md size-md\" alt=\"Tv\u00e5 elever p\u00e5 Noblaskolan som sitter och studerar i ett klassrum, den ena f\u00e5r hj\u00e4lp av l\u00e4raren.\" sizes=\"(min-width: 64em) 600px, calc(100vw - 160px)\" srcset=\"https:\/\/noblaskolan.se\/wp-content\/uploads\/sites\/32\/2024\/01\/noblaskolan-om-skolan-taby-202304-scaled-600x400.jpg 600w, https:\/\/noblaskolan.se\/wp-content\/uploads\/sites\/32\/2024\/01\/noblaskolan-om-skolan-taby-202304-scaled-300x200.jpg 300w, https:\/\/noblaskolan.se\/wp-content\/uploads\/sites\/32\/2024\/01\/noblaskolan-om-skolan-taby-202304-scaled-400x267.jpg 400w, https:\/\/noblaskolan.se\/wp-content\/uploads\/sites\/32\/2024\/01\/noblaskolan-om-skolan-taby-202304-scaled-800x533.jpg 800w, https:\/\/noblaskolan.se\/wp-content\/uploads\/sites\/32\/2024\/01\/noblaskolan-om-skolan-taby-202304-scaled-1024x683.jpg 1024w, https:\/\/noblaskolan.se\/wp-content\/uploads\/sites\/32\/2024\/01\/noblaskolan-om-skolan-taby-202304-scaled-1200x800.jpg 1200w\" \/>\n\t\t\t\n\t\t\t\n\t\t\t\t\t<\/div>\n\t<\/div>\n\n\t\t\n\n<\/section>\n\n\n\n<section \n\t\t class=\"\n\t\t ams-contact\n\t\t \n\t\t c-block l-stacked\n\t\t \n\t\t \n\t\t js-load-more\n\t\t \"\n\t\t data-color-scheme=\"nyans1_av_p2-card-transparent\"\n\t\t\t\t\tdata-count=\"3\"\n\t\t\t\t\t\t\tdata-count-mobile=\"2\"\n\t\t\t\t>\n\t<div\n\t\t class=\"\n\t\t l-container\n\t\t l-stack l-stack-fluid-2xl\n\t\t u-pt-fluid-2xl-4xl\n\t\t u-pb-fluid-3xl-6xl\n\t\t is-center\n\t\t is-center@md\n\t\t \">\n\t\t\t\t\t<div class=\"ams-contact__intro l-stack l-stack-lg\">\n\t\t\t\t\t\n\t<h2\n\tclass=\"c-heading u-font-title-1 \"\n\tstyle=\"\">\n\t\t\n\t\t\t\t\tKvalitets\u00adrapport\n\t\t\t\t\n\t<\/h2>\n\n\t\t\t\t\t\t\t\t\t<div class=\"c-text l-stack u-cs-xl u-font-body\">\n\t\t\t\t\t\t<div class=\"c-text l-stack u-cs-xl u-font-body\">\n<p>Vill du ta del av v\u00e5r kvalitetsrapport? Kontakta skolans administrat\u00f6r eller rektor.<\/p>\n<\/div>\n\n\t\t\t\t\t<\/div>\n\t\t\t\t\t\t\t<\/div>\n\t\t\n\t\t\n\t\t    \t\n\t\t\n\t\t<ul\n\t\t\tid=\"contact-grid-69ef14b8d8517\"\n\t\t\tclass=\"ams-contact__list l-grid u-gap-fluid-2xl-4xl u-justify-center js-results \"\n\t\t\taria-label=\"Kontakter\"\n\t\t\tdata-filter-animation=\"off\"\n\t\t\t>\n\t\t\t\t\t\t\t\t\t\t\t\n\t\t\t\t\n\t\t\t\t<li class=\"l-col-6@md l-col-4@lg \" data-filter=\"a\">\n\t\t\t\t\t<article class=\"c-card \" data-variant=\"neutral\">\n\t\t\t\t\t\t<div class=\"c-card__content u-text-center\">\n\t\t\t\t\t\t\t\t\t\t\t\t\t\t\t<h3 class=\"c-card__title u-font-title-3\">\n\t\t\t\t\t\t\t\t\tConny Lindberg\n\t\t\t\t\t\t\t\t<\/h3>\n\t\t\t\t\t\t\t\n\t\t\t\t\t\t\t\t\t\t\t\t\t\t\t<p class=\"position u-font-body\">Rektor<\/p>\n\t\t\t\t\t\t\t\n\t\t\t\t\t\t\t\t\t\t\t\t\t\t\t<div class=\"contact-info u-font-body\">\n\t\t\t\t\t\t\t\t\t\t\t\t\t\t\t\t\t\t\t\t\t\t\t\t\t\t\t\t\t\t<p class=\"phone\"><a\n\t\t\t\t\t\t\t\t\t\t\t\t\thref=\"tel:0854471592\"\n\t\t\t\t\t\t\t\t\t\t\t\t\tclass=\"u-text-link\">08-544 715 92<\/a>\n\t\t\t\t\t\t\t\t\t\t\t<\/p>\n\t\t\t\t\t\t\t\t\t\t\t\t\t\t\t\t\t\t\t\n\t\t\t\t\t\t\t\t\t\t\t\t\t\t\t\t\t\t\t\t\t\t\t\t\t\t\t\t\t\t<p class=\"email\"><a\n\t\t\t\t\t\t\t\t\t\t\t\t\thref=\"&#109;ail&#116;&#111;:&#099;&#111;nn&#121;&#046;l&#105;n&#100;berg&#064;&#110;&#111;&#098;&#108;asko&#108;an.s&#101;\"\n\t\t\t\t\t\t\t\t\t\t\t\t\tclass=\"u-text-link\">c&#111;&#110;n&#121;.&#108;&#105;ndber&#103;&#064;nobl&#097;sk&#111;l&#097;&#110;.se<\/a>\n\t\t\t\t\t\t\t\t\t\t\t<\/p>\n\t\t\t\t\t\t\t\t\t\t\t\t\t\t\t\t\t\t\t\t\t\t\t\t\t\t\t<\/div>\n\t\t\t\t\t\t\t\n\t\t\t\t\t\t\t\t\t\t\t\t\t<\/div>\n\t\t\t\t\t\t<div class=\"c-card__media\">\n\t\t\t\t\t\t\t\t\t\t\t\t\t\t\t\t\t\t\t\t\t\t\t\t\t\t\t\t\t\t\t\t\t\t\t\t\t\t\t\t\t\t\t\t\t\t\t\t\t<img decoding=\"async\" width=\"400\" height=\"353\" src=\"https:\/\/noblaskolan.se\/wp-content\/uploads\/sites\/32\/2023\/11\/conny-lindberg-e1736244600596-400x353.jpg\" class=\"u-radius-square u-ratio-landscape  \" alt=\"Personportr\u00e4tt.\" sizes=\"(max-width: 300px) 100vw, 300px\" srcset=\"https:\/\/noblaskolan.se\/wp-content\/uploads\/sites\/32\/2023\/11\/conny-lindberg-e1736244600596-400x353.jpg 400w, https:\/\/noblaskolan.se\/wp-content\/uploads\/sites\/32\/2023\/11\/conny-lindberg-e1736244600596-300x265.jpg 300w, https:\/\/noblaskolan.se\/wp-content\/uploads\/sites\/32\/2023\/11\/conny-lindberg-e1736244600596-600x530.jpg 600w, https:\/\/noblaskolan.se\/wp-content\/uploads\/sites\/32\/2023\/11\/conny-lindberg-e1736244600596-800x707.jpg 800w, https:\/\/noblaskolan.se\/wp-content\/uploads\/sites\/32\/2023\/11\/conny-lindberg-e1736244600596-1024x905.jpg 1024w, https:\/\/noblaskolan.se\/wp-content\/uploads\/sites\/32\/2023\/11\/conny-lindberg-e1736244600596-1200x1060.jpg 1200w, https:\/\/noblaskolan.se\/wp-content\/uploads\/sites\/32\/2023\/11\/conny-lindberg-e1736244600596.jpg 2048w\" \/>\n\t\t\t\t\t\t<\/div>\n\t\t\t\t\t<\/article>\n\t\t\t\t<\/li>\n\t\t\t\t\t\t\t\t\t\t\t\n\t\t\t\t\n\t\t\t\t<li class=\"l-col-6@md l-col-4@lg \" data-filter=\"g a\">\n\t\t\t\t\t<article class=\"c-card \" data-variant=\"neutral\">\n\t\t\t\t\t\t<div class=\"c-card__content u-text-center\">\n\t\t\t\t\t\t\t\t\t\t\t\t\t\t\t<h3 class=\"c-card__title u-font-title-3\">\n\t\t\t\t\t\t\t\t\tLena West\n\t\t\t\t\t\t\t\t<\/h3>\n\t\t\t\t\t\t\t\n\t\t\t\t\t\t\t\t\t\t\t\t\t\t\t<p class=\"position u-font-body\">Bitr\u00e4dande rektor<\/p>\n\t\t\t\t\t\t\t\n\t\t\t\t\t\t\t\t\t\t\t\t\t\t\t<div class=\"contact-info u-font-body\">\n\t\t\t\t\t\t\t\t\t\t\t\t\t\t\t\t\t\t\t\t\t\t\t\t\t\t\t\t\t\t<p class=\"phone\"><a\n\t\t\t\t\t\t\t\t\t\t\t\t\thref=\"tel:0854471594\"\n\t\t\t\t\t\t\t\t\t\t\t\t\tclass=\"u-text-link\">08-544 715 94<\/a>\n\t\t\t\t\t\t\t\t\t\t\t<\/p>\n\t\t\t\t\t\t\t\t\t\t\t\t\t\t\t\t\t\t\t\n\t\t\t\t\t\t\t\t\t\t\t\t\t\t\t\t\t\t\t\t\t\t\t\t\t\t\t\t\t\t<p class=\"email\"><a\n\t\t\t\t\t\t\t\t\t\t\t\t\thref=\"ma&#105;&#108;&#116;&#111;&#058;le&#110;&#097;&#046;&#119;es&#116;&#064;no&#098;l&#097;&#115;ko&#108;&#097;n.se\"\n\t\t\t\t\t\t\t\t\t\t\t\t\tclass=\"u-text-link\">&#108;ena.&#119;est&#064;nob&#108;&#097;s&#107;&#111;l&#097;&#110;&#046;&#115;e<\/a>\n\t\t\t\t\t\t\t\t\t\t\t<\/p>\n\t\t\t\t\t\t\t\t\t\t\t\t\t\t\t\t\t\t\t\t\t\t\t\t\t\t\t<\/div>\n\t\t\t\t\t\t\t\n\t\t\t\t\t\t\t\t\t\t\t\t\t<\/div>\n\t\t\t\t\t\t<div class=\"c-card__media\">\n\t\t\t\t\t\t\t\t\t\t\t\t\t\t\t\t\t\t\t\t\t\t\t\t\t\t\t\t\t\t\t\t\t\t\t\t\t\t\t\t\t\t\t\t\t\t\t\t\t<img decoding=\"async\" width=\"400\" height=\"340\" src=\"https:\/\/noblaskolan.se\/wp-content\/uploads\/sites\/32\/2020\/09\/namnlos-design-43-e1762852172445-400x340.png\" class=\"u-radius-square u-ratio-landscape  \" alt=\"Portr\u00e4ttbild Lena West\" sizes=\"(max-width: 300px) 100vw, 300px\" srcset=\"https:\/\/noblaskolan.se\/wp-content\/uploads\/sites\/32\/2020\/09\/namnlos-design-43-e1762852172445-400x340.png 400w, https:\/\/noblaskolan.se\/wp-content\/uploads\/sites\/32\/2020\/09\/namnlos-design-43-e1762852172445-300x255.png 300w, https:\/\/noblaskolan.se\/wp-content\/uploads\/sites\/32\/2020\/09\/namnlos-design-43-e1762852172445-600x510.png 600w, https:\/\/noblaskolan.se\/wp-content\/uploads\/sites\/32\/2020\/09\/namnlos-design-43-e1762852172445-800x680.png 800w, https:\/\/noblaskolan.se\/wp-content\/uploads\/sites\/32\/2020\/09\/namnlos-design-43-e1762852172445-1024x870.png 1024w, https:\/\/noblaskolan.se\/wp-content\/uploads\/sites\/32\/2020\/09\/namnlos-design-43-e1762852172445.png 1080w\" \/>\n\t\t\t\t\t\t<\/div>\n\t\t\t\t\t<\/article>\n\t\t\t\t<\/li>\n\t\t\t\t\t<\/ul>\n\n\t\t\n\t\t    <div class=\"ams-contact__more u-inline-items js-load-more-btn\">\n        <button href=\"#\"\n                class=\"c-btn\"\n                data-style=\"round\"\n                data-size=\"md\"\n                data-width=\"full-mobile\"\n                data-variant=\"outline\">\n        \tVisa mer\n        <\/button>\n    <\/div>\n\n\t\t\t<\/div>\n\n\t\t\n\n<\/section>\n\n\n\n\n<section  class=\"ams-cta ams-cta--stacked c-block l-stacked ams-border\" data-color-scheme=\"ljusgron\">\n\t<div class=\"l-container-narrow l-stack l-stack-fluid-2xl u-pt-fluid-2xl-4xl u-pb-fluid-2xl-4xl is-center is-center@md\">\n\t\t\t\t\t<div class=\"ams-cta__intro l-stack l-stack-lg\">\n\t\t\t\t\t\n\t<h2\n\tclass=\"c-heading u-font-title-1 \"\n\tstyle=\"\">\n\t\t\n\t\t\t\t\tVill du veta mer om Noblaskolan T\u00e4by?\n\t\t\t\t\n\t<\/h2>\n\n\t\t\t\t\t\t\t\t\t<div class=\"c-text l-stack u-cs-xl u-font-body\">\n\t\t\t\t\t\t<p>Du \u00e4r varmt v\u00e4lkommen att bes\u00f6ka oss f\u00f6r att f\u00e5 en k\u00e4nsla f\u00f6r skolan och v\u00e5rt arbetss\u00e4tt.<\/p>\n\n\t\t\t\t\t<\/div>\n\t\t\t\t\t\t\t<\/div>\n\t\t\n\t\t\n\t\t\t<div class=\"ams-cta__action u-inline-items\">\n\t\t\t\t\t\t\t\n\n\n<a href=\"https:\/\/noblaskolan.se\/taby\/besok\/\"\n\t\n\tclass=\"c-btn \"\n\tdata-style=\"round\"\n\tdata-size=\"md\"\n\tdata-width=\"full-mobile\"\n\tdata-variant=\"default\"\n\ttarget=\"_self\">\n\t\t\t<span class=\"label\"> Bes\u00f6k oss<\/span>\n\t\t\t<\/a>\n\t\t\t<\/div>\n\t<\/div>\n\n\t\t\n\n<\/section>\n\n\n<div   id=\"page-relative-menu\" class=\"site__font-monospace   container_width--full_width_conIcon   d-lg-none  \">\n\n\t\t\t\n<\/div>\n","protected":false},"excerpt":{"rendered":"","protected":false},"author":1,"featured_media":0,"parent":0,"menu_order":0,"comment_status":"closed","ping_status":"closed","template":"","meta":{"footnotes":""},"yoast_head":"<!-- This site is optimized with the Yoast SEO plugin v22.0 - https:\/\/yoast.com\/wordpress\/plugins\/seo\/ -->\n<title>Om skolan | T\u00e4by<\/title>\n<meta name=\"description\" content=\"Noblaskolan T\u00e4by \u00e4r skolan som st\u00e4ller krav, st\u00f6ttar och utmanar v\u00e5ra elever varje dag f\u00f6r att de ska n\u00e5 sin fulla potential. L\u00e4s mer om v\u00e5r skola h\u00e4r.\" \/>\n<meta name=\"robots\" content=\"index, follow, max-snippet:-1, max-image-preview:large, max-video-preview:-1\" \/>\n<link rel=\"canonical\" href=\"https:\/\/noblaskolan.se\/taby\/om\/\" \/>\n<meta property=\"og:locale\" content=\"sv_SE\" \/>\n<meta property=\"og:type\" content=\"article\" \/>\n<meta property=\"og:title\" content=\"Om skolan | T\u00e4by\" \/>\n<meta property=\"og:description\" content=\"Noblaskolan T\u00e4by \u00e4r skolan som st\u00e4ller krav, st\u00f6ttar och utmanar v\u00e5ra elever varje dag f\u00f6r att de ska n\u00e5 sin fulla potential. L\u00e4s mer om v\u00e5r skola h\u00e4r.\" \/>\n<meta property=\"og:url\" content=\"https:\/\/noblaskolan.se\/taby\/om\/\" \/>\n<meta property=\"og:site_name\" content=\"T\u00e4by\" \/>\n<meta property=\"article:modified_time\" content=\"2026-03-25T11:14:05+00:00\" \/>\n<meta name=\"twitter:card\" content=\"summary_large_image\" \/>\n<meta name=\"twitter:title\" content=\"Om skolan | T\u00e4by\" \/>\n<meta name=\"twitter:description\" content=\"Noblaskolan T\u00e4by \u00e4r skolan som st\u00e4ller krav, st\u00f6ttar och utmanar v\u00e5ra elever varje dag f\u00f6r att de ska n\u00e5 sin fulla potential. L\u00e4s mer om v\u00e5r skola h\u00e4r.\" \/>\n<meta name=\"twitter:label1\" content=\"Ber\u00e4knad l\u00e4stid\" \/>\n\t<meta name=\"twitter:data1\" content=\"3 minuter\" \/>\n<script type=\"application\/ld+json\" class=\"yoast-schema-graph\">{\"@context\":\"https:\/\/schema.org\",\"@graph\":[{\"@type\":\"WebPage\",\"@id\":\"https:\/\/noblaskolan.se\/taby\/om\/\",\"url\":\"https:\/\/noblaskolan.se\/taby\/om\/\",\"name\":\"Om skolan | T\u00e4by\",\"isPartOf\":{\"@id\":\"https:\/\/noblaskolan.se\/taby\/#website\"},\"datePublished\":\"2020-09-01T20:06:33+00:00\",\"dateModified\":\"2026-03-25T11:14:05+00:00\",\"description\":\"Noblaskolan T\u00e4by \u00e4r skolan som st\u00e4ller krav, st\u00f6ttar och utmanar v\u00e5ra elever varje dag f\u00f6r att de ska n\u00e5 sin fulla potential. L\u00e4s mer om v\u00e5r skola h\u00e4r.\",\"breadcrumb\":{\"@id\":\"https:\/\/noblaskolan.se\/taby\/om\/#breadcrumb\"},\"inLanguage\":\"sv-SE\",\"potentialAction\":[{\"@type\":\"ReadAction\",\"target\":[\"https:\/\/noblaskolan.se\/taby\/om\/\"]}]},{\"@type\":\"BreadcrumbList\",\"@id\":\"https:\/\/noblaskolan.se\/taby\/om\/#breadcrumb\",\"itemListElement\":[{\"@type\":\"ListItem\",\"position\":1,\"name\":\"Start\",\"item\":\"https:\/\/noblaskolan.se\/taby\/\"},{\"@type\":\"ListItem\",\"position\":2,\"name\":\"Om skolan\"}]},{\"@type\":\"WebSite\",\"@id\":\"https:\/\/noblaskolan.se\/taby\/#website\",\"url\":\"https:\/\/noblaskolan.se\/taby\/\",\"name\":\"T\u00e4by\",\"description\":\"Noblaskolan T\u00e4by\",\"potentialAction\":[{\"@type\":\"SearchAction\",\"target\":{\"@type\":\"EntryPoint\",\"urlTemplate\":\"https:\/\/noblaskolan.se\/taby\/?s={search_term_string}\"},\"query-input\":\"required name=search_term_string\"}],\"inLanguage\":\"sv-SE\"}]}<\/script>\n<!-- \/ Yoast SEO plugin. -->","yoast_head_json":{"title":"Om skolan | T\u00e4by","description":"Noblaskolan T\u00e4by \u00e4r skolan som st\u00e4ller krav, st\u00f6ttar och utmanar v\u00e5ra elever varje dag f\u00f6r att de ska n\u00e5 sin fulla potential. L\u00e4s mer om v\u00e5r skola h\u00e4r.","robots":{"index":"index","follow":"follow","max-snippet":"max-snippet:-1","max-image-preview":"max-image-preview:large","max-video-preview":"max-video-preview:-1"},"canonical":"https:\/\/noblaskolan.se\/taby\/om\/","og_locale":"sv_SE","og_type":"article","og_title":"Om skolan | T\u00e4by","og_description":"Noblaskolan T\u00e4by \u00e4r skolan som st\u00e4ller krav, st\u00f6ttar och utmanar v\u00e5ra elever varje dag f\u00f6r att de ska n\u00e5 sin fulla potential. L\u00e4s mer om v\u00e5r skola h\u00e4r.","og_url":"https:\/\/noblaskolan.se\/taby\/om\/","og_site_name":"T\u00e4by","article_modified_time":"2026-03-25T11:14:05+00:00","twitter_card":"summary_large_image","twitter_title":"Om skolan | T\u00e4by","twitter_description":"Noblaskolan T\u00e4by \u00e4r skolan som st\u00e4ller krav, st\u00f6ttar och utmanar v\u00e5ra elever varje dag f\u00f6r att de ska n\u00e5 sin fulla potential. L\u00e4s mer om v\u00e5r skola h\u00e4r.","twitter_misc":{"Ber\u00e4knad l\u00e4stid":"3 minuter"},"schema":{"@context":"https:\/\/schema.org","@graph":[{"@type":"WebPage","@id":"https:\/\/noblaskolan.se\/taby\/om\/","url":"https:\/\/noblaskolan.se\/taby\/om\/","name":"Om skolan | T\u00e4by","isPartOf":{"@id":"https:\/\/noblaskolan.se\/taby\/#website"},"datePublished":"2020-09-01T20:06:33+00:00","dateModified":"2026-03-25T11:14:05+00:00","description":"Noblaskolan T\u00e4by \u00e4r skolan som st\u00e4ller krav, st\u00f6ttar och utmanar v\u00e5ra elever varje dag f\u00f6r att de ska n\u00e5 sin fulla potential. L\u00e4s mer om v\u00e5r skola h\u00e4r.","breadcrumb":{"@id":"https:\/\/noblaskolan.se\/taby\/om\/#breadcrumb"},"inLanguage":"sv-SE","potentialAction":[{"@type":"ReadAction","target":["https:\/\/noblaskolan.se\/taby\/om\/"]}]},{"@type":"BreadcrumbList","@id":"https:\/\/noblaskolan.se\/taby\/om\/#breadcrumb","itemListElement":[{"@type":"ListItem","position":1,"name":"Start","item":"https:\/\/noblaskolan.se\/taby\/"},{"@type":"ListItem","position":2,"name":"Om skolan"}]},{"@type":"WebSite","@id":"https:\/\/noblaskolan.se\/taby\/#website","url":"https:\/\/noblaskolan.se\/taby\/","name":"T\u00e4by","description":"Noblaskolan T\u00e4by","potentialAction":[{"@type":"SearchAction","target":{"@type":"EntryPoint","urlTemplate":"https:\/\/noblaskolan.se\/taby\/?s={search_term_string}"},"query-input":"required name=search_term_string"}],"inLanguage":"sv-SE"}]}},"_links":{"self":[{"href":"https:\/\/noblaskolan.se\/taby\/wp-json\/wp\/v2\/pages\/20"}],"collection":[{"href":"https:\/\/noblaskolan.se\/taby\/wp-json\/wp\/v2\/pages"}],"about":[{"href":"https:\/\/noblaskolan.se\/taby\/wp-json\/wp\/v2\/types\/page"}],"author":[{"embeddable":true,"href":"https:\/\/noblaskolan.se\/taby\/wp-json\/wp\/v2\/users\/1"}],"replies":[{"embeddable":true,"href":"https:\/\/noblaskolan.se\/taby\/wp-json\/wp\/v2\/comments?post=20"}],"version-history":[{"count":9,"href":"https:\/\/noblaskolan.se\/taby\/wp-json\/wp\/v2\/pages\/20\/revisions"}],"predecessor-version":[{"id":2150,"href":"https:\/\/noblaskolan.se\/taby\/wp-json\/wp\/v2\/pages\/20\/revisions\/2150"}],"wp:attachment":[{"href":"https:\/\/noblaskolan.se\/taby\/wp-json\/wp\/v2\/media?parent=20"}],"curies":[{"name":"wp","href":"https:\/\/api.w.org\/{rel}","templated":true}]}}