{"id":20,"date":"2020-09-01T22:06:33","date_gmt":"2020-09-01T20:06:33","guid":{"rendered":"https:\/\/noblaskolan.se\/solna\/?page_id=20"},"modified":"2026-03-24T13:09:06","modified_gmt":"2026-03-24T12:09:06","slug":"om","status":"publish","type":"page","link":"https:\/\/noblaskolan.se\/solna\/om\/","title":{"rendered":"Om skolan"},"content":{"rendered":"\n\t\n\t\n\t\n\n\t\n\t\n\t\t\n<section  class=\"c-block l-stacked  \" data-color-scheme=\"\">\n\t<div class=\"ams-fifty ams-fifty--container ams-fifty--right ams-fifty--bottom l-container u-pt-fluid-2xl-4xl u-pb-fluid-2xl-4xl\">\n\t\t<div class=\"ams-fifty__content l-stack l-stack-xl is-left is-left@lg\">\n\t\t\t<div class=\"ams-fifty__text l-stack l-stack-lg\">\n\t\t\t\t\t\n\t<h2\n\tclass=\"c-heading u-font-title-1 \"\n\tstyle=\"\">\n\t\t\n\t\t\t\t\t\t\t\t\tOm Noblaskolan Solna\n\t\t\t\t<span class=\"c-heading__sub is-below u-font-title-3\">\n\t\t\t\t\tVi \u00e4r m\u00e5na om att alla elever ska g\u00f6ra sitt b\u00e4sta och visa h\u00f6g studieambition.\n\t\t\t\t<\/span>\n\t\t\t\t\t\t\t\n\t<\/h2>\n\n\t\t\t\t\t\t\t\t\t<div class=\"text l-stack u-font-body\">\n\t\t\t\t\t\t<p>Hos oss p\u00e5 Noblaskolan Solna f\u00e5r eleverna l\u00e4rarledd kvalitativ undervisning med n\u00e5gra av Sveriges b\u00e4sta l\u00e4rare. Vi tror p\u00e5 allas f\u00f6rm\u00e5ga och har h\u00f6ga f\u00f6rv\u00e4ntningar p\u00e5 v\u00e5ra elever.<\/p>\n<h3>Det h\u00e4r \u00e4r Noblaskolan Solna<\/h3>\n<p>Noblaskolan Solna startade i liten skala under namnet Alfaskolan, h\u00f6sten 1999. Idag g\u00e5r det cirka 400 elever p\u00e5 skolan och vi har verksamhet fr\u00e5n f\u00f6rskoleklass upp till \u00e5rskurs 9. Skolan karakt\u00e4riseras av en lugn milj\u00f6 och ligger i Fr\u00f6sunda, alldeles intill en vacker \u00e4ppeltr\u00e4dg\u00e5rd och med n\u00e4rhet till Hagaparken. Vi bedriver grundskola fr\u00e5n f\u00f6rskoleklass till \u00e5rskurs 9, med egen skolrestaurang d\u00e4r vi serverar god och h\u00e4lsosam skolmat till v\u00e5ra elever. Skolans fritidshem ligger i en ljus och fin K-m\u00e4rkt byggnad.<\/p>\n\n\t\t\t\t\t<\/div>\n\t\t\t\t\t\t\t<\/div>\n\n\t\t\t\t\t<\/div>\n\n\t\t <div class=\"ams-fifty__media u-ratio-landscape\">\n\t\t \t\t\t\t\t<img decoding=\"async\" width=\"600\" height=\"400\" src=\"https:\/\/noblaskolan.se\/wp-content\/uploads\/sites\/30\/2026\/03\/noblaskolantaby202504mellanstadiewebb9-600x400.jpg\" class=\"attachment-md size-md\" alt=\"Elever och l\u00e4rare som pratar.\" sizes=\"(min-width: 64em) 600px, calc(100vw - 160px)\" srcset=\"https:\/\/noblaskolan.se\/wp-content\/uploads\/sites\/30\/2026\/03\/noblaskolantaby202504mellanstadiewebb9-600x400.jpg 600w, https:\/\/noblaskolan.se\/wp-content\/uploads\/sites\/30\/2026\/03\/noblaskolantaby202504mellanstadiewebb9-300x200.jpg 300w, https:\/\/noblaskolan.se\/wp-content\/uploads\/sites\/30\/2026\/03\/noblaskolantaby202504mellanstadiewebb9-400x267.jpg 400w, https:\/\/noblaskolan.se\/wp-content\/uploads\/sites\/30\/2026\/03\/noblaskolantaby202504mellanstadiewebb9-800x534.jpg 800w, https:\/\/noblaskolan.se\/wp-content\/uploads\/sites\/30\/2026\/03\/noblaskolantaby202504mellanstadiewebb9.jpg 1000w\" \/>\n\t\t\t\n\t\t\t\n\t\t\t\t\t<\/div>\n\t<\/div>\n\n\t\t\n\n<\/section>\n\n\n\n\n<section  class=\"ams-usp c-block l-stacked\" data-color-scheme=\"nyans1_av_p2\">\n\t<div class=\"l-container l-stack l-stack-fluid-2xl u-pt-fluid-2xl-4xl u-pb-fluid-2xl-4xl is-center is-center@md\">\n\t\t\t\t\t<div class=\"ams-usp__intro l-stack l-stack-lg\">\n\t\t\t\t\t\n\t<h2\n\tclass=\"c-heading u-font-title-1 \"\n\tstyle=\"\">\n\t\t\n\t\t\t\t\tF\u00f6rdelarna med Noblaskolan\n\t\t\t\t\n\t<\/h2>\n\n\t\t\t\t\t\t\t<\/div>\n\t\t\n\t\t\t<ul class=\"ams-usp__list l-grid u-justify-center u-gap-fluid-2xl-4xl\">\n\t\t\t\t\t<li class=\"l-col-6@md l-col-4@lg\">\n\t\t\t\t<article\n\t\t\t\t\tclass=\"\n\t\t\t\t\tc-card\n\t\t\t\t\thas-media-zoom\n\t\t\t\t\t\n\t\t\t\t\t\n\t\t\t\t\t\"\n\t\t\t\t\tdata-variant=\"neutral\"\n\t\t\t\t\tdata-style=\"square\"\n\t\t\t\t\t\n\t\t\t\t\t>\n\t\t\t\t\t\t\t\t\t\t\t<div class=\"c-card__content l-stack l-stack-sm u-text-center\">\n\t\t\t\t\t\t\t\t\t\t\t\t\t\t\t<h3 class=\"c-card__title u-font-title-3\">\n\t\t\t\t\t\t\t\t\t\t\t\t\t\t\t\t\t\t\t\t\t\t\t\t\t\t\t\t\t\tEn skola med h\u00f6ga ambitioner\n\t\t\t\t\t\t\t\t\t\t\t\t\t\t\t\t\t\t\t\t\t\t\t\t\t\t\t<\/h3>\n\t\t\t\t\t\t\t\n\t\t\t\t\t\t\t\t\t\t\t\t\t\t\t<div class=\"c-card__text l-stack-xs u-font-body\">\n\t\t\t\t\t\t\t\t\t<p>Vi p\u00e5 Noblaskolan Solna har under m\u00e5nga \u00e5r haft studieresultat som \u00e4r bland de h\u00f6gsta i landet, f\u00f6r att vi tar utbildning p\u00e5 allvar genom att ha h\u00f6ga f\u00f6rv\u00e4ntningar och motivera eleverna hela v\u00e4gen fram till m\u00e5l.<\/p>\n\n\t\t\t\t\t\t\t\t<\/div>\n\t\t\t\t\t\t\t\t\t\t\t\t\t<\/div>\n\t\t\t\t\t\n\t\t\t\t\t<div class=\"c-card__media\">\n\t\t\t\t\t\t\t\t\t\t\t\t\t<img decoding=\"async\" width=\"400\" height=\"267\" src=\"https:\/\/noblaskolan.se\/wp-content\/uploads\/2020\/09\/mariastadenhelsingborg2022-20272-scaled-400x267.jpg\" class=\"u-radius-square u-ratio-landscape  ams_icon_size_default\" alt=\"En \u00e4ldre elev sitter vid ett bord i sitt klassrum och ler in i kameran.\" srcset=\"https:\/\/noblaskolan.se\/wp-content\/uploads\/2020\/09\/mariastadenhelsingborg2022-20272-scaled-400x267.jpg 400w, https:\/\/noblaskolan.se\/wp-content\/uploads\/2020\/09\/mariastadenhelsingborg2022-20272-scaled-300x200.jpg 300w, https:\/\/noblaskolan.se\/wp-content\/uploads\/2020\/09\/mariastadenhelsingborg2022-20272-scaled-600x400.jpg 600w, https:\/\/noblaskolan.se\/wp-content\/uploads\/2020\/09\/mariastadenhelsingborg2022-20272-scaled-800x533.jpg 800w, https:\/\/noblaskolan.se\/wp-content\/uploads\/2020\/09\/mariastadenhelsingborg2022-20272-scaled-1024x683.jpg 1024w, https:\/\/noblaskolan.se\/wp-content\/uploads\/2020\/09\/mariastadenhelsingborg2022-20272-scaled-1200x800.jpg 1200w\" sizes=\"(max-width: 400px) 100vw, 400px\" \/>\n\t\t\t\t\t\t\t\t\t\t\t<\/div>\n\t\t\t\t<\/article>\n\t\t\t<\/li>\n\n\t\t\t\t\t<li class=\"l-col-6@md l-col-4@lg\">\n\t\t\t\t<article\n\t\t\t\t\tclass=\"\n\t\t\t\t\tc-card\n\t\t\t\t\thas-media-zoom\n\t\t\t\t\t\n\t\t\t\t\t\n\t\t\t\t\t\"\n\t\t\t\t\tdata-variant=\"neutral\"\n\t\t\t\t\tdata-style=\"square\"\n\t\t\t\t\t\n\t\t\t\t\t>\n\t\t\t\t\t\t\t\t\t\t\t<div class=\"c-card__content l-stack l-stack-sm u-text-center\">\n\t\t\t\t\t\t\t\t\t\t\t\t\t\t\t<h3 class=\"c-card__title u-font-title-3\">\n\t\t\t\t\t\t\t\t\t\t\t\t\t\t\t\t\t\t\t\t\t\t\t\t\t\t\t\t\t\tVi f\u00f6ljer Noblakoden\n\t\t\t\t\t\t\t\t\t\t\t\t\t\t\t\t\t\t\t\t\t\t\t\t\t\t\t<\/h3>\n\t\t\t\t\t\t\t\n\t\t\t\t\t\t\t\t\t\t\t\t\t\t\t<div class=\"c-card__text l-stack-xs u-font-body\">\n\t\t\t\t\t\t\t\t\t<p>Vi vet att struktur \u00e4r mer \u00e4n ordningsregler. D\u00e4rf\u00f6r har vi skapat Noblakoden \u2013 ett gemensamt f\u00f6rh\u00e5llningss\u00e4tt kring lektionsstruktur, ordning, mentorsrollen och andra saker som \u00e4r viktiga f\u00f6r en bra skolmilj\u00f6.<\/p>\n\n\t\t\t\t\t\t\t\t<\/div>\n\t\t\t\t\t\t\t\t\t\t\t\t\t<\/div>\n\t\t\t\t\t\n\t\t\t\t\t<div class=\"c-card__media\">\n\t\t\t\t\t\t\t\t\t\t\t\t\t<img decoding=\"async\" width=\"400\" height=\"267\" src=\"https:\/\/noblaskolan.se\/wp-content\/uploads\/2022\/11\/mariastadenhelsingborg2022-20272-scaled-400x267.jpg\" class=\"u-radius-square u-ratio-landscape  ams_icon_size_default\" alt=\"Elever st\u00e5r framme vid tavlan i ett klassrum och l\u00f6ser ett matteproblem.\" srcset=\"https:\/\/noblaskolan.se\/wp-content\/uploads\/2022\/11\/mariastadenhelsingborg2022-20272-scaled-400x267.jpg 400w, https:\/\/noblaskolan.se\/wp-content\/uploads\/2022\/11\/mariastadenhelsingborg2022-20272-scaled-300x200.jpg 300w, https:\/\/noblaskolan.se\/wp-content\/uploads\/2022\/11\/mariastadenhelsingborg2022-20272-scaled-600x400.jpg 600w, https:\/\/noblaskolan.se\/wp-content\/uploads\/2022\/11\/mariastadenhelsingborg2022-20272-scaled-800x533.jpg 800w, https:\/\/noblaskolan.se\/wp-content\/uploads\/2022\/11\/mariastadenhelsingborg2022-20272-scaled-1024x683.jpg 1024w, https:\/\/noblaskolan.se\/wp-content\/uploads\/2022\/11\/mariastadenhelsingborg2022-20272-scaled-1200x800.jpg 1200w\" sizes=\"(max-width: 400px) 100vw, 400px\" \/>\n\t\t\t\t\t\t\t\t\t\t\t<\/div>\n\t\t\t\t<\/article>\n\t\t\t<\/li>\n\n\t\t\t\t\t<li class=\"l-col-6@md l-col-4@lg\">\n\t\t\t\t<article\n\t\t\t\t\tclass=\"\n\t\t\t\t\tc-card\n\t\t\t\t\thas-media-zoom\n\t\t\t\t\t\n\t\t\t\t\t\n\t\t\t\t\t\"\n\t\t\t\t\tdata-variant=\"neutral\"\n\t\t\t\t\tdata-style=\"square\"\n\t\t\t\t\t\n\t\t\t\t\t>\n\t\t\t\t\t\t\t\t\t\t\t<div class=\"c-card__content l-stack l-stack-sm u-text-center\">\n\t\t\t\t\t\t\t\t\t\t\t\t\t\t\t<h3 class=\"c-card__title u-font-title-3\">\n\t\t\t\t\t\t\t\t\t\t\t\t\t\t\t\t\t\t\t\t\t\t\t\t\t\t\t\t\t\tTydligt ledarskap\n\t\t\t\t\t\t\t\t\t\t\t\t\t\t\t\t\t\t\t\t\t\t\t\t\t\t\t<\/h3>\n\t\t\t\t\t\t\t\n\t\t\t\t\t\t\t\t\t\t\t\t\t\t\t<div class=\"c-card__text l-stack-xs u-font-body\">\n\t\t\t\t\t\t\t\t\t<p>En av nycklarna till framg\u00e5ngsrik utbildning \u00e4r ett medvetet och tydligt ledarskap. Vi \u00e4r omsorgsfulla i ledarskapet p\u00e5 alla niv\u00e5er; fr\u00e5n l\u00e4rarens ledarskap i klassrummet till rektors ledarskap f\u00f6r hela skolan.<\/p>\n\n\t\t\t\t\t\t\t\t<\/div>\n\t\t\t\t\t\t\t\t\t\t\t\t\t<\/div>\n\t\t\t\t\t\n\t\t\t\t\t<div class=\"c-card__media\">\n\t\t\t\t\t\t\t\t\t\t\t\t\t<img decoding=\"async\" width=\"400\" height=\"267\" src=\"https:\/\/noblaskolan.se\/wp-content\/uploads\/2020\/09\/mariastadenhelsingborg2022-20271-scaled-400x267.jpg\" class=\"u-radius-square u-ratio-landscape  ams_icon_size_default\" alt=\"En l\u00e4rare p\u00e5 Noblaskolan sitter p\u00e5 huk vid ett bord med tre elever och pratar med dem.\" srcset=\"https:\/\/noblaskolan.se\/wp-content\/uploads\/2020\/09\/mariastadenhelsingborg2022-20271-scaled-400x267.jpg 400w, https:\/\/noblaskolan.se\/wp-content\/uploads\/2020\/09\/mariastadenhelsingborg2022-20271-scaled-300x200.jpg 300w, https:\/\/noblaskolan.se\/wp-content\/uploads\/2020\/09\/mariastadenhelsingborg2022-20271-scaled-600x400.jpg 600w, https:\/\/noblaskolan.se\/wp-content\/uploads\/2020\/09\/mariastadenhelsingborg2022-20271-scaled-800x533.jpg 800w, https:\/\/noblaskolan.se\/wp-content\/uploads\/2020\/09\/mariastadenhelsingborg2022-20271-scaled-1024x683.jpg 1024w, https:\/\/noblaskolan.se\/wp-content\/uploads\/2020\/09\/mariastadenhelsingborg2022-20271-scaled-1200x800.jpg 1200w\" sizes=\"(max-width: 400px) 100vw, 400px\" \/>\n\t\t\t\t\t\t\t\t\t\t\t<\/div>\n\t\t\t\t<\/article>\n\t\t\t<\/li>\n\n\t\t\t<\/ul>\n\n\t\t\t<\/div>\n\n\t\t\n\n<\/section>\n\n\n\n\t\n\t\n\t\n\n\t\n\t\n\t\t\n<section  class=\"c-block l-stacked  \" data-color-scheme=\"transparent\">\n\t<div class=\"ams-fifty ams-fifty--container ams-fifty--left ams-fifty--bottom l-container u-pt-fluid-2xl-4xl u-pb-fluid-2xl-4xl\">\n\t\t<div class=\"ams-fifty__content l-stack l-stack-xl is-left is-left@lg\">\n\t\t\t<div class=\"ams-fifty__text l-stack l-stack-lg\">\n\t\t\t\t\t\n\t<h2\n\tclass=\"c-heading u-font-title-2 \"\n\tstyle=\"\">\n\t\t\n\t\t\t\t\tKommunikation mellan skola och v\u00e5rdnadshavare \n\t\t\t\t\n\t<\/h2>\n\n\t\t\t\t\t\t\t\t\t<div class=\"text l-stack u-font-body\">\n\t\t\t\t\t\t<p>Vi anv\u00e4nder oss av plattformen Schoolsoft f\u00f6r att skicka ut information mellan skola, elever och v\u00e5rdnadshavare. H\u00e4r finner du schema, matsedel, l\u00e4rarnas kontaktinformation, sjukanm\u00e4lan och viktiga dokument och blanketter. Om du undrar \u00f6ver n\u00e5got, titta under\u00a0<a href=\"https:\/\/noblaskolan.se\/solna\/om\/vanliga-fragor\/\">vanliga fr\u00e5gor<\/a>. Sj\u00e4lvklart g\u00e5r det \u00e4ven bra att kontakta oss.<\/p>\n<h3>S\u00f6k till Noblaskolan Solna<\/h3>\n<p><a href=\"https:\/\/noblaskolan.se\/solna\/koanmalan\/\">H\u00e4r<\/a> hittar du information om hur du st\u00e4ller ditt barn i k\u00f6 hos oss, samt hur antagningsprocessen p\u00e5 Noblaskolan Solna g\u00e5r till.<\/p>\n\n\t\t\t\t\t<\/div>\n\t\t\t\t\t\t\t<\/div>\n\n\t\t\t\t\t<\/div>\n\n\t\t <div class=\"ams-fifty__media u-ratio-square\">\n\t\t \t\t\t\t\t<img decoding=\"async\" width=\"600\" height=\"400\" src=\"https:\/\/noblaskolan.se\/wp-content\/uploads\/sites\/30\/2024\/01\/noblaskolan-om-skolan-solna-202304-scaled-600x400.jpg\" class=\"attachment-md size-md\" alt=\"Tv\u00e5 elever p\u00e5 Noblaskolan som sitter och studerar i ett klassrum, den ena f\u00e5r hj\u00e4lp av l\u00e4raren.\" sizes=\"(min-width: 64em) 600px, calc(100vw - 160px)\" srcset=\"https:\/\/noblaskolan.se\/wp-content\/uploads\/sites\/30\/2024\/01\/noblaskolan-om-skolan-solna-202304-scaled-600x400.jpg 600w, https:\/\/noblaskolan.se\/wp-content\/uploads\/sites\/30\/2024\/01\/noblaskolan-om-skolan-solna-202304-scaled-300x200.jpg 300w, https:\/\/noblaskolan.se\/wp-content\/uploads\/sites\/30\/2024\/01\/noblaskolan-om-skolan-solna-202304-scaled-400x267.jpg 400w, https:\/\/noblaskolan.se\/wp-content\/uploads\/sites\/30\/2024\/01\/noblaskolan-om-skolan-solna-202304-scaled-800x533.jpg 800w, https:\/\/noblaskolan.se\/wp-content\/uploads\/sites\/30\/2024\/01\/noblaskolan-om-skolan-solna-202304-scaled-1024x683.jpg 1024w, https:\/\/noblaskolan.se\/wp-content\/uploads\/sites\/30\/2024\/01\/noblaskolan-om-skolan-solna-202304-scaled-1200x800.jpg 1200w\" \/>\n\t\t\t\n\t\t\t\n\t\t\t\t\t<\/div>\n\t<\/div>\n\n\t\t\n\n<\/section>\n\n\n\n<section \n\t\t class=\"\n\t\t ams-contact\n\t\t \n\t\t c-block l-stacked\n\t\t \n\t\t \n\t\t js-load-more\n\t\t \"\n\t\t data-color-scheme=\"nyans1_av_p2-card-transparent\"\n\t\t\t\t\tdata-count=\"3\"\n\t\t\t\t\t\t\tdata-count-mobile=\"2\"\n\t\t\t\t>\n\t<div\n\t\t class=\"\n\t\t l-container\n\t\t l-stack l-stack-fluid-2xl\n\t\t u-pt-fluid-2xl-4xl\n\t\t u-pb-fluid-3xl-6xl\n\t\t is-center\n\t\t is-center@md\n\t\t \">\n\t\t\t\t\t<div class=\"ams-contact__intro l-stack l-stack-lg\">\n\t\t\t\t\t\n\t<h2\n\tclass=\"c-heading u-font-title-1 \"\n\tstyle=\"\">\n\t\t\n\t\t\t\t\tKvalitets\u00adrapport\n\t\t\t\t\n\t<\/h2>\n\n\t\t\t\t\t\t\t\t\t<div class=\"c-text l-stack u-cs-xl u-font-body\">\n\t\t\t\t\t\t<div class=\"c-text l-stack u-cs-xl u-font-body\">\n<p>Vill du ta del av v\u00e5r kvalitetsrapport? Kontakta skolans administrat\u00f6r eller rektor.<\/p>\n<\/div>\n\n\t\t\t\t\t<\/div>\n\t\t\t\t\t\t\t<\/div>\n\t\t\n\t\t\n\t\t    \t\n\t\t\n\t\t<ul\n\t\t\tid=\"contact-grid-69f3bf072c485\"\n\t\t\tclass=\"ams-contact__list l-grid u-gap-fluid-2xl-4xl u-justify-center js-results \"\n\t\t\taria-label=\"Kontakter\"\n\t\t\tdata-filter-animation=\"off\"\n\t\t\t>\n\t\t\t\t\t\t\t\t\t\t\t\n\t\t\t\t\n\t\t\t\t<li class=\"l-col-6@md l-col-4@lg \" data-filter=\"a\">\n\t\t\t\t\t<article class=\"c-card \" data-variant=\"neutral\">\n\t\t\t\t\t\t<div class=\"c-card__content u-text-center\">\n\t\t\t\t\t\t\t\t\t\t\t\t\t\t\t<h3 class=\"c-card__title u-font-title-3\">\n\t\t\t\t\t\t\t\t\tJoakim Lindberg \n\t\t\t\t\t\t\t\t<\/h3>\n\t\t\t\t\t\t\t\n\t\t\t\t\t\t\t\t\t\t\t\t\t\t\t<p class=\"position u-font-body\">Rektor <\/p>\n\t\t\t\t\t\t\t\n\t\t\t\t\t\t\t\t\t\t\t\t\t\t\t<div class=\"contact-info u-font-body\">\n\t\t\t\t\t\t\t\t\t\t\t\t\t\t\t\t\t\t\t\t\t\t\t\t\t\t\t\t\t\t<p class=\"phone\"><a\n\t\t\t\t\t\t\t\t\t\t\t\t\thref=\"tel:084023843\"\n\t\t\t\t\t\t\t\t\t\t\t\t\tclass=\"u-text-link\">08-402 38 43<\/a>\n\t\t\t\t\t\t\t\t\t\t\t<\/p>\n\t\t\t\t\t\t\t\t\t\t\t\t\t\t\t\t\t\t\t\n\t\t\t\t\t\t\t\t\t\t\t\t\t\t\t\t\t\t\t\t\t\t\t\t\t\t\t\t\t\t<p class=\"email\"><a\n\t\t\t\t\t\t\t\t\t\t\t\t\thref=\"&#109;ai&#108;&#116;o&#058;&#106;oak&#105;&#109;&#046;&#108;&#105;n&#100;b&#101;&#114;&#103;&#064;&#110;&#111;&#098;l&#097;sko&#108;&#097;n&#046;se\"\n\t\t\t\t\t\t\t\t\t\t\t\t\tclass=\"u-text-link\">j&#111;ak&#105;&#109;.li&#110;&#100;be&#114;g&#064;no&#098;&#108;a&#115;kol&#097;&#110;&#046;s&#101;<\/a>\n\t\t\t\t\t\t\t\t\t\t\t<\/p>\n\t\t\t\t\t\t\t\t\t\t\t\t\t\t\t\t\t\t\t\t\t\t\t\t\t\t\t<\/div>\n\t\t\t\t\t\t\t\n\t\t\t\t\t\t\t\t\t\t\t\t\t<\/div>\n\t\t\t\t\t\t<div class=\"c-card__media\">\n\t\t\t\t\t\t\t\t\t\t\t\t\t\t\t\t\t\t\t\t\t\t\t\t\t\t\t\t\t\t\t\t\t\t\t\t\t\t\t\t\t\t\t\t\t\t\t\t\t<img decoding=\"async\" width=\"400\" height=\"322\" src=\"https:\/\/noblaskolan.se\/wp-content\/uploads\/sites\/30\/2020\/09\/joakim-lindberg-1-e1736244497255-400x322.jpg\" class=\"u-radius-square u-ratio-landscape  \" alt=\"Personportr\u00e4tt.\" sizes=\"(max-width: 300px) 100vw, 300px\" srcset=\"https:\/\/noblaskolan.se\/wp-content\/uploads\/sites\/30\/2020\/09\/joakim-lindberg-1-e1736244497255-400x322.jpg 400w, https:\/\/noblaskolan.se\/wp-content\/uploads\/sites\/30\/2020\/09\/joakim-lindberg-1-e1736244497255-300x242.jpg 300w, https:\/\/noblaskolan.se\/wp-content\/uploads\/sites\/30\/2020\/09\/joakim-lindberg-1-e1736244497255-600x484.jpg 600w, https:\/\/noblaskolan.se\/wp-content\/uploads\/sites\/30\/2020\/09\/joakim-lindberg-1-e1736244497255-800x645.jpg 800w, https:\/\/noblaskolan.se\/wp-content\/uploads\/sites\/30\/2020\/09\/joakim-lindberg-1-e1736244497255-1024x826.jpg 1024w, https:\/\/noblaskolan.se\/wp-content\/uploads\/sites\/30\/2020\/09\/joakim-lindberg-1-e1736244497255-1200x967.jpg 1200w, https:\/\/noblaskolan.se\/wp-content\/uploads\/sites\/30\/2020\/09\/joakim-lindberg-1-e1736244497255.jpg 2048w\" \/>\n\t\t\t\t\t\t<\/div>\n\t\t\t\t\t<\/article>\n\t\t\t\t<\/li>\n\t\t\t\t\t\t\t\t\t\t\t\n\t\t\t\t\n\t\t\t\t<li class=\"l-col-6@md l-col-4@lg \" data-filter=\"b\">\n\t\t\t\t\t<article class=\"c-card \" data-variant=\"neutral\">\n\t\t\t\t\t\t<div class=\"c-card__content u-text-center\">\n\t\t\t\t\t\t\t\t\t\t\t\t\t\t\t<h3 class=\"c-card__title u-font-title-3\">\n\t\t\t\t\t\t\t\t\t\u00c5sa Sval\u00e4nge Lantz\n\t\t\t\t\t\t\t\t<\/h3>\n\t\t\t\t\t\t\t\n\t\t\t\t\t\t\t\t\t\t\t\t\t\t\t<p class=\"position u-font-body\">Administrat\u00f6r <\/p>\n\t\t\t\t\t\t\t\n\t\t\t\t\t\t\t\t\t\t\t\t\t\t\t<div class=\"contact-info u-font-body\">\n\t\t\t\t\t\t\t\t\t\t\t\t\t\t\t\t\t\t\t\t\t\t\t\t\t\t\t\t\t\t<p class=\"phone\"><a\n\t\t\t\t\t\t\t\t\t\t\t\t\thref=\"tel:084023840\"\n\t\t\t\t\t\t\t\t\t\t\t\t\tclass=\"u-text-link\">08-402 38 40<\/a>\n\t\t\t\t\t\t\t\t\t\t\t<\/p>\n\t\t\t\t\t\t\t\t\t\t\t\t\t\t\t\t\t\t\t\n\t\t\t\t\t\t\t\t\t\t\t\t\t\t\t\t\t\t\t\t\t\t\t\t\t\t\t\t\t\t<p class=\"email\"><a\n\t\t\t\t\t\t\t\t\t\t\t\t\thref=\"m&#097;&#105;&#108;to:&#115;&#111;ln&#097;&#064;&#110;o&#098;&#108;ask&#111;l&#097;n.&#115;&#101;\"\n\t\t\t\t\t\t\t\t\t\t\t\t\tclass=\"u-text-link\">&#115;&#111;&#108;n&#097;&#064;&#110;&#111;&#098;&#108;&#097;s&#107;&#111;&#108;an.&#115;&#101;<\/a>\n\t\t\t\t\t\t\t\t\t\t\t<\/p>\n\t\t\t\t\t\t\t\t\t\t\t\t\t\t\t\t\t\t\t\t\t\t\t\t\t\t\t<\/div>\n\t\t\t\t\t\t\t\n\t\t\t\t\t\t\t\t\t\t\t\t\t<\/div>\n\t\t\t\t\t\t<div class=\"c-card__media\">\n\t\t\t\t\t\t\t\t\t\t\t\t\t\t\t\t\t\t\t\t\t\t\t\t\t\t\t\t\t\t\t\t\t\t\t\t\t\t\t\t\t\t\t\t\t\t\t\t\t<img decoding=\"async\" width=\"400\" height=\"320\" src=\"https:\/\/noblaskolan.se\/wp-content\/uploads\/sites\/30\/2025\/04\/asa-svalange-lantz-3.jpg\" class=\"u-radius-square u-ratio-landscape  \" alt=\"\" sizes=\"(max-width: 300px) 100vw, 300px\" srcset=\"https:\/\/noblaskolan.se\/wp-content\/uploads\/sites\/30\/2025\/04\/asa-svalange-lantz-3.jpg 400w, https:\/\/noblaskolan.se\/wp-content\/uploads\/sites\/30\/2025\/04\/asa-svalange-lantz-3-300x240.jpg 300w\" \/>\n\t\t\t\t\t\t<\/div>\n\t\t\t\t\t<\/article>\n\t\t\t\t<\/li>\n\t\t\t\t\t<\/ul>\n\n\t\t\n\t\t    <div class=\"ams-contact__more u-inline-items js-load-more-btn\">\n        <button href=\"#\"\n                class=\"c-btn\"\n                data-style=\"round\"\n                data-size=\"md\"\n                data-width=\"full-mobile\"\n                data-variant=\"outline\">\n        \tVisa mer\n        <\/button>\n    <\/div>\n\n\t\t\t<\/div>\n\n\t\t\n\n<\/section>\n\n\n\n\n<section  class=\"ams-cta ams-cta--stacked c-block l-stacked ams-border\" data-color-scheme=\"ljusgron\">\n\t<div class=\"l-container-narrow l-stack l-stack-fluid-2xl u-pt-fluid-2xl-4xl u-pb-fluid-2xl-4xl is-center is-center@md\">\n\t\t\t\t\t<div class=\"ams-cta__intro l-stack l-stack-lg\">\n\t\t\t\t\t\n\t<h2\n\tclass=\"c-heading u-font-title-1 \"\n\tstyle=\"\">\n\t\t\n\t\t\t\t\tSt\u00e4ll ditt barn i k\u00f6\n\t\t\t\t\n\t<\/h2>\n\n\t\t\t\t\t\t\t\t\t<div class=\"c-text l-stack u-cs-xl u-font-body\">\n\t\t\t\t\t\t<p>Vill du st\u00e4lla ditt barn i k\u00f6 till Noblaskolan Solna?<\/p>\n\n\t\t\t\t\t<\/div>\n\t\t\t\t\t\t\t<\/div>\n\t\t\n\t\t\n\t\t\t<div class=\"ams-cta__action u-inline-items\">\n\t\t\t\t\t\t\t\n\n\n<a href=\"https:\/\/noblaskolan.se\/solna\/koanmalan\/\"\n\t\n\tclass=\"c-btn \"\n\tdata-style=\"round\"\n\tdata-size=\"md\"\n\tdata-width=\"full-mobile\"\n\tdata-variant=\"default\"\n\ttarget=\"_self\">\n\t\t\t<span class=\"label\"> Till k\u00f6anm\u00e4lan<\/span>\n\t\t\t<\/a>\n\t\t\t<\/div>\n\t<\/div>\n\n\t\t\n\n<\/section>\n\n\n<div   id=\"page-relative-menu\" class=\"site__font-monospace   container_width--full_width_conIcon   d-lg-none  \">\n\n\t\t\t\n<\/div>\n","protected":false},"excerpt":{"rendered":"","protected":false},"author":1,"featured_media":0,"parent":0,"menu_order":0,"comment_status":"closed","ping_status":"closed","template":"","meta":{"footnotes":""},"yoast_head":"<!-- This site is optimized with the Yoast SEO plugin v22.0 - https:\/\/yoast.com\/wordpress\/plugins\/seo\/ -->\n<title>Om skolan | Solna<\/title>\n<meta name=\"description\" content=\"L\u00e4s mer om vad som h\u00e4nder p\u00e5 Noblaskolan Solna genom att h\u00e5lla dig uppdaterad med v\u00e5ra senaste nyheter och information om skolan.\" \/>\n<meta name=\"robots\" content=\"index, follow, max-snippet:-1, max-image-preview:large, max-video-preview:-1\" \/>\n<link rel=\"canonical\" href=\"https:\/\/noblaskolan.se\/solna\/om\/\" \/>\n<meta property=\"og:locale\" content=\"sv_SE\" \/>\n<meta property=\"og:type\" content=\"article\" \/>\n<meta property=\"og:title\" content=\"Om skolan | Solna\" \/>\n<meta property=\"og:description\" content=\"L\u00e4s mer om vad som h\u00e4nder p\u00e5 Noblaskolan Solna genom att h\u00e5lla dig uppdaterad med v\u00e5ra senaste nyheter och information om skolan.\" \/>\n<meta property=\"og:url\" content=\"https:\/\/noblaskolan.se\/solna\/om\/\" \/>\n<meta property=\"og:site_name\" content=\"Solna\" \/>\n<meta property=\"article:modified_time\" content=\"2026-03-24T12:09:06+00:00\" \/>\n<meta name=\"twitter:card\" content=\"summary_large_image\" \/>\n<meta name=\"twitter:title\" content=\"Om skolan | Solna\" \/>\n<meta name=\"twitter:description\" content=\"L\u00e4s mer om vad som h\u00e4nder p\u00e5 Noblaskolan Solna genom att h\u00e5lla dig uppdaterad med v\u00e5ra senaste nyheter och information om skolan.\" \/>\n<meta name=\"twitter:label1\" content=\"Ber\u00e4knad l\u00e4stid\" \/>\n\t<meta name=\"twitter:data1\" content=\"2 minuter\" \/>\n<script type=\"application\/ld+json\" class=\"yoast-schema-graph\">{\"@context\":\"https:\/\/schema.org\",\"@graph\":[{\"@type\":\"WebPage\",\"@id\":\"https:\/\/noblaskolan.se\/solna\/om\/\",\"url\":\"https:\/\/noblaskolan.se\/solna\/om\/\",\"name\":\"Om skolan | Solna\",\"isPartOf\":{\"@id\":\"https:\/\/noblaskolan.se\/solna\/#website\"},\"datePublished\":\"2020-09-01T20:06:33+00:00\",\"dateModified\":\"2026-03-24T12:09:06+00:00\",\"description\":\"L\u00e4s mer om vad som h\u00e4nder p\u00e5 Noblaskolan Solna genom att h\u00e5lla dig uppdaterad med v\u00e5ra senaste nyheter och information om skolan.\",\"breadcrumb\":{\"@id\":\"https:\/\/noblaskolan.se\/solna\/om\/#breadcrumb\"},\"inLanguage\":\"sv-SE\",\"potentialAction\":[{\"@type\":\"ReadAction\",\"target\":[\"https:\/\/noblaskolan.se\/solna\/om\/\"]}]},{\"@type\":\"BreadcrumbList\",\"@id\":\"https:\/\/noblaskolan.se\/solna\/om\/#breadcrumb\",\"itemListElement\":[{\"@type\":\"ListItem\",\"position\":1,\"name\":\"Start\",\"item\":\"https:\/\/noblaskolan.se\/solna\/\"},{\"@type\":\"ListItem\",\"position\":2,\"name\":\"Om skolan\"}]},{\"@type\":\"WebSite\",\"@id\":\"https:\/\/noblaskolan.se\/solna\/#website\",\"url\":\"https:\/\/noblaskolan.se\/solna\/\",\"name\":\"Solna\",\"description\":\"Noblaskolan Solna\",\"potentialAction\":[{\"@type\":\"SearchAction\",\"target\":{\"@type\":\"EntryPoint\",\"urlTemplate\":\"https:\/\/noblaskolan.se\/solna\/?s={search_term_string}\"},\"query-input\":\"required name=search_term_string\"}],\"inLanguage\":\"sv-SE\"}]}<\/script>\n<!-- \/ Yoast SEO plugin. -->","yoast_head_json":{"title":"Om skolan | Solna","description":"L\u00e4s mer om vad som h\u00e4nder p\u00e5 Noblaskolan Solna genom att h\u00e5lla dig uppdaterad med v\u00e5ra senaste nyheter och information om skolan.","robots":{"index":"index","follow":"follow","max-snippet":"max-snippet:-1","max-image-preview":"max-image-preview:large","max-video-preview":"max-video-preview:-1"},"canonical":"https:\/\/noblaskolan.se\/solna\/om\/","og_locale":"sv_SE","og_type":"article","og_title":"Om skolan | Solna","og_description":"L\u00e4s mer om vad som h\u00e4nder p\u00e5 Noblaskolan Solna genom att h\u00e5lla dig uppdaterad med v\u00e5ra senaste nyheter och information om skolan.","og_url":"https:\/\/noblaskolan.se\/solna\/om\/","og_site_name":"Solna","article_modified_time":"2026-03-24T12:09:06+00:00","twitter_card":"summary_large_image","twitter_title":"Om skolan | Solna","twitter_description":"L\u00e4s mer om vad som h\u00e4nder p\u00e5 Noblaskolan Solna genom att h\u00e5lla dig uppdaterad med v\u00e5ra senaste nyheter och information om skolan.","twitter_misc":{"Ber\u00e4knad l\u00e4stid":"2 minuter"},"schema":{"@context":"https:\/\/schema.org","@graph":[{"@type":"WebPage","@id":"https:\/\/noblaskolan.se\/solna\/om\/","url":"https:\/\/noblaskolan.se\/solna\/om\/","name":"Om skolan | Solna","isPartOf":{"@id":"https:\/\/noblaskolan.se\/solna\/#website"},"datePublished":"2020-09-01T20:06:33+00:00","dateModified":"2026-03-24T12:09:06+00:00","description":"L\u00e4s mer om vad som h\u00e4nder p\u00e5 Noblaskolan Solna genom att h\u00e5lla dig uppdaterad med v\u00e5ra senaste nyheter och information om skolan.","breadcrumb":{"@id":"https:\/\/noblaskolan.se\/solna\/om\/#breadcrumb"},"inLanguage":"sv-SE","potentialAction":[{"@type":"ReadAction","target":["https:\/\/noblaskolan.se\/solna\/om\/"]}]},{"@type":"BreadcrumbList","@id":"https:\/\/noblaskolan.se\/solna\/om\/#breadcrumb","itemListElement":[{"@type":"ListItem","position":1,"name":"Start","item":"https:\/\/noblaskolan.se\/solna\/"},{"@type":"ListItem","position":2,"name":"Om skolan"}]},{"@type":"WebSite","@id":"https:\/\/noblaskolan.se\/solna\/#website","url":"https:\/\/noblaskolan.se\/solna\/","name":"Solna","description":"Noblaskolan Solna","potentialAction":[{"@type":"SearchAction","target":{"@type":"EntryPoint","urlTemplate":"https:\/\/noblaskolan.se\/solna\/?s={search_term_string}"},"query-input":"required name=search_term_string"}],"inLanguage":"sv-SE"}]}},"_links":{"self":[{"href":"https:\/\/noblaskolan.se\/solna\/wp-json\/wp\/v2\/pages\/20"}],"collection":[{"href":"https:\/\/noblaskolan.se\/solna\/wp-json\/wp\/v2\/pages"}],"about":[{"href":"https:\/\/noblaskolan.se\/solna\/wp-json\/wp\/v2\/types\/page"}],"author":[{"embeddable":true,"href":"https:\/\/noblaskolan.se\/solna\/wp-json\/wp\/v2\/users\/1"}],"replies":[{"embeddable":true,"href":"https:\/\/noblaskolan.se\/solna\/wp-json\/wp\/v2\/comments?post=20"}],"version-history":[{"count":9,"href":"https:\/\/noblaskolan.se\/solna\/wp-json\/wp\/v2\/pages\/20\/revisions"}],"predecessor-version":[{"id":2201,"href":"https:\/\/noblaskolan.se\/solna\/wp-json\/wp\/v2\/pages\/20\/revisions\/2201"}],"wp:attachment":[{"href":"https:\/\/noblaskolan.se\/solna\/wp-json\/wp\/v2\/media?parent=20"}],"curies":[{"name":"wp","href":"https:\/\/api.w.org\/{rel}","templated":true}]}}