{"id":5,"date":"2020-09-01T22:03:42","date_gmt":"2020-09-01T20:03:42","guid":{"rendered":"https:\/\/noblaskolan.se\/saltsjo-boo\/?page_id=5"},"modified":"2026-03-13T15:05:58","modified_gmt":"2026-03-13T14:05:58","slug":"startsida","status":"publish","type":"page","link":"https:\/\/noblaskolan.se\/saltsjo-boo\/","title":{"rendered":"Startsida"},"content":{"rendered":"\n\t\n\t\n\t\n\t\n\t\n\t\n\t\n<section  class=\"ams-hero ams-hero--fifty ams-hero--100 ams-hero--full c-block l-stacked ams-border \" data-color-scheme=\"ljusgron\">\n\t<div class=\"ams-hero__container media-right media-top\">\n\t\t<div class=\"ams-hero__content l-stack l-stack-xl is-center is-center@lg u-pt-fluid-3xl-6xl u-pb-fluid-3xl-6xl\">\n\t\t\t<div class=\"l-stack l-stack-lg\">\n\t\t\t\t\t\n\t<h1\n\tclass=\"c-heading u-font-large \"\n\tstyle=\"\">\n\t\t\n\t\t\t\t\t\t\t\t\tNoblaskolan Saltsj\u00f6-Boo\n\t\t\t\t<span class=\"c-heading__sub is-below u-font-title-3\">\n\t\t\t\t\tEn f\u00f6rskola och skola med h\u00f6ga ambitioner och spr\u00e5kprofil i Nacka\n\t\t\t\t<\/span>\n\t\t\t\t\t\t\t\n\t<\/h1>\n\n\t\t\t\t\t\t\t\t\t<div class=\"text l-stack u-font-body\">\n\t\t\t\t\t\t<p>P\u00e5 v\u00e5r f\u00f6rskola och skola i Saltsj\u00f6-Boo, Nacka stimuleras eleverna i en milj\u00f6 som pr\u00e4glas av trygghet, struktur och studiero. Genom goda relationer och h\u00f6ga f\u00f6rv\u00e4ntningar p\u00e5 s\u00e5v\u00e4l personal som elever arbetar vi tillsammans f\u00f6r att n\u00e5 v\u00e5r vision. Vi har \u00e4ven en spr\u00e5kprofil som genomsyrar hela v\u00e5r verksamhet, fr\u00e5n f\u00f6rskolan upp till \u00e5rskurs 9.<\/p>\n\n\t\t\t\t\t<\/div>\n\t\t\t\t\t\t\t<\/div>\n\n\t\t\t\t<div class=\"ams-hero__action u-inline-items\">\n\t\t\t\t\t\t\t\n\n\n<a href=\"https:\/\/noblaskolan.se\/saltsjo-boo\/om\/forskola\/\"\n\t\n\tclass=\"c-btn \"\n\tdata-style=\"round\"\n\tdata-size=\"md\"\n\tdata-width=\"full-mobile\"\n\tdata-variant=\"default\"\n\ttarget=\"_self\">\n\t\t\t<span class=\"label\"> V\u00e5r f\u00f6rskola<\/span>\n\t\t\t<\/a>\n\t\t\t\t\t\t\t\n\n\n<a href=\"https:\/\/noblaskolan.se\/saltsjo-boo\/om\/grundskola\/\"\n\t\n\tclass=\"c-btn \"\n\tdata-style=\"round\"\n\tdata-size=\"md\"\n\tdata-width=\"full-mobile\"\n\tdata-variant=\"default\"\n\ttarget=\"_self\">\n\t\t\t<span class=\"label\"> V\u00e5r grundskola<\/span>\n\t\t\t<\/a>\n\t\t\t<\/div>\n\t\t<\/div>\n\t\t<div class=\"ams-hero__media\">\n\n\t\t\t\t\t\t\t\t\t\t\t\t<picture><source media=\"(min-width: 32em)\" srcset=\"https:\/\/noblaskolan.se\/wp-content\/uploads\/sites\/28\/2023\/08\/mariastadenhelsingborgfotomellanstadieak4-63-scaled-1200x800.jpg 1200w, https:\/\/noblaskolan.se\/wp-content\/uploads\/sites\/28\/2023\/08\/mariastadenhelsingborgfotomellanstadieak4-63-scaled-300x200.jpg 300w, https:\/\/noblaskolan.se\/wp-content\/uploads\/sites\/28\/2023\/08\/mariastadenhelsingborgfotomellanstadieak4-63-scaled-400x267.jpg 400w, https:\/\/noblaskolan.se\/wp-content\/uploads\/sites\/28\/2023\/08\/mariastadenhelsingborgfotomellanstadieak4-63-scaled-600x400.jpg 600w, https:\/\/noblaskolan.se\/wp-content\/uploads\/sites\/28\/2023\/08\/mariastadenhelsingborgfotomellanstadieak4-63-scaled-800x533.jpg 800w, https:\/\/noblaskolan.se\/wp-content\/uploads\/sites\/28\/2023\/08\/mariastadenhelsingborgfotomellanstadieak4-63-scaled-1024x683.jpg 1024w\" sizes=\"(min-width: 64em) 50vw, 100vw\" \/><source srcset=\"https:\/\/noblaskolan.se\/wp-content\/uploads\/sites\/28\/2023\/08\/mariastadenhelsingborgfotomellanstadieak4-63-scaled-1024x683.jpg 1024w, https:\/\/noblaskolan.se\/wp-content\/uploads\/sites\/28\/2023\/08\/mariastadenhelsingborgfotomellanstadieak4-63-scaled-300x200.jpg 300w, https:\/\/noblaskolan.se\/wp-content\/uploads\/sites\/28\/2023\/08\/mariastadenhelsingborgfotomellanstadieak4-63-scaled-400x267.jpg 400w, https:\/\/noblaskolan.se\/wp-content\/uploads\/sites\/28\/2023\/08\/mariastadenhelsingborgfotomellanstadieak4-63-scaled-600x400.jpg 600w, https:\/\/noblaskolan.se\/wp-content\/uploads\/sites\/28\/2023\/08\/mariastadenhelsingborgfotomellanstadieak4-63-scaled-800x533.jpg 800w, https:\/\/noblaskolan.se\/wp-content\/uploads\/sites\/28\/2023\/08\/mariastadenhelsingborgfotomellanstadieak4-63-scaled-1200x800.jpg 1200w\" sizes=\"(max-width: 63.99875em) 100vw\" \/><img decoding=\"async\" width=\"1200\" height=\"800\" src=\"https:\/\/noblaskolan.se\/wp-content\/uploads\/sites\/28\/2023\/08\/mariastadenhelsingborgfotomellanstadieak4-63-scaled-1200x800.jpg\" class=\"attachment-xxl size-xxl\" alt=\"L\u00e4rare p\u00e5 Noblaskolan st\u00e5r och pratar med elever som sitter runt ett bord.\" sizes=\"(min-width: 64em) 50vw, 100vw\" srcset=\"https:\/\/noblaskolan.se\/wp-content\/uploads\/sites\/28\/2023\/08\/mariastadenhelsingborgfotomellanstadieak4-63-scaled-1200x800.jpg 1200w, https:\/\/noblaskolan.se\/wp-content\/uploads\/sites\/28\/2023\/08\/mariastadenhelsingborgfotomellanstadieak4-63-scaled-300x200.jpg 300w, https:\/\/noblaskolan.se\/wp-content\/uploads\/sites\/28\/2023\/08\/mariastadenhelsingborgfotomellanstadieak4-63-scaled-400x267.jpg 400w, https:\/\/noblaskolan.se\/wp-content\/uploads\/sites\/28\/2023\/08\/mariastadenhelsingborgfotomellanstadieak4-63-scaled-600x400.jpg 600w, https:\/\/noblaskolan.se\/wp-content\/uploads\/sites\/28\/2023\/08\/mariastadenhelsingborgfotomellanstadieak4-63-scaled-800x533.jpg 800w, https:\/\/noblaskolan.se\/wp-content\/uploads\/sites\/28\/2023\/08\/mariastadenhelsingborgfotomellanstadieak4-63-scaled-1024x683.jpg 1024w\" \/><\/picture>\n\t\t\t\t\t\t\t\n\t\t\t\n\t\t\t\t\t<\/div>\n\t<\/div>\n\n\t\n\n<\/section>\n\n\n\n\t\n\t\n\t\n\n\t\n\t\n\t\t\n<section  class=\"c-block l-stacked  \" data-color-scheme=\"morkgron\">\n\t<div class=\"ams-fifty ams-fifty--container ams-fifty--left ams-fifty--bottom l-container u-pt-fluid-2xl-4xl u-pb-fluid-2xl-4xl\">\n\t\t<div class=\"ams-fifty__content l-stack l-stack-xl is-left is-left@lg\">\n\t\t\t<div class=\"ams-fifty__text l-stack l-stack-lg\">\n\t\t\t\t\t\n\t<h2\n\tclass=\"c-heading u-font-title-1 \"\n\tstyle=\"\">\n\t\t\n\t\t\t\t\tF\u00f6r att elever som utmanas n\u00e5r l\u00e4ngre\n\t\t\t\t\n\t<\/h2>\n\n\t\t\t\t\t\t\t\t\t<div class=\"text l-stack u-font-body\">\n\t\t\t\t\t\t<p>P\u00e5 Noblaskolan bedriver vi resultatinriktad undervisning. Vi g\u00f6r det genom att st\u00e4lla krav, st\u00f6tta och utmana, varje dag, varje lektion. Det \u00e4r s\u00e5 vi tillsammans med eleverna bygger ett akademiskt sj\u00e4lvf\u00f6rtroende redan fr\u00e5n start.<\/p>\n\n\t\t\t\t\t<\/div>\n\t\t\t\t\t\t\t<\/div>\n\n\t\t\t\t<div class=\"ams-fifty__action u-inline-items\">\n\t\t\t\t\t\t\t\n\n\n<a href=\"https:\/\/noblaskolan.se\/saltsjo-boo\/besok\/\"\n\t\n\tclass=\"c-btn \"\n\tdata-style=\"round\"\n\tdata-size=\"md\"\n\tdata-width=\"full-mobile\"\n\tdata-variant=\"default\"\n\ttarget=\"_self\">\n\t\t\t<span class=\"label\"> Bes\u00f6k v\u00e5r skola<\/span>\n\t\t\t<\/a>\n\t\t\t<\/div>\n\t\t<\/div>\n\n\t\t <div class=\"ams-fifty__media u-ratio-widescreen\">\n\t\t \t\n\t\t\t\n\t\t\t\t\t\t\t<lite-youtube videoid=\"sxMR3KjUoKw\" style=\"background-image: url('https:\/\/i.ytimg.com\/vi\/sxMR3KjUoKw\/hqdefault.jpg');\">\n\t\t\t\t\t\t<button href=\"https:\/\/youtube.com\/watch?v=sxMR3KjUoKw\" class=\"lty-playbtn\" title=\"Play Video\">\n\t\t\t\t\t\t\t<span class=\"lyt-visually-hidden\">Play Video<\/span>\n\t\t\t\t\t\t<\/button>\n\t\t\t\t\t<\/lite-youtube>\n\t\t\t\t\t<\/div>\n\t<\/div>\n\n\t\t\n\n<\/section>\n\n\n\n\n<section  class=\"ams-cta ams-cta--stacked c-block l-stacked\" data-color-scheme=\"transparent\">\n\t<div class=\"l-container-narrow l-stack l-stack-fluid-2xl u-pt-fluid-2xl-4xl u-pb-fluid-2xl-4xl is-center is-center@md\">\n\t\t\t\t\t<div class=\"ams-cta__intro l-stack l-stack-lg\">\n\t\t\t\t\t\n\t<h2\n\tclass=\"c-heading u-font-title-1 \"\n\tstyle=\"\">\n\t\t\n\t\t\t\t\tSpr\u00e5kprofil i alla \u00e5rskurser\n\t\t\t\t\n\t<\/h2>\n\n\t\t\t\t\t\t\t\t\t<div class=\"c-text l-stack u-cs-xl u-font-body\">\n\t\t\t\t\t\t<p>Hos oss f\u00e5r ditt barn m\u00f6jligheten att utveckla spr\u00e5kf\u00e4rdigheter och \u00e5ka p\u00e5 sp\u00e4nnande spr\u00e5kresor. V\u00e5r spr\u00e5kprofil genomsyrar hela v\u00e5r verksamhet, fr\u00e5n f\u00f6rskolan upp till \u00e5rskurs 9. H\u00e4r kan du l\u00e4sa mer.<\/p>\n\n\t\t\t\t\t<\/div>\n\t\t\t\t\t\t\t<\/div>\n\t\t\n\t\t\n\t\t\t<div class=\"ams-cta__action u-inline-items\">\n\t\t\t\t\t\t\t\n\n\n<a href=\"https:\/\/noblaskolan.se\/saltsjo-boo\/sprakprofil\/\"\n\t\n\tclass=\"c-btn \"\n\tdata-style=\"round\"\n\tdata-size=\"md\"\n\tdata-width=\"full-mobile\"\n\tdata-variant=\"default\"\n\ttarget=\"_self\">\n\t\t\t<span class=\"label\"> L\u00e4s om spr\u00e5kprofilen<\/span>\n\t\t\t<\/a>\n\t\t\t<\/div>\n\t<\/div>\n\n\t\t\n\n<\/section>\n\n\n\n\n<section  class=\"ams-usp c-block l-stacked\" data-color-scheme=\"nyans1_av_p2\">\n\t<div class=\"l-container l-stack l-stack-fluid-2xl u-pt-fluid-2xl-4xl u-pb-fluid-2xl-4xl is-center is-center@md\">\n\t\t\t\t\t<div class=\"ams-usp__intro l-stack l-stack-lg\">\n\t\t\t\t\t\n\t<h2\n\tclass=\"c-heading u-font-title-1 \"\n\tstyle=\"\">\n\t\t\n\t\t\t\t\tDet h\u00e4r \u00e4r Noblaskolan Saltsj\u00f6-Boo\n\t\t\t\t\n\t<\/h2>\n\n\t\t\t\t\t\t\t<\/div>\n\t\t\n\t\t\t<ul class=\"ams-usp__list l-grid u-justify-center u-gap-fluid-2xl-4xl\">\n\t\t\t\t\t<li class=\"l-col-6@md l-col-4@lg\">\n\t\t\t\t<article\n\t\t\t\t\tclass=\"\n\t\t\t\t\tc-card\n\t\t\t\t\thas-media-zoom\n\t\t\t\t\t\n\t\t\t\t\t\n\t\t\t\t\t\"\n\t\t\t\t\tdata-variant=\"neutral\"\n\t\t\t\t\tdata-style=\"square\"\n\t\t\t\t\t\n\t\t\t\t\t>\n\t\t\t\t\t\t\t\t\t\t\t<div class=\"c-card__content l-stack l-stack-sm u-text-center\">\n\t\t\t\t\t\t\t\t\t\t\t\t\t\t\t<h3 class=\"c-card__title u-font-title-3\">\n\t\t\t\t\t\t\t\t\t\t\t\t\t\t\t\t\t\t\t\t\t\t\t\t\t\t\t\t\t\tEn skola med h\u00f6ga ambitioner\n\t\t\t\t\t\t\t\t\t\t\t\t\t\t\t\t\t\t\t\t\t\t\t\t\t\t\t<\/h3>\n\t\t\t\t\t\t\t\n\t\t\t\t\t\t\t\t\t\t\t\t\t\t\t<div class=\"c-card__text l-stack-xs u-font-body\">\n\t\t\t\t\t\t\t\t\t<p>I v\u00e5ra elever finns allt som kr\u00e4vs f\u00f6r att lyckas. V\u00e5r uppgift \u00e4r att locka fram det. N\u00e4r vi utmanar, st\u00f6ttar och st\u00e4ller krav ser vi tydliga resultat och h\u00f6ga meritv\u00e4rden. <\/p>\n\n\t\t\t\t\t\t\t\t<\/div>\n\t\t\t\t\t\t\t\t\t\t\t\t\t<\/div>\n\t\t\t\t\t\n\t\t\t\t\t<div class=\"c-card__media\">\n\t\t\t\t\t\t\t\t\t\t\t\t\t<img decoding=\"async\" width=\"400\" height=\"267\" src=\"https:\/\/noblaskolan.se\/wp-content\/uploads\/2020\/09\/mariastadenhelsingborg2022-20272-scaled-400x267.jpg\" class=\"u-radius-square u-ratio-landscape  ams_icon_size_default\" alt=\"En \u00e4ldre elev sitter vid ett bord i sitt klassrum och ler in i kameran.\" srcset=\"https:\/\/noblaskolan.se\/wp-content\/uploads\/2020\/09\/mariastadenhelsingborg2022-20272-scaled-400x267.jpg 400w, https:\/\/noblaskolan.se\/wp-content\/uploads\/2020\/09\/mariastadenhelsingborg2022-20272-scaled-300x200.jpg 300w, https:\/\/noblaskolan.se\/wp-content\/uploads\/2020\/09\/mariastadenhelsingborg2022-20272-scaled-600x400.jpg 600w, https:\/\/noblaskolan.se\/wp-content\/uploads\/2020\/09\/mariastadenhelsingborg2022-20272-scaled-800x533.jpg 800w, https:\/\/noblaskolan.se\/wp-content\/uploads\/2020\/09\/mariastadenhelsingborg2022-20272-scaled-1024x683.jpg 1024w, https:\/\/noblaskolan.se\/wp-content\/uploads\/2020\/09\/mariastadenhelsingborg2022-20272-scaled-1200x800.jpg 1200w\" sizes=\"(max-width: 400px) 100vw, 400px\" \/>\n\t\t\t\t\t\t\t\t\t\t\t<\/div>\n\t\t\t\t<\/article>\n\t\t\t<\/li>\n\n\t\t\t\t\t<li class=\"l-col-6@md l-col-4@lg\">\n\t\t\t\t<article\n\t\t\t\t\tclass=\"\n\t\t\t\t\tc-card\n\t\t\t\t\thas-media-zoom\n\t\t\t\t\t\n\t\t\t\t\t\n\t\t\t\t\t\"\n\t\t\t\t\tdata-variant=\"neutral\"\n\t\t\t\t\tdata-style=\"square\"\n\t\t\t\t\t\n\t\t\t\t\t>\n\t\t\t\t\t\t\t\t\t\t\t<div class=\"c-card__content l-stack l-stack-sm u-text-center\">\n\t\t\t\t\t\t\t\t\t\t\t\t\t\t\t<h3 class=\"c-card__title u-font-title-3\">\n\t\t\t\t\t\t\t\t\t\t\t\t\t\t\t\t\t\t\t\t\t\t\t\t\t\t\t\t\t\tVi f\u00f6ljer Noblakoden\n\t\t\t\t\t\t\t\t\t\t\t\t\t\t\t\t\t\t\t\t\t\t\t\t\t\t\t<\/h3>\n\t\t\t\t\t\t\t\n\t\t\t\t\t\t\t\t\t\t\t\t\t\t\t<div class=\"c-card__text l-stack-xs u-font-body\">\n\t\t\t\t\t\t\t\t\t<p>Vi vet att struktur \u00e4r mer \u00e4n ordningsregler. D\u00e4rf\u00f6r har vi skapat Noblakoden \u2013 ett gemensamt f\u00f6rh\u00e5llningss\u00e4tt kring lektionsstruktur, ordning, mentorsrollen och andra saker som \u00e4r viktiga f\u00f6r en bra skolmilj\u00f6.<\/p>\n\n\t\t\t\t\t\t\t\t<\/div>\n\t\t\t\t\t\t\t\t\t\t\t\t\t<\/div>\n\t\t\t\t\t\n\t\t\t\t\t<div class=\"c-card__media\">\n\t\t\t\t\t\t\t\t\t\t\t\t\t<img decoding=\"async\" width=\"400\" height=\"267\" src=\"https:\/\/noblaskolan.se\/wp-content\/uploads\/2022\/11\/mariastadenhelsingborg2022-20272-scaled-400x267.jpg\" class=\"u-radius-square u-ratio-landscape  ams_icon_size_default\" alt=\"Elever st\u00e5r framme vid tavlan i ett klassrum och l\u00f6ser ett matteproblem.\" srcset=\"https:\/\/noblaskolan.se\/wp-content\/uploads\/2022\/11\/mariastadenhelsingborg2022-20272-scaled-400x267.jpg 400w, https:\/\/noblaskolan.se\/wp-content\/uploads\/2022\/11\/mariastadenhelsingborg2022-20272-scaled-300x200.jpg 300w, https:\/\/noblaskolan.se\/wp-content\/uploads\/2022\/11\/mariastadenhelsingborg2022-20272-scaled-600x400.jpg 600w, https:\/\/noblaskolan.se\/wp-content\/uploads\/2022\/11\/mariastadenhelsingborg2022-20272-scaled-800x533.jpg 800w, https:\/\/noblaskolan.se\/wp-content\/uploads\/2022\/11\/mariastadenhelsingborg2022-20272-scaled-1024x683.jpg 1024w, https:\/\/noblaskolan.se\/wp-content\/uploads\/2022\/11\/mariastadenhelsingborg2022-20272-scaled-1200x800.jpg 1200w\" sizes=\"(max-width: 400px) 100vw, 400px\" \/>\n\t\t\t\t\t\t\t\t\t\t\t<\/div>\n\t\t\t\t<\/article>\n\t\t\t<\/li>\n\n\t\t\t\t\t<li class=\"l-col-6@md l-col-4@lg\">\n\t\t\t\t<article\n\t\t\t\t\tclass=\"\n\t\t\t\t\tc-card\n\t\t\t\t\thas-media-zoom\n\t\t\t\t\t\n\t\t\t\t\t\n\t\t\t\t\t\"\n\t\t\t\t\tdata-variant=\"neutral\"\n\t\t\t\t\tdata-style=\"square\"\n\t\t\t\t\t\n\t\t\t\t\t>\n\t\t\t\t\t\t\t\t\t\t\t<div class=\"c-card__content l-stack l-stack-sm u-text-center\">\n\t\t\t\t\t\t\t\t\t\t\t\t\t\t\t<h3 class=\"c-card__title u-font-title-3\">\n\t\t\t\t\t\t\t\t\t\t\t\t\t\t\t\t\t\t\t\t\t\t\t\t\t\t\t\t\t\tTydligt ledarskap\n\t\t\t\t\t\t\t\t\t\t\t\t\t\t\t\t\t\t\t\t\t\t\t\t\t\t\t<\/h3>\n\t\t\t\t\t\t\t\n\t\t\t\t\t\t\t\t\t\t\t\t\t\t\t<div class=\"c-card__text l-stack-xs u-font-body\">\n\t\t\t\t\t\t\t\t\t<p>P\u00e5 Noblaskolan Saltsj\u00f6-Boo har vi en h\u00f6g andel beh\u00f6riga l\u00e4rare och pedagoger. Vi har engagemang och gl\u00e4dje i l\u00e4randet, och ett st\u00e4ndigt fokus p\u00e5 att hj\u00e4lpa alla att n\u00e5 sin fulla potential.<\/p>\n\n\t\t\t\t\t\t\t\t<\/div>\n\t\t\t\t\t\t\t\t\t\t\t\t\t<\/div>\n\t\t\t\t\t\n\t\t\t\t\t<div class=\"c-card__media\">\n\t\t\t\t\t\t\t\t\t\t\t\t\t<img decoding=\"async\" width=\"400\" height=\"267\" src=\"https:\/\/noblaskolan.se\/wp-content\/uploads\/2020\/09\/mariastadenhelsingborg2022-20271-scaled-400x267.jpg\" class=\"u-radius-square u-ratio-landscape  ams_icon_size_default\" alt=\"En l\u00e4rare p\u00e5 Noblaskolan sitter p\u00e5 huk vid ett bord med tre elever och pratar med dem.\" srcset=\"https:\/\/noblaskolan.se\/wp-content\/uploads\/2020\/09\/mariastadenhelsingborg2022-20271-scaled-400x267.jpg 400w, https:\/\/noblaskolan.se\/wp-content\/uploads\/2020\/09\/mariastadenhelsingborg2022-20271-scaled-300x200.jpg 300w, https:\/\/noblaskolan.se\/wp-content\/uploads\/2020\/09\/mariastadenhelsingborg2022-20271-scaled-600x400.jpg 600w, https:\/\/noblaskolan.se\/wp-content\/uploads\/2020\/09\/mariastadenhelsingborg2022-20271-scaled-800x533.jpg 800w, https:\/\/noblaskolan.se\/wp-content\/uploads\/2020\/09\/mariastadenhelsingborg2022-20271-scaled-1024x683.jpg 1024w, https:\/\/noblaskolan.se\/wp-content\/uploads\/2020\/09\/mariastadenhelsingborg2022-20271-scaled-1200x800.jpg 1200w\" sizes=\"(max-width: 400px) 100vw, 400px\" \/>\n\t\t\t\t\t\t\t\t\t\t\t<\/div>\n\t\t\t\t<\/article>\n\t\t\t<\/li>\n\n\t\t\t<\/ul>\n\n\t\t\t<\/div>\n\n\t\t\n\n<\/section>\n\n\n\n\n<section  class=\"ams-cta ams-cta--stacked c-block l-stacked\">\n\t<div class=\"l-container l-stack l-stack-fluid-2xl u-pt-fluid-3xl-6xl u-pb-fluid-3xl-6xl is-center is-center@md\">\n\t\t\t\t\t<div class=\"ams-cta__intro l-stack l-stack-lg\">\n\t\t\t\t\t\n\t<h2\n\tclass=\"c-heading u-font-title-1 \"\n\tstyle=\"\">\n\t\t\n\t\t\t\t\tVill du veta mer om Noblaskolan Saltsj\u00f6-Boo?\n\t\t\t\t\n\t<\/h2>\n\n\t\t\t\t\t\t\t\t\t<div class=\"c-text l-stack u-cs-xl u-font-body\">\n\t\t\t\t\t\t<p>Du \u00e4r varmt v\u00e4lkommen att bes\u00f6ka oss f\u00f6r att f\u00e5 en k\u00e4nsla f\u00f6r skolan och v\u00e5rt arbetss\u00e4tt.<\/p>\n\n\t\t\t\t\t<\/div>\n\t\t\t\t\t\t\t<\/div>\n\t\t\n\t\t\n\t\t\t<div class=\"ams-cta__action u-inline-items\">\n\t\t\t\t\t\t\t\n\n\n<a href=\"https:\/\/noblaskolan.se\/saltsjo-boo\/besok\/\"\n\t\n\tclass=\"c-btn \"\n\tdata-style=\"round\"\n\tdata-size=\"md\"\n\tdata-width=\"full-mobile\"\n\tdata-variant=\"default\"\n\ttarget=\"_self\">\n\t\t\t<span class=\"label\"> Bes\u00f6k oss<\/span>\n\t\t\t<\/a>\n\t\t\t<\/div>\n\t<\/div>\n\n\t\t\n\n<\/section>\n\n\n\n\n<section  class=\"ams-quote c-block l-stacked ams-border\" data-color-scheme=\"primar1\">\n\t<div class=\"l-container l-stack l-stack-fluid-2xl u-pt-fluid-2xl-4xl u-pb-fluid-2xl-4xl is-center is-center@md\">\n\t\t\n\t\t\t\t\t<ul class=\"ams-quote__list l-grid u-gap-fluid-2xl-4xl u-justify-center\"\n\taria-label=\"Citat\">\n\t\t\t<li class=\"l-col-12@md\">\n\t\t\t<article class=\"c-card\" data-variant=\"neutral\" >\n\t\t\t\t<div class=\"c-card__content l-stack u-text-center\">\n\t\t\t\t\t\t\t\t\t\t\t<blockquote class=\"c-card__title u-font-title-1\">\n\t\t\t\t\t\t\t\t\t\t\t\t\t\t\t<p class=\"u-quote-marks\">Att f\u00e5 jobba med skolutveckling och att se elever v\u00e4xa och utvecklas \u00e4r det b\u00e4sta med mitt jobb.<\/p>\n\t\t\t\t\t\t\t\t\t\t\t\t\t<\/blockquote>\n\t\t\t\t\t\n\t\t\t\t\t\t\t\t\t\t\t<p class=\"c-card__text\">\n\t\t\t\t\t\t\t<span class=\"author u-font-body\">Ulrika Z\u00e4tterqvist<\/span>\n\t\t\t\t\t\t\t<span class=\"title u-font-body\">Rektor p\u00e5 Noblaskolan Saltsj\u00f6-Boo<\/span>\n\t\t\t\t\t\t<\/p>\n\t\t\t\t\t\t\t\t\t<\/div>\n\n\t\t\t\t\t\t\t<\/article>\n\t\t<\/li>\n\t<\/ul>\n\t\n\t\t\t<\/div>\n\n\t\t\n\n<\/section>\n\n\n\n\n\n<section  class=\"ams-article c-block l-stacked js-load-more\" data-color-scheme=\"transparent-card-bakgrund-hover-standard_standard\" data-count=\"3\" data-count-mobile=\"2\">\n\t<div class=\"l-container l-stack l-stack-fluid-2xl u-pt-fluid-2xl-4xl u-pb-fluid-2xl-4xl is-center is-center@md\">\n\t\t\t\t\t<div class=\"ams-article__intro l-stack l-stack-lg\">\n\t\t\t\t\t\n\t<h2\n\tclass=\"c-heading u-font-title-1 \"\n\tstyle=\"\">\n\t\t\n\t\t\t\t\tV\u00e5ra nyheter\n\t\t\t\t\n\t<\/h2>\n\n\t\t\t\t\t\t\t<\/div>\n\t\t\n\t\t\t\n\t    \n\t\n\t<ul id=\"ams-article-list-69ee15666a0d2\" class=\"ams-article__list l-grid u-gap-2xl u-justify-center js-results \" aria-label=\"Artiklar\" data-filter-animation=\"off\">\n\t\t\t\t\t\t\t\t\t\t\t\t\t\t\t\t\t\n\t\t\t\n\t\t\t\n\t\t\t<li class=\"l-col-6@md l-col-4@lg \" data-filter=\"allmant intervjuer december-2025\">\n\t\t\t\t<article class=\"c-card  has-media-zoom  \" data-variant=\"border\" data-style=\"square\" data-click-area>\n\t\t\t\t\t<div class=\"c-card__content l-stack l-stack-sm\">\n\n\t\t\t\t\t\t\t\t\t\t\t\t\t<time class=\"c-card__date u-font-small\" datetime=\"2025-12-03\">3 december, 2025<\/time>\n\t\t\t\t\t\t\n\t\t\t\t\t\t\t\t\t\t\t\t\t<h3 class=\"c-card__title u-font-title-3\">\n\t\t\t\t\t\t\t\t\t\t\t\t\t\t\t\t\t<a class=\"c-card__link\" href=\"https:\/\/noblaskolan.se\/saltsjo-boo\/artikel\/pedagoger\/\">\n\t\t\t\t\t\t\t\t\t\tL\u00e4r k\u00e4nna v\u00e5ra pedagoger\n\t\t\t\t\t\t\t\t\t<\/a>\n\t\t\t\t\t\t\t\t\t\t\t\t\t\t\t<\/h3>\n\t\t\t\t\t\t\n\t\t\t\t\t\t\t\t\t\t\t\t\t<p class=\"c-card__text l-stack-xs u-font-body\">\n\t\t\t\t\t\t\t\tL\u00e4r k\u00e4nna v\u00e5ra pedagoger och l\u00e4rare lite b\u00e4ttre! H\u00e4r f\u00e5r du veta mer om deras dr&#8230;\n\t\t\t\t\t\t\t<\/p>\n\t\t\t\t\t\t\n\t\t\t\t\t\t\t\t\t\t\t\t\t<ul class=\"c-card__tags l-stack-grow u-list-none u-pt-md\" aria-label=\"Kategorier\">\n\t\t\t\t\t\t\t\t\t\t\t\t\t\t\t\t\t<li><span class=\"c-tag\" data-variant=\"outline\">Allm\u00e4nt<\/span><\/li>\n\t\t\t\t\t\t\t\t\t\t\t\t\t\t\t\t\t<li><span class=\"c-tag\" data-variant=\"outline\">Intervjuer<\/span><\/li>\n\t\t\t\t\t\t\t\t\t\t\t\t\t\t\t<\/ul>\n\t\t\t\t\t\t\n\t\t\t\t\t\t<div class=\"c-card__icon\">\n\t\t\t\t\t\t\t\t\t\t\t\t\t\t<svg class=\"ams-icon ams-icon--arrow-right\" width=\"32\" height=\"32\" viewbox=\"0 0 32 32\" fill=\"currentColor\" aria-hidden=\"true\" xmlns=\"http:\/\/www.w3.org\/2000\/svg\">\n\t\t\t\t\t\t\t\t\t\t\t\t\t\t\t\t<path d=\"M15.4617 0.252159L14.9567 0.75931C14.6219 1.09545 14.6219 1.64048 14.9567 1.97669L27.7062 14.7806H0.857144C0.383786 14.7806 0 15.166 0 15.6414V16.3587C0 16.8341 0.383786 17.2195 0.857144 17.2195H27.7062L14.9567 30.0234C14.6219 30.3595 14.6219 30.9045 14.9567 31.2407L15.4617 31.7479C15.7964 32.084 16.3392 32.084 16.6739 31.7479L31.749 16.6087C32.0837 16.2725 32.0837 15.7275 31.749 15.3913L16.6739 0.252159C16.3392 -0.084053 15.7964 -0.084053 15.4617 0.252159Z\"\/>\n\t\t\t\t\t\t\t\n\t\t\t\t\t\t\t<\/svg>\n\t\t\t\t\t\t<\/div>\n\t\t\t\t\t<\/div>\n\n\t\t\t\t\t<div class=\"c-card__media \" style=\" \">\n\t\t\t\t\t\t<img decoding=\"async\" width=\"400\" height=\"533\" src=\"https:\/\/noblaskolan.se\/wp-content\/uploads\/sites\/28\/2025\/10\/daniella1-400x533.jpg\" class=\"attachment-sm size-sm\" alt=\"\" sizes=\"(min-width: 64em) 300px, (min-width: 48em) calc(.50 * (100vw - 224px)), calc(100vw - 160px)\" srcset=\"https:\/\/noblaskolan.se\/wp-content\/uploads\/sites\/28\/2025\/10\/daniella1-400x533.jpg 400w, https:\/\/noblaskolan.se\/wp-content\/uploads\/sites\/28\/2025\/10\/daniella1-300x400.jpg 300w, https:\/\/noblaskolan.se\/wp-content\/uploads\/sites\/28\/2025\/10\/daniella1-600x800.jpg 600w, https:\/\/noblaskolan.se\/wp-content\/uploads\/sites\/28\/2025\/10\/daniella1-800x1067.jpg 800w, https:\/\/noblaskolan.se\/wp-content\/uploads\/sites\/28\/2025\/10\/daniella1-1024x1365.jpg 1024w, https:\/\/noblaskolan.se\/wp-content\/uploads\/sites\/28\/2025\/10\/daniella1-1200x1600.jpg 1200w, https:\/\/noblaskolan.se\/wp-content\/uploads\/sites\/28\/2025\/10\/daniella1-scaled.jpg 1920w\" \/>\n\t\t\t\t\t<\/div>\n\t\t\t\t<\/article>\n\t\t\t<\/li>\n\t\t\t\t\t\t\t\t\t\t\t\t\t\t\t\t\t\n\t\t\t\n\t\t\t\n\t\t\t<li class=\"l-col-6@md l-col-4@lg \" data-filter=\"allmant augusti-2025\">\n\t\t\t\t<article class=\"c-card  has-media-zoom  \" data-variant=\"border\" data-style=\"square\" data-click-area>\n\t\t\t\t\t<div class=\"c-card__content l-stack l-stack-sm\">\n\n\t\t\t\t\t\t\t\t\t\t\t\t\t<time class=\"c-card__date u-font-small\" datetime=\"2025-08-15\">15 augusti, 2025<\/time>\n\t\t\t\t\t\t\n\t\t\t\t\t\t\t\t\t\t\t\t\t<h3 class=\"c-card__title u-font-title-3\">\n\t\t\t\t\t\t\t\t\t\t\t\t\t\t\t\t\t<a class=\"c-card__link\" href=\"https:\/\/noblaskolan.se\/saltsjo-boo\/artikel\/lokal\/trygg-skolstart-med-studiero-sa-arbetar-vi-pa-noblaskolan\">\n\t\t\t\t\t\t\t\t\t\tTrygg skolstart med studiero \u2013 s\u00e5 arbeta&#8230;\n\t\t\t\t\t\t\t\t\t<\/a>\n\t\t\t\t\t\t\t\t\t\t\t\t\t\t\t<\/h3>\n\t\t\t\t\t\t\n\t\t\t\t\t\t\t\t\t\t\t\t\t<p class=\"c-card__text l-stack-xs u-font-body\">\n\t\t\t\t\t\t\t\tN\u00e4r en ny termin n\u00e4rmar sig v\u00e4cks ofta m\u00e5nga fr\u00e5gor hos v\u00e5rdnadshavare:\r\nHur kom&#8230;\n\t\t\t\t\t\t\t<\/p>\n\t\t\t\t\t\t\n\t\t\t\t\t\t\t\t\t\t\t\t\t<ul class=\"c-card__tags l-stack-grow u-list-none u-pt-md\" aria-label=\"Kategorier\">\n\t\t\t\t\t\t\t\t\t\t\t\t\t\t\t\t\t<li><span class=\"c-tag\" data-variant=\"outline\">Allm\u00e4nt<\/span><\/li>\n\t\t\t\t\t\t\t\t\t\t\t\t\t\t\t<\/ul>\n\t\t\t\t\t\t\n\t\t\t\t\t\t<div class=\"c-card__icon\">\n\t\t\t\t\t\t\t\t\t\t\t\t\t\t<svg class=\"ams-icon ams-icon--arrow-right\" width=\"32\" height=\"32\" viewbox=\"0 0 32 32\" fill=\"currentColor\" aria-hidden=\"true\" xmlns=\"http:\/\/www.w3.org\/2000\/svg\">\n\t\t\t\t\t\t\t\t\t\t\t\t\t\t\t\t<path d=\"M15.4617 0.252159L14.9567 0.75931C14.6219 1.09545 14.6219 1.64048 14.9567 1.97669L27.7062 14.7806H0.857144C0.383786 14.7806 0 15.166 0 15.6414V16.3587C0 16.8341 0.383786 17.2195 0.857144 17.2195H27.7062L14.9567 30.0234C14.6219 30.3595 14.6219 30.9045 14.9567 31.2407L15.4617 31.7479C15.7964 32.084 16.3392 32.084 16.6739 31.7479L31.749 16.6087C32.0837 16.2725 32.0837 15.7275 31.749 15.3913L16.6739 0.252159C16.3392 -0.084053 15.7964 -0.084053 15.4617 0.252159Z\"\/>\n\t\t\t\t\t\t\t\n\t\t\t\t\t\t\t<\/svg>\n\t\t\t\t\t\t<\/div>\n\t\t\t\t\t<\/div>\n\n\t\t\t\t\t<div class=\"c-card__media \" style=\" \">\n\t\t\t\t\t\t<img decoding=\"async\" width=\"400\" height=\"267\" src=\"https:\/\/noblaskolan.se\/wp-content\/uploads\/2025\/08\/noblaskolansaltsjo-boo202504mellanstadiewebb3-400x267.jpg\" class=\"attachment-sm size-sm\" alt=\"L\u00e4rare hj\u00e4lper elev som sitter vid sin b\u00e4nk i klassrummet.\" sizes=\"(min-width: 64em) 300px, (min-width: 48em) calc(.50 * (100vw - 224px)), calc(100vw - 160px)\" srcset=\"https:\/\/noblaskolan.se\/wp-content\/uploads\/2025\/08\/noblaskolansaltsjo-boo202504mellanstadiewebb3-400x267.jpg 400w, https:\/\/noblaskolan.se\/wp-content\/uploads\/2025\/08\/noblaskolansaltsjo-boo202504mellanstadiewebb3-300x200.jpg 300w, https:\/\/noblaskolan.se\/wp-content\/uploads\/2025\/08\/noblaskolansaltsjo-boo202504mellanstadiewebb3-600x400.jpg 600w, https:\/\/noblaskolan.se\/wp-content\/uploads\/2025\/08\/noblaskolansaltsjo-boo202504mellanstadiewebb3-800x534.jpg 800w, https:\/\/noblaskolan.se\/wp-content\/uploads\/2025\/08\/noblaskolansaltsjo-boo202504mellanstadiewebb3.jpg 1000w\" \/>\n\t\t\t\t\t<\/div>\n\t\t\t\t<\/article>\n\t\t\t<\/li>\n\t\t\t\t\t\t\t\t\t\t\t\t\t\t\t\t\t\n\t\t\t\n\t\t\t\n\t\t\t<li class=\"l-col-6@md l-col-4@lg \" data-filter=\"allmant augusti-2025\">\n\t\t\t\t<article class=\"c-card  has-media-zoom  \" data-variant=\"border\" data-style=\"square\" data-click-area>\n\t\t\t\t\t<div class=\"c-card__content l-stack l-stack-sm\">\n\n\t\t\t\t\t\t\t\t\t\t\t\t\t<time class=\"c-card__date u-font-small\" datetime=\"2025-08-07\">7 augusti, 2025<\/time>\n\t\t\t\t\t\t\n\t\t\t\t\t\t\t\t\t\t\t\t\t<h3 class=\"c-card__title u-font-title-3\">\n\t\t\t\t\t\t\t\t\t\t\t\t\t\t\t\t\t<a class=\"c-card__link\" href=\"https:\/\/noblaskolan.se\/saltsjo-boo\/artikel\/lokal\/forsta-dagen-i-skolan-en-trygg-start-pa-noblaskolan\">\n\t\t\t\t\t\t\t\t\t\tF\u00f6rsta dagen i skolan \u2013 en trygg start p&#8230;\n\t\t\t\t\t\t\t\t\t<\/a>\n\t\t\t\t\t\t\t\t\t\t\t\t\t\t\t<\/h3>\n\t\t\t\t\t\t\n\t\t\t\t\t\t\t\t\t\t\t\t\t<p class=\"c-card__text l-stack-xs u-font-body\">\n\t\t\t\t\t\t\t\tAtt b\u00f6rja i skolan \u00e4r ett stort steg \u2013 b\u00e5de f\u00f6r barn och v\u00e5rdnadshavare. Det kan&#8230;\n\t\t\t\t\t\t\t<\/p>\n\t\t\t\t\t\t\n\t\t\t\t\t\t\t\t\t\t\t\t\t<ul class=\"c-card__tags l-stack-grow u-list-none u-pt-md\" aria-label=\"Kategorier\">\n\t\t\t\t\t\t\t\t\t\t\t\t\t\t\t\t\t<li><span class=\"c-tag\" data-variant=\"outline\">Allm\u00e4nt<\/span><\/li>\n\t\t\t\t\t\t\t\t\t\t\t\t\t\t\t<\/ul>\n\t\t\t\t\t\t\n\t\t\t\t\t\t<div class=\"c-card__icon\">\n\t\t\t\t\t\t\t\t\t\t\t\t\t\t<svg class=\"ams-icon ams-icon--arrow-right\" width=\"32\" height=\"32\" viewbox=\"0 0 32 32\" fill=\"currentColor\" aria-hidden=\"true\" xmlns=\"http:\/\/www.w3.org\/2000\/svg\">\n\t\t\t\t\t\t\t\t\t\t\t\t\t\t\t\t<path d=\"M15.4617 0.252159L14.9567 0.75931C14.6219 1.09545 14.6219 1.64048 14.9567 1.97669L27.7062 14.7806H0.857144C0.383786 14.7806 0 15.166 0 15.6414V16.3587C0 16.8341 0.383786 17.2195 0.857144 17.2195H27.7062L14.9567 30.0234C14.6219 30.3595 14.6219 30.9045 14.9567 31.2407L15.4617 31.7479C15.7964 32.084 16.3392 32.084 16.6739 31.7479L31.749 16.6087C32.0837 16.2725 32.0837 15.7275 31.749 15.3913L16.6739 0.252159C16.3392 -0.084053 15.7964 -0.084053 15.4617 0.252159Z\"\/>\n\t\t\t\t\t\t\t\n\t\t\t\t\t\t\t<\/svg>\n\t\t\t\t\t\t<\/div>\n\t\t\t\t\t<\/div>\n\n\t\t\t\t\t<div class=\"c-card__media \" style=\" \">\n\t\t\t\t\t\t<img decoding=\"async\" width=\"400\" height=\"267\" src=\"https:\/\/noblaskolan.se\/wp-content\/uploads\/2025\/08\/noblaskolansaltsjo-boo202504lagstadiewebb2-400x267.jpg\" class=\"attachment-sm size-sm\" alt=\"\" sizes=\"(min-width: 64em) 300px, (min-width: 48em) calc(.50 * (100vw - 224px)), calc(100vw - 160px)\" srcset=\"https:\/\/noblaskolan.se\/wp-content\/uploads\/2025\/08\/noblaskolansaltsjo-boo202504lagstadiewebb2-400x267.jpg 400w, https:\/\/noblaskolan.se\/wp-content\/uploads\/2025\/08\/noblaskolansaltsjo-boo202504lagstadiewebb2-300x200.jpg 300w, https:\/\/noblaskolan.se\/wp-content\/uploads\/2025\/08\/noblaskolansaltsjo-boo202504lagstadiewebb2-600x400.jpg 600w, https:\/\/noblaskolan.se\/wp-content\/uploads\/2025\/08\/noblaskolansaltsjo-boo202504lagstadiewebb2-800x534.jpg 800w, https:\/\/noblaskolan.se\/wp-content\/uploads\/2025\/08\/noblaskolansaltsjo-boo202504lagstadiewebb2.jpg 1000w\" \/>\n\t\t\t\t\t<\/div>\n\t\t\t\t<\/article>\n\t\t\t<\/li>\n\t\t\t\t\t\t\t\t\t\t\t\t\t\t\t\t\t\n\t\t\t\n\t\t\t\n\t\t\t<li class=\"l-col-6@md l-col-4@lg \" data-filter=\"allmant augusti-2024\">\n\t\t\t\t<article class=\"c-card  has-media-zoom  \" data-variant=\"border\" data-style=\"square\" data-click-area>\n\t\t\t\t\t<div class=\"c-card__content l-stack l-stack-sm\">\n\n\t\t\t\t\t\t\t\t\t\t\t\t\t<time class=\"c-card__date u-font-small\" datetime=\"2024-08-21\">21 augusti, 2024<\/time>\n\t\t\t\t\t\t\n\t\t\t\t\t\t\t\t\t\t\t\t\t<h3 class=\"c-card__title u-font-title-3\">\n\t\t\t\t\t\t\t\t\t\t\t\t\t\t\t\t\t<a class=\"c-card__link\" href=\"https:\/\/noblaskolan.se\/saltsjo-boo\/artikel\/lokal\/skolstart-2024\">\n\t\t\t\t\t\t\t\t\t\tNu har h\u00f6stterminen b\u00f6rjat\n\t\t\t\t\t\t\t\t\t<\/a>\n\t\t\t\t\t\t\t\t\t\t\t\t\t\t\t<\/h3>\n\t\t\t\t\t\t\n\t\t\t\t\t\t\t\t\t\t\t\t\t<p class=\"c-card__text l-stack-xs u-font-body\">\n\t\t\t\t\t\t\t\tSkolan har \u00e4ntligen b\u00f6rjat och vi v\u00e4lkomnar tv\u00e5 nya skolor till Noblaskolan.\n\t\t\t\t\t\t\t<\/p>\n\t\t\t\t\t\t\n\t\t\t\t\t\t\t\t\t\t\t\t\t<ul class=\"c-card__tags l-stack-grow u-list-none u-pt-md\" aria-label=\"Kategorier\">\n\t\t\t\t\t\t\t\t\t\t\t\t\t\t\t\t\t<li><span class=\"c-tag\" data-variant=\"outline\">Allm\u00e4nt<\/span><\/li>\n\t\t\t\t\t\t\t\t\t\t\t\t\t\t\t<\/ul>\n\t\t\t\t\t\t\n\t\t\t\t\t\t<div class=\"c-card__icon\">\n\t\t\t\t\t\t\t\t\t\t\t\t\t\t<svg class=\"ams-icon ams-icon--arrow-right\" width=\"32\" height=\"32\" viewbox=\"0 0 32 32\" fill=\"currentColor\" aria-hidden=\"true\" xmlns=\"http:\/\/www.w3.org\/2000\/svg\">\n\t\t\t\t\t\t\t\t\t\t\t\t\t\t\t\t<path d=\"M15.4617 0.252159L14.9567 0.75931C14.6219 1.09545 14.6219 1.64048 14.9567 1.97669L27.7062 14.7806H0.857144C0.383786 14.7806 0 15.166 0 15.6414V16.3587C0 16.8341 0.383786 17.2195 0.857144 17.2195H27.7062L14.9567 30.0234C14.6219 30.3595 14.6219 30.9045 14.9567 31.2407L15.4617 31.7479C15.7964 32.084 16.3392 32.084 16.6739 31.7479L31.749 16.6087C32.0837 16.2725 32.0837 15.7275 31.749 15.3913L16.6739 0.252159C16.3392 -0.084053 15.7964 -0.084053 15.4617 0.252159Z\"\/>\n\t\t\t\t\t\t\t\n\t\t\t\t\t\t\t<\/svg>\n\t\t\t\t\t\t<\/div>\n\t\t\t\t\t<\/div>\n\n\t\t\t\t\t<div class=\"c-card__media \" style=\" \">\n\t\t\t\t\t\t<img decoding=\"async\" width=\"400\" height=\"250\" src=\"https:\/\/noblaskolan.se\/wp-content\/uploads\/2024\/08\/noblaskolan-skola-skolstart-202308-scaled-e1724232206374-400x250.jpg\" class=\"attachment-sm size-sm\" alt=\"Tv\u00e5 elever p\u00e5 Noblaskolan st\u00e5r och skriver p\u00e5 en whiteboard-tavla i klassrummet.\" sizes=\"(min-width: 64em) 300px, (min-width: 48em) calc(.50 * (100vw - 224px)), calc(100vw - 160px)\" srcset=\"https:\/\/noblaskolan.se\/wp-content\/uploads\/2024\/08\/noblaskolan-skola-skolstart-202308-scaled-e1724232206374-400x250.jpg 400w, https:\/\/noblaskolan.se\/wp-content\/uploads\/2024\/08\/noblaskolan-skola-skolstart-202308-scaled-e1724232206374-300x187.jpg 300w, https:\/\/noblaskolan.se\/wp-content\/uploads\/2024\/08\/noblaskolan-skola-skolstart-202308-scaled-e1724232206374-600x375.jpg 600w, https:\/\/noblaskolan.se\/wp-content\/uploads\/2024\/08\/noblaskolan-skola-skolstart-202308-scaled-e1724232206374-800x500.jpg 800w, https:\/\/noblaskolan.se\/wp-content\/uploads\/2024\/08\/noblaskolan-skola-skolstart-202308-scaled-e1724232206374-1024x640.jpg 1024w, https:\/\/noblaskolan.se\/wp-content\/uploads\/2024\/08\/noblaskolan-skola-skolstart-202308-scaled-e1724232206374-1200x750.jpg 1200w\" \/>\n\t\t\t\t\t<\/div>\n\t\t\t\t<\/article>\n\t\t\t<\/li>\n\t\t\t\t\t\t\t\t\t\t\t\t\t\t\t\t\t\n\t\t\t\n\t\t\t\n\t\t\t<li class=\"l-col-6@md l-col-4@lg \" data-filter=\"allmant juni-2024\">\n\t\t\t\t<article class=\"c-card  has-media-zoom  \" data-variant=\"border\" data-style=\"square\" data-click-area>\n\t\t\t\t\t<div class=\"c-card__content l-stack l-stack-sm\">\n\n\t\t\t\t\t\t\t\t\t\t\t\t\t<time class=\"c-card__date u-font-small\" datetime=\"2024-06-19\">19 juni, 2024<\/time>\n\t\t\t\t\t\t\n\t\t\t\t\t\t\t\t\t\t\t\t\t<h3 class=\"c-card__title u-font-title-3\">\n\t\t\t\t\t\t\t\t\t\t\t\t\t\t\t\t\t<a class=\"c-card__link\" href=\"https:\/\/noblaskolan.se\/saltsjo-boo\/artikel\/lokal\/sommarlovstips\">\n\t\t\t\t\t\t\t\t\t\t\u00c4ntligen sommarlov!\n\t\t\t\t\t\t\t\t\t<\/a>\n\t\t\t\t\t\t\t\t\t\t\t\t\t\t\t<\/h3>\n\t\t\t\t\t\t\n\t\t\t\t\t\t\t\t\t\t\t\t\t<p class=\"c-card__text l-stack-xs u-font-body\">\n\t\t\t\t\t\t\t\t3 tips f\u00f6r en sk\u00f6n sommar och hur ni laddar om inf\u00f6r h\u00f6sten.\n\t\t\t\t\t\t\t<\/p>\n\t\t\t\t\t\t\n\t\t\t\t\t\t\t\t\t\t\t\t\t<ul class=\"c-card__tags l-stack-grow u-list-none u-pt-md\" aria-label=\"Kategorier\">\n\t\t\t\t\t\t\t\t\t\t\t\t\t\t\t\t\t<li><span class=\"c-tag\" data-variant=\"outline\">Allm\u00e4nt<\/span><\/li>\n\t\t\t\t\t\t\t\t\t\t\t\t\t\t\t<\/ul>\n\t\t\t\t\t\t\n\t\t\t\t\t\t<div class=\"c-card__icon\">\n\t\t\t\t\t\t\t\t\t\t\t\t\t\t<svg class=\"ams-icon ams-icon--arrow-right\" width=\"32\" height=\"32\" viewbox=\"0 0 32 32\" fill=\"currentColor\" aria-hidden=\"true\" xmlns=\"http:\/\/www.w3.org\/2000\/svg\">\n\t\t\t\t\t\t\t\t\t\t\t\t\t\t\t\t<path d=\"M15.4617 0.252159L14.9567 0.75931C14.6219 1.09545 14.6219 1.64048 14.9567 1.97669L27.7062 14.7806H0.857144C0.383786 14.7806 0 15.166 0 15.6414V16.3587C0 16.8341 0.383786 17.2195 0.857144 17.2195H27.7062L14.9567 30.0234C14.6219 30.3595 14.6219 30.9045 14.9567 31.2407L15.4617 31.7479C15.7964 32.084 16.3392 32.084 16.6739 31.7479L31.749 16.6087C32.0837 16.2725 32.0837 15.7275 31.749 15.3913L16.6739 0.252159C16.3392 -0.084053 15.7964 -0.084053 15.4617 0.252159Z\"\/>\n\t\t\t\t\t\t\t\n\t\t\t\t\t\t\t<\/svg>\n\t\t\t\t\t\t<\/div>\n\t\t\t\t\t<\/div>\n\n\t\t\t\t\t<div class=\"c-card__media \" style=\" \">\n\t\t\t\t\t\t<img decoding=\"async\" width=\"400\" height=\"267\" src=\"https:\/\/noblaskolan.se\/wp-content\/uploads\/2024\/07\/noblaskolan-sommarlov-202308-400x267.jpg\" class=\"attachment-sm size-sm\" alt=\"Elever p\u00e5 Noblaskolan g\u00e5r tillsammans utanf\u00f6r skolan och ler.\" sizes=\"(min-width: 64em) 300px, (min-width: 48em) calc(.50 * (100vw - 224px)), calc(100vw - 160px)\" srcset=\"https:\/\/noblaskolan.se\/wp-content\/uploads\/2024\/07\/noblaskolan-sommarlov-202308-400x267.jpg 400w, https:\/\/noblaskolan.se\/wp-content\/uploads\/2024\/07\/noblaskolan-sommarlov-202308-300x200.jpg 300w, https:\/\/noblaskolan.se\/wp-content\/uploads\/2024\/07\/noblaskolan-sommarlov-202308-600x400.jpg 600w, https:\/\/noblaskolan.se\/wp-content\/uploads\/2024\/07\/noblaskolan-sommarlov-202308-800x533.jpg 800w, https:\/\/noblaskolan.se\/wp-content\/uploads\/2024\/07\/noblaskolan-sommarlov-202308-1024x683.jpg 1024w, https:\/\/noblaskolan.se\/wp-content\/uploads\/2024\/07\/noblaskolan-sommarlov-202308-1200x800.jpg 1200w\" \/>\n\t\t\t\t\t<\/div>\n\t\t\t\t<\/article>\n\t\t\t<\/li>\n\t\t\t\t\t\t\t\t\t\t\t\t\t\t\t\t\t\n\t\t\t\n\t\t\t\n\t\t\t<li class=\"l-col-6@md l-col-4@lg \" data-filter=\"allmant mars-2024\">\n\t\t\t\t<article class=\"c-card  has-media-zoom  \" data-variant=\"border\" data-style=\"square\" data-click-area>\n\t\t\t\t\t<div class=\"c-card__content l-stack l-stack-sm\">\n\n\t\t\t\t\t\t\t\t\t\t\t\t\t<time class=\"c-card__date u-font-small\" datetime=\"2024-03-14\">14 mars, 2024<\/time>\n\t\t\t\t\t\t\n\t\t\t\t\t\t\t\t\t\t\t\t\t<h3 class=\"c-card__title u-font-title-3\">\n\t\t\t\t\t\t\t\t\t\t\t\t\t\t\t\t\t<a class=\"c-card__link\" href=\"https:\/\/noblaskolan.se\/saltsjo-boo\/artikel\/lokal\/internationella-matematikdagen-2024\">\n\t\t\t\t\t\t\t\t\t\tInternationella matematikdagen\n\t\t\t\t\t\t\t\t\t<\/a>\n\t\t\t\t\t\t\t\t\t\t\t\t\t\t\t<\/h3>\n\t\t\t\t\t\t\n\t\t\t\t\t\t\t\t\t\t\t\t\t<p class=\"c-card__text l-stack-xs u-font-body\">\n\t\t\t\t\t\t\t\tVarf\u00f6r \u00e4r matematik s\u00e5 viktigt och hur kan man g\u00f6ra matematik roligt?\n\t\t\t\t\t\t\t<\/p>\n\t\t\t\t\t\t\n\t\t\t\t\t\t\t\t\t\t\t\t\t<ul class=\"c-card__tags l-stack-grow u-list-none u-pt-md\" aria-label=\"Kategorier\">\n\t\t\t\t\t\t\t\t\t\t\t\t\t\t\t\t\t<li><span class=\"c-tag\" data-variant=\"outline\">Allm\u00e4nt<\/span><\/li>\n\t\t\t\t\t\t\t\t\t\t\t\t\t\t\t<\/ul>\n\t\t\t\t\t\t\n\t\t\t\t\t\t<div class=\"c-card__icon\">\n\t\t\t\t\t\t\t\t\t\t\t\t\t\t<svg class=\"ams-icon ams-icon--arrow-right\" width=\"32\" height=\"32\" viewbox=\"0 0 32 32\" fill=\"currentColor\" aria-hidden=\"true\" xmlns=\"http:\/\/www.w3.org\/2000\/svg\">\n\t\t\t\t\t\t\t\t\t\t\t\t\t\t\t\t<path d=\"M15.4617 0.252159L14.9567 0.75931C14.6219 1.09545 14.6219 1.64048 14.9567 1.97669L27.7062 14.7806H0.857144C0.383786 14.7806 0 15.166 0 15.6414V16.3587C0 16.8341 0.383786 17.2195 0.857144 17.2195H27.7062L14.9567 30.0234C14.6219 30.3595 14.6219 30.9045 14.9567 31.2407L15.4617 31.7479C15.7964 32.084 16.3392 32.084 16.6739 31.7479L31.749 16.6087C32.0837 16.2725 32.0837 15.7275 31.749 15.3913L16.6739 0.252159C16.3392 -0.084053 15.7964 -0.084053 15.4617 0.252159Z\"\/>\n\t\t\t\t\t\t\t\n\t\t\t\t\t\t\t<\/svg>\n\t\t\t\t\t\t<\/div>\n\t\t\t\t\t<\/div>\n\n\t\t\t\t\t<div class=\"c-card__media \" style=\" \">\n\t\t\t\t\t\t<img decoding=\"async\" width=\"400\" height=\"267\" src=\"https:\/\/noblaskolan.se\/wp-content\/uploads\/2024\/03\/noblaskolan-internationella-matematikdagen-grundskola-202204-400x267.jpg\" class=\"attachment-sm size-sm\" alt=\"Elever p\u00e5 Noblaskolan r\u00e4knar matte p\u00e5 en whiteboard i ett klassrum.\" sizes=\"(min-width: 64em) 300px, (min-width: 48em) calc(.50 * (100vw - 224px)), calc(100vw - 160px)\" srcset=\"https:\/\/noblaskolan.se\/wp-content\/uploads\/2024\/03\/noblaskolan-internationella-matematikdagen-grundskola-202204-400x267.jpg 400w, https:\/\/noblaskolan.se\/wp-content\/uploads\/2024\/03\/noblaskolan-internationella-matematikdagen-grundskola-202204-300x200.jpg 300w, https:\/\/noblaskolan.se\/wp-content\/uploads\/2024\/03\/noblaskolan-internationella-matematikdagen-grundskola-202204-600x400.jpg 600w, https:\/\/noblaskolan.se\/wp-content\/uploads\/2024\/03\/noblaskolan-internationella-matematikdagen-grundskola-202204-800x533.jpg 800w, https:\/\/noblaskolan.se\/wp-content\/uploads\/2024\/03\/noblaskolan-internationella-matematikdagen-grundskola-202204-1024x683.jpg 1024w, https:\/\/noblaskolan.se\/wp-content\/uploads\/2024\/03\/noblaskolan-internationella-matematikdagen-grundskola-202204-1200x800.jpg 1200w, https:\/\/noblaskolan.se\/wp-content\/uploads\/2024\/03\/noblaskolan-internationella-matematikdagen-grundskola-202204.jpg 1920w\" \/>\n\t\t\t\t\t<\/div>\n\t\t\t\t<\/article>\n\t\t\t<\/li>\n\t\t\t\t\t\t\t\t\t\t\t\t\t\t\t\t\t\n\t\t\t\n\t\t\t\n\t\t\t<li class=\"l-col-6@md l-col-4@lg \" data-filter=\"skolvalet januari-2024\">\n\t\t\t\t<article class=\"c-card  has-media-zoom  \" data-variant=\"border\" data-style=\"square\" data-click-area>\n\t\t\t\t\t<div class=\"c-card__content l-stack l-stack-sm\">\n\n\t\t\t\t\t\t\t\t\t\t\t\t\t<time class=\"c-card__date u-font-small\" datetime=\"2024-01-24\">24 januari, 2024<\/time>\n\t\t\t\t\t\t\n\t\t\t\t\t\t\t\t\t\t\t\t\t<h3 class=\"c-card__title u-font-title-3\">\n\t\t\t\t\t\t\t\t\t\t\t\t\t\t\t\t\t<a class=\"c-card__link\" href=\"https:\/\/noblaskolan.se\/saltsjo-boo\/artikel\/lokal\/3-tips-for-ett-valgrundat-skolval\">\n\t\t\t\t\t\t\t\t\t\t3 tips f\u00f6r ett v\u00e4lgrundat skolval\n\t\t\t\t\t\t\t\t\t<\/a>\n\t\t\t\t\t\t\t\t\t\t\t\t\t\t\t<\/h3>\n\t\t\t\t\t\t\n\t\t\t\t\t\t\t\t\t\t\t\t\t<p class=\"c-card__text l-stack-xs u-font-body\">\n\t\t\t\t\t\t\t\tHur ska man t\u00e4nka f\u00f6r att ta ett v\u00e4lgrundat skolval?\n\t\t\t\t\t\t\t<\/p>\n\t\t\t\t\t\t\n\t\t\t\t\t\t\t\t\t\t\t\t\t<ul class=\"c-card__tags l-stack-grow u-list-none u-pt-md\" aria-label=\"Kategorier\">\n\t\t\t\t\t\t\t\t\t\t\t\t\t\t\t\t\t<li><span class=\"c-tag\" data-variant=\"outline\">Skolvalet<\/span><\/li>\n\t\t\t\t\t\t\t\t\t\t\t\t\t\t\t<\/ul>\n\t\t\t\t\t\t\n\t\t\t\t\t\t<div class=\"c-card__icon\">\n\t\t\t\t\t\t\t\t\t\t\t\t\t\t<svg class=\"ams-icon ams-icon--arrow-right\" width=\"32\" height=\"32\" viewbox=\"0 0 32 32\" fill=\"currentColor\" aria-hidden=\"true\" xmlns=\"http:\/\/www.w3.org\/2000\/svg\">\n\t\t\t\t\t\t\t\t\t\t\t\t\t\t\t\t<path d=\"M15.4617 0.252159L14.9567 0.75931C14.6219 1.09545 14.6219 1.64048 14.9567 1.97669L27.7062 14.7806H0.857144C0.383786 14.7806 0 15.166 0 15.6414V16.3587C0 16.8341 0.383786 17.2195 0.857144 17.2195H27.7062L14.9567 30.0234C14.6219 30.3595 14.6219 30.9045 14.9567 31.2407L15.4617 31.7479C15.7964 32.084 16.3392 32.084 16.6739 31.7479L31.749 16.6087C32.0837 16.2725 32.0837 15.7275 31.749 15.3913L16.6739 0.252159C16.3392 -0.084053 15.7964 -0.084053 15.4617 0.252159Z\"\/>\n\t\t\t\t\t\t\t\n\t\t\t\t\t\t\t<\/svg>\n\t\t\t\t\t\t<\/div>\n\t\t\t\t\t<\/div>\n\n\t\t\t\t\t<div class=\"c-card__media \" style=\" \">\n\t\t\t\t\t\t<img decoding=\"async\" width=\"400\" height=\"252\" src=\"https:\/\/noblaskolan.se\/wp-content\/uploads\/2024\/01\/noblaskolan-skolval-tips-202308-scaled-e1706078841388-400x252.jpg\" class=\"attachment-sm size-sm\" alt=\"En glad elev p\u00e5 Noblaskolan skriver i en l\u00e4robok under en lektion.\" sizes=\"(min-width: 64em) 300px, (min-width: 48em) calc(.50 * (100vw - 224px)), calc(100vw - 160px)\" srcset=\"https:\/\/noblaskolan.se\/wp-content\/uploads\/2024\/01\/noblaskolan-skolval-tips-202308-scaled-e1706078841388-400x252.jpg 400w, https:\/\/noblaskolan.se\/wp-content\/uploads\/2024\/01\/noblaskolan-skolval-tips-202308-scaled-e1706078841388-300x189.jpg 300w, https:\/\/noblaskolan.se\/wp-content\/uploads\/2024\/01\/noblaskolan-skolval-tips-202308-scaled-e1706078841388-600x377.jpg 600w, https:\/\/noblaskolan.se\/wp-content\/uploads\/2024\/01\/noblaskolan-skolval-tips-202308-scaled-e1706078841388-800x503.jpg 800w, https:\/\/noblaskolan.se\/wp-content\/uploads\/2024\/01\/noblaskolan-skolval-tips-202308-scaled-e1706078841388-1024x644.jpg 1024w, https:\/\/noblaskolan.se\/wp-content\/uploads\/2024\/01\/noblaskolan-skolval-tips-202308-scaled-e1706078841388-1200x755.jpg 1200w, https:\/\/noblaskolan.se\/wp-content\/uploads\/2024\/01\/noblaskolan-skolval-tips-202308-scaled-e1706078841388.jpg 1964w\" \/>\n\t\t\t\t\t<\/div>\n\t\t\t\t<\/article>\n\t\t\t<\/li>\n\t\t\t\t\t\t\t\t\t\t\t\t\t\t\t\t\t\n\t\t\t\n\t\t\t\n\t\t\t<li class=\"l-col-6@md l-col-4@lg \" data-filter=\"allmant oktober-2023\">\n\t\t\t\t<article class=\"c-card  has-media-zoom  \" data-variant=\"border\" data-style=\"square\" data-click-area>\n\t\t\t\t\t<div class=\"c-card__content l-stack l-stack-sm\">\n\n\t\t\t\t\t\t\t\t\t\t\t\t\t<time class=\"c-card__date u-font-small\" datetime=\"2023-10-13\">13 oktober, 2023<\/time>\n\t\t\t\t\t\t\n\t\t\t\t\t\t\t\t\t\t\t\t\t<h3 class=\"c-card__title u-font-title-3\">\n\t\t\t\t\t\t\t\t\t\t\t\t\t\t\t\t\t<a class=\"c-card__link\" href=\"https:\/\/noblaskolan.se\/saltsjo-boo\/artikel\/lokal\/nobladagen-2023\">\n\t\t\t\t\t\t\t\t\t\tIdag firar vi Nobladagen!\n\t\t\t\t\t\t\t\t\t<\/a>\n\t\t\t\t\t\t\t\t\t\t\t\t\t\t\t<\/h3>\n\t\t\t\t\t\t\n\t\t\t\t\t\t\t\t\t\t\t\t\t<p class=\"c-card__text l-stack-xs u-font-body\">\n\t\t\t\t\t\t\t\tImorgon 14 oktober fyller vi tre \u00e5r \u2013 men vi firar Nobladage&#8230;\n\t\t\t\t\t\t\t<\/p>\n\t\t\t\t\t\t\n\t\t\t\t\t\t\t\t\t\t\t\t\t<ul class=\"c-card__tags l-stack-grow u-list-none u-pt-md\" aria-label=\"Kategorier\">\n\t\t\t\t\t\t\t\t\t\t\t\t\t\t\t\t\t<li><span class=\"c-tag\" data-variant=\"outline\">Allm\u00e4nt<\/span><\/li>\n\t\t\t\t\t\t\t\t\t\t\t\t\t\t\t<\/ul>\n\t\t\t\t\t\t\n\t\t\t\t\t\t<div class=\"c-card__icon\">\n\t\t\t\t\t\t\t\t\t\t\t\t\t\t<svg class=\"ams-icon ams-icon--arrow-right\" width=\"32\" height=\"32\" viewbox=\"0 0 32 32\" fill=\"currentColor\" aria-hidden=\"true\" xmlns=\"http:\/\/www.w3.org\/2000\/svg\">\n\t\t\t\t\t\t\t\t\t\t\t\t\t\t\t\t<path d=\"M15.4617 0.252159L14.9567 0.75931C14.6219 1.09545 14.6219 1.64048 14.9567 1.97669L27.7062 14.7806H0.857144C0.383786 14.7806 0 15.166 0 15.6414V16.3587C0 16.8341 0.383786 17.2195 0.857144 17.2195H27.7062L14.9567 30.0234C14.6219 30.3595 14.6219 30.9045 14.9567 31.2407L15.4617 31.7479C15.7964 32.084 16.3392 32.084 16.6739 31.7479L31.749 16.6087C32.0837 16.2725 32.0837 15.7275 31.749 15.3913L16.6739 0.252159C16.3392 -0.084053 15.7964 -0.084053 15.4617 0.252159Z\"\/>\n\t\t\t\t\t\t\t\n\t\t\t\t\t\t\t<\/svg>\n\t\t\t\t\t\t<\/div>\n\t\t\t\t\t<\/div>\n\n\t\t\t\t\t<div class=\"c-card__media \" style=\" \">\n\t\t\t\t\t\t<img decoding=\"async\" width=\"400\" height=\"306\" src=\"https:\/\/noblaskolan.se\/wp-content\/uploads\/2023\/10\/noblaskolannobladagensomeinlaggokt2023-1-400x306.jpg\" class=\"attachment-sm size-sm\" alt=\"Elev p\u00e5 Noblaskolan sitter i ett klasssrum och ler.\" sizes=\"(min-width: 64em) 300px, (min-width: 48em) calc(.50 * (100vw - 224px)), calc(100vw - 160px)\" srcset=\"https:\/\/noblaskolan.se\/wp-content\/uploads\/2023\/10\/noblaskolannobladagensomeinlaggokt2023-1-400x306.jpg 400w, https:\/\/noblaskolan.se\/wp-content\/uploads\/2023\/10\/noblaskolannobladagensomeinlaggokt2023-1-300x230.jpg 300w, https:\/\/noblaskolan.se\/wp-content\/uploads\/2023\/10\/noblaskolannobladagensomeinlaggokt2023-1-600x459.jpg 600w, https:\/\/noblaskolan.se\/wp-content\/uploads\/2023\/10\/noblaskolannobladagensomeinlaggokt2023-1-800x613.jpg 800w, https:\/\/noblaskolan.se\/wp-content\/uploads\/2023\/10\/noblaskolannobladagensomeinlaggokt2023-1-1024x784.jpg 1024w, https:\/\/noblaskolan.se\/wp-content\/uploads\/2023\/10\/noblaskolannobladagensomeinlaggokt2023-1-1200x919.jpg 1200w, https:\/\/noblaskolan.se\/wp-content\/uploads\/2023\/10\/noblaskolannobladagensomeinlaggokt2023-1.jpg 1622w\" \/>\n\t\t\t\t\t<\/div>\n\t\t\t\t<\/article>\n\t\t\t<\/li>\n\t\t\t\t\t\t\t\t\t\t\t\t\t\t\t\t\t\n\t\t\t\n\t\t\t\n\t\t\t<li class=\"l-col-6@md l-col-4@lg \" data-filter=\"allmant augusti-2023\">\n\t\t\t\t<article class=\"c-card  has-media-zoom  \" data-variant=\"border\" data-style=\"square\" data-click-area>\n\t\t\t\t\t<div class=\"c-card__content l-stack l-stack-sm\">\n\n\t\t\t\t\t\t\t\t\t\t\t\t\t<time class=\"c-card__date u-font-small\" datetime=\"2023-08-21\">21 augusti, 2023<\/time>\n\t\t\t\t\t\t\n\t\t\t\t\t\t\t\t\t\t\t\t\t<h3 class=\"c-card__title u-font-title-3\">\n\t\t\t\t\t\t\t\t\t\t\t\t\t\t\t\t\t<a class=\"c-card__link\" href=\"https:\/\/noblaskolan.se\/saltsjo-boo\/artikel\/lokal\/skolstart-2023\">\n\t\t\t\t\t\t\t\t\t\tNu startar h\u00f6stterminen!\n\t\t\t\t\t\t\t\t\t<\/a>\n\t\t\t\t\t\t\t\t\t\t\t\t\t\t\t<\/h3>\n\t\t\t\t\t\t\n\t\t\t\t\t\t\t\t\t\t\t\t\t<p class=\"c-card__text l-stack-xs u-font-body\">\n\t\t\t\t\t\t\t\tVi \u00e4r glada \u00f6ver att \u00e4ntligen kunna v\u00e4lkomna alla barn och elever, b\u00e5d&#8230;\n\t\t\t\t\t\t\t<\/p>\n\t\t\t\t\t\t\n\t\t\t\t\t\t\t\t\t\t\t\t\t<ul class=\"c-card__tags l-stack-grow u-list-none u-pt-md\" aria-label=\"Kategorier\">\n\t\t\t\t\t\t\t\t\t\t\t\t\t\t\t\t\t<li><span class=\"c-tag\" data-variant=\"outline\">Allm\u00e4nt<\/span><\/li>\n\t\t\t\t\t\t\t\t\t\t\t\t\t\t\t<\/ul>\n\t\t\t\t\t\t\n\t\t\t\t\t\t<div class=\"c-card__icon\">\n\t\t\t\t\t\t\t\t\t\t\t\t\t\t<svg class=\"ams-icon ams-icon--arrow-right\" width=\"32\" height=\"32\" viewbox=\"0 0 32 32\" fill=\"currentColor\" aria-hidden=\"true\" xmlns=\"http:\/\/www.w3.org\/2000\/svg\">\n\t\t\t\t\t\t\t\t\t\t\t\t\t\t\t\t<path d=\"M15.4617 0.252159L14.9567 0.75931C14.6219 1.09545 14.6219 1.64048 14.9567 1.97669L27.7062 14.7806H0.857144C0.383786 14.7806 0 15.166 0 15.6414V16.3587C0 16.8341 0.383786 17.2195 0.857144 17.2195H27.7062L14.9567 30.0234C14.6219 30.3595 14.6219 30.9045 14.9567 31.2407L15.4617 31.7479C15.7964 32.084 16.3392 32.084 16.6739 31.7479L31.749 16.6087C32.0837 16.2725 32.0837 15.7275 31.749 15.3913L16.6739 0.252159C16.3392 -0.084053 15.7964 -0.084053 15.4617 0.252159Z\"\/>\n\t\t\t\t\t\t\t\n\t\t\t\t\t\t\t<\/svg>\n\t\t\t\t\t\t<\/div>\n\t\t\t\t\t<\/div>\n\n\t\t\t\t\t<div class=\"c-card__media \" style=\" \">\n\t\t\t\t\t\t<img decoding=\"async\" width=\"400\" height=\"267\" src=\"https:\/\/noblaskolan.se\/wp-content\/uploads\/2023\/08\/noblaskolan202304webb25-400x267.jpg\" class=\"attachment-sm size-sm\" alt=\"Elev p\u00e5 Noblaskolan sitter vid en skolb\u00e4nk p\u00e5 lektion och ler in i kameran.\" sizes=\"(min-width: 64em) 300px, (min-width: 48em) calc(.50 * (100vw - 224px)), calc(100vw - 160px)\" srcset=\"https:\/\/noblaskolan.se\/wp-content\/uploads\/2023\/08\/noblaskolan202304webb25-400x267.jpg 400w, https:\/\/noblaskolan.se\/wp-content\/uploads\/2023\/08\/noblaskolan202304webb25-300x200.jpg 300w, https:\/\/noblaskolan.se\/wp-content\/uploads\/2023\/08\/noblaskolan202304webb25-600x400.jpg 600w, https:\/\/noblaskolan.se\/wp-content\/uploads\/2023\/08\/noblaskolan202304webb25-800x533.jpg 800w, https:\/\/noblaskolan.se\/wp-content\/uploads\/2023\/08\/noblaskolan202304webb25-1024x683.jpg 1024w, https:\/\/noblaskolan.se\/wp-content\/uploads\/2023\/08\/noblaskolan202304webb25-1200x800.jpg 1200w, https:\/\/noblaskolan.se\/wp-content\/uploads\/2023\/08\/noblaskolan202304webb25.jpg 2048w\" \/>\n\t\t\t\t\t<\/div>\n\t\t\t\t<\/article>\n\t\t\t<\/li>\n\t\t\t\t\t\t\t\t\t\t\t\t\t\t\t\t\t\n\t\t\t\n\t\t\t\n\t\t\t<li class=\"l-col-6@md l-col-4@lg \" data-filter=\"allmant juni-2023\">\n\t\t\t\t<article class=\"c-card  has-media-zoom  \" data-variant=\"border\" data-style=\"square\" data-click-area>\n\t\t\t\t\t<div class=\"c-card__content l-stack l-stack-sm\">\n\n\t\t\t\t\t\t\t\t\t\t\t\t\t<time class=\"c-card__date u-font-small\" datetime=\"2023-06-12\">12 juni, 2023<\/time>\n\t\t\t\t\t\t\n\t\t\t\t\t\t\t\t\t\t\t\t\t<h3 class=\"c-card__title u-font-title-3\">\n\t\t\t\t\t\t\t\t\t\t\t\t\t\t\t\t\t<a class=\"c-card__link\" href=\"https:\/\/noblaskolan.se\/saltsjo-boo\/artikel\/lokal\/tips-pa-sommaraktiviteter\">\n\t\t\t\t\t\t\t\t\t\t3 tips p\u00e5 sommaraktiviteter\n\t\t\t\t\t\t\t\t\t<\/a>\n\t\t\t\t\t\t\t\t\t\t\t\t\t\t\t<\/h3>\n\t\t\t\t\t\t\n\t\t\t\t\t\t\t\t\t\t\t\t\t<p class=\"c-card__text l-stack-xs u-font-body\">\n\t\t\t\t\t\t\t\tTr\u00e4na p\u00e5 probleml\u00f6sning och matematik under sommarlovet med ditt barn\n\t\t\t\t\t\t\t<\/p>\n\t\t\t\t\t\t\n\t\t\t\t\t\t\t\t\t\t\t\t\t<ul class=\"c-card__tags l-stack-grow u-list-none u-pt-md\" aria-label=\"Kategorier\">\n\t\t\t\t\t\t\t\t\t\t\t\t\t\t\t\t\t<li><span class=\"c-tag\" data-variant=\"outline\">Allm\u00e4nt<\/span><\/li>\n\t\t\t\t\t\t\t\t\t\t\t\t\t\t\t<\/ul>\n\t\t\t\t\t\t\n\t\t\t\t\t\t<div class=\"c-card__icon\">\n\t\t\t\t\t\t\t\t\t\t\t\t\t\t<svg class=\"ams-icon ams-icon--arrow-right\" width=\"32\" height=\"32\" viewbox=\"0 0 32 32\" fill=\"currentColor\" aria-hidden=\"true\" xmlns=\"http:\/\/www.w3.org\/2000\/svg\">\n\t\t\t\t\t\t\t\t\t\t\t\t\t\t\t\t<path d=\"M15.4617 0.252159L14.9567 0.75931C14.6219 1.09545 14.6219 1.64048 14.9567 1.97669L27.7062 14.7806H0.857144C0.383786 14.7806 0 15.166 0 15.6414V16.3587C0 16.8341 0.383786 17.2195 0.857144 17.2195H27.7062L14.9567 30.0234C14.6219 30.3595 14.6219 30.9045 14.9567 31.2407L15.4617 31.7479C15.7964 32.084 16.3392 32.084 16.6739 31.7479L31.749 16.6087C32.0837 16.2725 32.0837 15.7275 31.749 15.3913L16.6739 0.252159C16.3392 -0.084053 15.7964 -0.084053 15.4617 0.252159Z\"\/>\n\t\t\t\t\t\t\t\n\t\t\t\t\t\t\t<\/svg>\n\t\t\t\t\t\t<\/div>\n\t\t\t\t\t<\/div>\n\n\t\t\t\t\t<div class=\"c-card__media \" style=\" \">\n\t\t\t\t\t\t<img decoding=\"async\" width=\"362\" height=\"272\" src=\"https:\/\/noblaskolan.se\/wp-content\/uploads\/2024\/04\/noblaskolan-artikelkort-363x272-1.png\" class=\"attachment-sm size-sm\" alt=\"Logotyp Noblaskolan.\" sizes=\"(min-width: 64em) 300px, (min-width: 48em) calc(.50 * (100vw - 224px)), calc(100vw - 160px)\" srcset=\"https:\/\/noblaskolan.se\/wp-content\/uploads\/2024\/04\/noblaskolan-artikelkort-363x272-1.png 362w, https:\/\/noblaskolan.se\/wp-content\/uploads\/2024\/04\/noblaskolan-artikelkort-363x272-1-300x225.png 300w\" \/>\n\t\t\t\t\t<\/div>\n\t\t\t\t<\/article>\n\t\t\t<\/li>\n\t\t\t\t\t\t\t\t\t\t\t\t\t\t\t\t\t\n\t\t\t\n\t\t\t\n\t\t\t<li class=\"l-col-6@md l-col-4@lg \" data-filter=\"allmant april-2023\">\n\t\t\t\t<article class=\"c-card  has-media-zoom  \" data-variant=\"border\" data-style=\"square\" data-click-area>\n\t\t\t\t\t<div class=\"c-card__content l-stack l-stack-sm\">\n\n\t\t\t\t\t\t\t\t\t\t\t\t\t<time class=\"c-card__date u-font-small\" datetime=\"2023-04-13\">13 april, 2023<\/time>\n\t\t\t\t\t\t\n\t\t\t\t\t\t\t\t\t\t\t\t\t<h3 class=\"c-card__title u-font-title-3\">\n\t\t\t\t\t\t\t\t\t\t\t\t\t\t\t\t\t<a class=\"c-card__link\" href=\"https:\/\/noblaskolan.se\/saltsjo-boo\/artikel\/lokal\/noblakoden-bidrar-till-tydliga-forvantningar\">\n\t\t\t\t\t\t\t\t\t\tNoblakoden\n\t\t\t\t\t\t\t\t\t<\/a>\n\t\t\t\t\t\t\t\t\t\t\t\t\t\t\t<\/h3>\n\t\t\t\t\t\t\n\t\t\t\t\t\t\t\t\t\t\t\t\t<p class=\"c-card__text l-stack-xs u-font-body\">\n\t\t\t\t\t\t\t\tS\u00e5 skapar vi en gemensam f\u00f6rv\u00e4ntansbild kring saker som \u00e4r viktiga f\u00f6r en bra skolmilj\u00f6.\n\t\t\t\t\t\t\t<\/p>\n\t\t\t\t\t\t\n\t\t\t\t\t\t\t\t\t\t\t\t\t<ul class=\"c-card__tags l-stack-grow u-list-none u-pt-md\" aria-label=\"Kategorier\">\n\t\t\t\t\t\t\t\t\t\t\t\t\t\t\t\t\t<li><span class=\"c-tag\" data-variant=\"outline\">Allm\u00e4nt<\/span><\/li>\n\t\t\t\t\t\t\t\t\t\t\t\t\t\t\t<\/ul>\n\t\t\t\t\t\t\n\t\t\t\t\t\t<div class=\"c-card__icon\">\n\t\t\t\t\t\t\t\t\t\t\t\t\t\t<svg class=\"ams-icon ams-icon--arrow-right\" width=\"32\" height=\"32\" viewbox=\"0 0 32 32\" fill=\"currentColor\" aria-hidden=\"true\" xmlns=\"http:\/\/www.w3.org\/2000\/svg\">\n\t\t\t\t\t\t\t\t\t\t\t\t\t\t\t\t<path d=\"M15.4617 0.252159L14.9567 0.75931C14.6219 1.09545 14.6219 1.64048 14.9567 1.97669L27.7062 14.7806H0.857144C0.383786 14.7806 0 15.166 0 15.6414V16.3587C0 16.8341 0.383786 17.2195 0.857144 17.2195H27.7062L14.9567 30.0234C14.6219 30.3595 14.6219 30.9045 14.9567 31.2407L15.4617 31.7479C15.7964 32.084 16.3392 32.084 16.6739 31.7479L31.749 16.6087C32.0837 16.2725 32.0837 15.7275 31.749 15.3913L16.6739 0.252159C16.3392 -0.084053 15.7964 -0.084053 15.4617 0.252159Z\"\/>\n\t\t\t\t\t\t\t\n\t\t\t\t\t\t\t<\/svg>\n\t\t\t\t\t\t<\/div>\n\t\t\t\t\t<\/div>\n\n\t\t\t\t\t<div class=\"c-card__media \" style=\" \">\n\t\t\t\t\t\t<img decoding=\"async\" width=\"400\" height=\"225\" src=\"https:\/\/noblaskolan.se\/wp-content\/uploads\/2023\/04\/noblaskolannoblakodenthumbnailyoutube-400x225.jpg\" class=\"attachment-sm size-sm\" alt=\"Noblakoden ligger p\u00e5 en skolb\u00e4nk.\" sizes=\"(min-width: 64em) 300px, (min-width: 48em) calc(.50 * (100vw - 224px)), calc(100vw - 160px)\" srcset=\"https:\/\/noblaskolan.se\/wp-content\/uploads\/2023\/04\/noblaskolannoblakodenthumbnailyoutube-400x225.jpg 400w, https:\/\/noblaskolan.se\/wp-content\/uploads\/2023\/04\/noblaskolannoblakodenthumbnailyoutube-300x169.jpg 300w, https:\/\/noblaskolan.se\/wp-content\/uploads\/2023\/04\/noblaskolannoblakodenthumbnailyoutube-600x337.jpg 600w, https:\/\/noblaskolan.se\/wp-content\/uploads\/2023\/04\/noblaskolannoblakodenthumbnailyoutube-800x449.jpg 800w, https:\/\/noblaskolan.se\/wp-content\/uploads\/2023\/04\/noblaskolannoblakodenthumbnailyoutube-1024x575.jpg 1024w, https:\/\/noblaskolan.se\/wp-content\/uploads\/2023\/04\/noblaskolannoblakodenthumbnailyoutube-1200x674.jpg 1200w, https:\/\/noblaskolan.se\/wp-content\/uploads\/2023\/04\/noblaskolannoblakodenthumbnailyoutube.jpg 1280w\" \/>\n\t\t\t\t\t<\/div>\n\t\t\t\t<\/article>\n\t\t\t<\/li>\n\t\t\t\t\t\t\t\t\t\t\t\t\t\t\t\t\t\n\t\t\t\n\t\t\t\n\t\t\t<li class=\"l-col-6@md l-col-4@lg \" data-filter=\"allmant mars-2023\">\n\t\t\t\t<article class=\"c-card  has-media-zoom  \" data-variant=\"border\" data-style=\"square\" data-click-area>\n\t\t\t\t\t<div class=\"c-card__content l-stack l-stack-sm\">\n\n\t\t\t\t\t\t\t\t\t\t\t\t\t<time class=\"c-card__date u-font-small\" datetime=\"2023-03-14\">14 mars, 2023<\/time>\n\t\t\t\t\t\t\n\t\t\t\t\t\t\t\t\t\t\t\t\t<h3 class=\"c-card__title u-font-title-3\">\n\t\t\t\t\t\t\t\t\t\t\t\t\t\t\t\t\t<a class=\"c-card__link\" href=\"https:\/\/noblaskolan.se\/saltsjo-boo\/artikel\/lokal\/fira-pi-dagen\">\n\t\t\t\t\t\t\t\t\t\tS\u00e5 kan du fira pi-dagen\n\t\t\t\t\t\t\t\t\t<\/a>\n\t\t\t\t\t\t\t\t\t\t\t\t\t\t\t<\/h3>\n\t\t\t\t\t\t\n\t\t\t\t\t\t\t\t\t\t\t\t\t<p class=\"c-card__text l-stack-xs u-font-body\">\n\t\t\t\t\t\t\t\t14 mars \u00e4r det pi-dagen och internationella matematikdagen. Det \u00e4r sj\u00e4lvklart n\u00e5got vi firar!\n\t\t\t\t\t\t\t<\/p>\n\t\t\t\t\t\t\n\t\t\t\t\t\t\t\t\t\t\t\t\t<ul class=\"c-card__tags l-stack-grow u-list-none u-pt-md\" aria-label=\"Kategorier\">\n\t\t\t\t\t\t\t\t\t\t\t\t\t\t\t\t\t<li><span class=\"c-tag\" data-variant=\"outline\">Allm\u00e4nt<\/span><\/li>\n\t\t\t\t\t\t\t\t\t\t\t\t\t\t\t<\/ul>\n\t\t\t\t\t\t\n\t\t\t\t\t\t<div class=\"c-card__icon\">\n\t\t\t\t\t\t\t\t\t\t\t\t\t\t<svg class=\"ams-icon ams-icon--arrow-right\" width=\"32\" height=\"32\" viewbox=\"0 0 32 32\" fill=\"currentColor\" aria-hidden=\"true\" xmlns=\"http:\/\/www.w3.org\/2000\/svg\">\n\t\t\t\t\t\t\t\t\t\t\t\t\t\t\t\t<path d=\"M15.4617 0.252159L14.9567 0.75931C14.6219 1.09545 14.6219 1.64048 14.9567 1.97669L27.7062 14.7806H0.857144C0.383786 14.7806 0 15.166 0 15.6414V16.3587C0 16.8341 0.383786 17.2195 0.857144 17.2195H27.7062L14.9567 30.0234C14.6219 30.3595 14.6219 30.9045 14.9567 31.2407L15.4617 31.7479C15.7964 32.084 16.3392 32.084 16.6739 31.7479L31.749 16.6087C32.0837 16.2725 32.0837 15.7275 31.749 15.3913L16.6739 0.252159C16.3392 -0.084053 15.7964 -0.084053 15.4617 0.252159Z\"\/>\n\t\t\t\t\t\t\t\n\t\t\t\t\t\t\t<\/svg>\n\t\t\t\t\t\t<\/div>\n\t\t\t\t\t<\/div>\n\n\t\t\t\t\t<div class=\"c-card__media \" style=\" \">\n\t\t\t\t\t\t<img decoding=\"async\" width=\"400\" height=\"167\" src=\"https:\/\/noblaskolan.se\/wp-content\/uploads\/2022\/03\/noblaskolandynamicsutskickbilderpidagen600x250px-400x167.jpeg\" class=\"attachment-sm size-sm\" alt=\"\" sizes=\"(min-width: 64em) 300px, (min-width: 48em) calc(.50 * (100vw - 224px)), calc(100vw - 160px)\" srcset=\"https:\/\/noblaskolan.se\/wp-content\/uploads\/2022\/03\/noblaskolandynamicsutskickbilderpidagen600x250px-400x167.jpeg 400w, https:\/\/noblaskolan.se\/wp-content\/uploads\/2022\/03\/noblaskolandynamicsutskickbilderpidagen600x250px-300x125.jpeg 300w, https:\/\/noblaskolan.se\/wp-content\/uploads\/2022\/03\/noblaskolandynamicsutskickbilderpidagen600x250px.jpeg 600w\" \/>\n\t\t\t\t\t<\/div>\n\t\t\t\t<\/article>\n\t\t\t<\/li>\n\t\t\t\t\t\t\t\t\t\t\t\t\t\t\t\t\t\n\t\t\t\n\t\t\t\n\t\t\t<li class=\"l-col-6@md l-col-4@lg \" data-filter=\"allmant februari-2023\">\n\t\t\t\t<article class=\"c-card  has-media-zoom  \" data-variant=\"border\" data-style=\"square\" data-click-area>\n\t\t\t\t\t<div class=\"c-card__content l-stack l-stack-sm\">\n\n\t\t\t\t\t\t\t\t\t\t\t\t\t<time class=\"c-card__date u-font-small\" datetime=\"2023-02-15\">15 februari, 2023<\/time>\n\t\t\t\t\t\t\n\t\t\t\t\t\t\t\t\t\t\t\t\t<h3 class=\"c-card__title u-font-title-3\">\n\t\t\t\t\t\t\t\t\t\t\t\t\t\t\t\t\t<a class=\"c-card__link\" href=\"https:\/\/noblaskolan.se\/saltsjo-boo\/artikel\/lokal\/schack-i-skolan-bade-kul-och-nyttigt\">\n\t\t\t\t\t\t\t\t\t\tSchack i skolan \u2013 b\u00e5de kul och nyttigt\n\t\t\t\t\t\t\t\t\t<\/a>\n\t\t\t\t\t\t\t\t\t\t\t\t\t\t\t<\/h3>\n\t\t\t\t\t\t\n\t\t\t\t\t\t\t\t\t\t\t\t\t<p class=\"c-card__text l-stack-xs u-font-body\">\n\t\t\t\t\t\t\t\tEtt verktyg f\u00f6r att tr\u00e4na p\u00e5 strategi, matematik och det sociala.\n\t\t\t\t\t\t\t<\/p>\n\t\t\t\t\t\t\n\t\t\t\t\t\t\t\t\t\t\t\t\t<ul class=\"c-card__tags l-stack-grow u-list-none u-pt-md\" aria-label=\"Kategorier\">\n\t\t\t\t\t\t\t\t\t\t\t\t\t\t\t\t\t<li><span class=\"c-tag\" data-variant=\"outline\">Allm\u00e4nt<\/span><\/li>\n\t\t\t\t\t\t\t\t\t\t\t\t\t\t\t<\/ul>\n\t\t\t\t\t\t\n\t\t\t\t\t\t<div class=\"c-card__icon\">\n\t\t\t\t\t\t\t\t\t\t\t\t\t\t<svg class=\"ams-icon ams-icon--arrow-right\" width=\"32\" height=\"32\" viewbox=\"0 0 32 32\" fill=\"currentColor\" aria-hidden=\"true\" xmlns=\"http:\/\/www.w3.org\/2000\/svg\">\n\t\t\t\t\t\t\t\t\t\t\t\t\t\t\t\t<path d=\"M15.4617 0.252159L14.9567 0.75931C14.6219 1.09545 14.6219 1.64048 14.9567 1.97669L27.7062 14.7806H0.857144C0.383786 14.7806 0 15.166 0 15.6414V16.3587C0 16.8341 0.383786 17.2195 0.857144 17.2195H27.7062L14.9567 30.0234C14.6219 30.3595 14.6219 30.9045 14.9567 31.2407L15.4617 31.7479C15.7964 32.084 16.3392 32.084 16.6739 31.7479L31.749 16.6087C32.0837 16.2725 32.0837 15.7275 31.749 15.3913L16.6739 0.252159C16.3392 -0.084053 15.7964 -0.084053 15.4617 0.252159Z\"\/>\n\t\t\t\t\t\t\t\n\t\t\t\t\t\t\t<\/svg>\n\t\t\t\t\t\t<\/div>\n\t\t\t\t\t<\/div>\n\n\t\t\t\t\t<div class=\"c-card__media \" style=\" \">\n\t\t\t\t\t\t<img decoding=\"async\" width=\"400\" height=\"267\" src=\"https:\/\/noblaskolan.se\/wp-content\/uploads\/2023\/01\/noblaskolanhagabergfotoschackfyran1-scaled-400x267.jpg\" class=\"attachment-sm size-sm\" alt=\"Elever p\u00e5 Noblaskolan sitter vid ett bord och spelar tv\u00e5 olika schackmatcher.\" sizes=\"(min-width: 64em) 300px, (min-width: 48em) calc(.50 * (100vw - 224px)), calc(100vw - 160px)\" srcset=\"https:\/\/noblaskolan.se\/wp-content\/uploads\/2023\/01\/noblaskolanhagabergfotoschackfyran1-scaled-400x267.jpg 400w, https:\/\/noblaskolan.se\/wp-content\/uploads\/2023\/01\/noblaskolanhagabergfotoschackfyran1-scaled-300x200.jpg 300w, https:\/\/noblaskolan.se\/wp-content\/uploads\/2023\/01\/noblaskolanhagabergfotoschackfyran1-scaled-600x400.jpg 600w, https:\/\/noblaskolan.se\/wp-content\/uploads\/2023\/01\/noblaskolanhagabergfotoschackfyran1-scaled-800x533.jpg 800w, https:\/\/noblaskolan.se\/wp-content\/uploads\/2023\/01\/noblaskolanhagabergfotoschackfyran1-scaled-1024x683.jpg 1024w, https:\/\/noblaskolan.se\/wp-content\/uploads\/2023\/01\/noblaskolanhagabergfotoschackfyran1-scaled-1200x800.jpg 1200w\" \/>\n\t\t\t\t\t<\/div>\n\t\t\t\t<\/article>\n\t\t\t<\/li>\n\t\t\t\t\t\t\t\t\t\t\t\t\t\t\t\t\t\n\t\t\t\n\t\t\t\n\t\t\t<li class=\"l-col-6@md l-col-4@lg \" data-filter=\"skolvalet januari-2023\">\n\t\t\t\t<article class=\"c-card  has-media-zoom  \" data-variant=\"border\" data-style=\"square\" data-click-area>\n\t\t\t\t\t<div class=\"c-card__content l-stack l-stack-sm\">\n\n\t\t\t\t\t\t\t\t\t\t\t\t\t<time class=\"c-card__date u-font-small\" datetime=\"2023-01-19\">19 januari, 2023<\/time>\n\t\t\t\t\t\t\n\t\t\t\t\t\t\t\t\t\t\t\t\t<h3 class=\"c-card__title u-font-title-3\">\n\t\t\t\t\t\t\t\t\t\t\t\t\t\t\t\t\t<a class=\"c-card__link\" href=\"https:\/\/noblaskolan.se\/saltsjo-boo\/artikel\/skolval-2023\/\">\n\t\t\t\t\t\t\t\t\t\tHar du gjort ett skolval?\n\t\t\t\t\t\t\t\t\t<\/a>\n\t\t\t\t\t\t\t\t\t\t\t\t\t\t\t<\/h3>\n\t\t\t\t\t\t\n\t\t\t\t\t\t\t\t\t\t\t\t\t<p class=\"c-card__text l-stack-xs u-font-body\">\n\t\t\t\t\t\t\t\tVill du ha en skola med h\u00f6ga ambitioner? V\u00e4lj Noblaskolan!\n\t\t\t\t\t\t\t<\/p>\n\t\t\t\t\t\t\n\t\t\t\t\t\t\t\t\t\t\t\t\t<ul class=\"c-card__tags l-stack-grow u-list-none u-pt-md\" aria-label=\"Kategorier\">\n\t\t\t\t\t\t\t\t\t\t\t\t\t\t\t\t\t<li><span class=\"c-tag\" data-variant=\"outline\">Skolvalet<\/span><\/li>\n\t\t\t\t\t\t\t\t\t\t\t\t\t\t\t<\/ul>\n\t\t\t\t\t\t\n\t\t\t\t\t\t<div class=\"c-card__icon\">\n\t\t\t\t\t\t\t\t\t\t\t\t\t\t<svg class=\"ams-icon ams-icon--arrow-right\" width=\"32\" height=\"32\" viewbox=\"0 0 32 32\" fill=\"currentColor\" aria-hidden=\"true\" xmlns=\"http:\/\/www.w3.org\/2000\/svg\">\n\t\t\t\t\t\t\t\t\t\t\t\t\t\t\t\t<path d=\"M15.4617 0.252159L14.9567 0.75931C14.6219 1.09545 14.6219 1.64048 14.9567 1.97669L27.7062 14.7806H0.857144C0.383786 14.7806 0 15.166 0 15.6414V16.3587C0 16.8341 0.383786 17.2195 0.857144 17.2195H27.7062L14.9567 30.0234C14.6219 30.3595 14.6219 30.9045 14.9567 31.2407L15.4617 31.7479C15.7964 32.084 16.3392 32.084 16.6739 31.7479L31.749 16.6087C32.0837 16.2725 32.0837 15.7275 31.749 15.3913L16.6739 0.252159C16.3392 -0.084053 15.7964 -0.084053 15.4617 0.252159Z\"\/>\n\t\t\t\t\t\t\t\n\t\t\t\t\t\t\t<\/svg>\n\t\t\t\t\t\t<\/div>\n\t\t\t\t\t<\/div>\n\n\t\t\t\t\t<div class=\"c-card__media \" style=\" \">\n\t\t\t\t\t\t<img decoding=\"async\" width=\"362\" height=\"272\" src=\"https:\/\/noblaskolan.se\/wp-content\/uploads\/2024\/04\/noblaskolan-artikelkort-363x272-1.png\" class=\"attachment-sm size-sm\" alt=\"Logotyp Noblaskolan.\" sizes=\"(min-width: 64em) 300px, (min-width: 48em) calc(.50 * (100vw - 224px)), calc(100vw - 160px)\" srcset=\"https:\/\/noblaskolan.se\/wp-content\/uploads\/2024\/04\/noblaskolan-artikelkort-363x272-1.png 362w, https:\/\/noblaskolan.se\/wp-content\/uploads\/2024\/04\/noblaskolan-artikelkort-363x272-1-300x225.png 300w\" \/>\n\t\t\t\t\t<\/div>\n\t\t\t\t<\/article>\n\t\t\t<\/li>\n\t\t\t\t\t\t\t\t\t\t\t\t\t\t\t\t\t\n\t\t\t\n\t\t\t\n\t\t\t<li class=\"l-col-6@md l-col-4@lg \" data-filter=\"allmant december-2022\">\n\t\t\t\t<article class=\"c-card  has-media-zoom  \" data-variant=\"border\" data-style=\"square\" data-click-area>\n\t\t\t\t\t<div class=\"c-card__content l-stack l-stack-sm\">\n\n\t\t\t\t\t\t\t\t\t\t\t\t\t<time class=\"c-card__date u-font-small\" datetime=\"2022-12-16\">16 december, 2022<\/time>\n\t\t\t\t\t\t\n\t\t\t\t\t\t\t\t\t\t\t\t\t<h3 class=\"c-card__title u-font-title-3\">\n\t\t\t\t\t\t\t\t\t\t\t\t\t\t\t\t\t<a class=\"c-card__link\" href=\"https:\/\/noblaskolan.se\/saltsjo-boo\/artikel\/lokal\/pedagoger-nominerade-till-utmarkelsen-lara\">\n\t\t\t\t\t\t\t\t\t\tUtm\u00e4rkelsen L\u00e4ra i Nacka\n\t\t\t\t\t\t\t\t\t<\/a>\n\t\t\t\t\t\t\t\t\t\t\t\t\t\t\t<\/h3>\n\t\t\t\t\t\t\n\t\t\t\t\t\t\t\t\t\t\t\t\t<p class=\"c-card__text l-stack-xs u-font-body\">\n\t\t\t\t\t\t\t\tGrattis Dani och Wera p\u00e5 Noblaskolan Saltsj\u00f6-Boo som \u00e4r utn\u00e4mnda till \u00e5rets l\u00e4rspridare\n\t\t\t\t\t\t\t<\/p>\n\t\t\t\t\t\t\n\t\t\t\t\t\t\t\t\t\t\t\t\t<ul class=\"c-card__tags l-stack-grow u-list-none u-pt-md\" aria-label=\"Kategorier\">\n\t\t\t\t\t\t\t\t\t\t\t\t\t\t\t\t\t<li><span class=\"c-tag\" data-variant=\"outline\">Allm\u00e4nt<\/span><\/li>\n\t\t\t\t\t\t\t\t\t\t\t\t\t\t\t<\/ul>\n\t\t\t\t\t\t\n\t\t\t\t\t\t<div class=\"c-card__icon\">\n\t\t\t\t\t\t\t\t\t\t\t\t\t\t<svg class=\"ams-icon ams-icon--arrow-right\" width=\"32\" height=\"32\" viewbox=\"0 0 32 32\" fill=\"currentColor\" aria-hidden=\"true\" xmlns=\"http:\/\/www.w3.org\/2000\/svg\">\n\t\t\t\t\t\t\t\t\t\t\t\t\t\t\t\t<path d=\"M15.4617 0.252159L14.9567 0.75931C14.6219 1.09545 14.6219 1.64048 14.9567 1.97669L27.7062 14.7806H0.857144C0.383786 14.7806 0 15.166 0 15.6414V16.3587C0 16.8341 0.383786 17.2195 0.857144 17.2195H27.7062L14.9567 30.0234C14.6219 30.3595 14.6219 30.9045 14.9567 31.2407L15.4617 31.7479C15.7964 32.084 16.3392 32.084 16.6739 31.7479L31.749 16.6087C32.0837 16.2725 32.0837 15.7275 31.749 15.3913L16.6739 0.252159C16.3392 -0.084053 15.7964 -0.084053 15.4617 0.252159Z\"\/>\n\t\t\t\t\t\t\t\n\t\t\t\t\t\t\t<\/svg>\n\t\t\t\t\t\t<\/div>\n\t\t\t\t\t<\/div>\n\n\t\t\t\t\t<div class=\"c-card__media \" style=\" \">\n\t\t\t\t\t\t<img decoding=\"async\" width=\"400\" height=\"247\" src=\"https:\/\/noblaskolan.se\/wp-content\/uploads\/2022\/10\/daniweranoblaskolansaltsjoboo-400x247.jpg\" class=\"attachment-sm size-sm\" alt=\"Dani del Gaiso och Wera Wenzeck-\u00d6rl\u00fc p\u00e5 Noblaskolan Saltsj\u00f6-Boo.\" sizes=\"(min-width: 64em) 300px, (min-width: 48em) calc(.50 * (100vw - 224px)), calc(100vw - 160px)\" srcset=\"https:\/\/noblaskolan.se\/wp-content\/uploads\/2022\/10\/daniweranoblaskolansaltsjoboo-400x247.jpg 400w, https:\/\/noblaskolan.se\/wp-content\/uploads\/2022\/10\/daniweranoblaskolansaltsjoboo-300x185.jpg 300w, https:\/\/noblaskolan.se\/wp-content\/uploads\/2022\/10\/daniweranoblaskolansaltsjoboo-600x371.jpg 600w, https:\/\/noblaskolan.se\/wp-content\/uploads\/2022\/10\/daniweranoblaskolansaltsjoboo.jpg 689w\" \/>\n\t\t\t\t\t<\/div>\n\t\t\t\t<\/article>\n\t\t\t<\/li>\n\t\t\t\t\t\t\t\t\t\t\t\t\t\t\t\t\t\n\t\t\t\n\t\t\t\n\t\t\t<li class=\"l-col-6@md l-col-4@lg \" data-filter=\"allmant december-2022\">\n\t\t\t\t<article class=\"c-card  has-media-zoom  \" data-variant=\"border\" data-style=\"square\" data-click-area>\n\t\t\t\t\t<div class=\"c-card__content l-stack l-stack-sm\">\n\n\t\t\t\t\t\t\t\t\t\t\t\t\t<time class=\"c-card__date u-font-small\" datetime=\"2022-12-09\">9 december, 2022<\/time>\n\t\t\t\t\t\t\n\t\t\t\t\t\t\t\t\t\t\t\t\t<h3 class=\"c-card__title u-font-title-3\">\n\t\t\t\t\t\t\t\t\t\t\t\t\t\t\t\t\t<a class=\"c-card__link\" href=\"https:\/\/noblaskolan.se\/saltsjo-boo\/artikel\/nobeldagen-2022\/\">\n\t\t\t\t\t\t\t\t\t\tNobeldagen\n\t\t\t\t\t\t\t\t\t<\/a>\n\t\t\t\t\t\t\t\t\t\t\t\t\t\t\t<\/h3>\n\t\t\t\t\t\t\n\t\t\t\t\t\t\t\t\t\t\t\t\t<p class=\"c-card__text l-stack-xs u-font-body\">\n\t\t\t\t\t\t\t\tIdag uppm\u00e4rksammar vi Nobeldagen med v\u00e5ra barn och elever\n\t\t\t\t\t\t\t<\/p>\n\t\t\t\t\t\t\n\t\t\t\t\t\t\t\t\t\t\t\t\t<ul class=\"c-card__tags l-stack-grow u-list-none u-pt-md\" aria-label=\"Kategorier\">\n\t\t\t\t\t\t\t\t\t\t\t\t\t\t\t\t\t<li><span class=\"c-tag\" data-variant=\"outline\">Allm\u00e4nt<\/span><\/li>\n\t\t\t\t\t\t\t\t\t\t\t\t\t\t\t<\/ul>\n\t\t\t\t\t\t\n\t\t\t\t\t\t<div class=\"c-card__icon\">\n\t\t\t\t\t\t\t\t\t\t\t\t\t\t<svg class=\"ams-icon ams-icon--arrow-right\" width=\"32\" height=\"32\" viewbox=\"0 0 32 32\" fill=\"currentColor\" aria-hidden=\"true\" xmlns=\"http:\/\/www.w3.org\/2000\/svg\">\n\t\t\t\t\t\t\t\t\t\t\t\t\t\t\t\t<path d=\"M15.4617 0.252159L14.9567 0.75931C14.6219 1.09545 14.6219 1.64048 14.9567 1.97669L27.7062 14.7806H0.857144C0.383786 14.7806 0 15.166 0 15.6414V16.3587C0 16.8341 0.383786 17.2195 0.857144 17.2195H27.7062L14.9567 30.0234C14.6219 30.3595 14.6219 30.9045 14.9567 31.2407L15.4617 31.7479C15.7964 32.084 16.3392 32.084 16.6739 31.7479L31.749 16.6087C32.0837 16.2725 32.0837 15.7275 31.749 15.3913L16.6739 0.252159C16.3392 -0.084053 15.7964 -0.084053 15.4617 0.252159Z\"\/>\n\t\t\t\t\t\t\t\n\t\t\t\t\t\t\t<\/svg>\n\t\t\t\t\t\t<\/div>\n\t\t\t\t\t<\/div>\n\n\t\t\t\t\t<div class=\"c-card__media \" style=\" \">\n\t\t\t\t\t\t<img decoding=\"async\" width=\"362\" height=\"272\" src=\"https:\/\/noblaskolan.se\/wp-content\/uploads\/2024\/04\/noblaskolan-artikelkort-363x272-1.png\" class=\"attachment-sm size-sm\" alt=\"Logotyp Noblaskolan.\" sizes=\"(min-width: 64em) 300px, (min-width: 48em) calc(.50 * (100vw - 224px)), calc(100vw - 160px)\" srcset=\"https:\/\/noblaskolan.se\/wp-content\/uploads\/2024\/04\/noblaskolan-artikelkort-363x272-1.png 362w, https:\/\/noblaskolan.se\/wp-content\/uploads\/2024\/04\/noblaskolan-artikelkort-363x272-1-300x225.png 300w\" \/>\n\t\t\t\t\t<\/div>\n\t\t\t\t<\/article>\n\t\t\t<\/li>\n\t\t\t\t\t\t\t\t\t\t\t\t\t\t\t\t\t\n\t\t\t\n\t\t\t\n\t\t\t<li class=\"l-col-6@md l-col-4@lg \" data-filter=\"allmant oktober-2022\">\n\t\t\t\t<article class=\"c-card  has-media-zoom  \" data-variant=\"border\" data-style=\"square\" data-click-area>\n\t\t\t\t\t<div class=\"c-card__content l-stack l-stack-sm\">\n\n\t\t\t\t\t\t\t\t\t\t\t\t\t<time class=\"c-card__date u-font-small\" datetime=\"2022-10-14\">14 oktober, 2022<\/time>\n\t\t\t\t\t\t\n\t\t\t\t\t\t\t\t\t\t\t\t\t<h3 class=\"c-card__title u-font-title-3\">\n\t\t\t\t\t\t\t\t\t\t\t\t\t\t\t\t\t<a class=\"c-card__link\" href=\"https:\/\/noblaskolan.se\/saltsjo-boo\/artikel\/lokal\/nobladagen-2022\">\n\t\t\t\t\t\t\t\t\t\tIdag \u00e4r det Nobladagen!\n\t\t\t\t\t\t\t\t\t<\/a>\n\t\t\t\t\t\t\t\t\t\t\t\t\t\t\t<\/h3>\n\t\t\t\t\t\t\n\t\t\t\t\t\t\t\t\t\t\t\t\t<p class=\"c-card__text l-stack-xs u-font-body\">\n\t\t\t\t\t\t\t\t14 oktober firar vi Nobladagen p\u00e5 alla v\u00e5ra skolor.\n\t\t\t\t\t\t\t<\/p>\n\t\t\t\t\t\t\n\t\t\t\t\t\t\t\t\t\t\t\t\t<ul class=\"c-card__tags l-stack-grow u-list-none u-pt-md\" aria-label=\"Kategorier\">\n\t\t\t\t\t\t\t\t\t\t\t\t\t\t\t\t\t<li><span class=\"c-tag\" data-variant=\"outline\">Allm\u00e4nt<\/span><\/li>\n\t\t\t\t\t\t\t\t\t\t\t\t\t\t\t<\/ul>\n\t\t\t\t\t\t\n\t\t\t\t\t\t<div class=\"c-card__icon\">\n\t\t\t\t\t\t\t\t\t\t\t\t\t\t<svg class=\"ams-icon ams-icon--arrow-right\" width=\"32\" height=\"32\" viewbox=\"0 0 32 32\" fill=\"currentColor\" aria-hidden=\"true\" xmlns=\"http:\/\/www.w3.org\/2000\/svg\">\n\t\t\t\t\t\t\t\t\t\t\t\t\t\t\t\t<path d=\"M15.4617 0.252159L14.9567 0.75931C14.6219 1.09545 14.6219 1.64048 14.9567 1.97669L27.7062 14.7806H0.857144C0.383786 14.7806 0 15.166 0 15.6414V16.3587C0 16.8341 0.383786 17.2195 0.857144 17.2195H27.7062L14.9567 30.0234C14.6219 30.3595 14.6219 30.9045 14.9567 31.2407L15.4617 31.7479C15.7964 32.084 16.3392 32.084 16.6739 31.7479L31.749 16.6087C32.0837 16.2725 32.0837 15.7275 31.749 15.3913L16.6739 0.252159C16.3392 -0.084053 15.7964 -0.084053 15.4617 0.252159Z\"\/>\n\t\t\t\t\t\t\t\n\t\t\t\t\t\t\t<\/svg>\n\t\t\t\t\t\t<\/div>\n\t\t\t\t\t<\/div>\n\n\t\t\t\t\t<div class=\"c-card__media \" style=\" \">\n\t\t\t\t\t\t<img decoding=\"async\" width=\"400\" height=\"283\" src=\"https:\/\/noblaskolan.se\/wp-content\/uploads\/2022\/10\/noblawebboktnobladagenljusgron-e1665731303917-400x283.jpg\" class=\"attachment-sm size-sm\" alt=\"Tv\u00e5 mellanstadieelever p\u00e5 Noblaskolan sitter i ett klassrum.\" sizes=\"(min-width: 64em) 300px, (min-width: 48em) calc(.50 * (100vw - 224px)), calc(100vw - 160px)\" srcset=\"https:\/\/noblaskolan.se\/wp-content\/uploads\/2022\/10\/noblawebboktnobladagenljusgron-e1665731303917-400x283.jpg 400w, https:\/\/noblaskolan.se\/wp-content\/uploads\/2022\/10\/noblawebboktnobladagenljusgron-e1665731303917-300x212.jpg 300w, https:\/\/noblaskolan.se\/wp-content\/uploads\/2022\/10\/noblawebboktnobladagenljusgron-e1665731303917-600x424.jpg 600w, https:\/\/noblaskolan.se\/wp-content\/uploads\/2022\/10\/noblawebboktnobladagenljusgron-e1665731303917-800x565.jpg 800w, https:\/\/noblaskolan.se\/wp-content\/uploads\/2022\/10\/noblawebboktnobladagenljusgron-e1665731303917.jpg 954w\" \/>\n\t\t\t\t\t<\/div>\n\t\t\t\t<\/article>\n\t\t\t<\/li>\n\t\t\t\t\t\t\t\t\t\t\t\t\t\t\t\t\t\n\t\t\t\n\t\t\t\n\t\t\t<li class=\"l-col-6@md l-col-4@lg \" data-filter=\"allmant september-2022\">\n\t\t\t\t<article class=\"c-card  has-media-zoom  \" data-variant=\"border\" data-style=\"square\" data-click-area>\n\t\t\t\t\t<div class=\"c-card__content l-stack l-stack-sm\">\n\n\t\t\t\t\t\t\t\t\t\t\t\t\t<time class=\"c-card__date u-font-small\" datetime=\"2022-09-14\">14 september, 2022<\/time>\n\t\t\t\t\t\t\n\t\t\t\t\t\t\t\t\t\t\t\t\t<h3 class=\"c-card__title u-font-title-3\">\n\t\t\t\t\t\t\t\t\t\t\t\t\t\t\t\t\t<a class=\"c-card__link\" href=\"https:\/\/noblaskolan.se\/saltsjo-boo\/artikel\/lokal\/pa-noblaskolan-siktar-vi-hogt\">\n\t\t\t\t\t\t\t\t\t\tP\u00e5 Noblaskolan siktar vi h\u00f6gt\n\t\t\t\t\t\t\t\t\t<\/a>\n\t\t\t\t\t\t\t\t\t\t\t\t\t\t\t<\/h3>\n\t\t\t\t\t\t\n\t\t\t\t\t\t\t\t\t\t\t\t\t<p class=\"c-card__text l-stack-xs u-font-body\">\n\t\t\t\t\t\t\t\tVi vill ge v\u00e5ra elever de b\u00e4sta t\u00e4nkbara f\u00f6ruts\u00e4ttningarna \n\t\t\t\t\t\t\t<\/p>\n\t\t\t\t\t\t\n\t\t\t\t\t\t\t\t\t\t\t\t\t<ul class=\"c-card__tags l-stack-grow u-list-none u-pt-md\" aria-label=\"Kategorier\">\n\t\t\t\t\t\t\t\t\t\t\t\t\t\t\t\t\t<li><span class=\"c-tag\" data-variant=\"outline\">Allm\u00e4nt<\/span><\/li>\n\t\t\t\t\t\t\t\t\t\t\t\t\t\t\t<\/ul>\n\t\t\t\t\t\t\n\t\t\t\t\t\t<div class=\"c-card__icon\">\n\t\t\t\t\t\t\t\t\t\t\t\t\t\t<svg class=\"ams-icon ams-icon--arrow-right\" width=\"32\" height=\"32\" viewbox=\"0 0 32 32\" fill=\"currentColor\" aria-hidden=\"true\" xmlns=\"http:\/\/www.w3.org\/2000\/svg\">\n\t\t\t\t\t\t\t\t\t\t\t\t\t\t\t\t<path d=\"M15.4617 0.252159L14.9567 0.75931C14.6219 1.09545 14.6219 1.64048 14.9567 1.97669L27.7062 14.7806H0.857144C0.383786 14.7806 0 15.166 0 15.6414V16.3587C0 16.8341 0.383786 17.2195 0.857144 17.2195H27.7062L14.9567 30.0234C14.6219 30.3595 14.6219 30.9045 14.9567 31.2407L15.4617 31.7479C15.7964 32.084 16.3392 32.084 16.6739 31.7479L31.749 16.6087C32.0837 16.2725 32.0837 15.7275 31.749 15.3913L16.6739 0.252159C16.3392 -0.084053 15.7964 -0.084053 15.4617 0.252159Z\"\/>\n\t\t\t\t\t\t\t\n\t\t\t\t\t\t\t<\/svg>\n\t\t\t\t\t\t<\/div>\n\t\t\t\t\t<\/div>\n\n\t\t\t\t\t<div class=\"c-card__media \" style=\" \">\n\t\t\t\t\t\t<img decoding=\"async\" width=\"362\" height=\"272\" src=\"https:\/\/noblaskolan.se\/wp-content\/uploads\/2024\/04\/noblaskolan-artikelkort-363x272-1.png\" class=\"attachment-sm size-sm\" alt=\"Logotyp Noblaskolan.\" sizes=\"(min-width: 64em) 300px, (min-width: 48em) calc(.50 * (100vw - 224px)), calc(100vw - 160px)\" srcset=\"https:\/\/noblaskolan.se\/wp-content\/uploads\/2024\/04\/noblaskolan-artikelkort-363x272-1.png 362w, https:\/\/noblaskolan.se\/wp-content\/uploads\/2024\/04\/noblaskolan-artikelkort-363x272-1-300x225.png 300w\" \/>\n\t\t\t\t\t<\/div>\n\t\t\t\t<\/article>\n\t\t\t<\/li>\n\t\t\t\t\t\t\t\t\t\t\t\t\t\t\t\t\t\n\t\t\t\n\t\t\t\n\t\t\t<li class=\"l-col-6@md l-col-4@lg \" data-filter=\"allmant augusti-2022\">\n\t\t\t\t<article class=\"c-card  has-media-zoom  \" data-variant=\"border\" data-style=\"square\" data-click-area>\n\t\t\t\t\t<div class=\"c-card__content l-stack l-stack-sm\">\n\n\t\t\t\t\t\t\t\t\t\t\t\t\t<time class=\"c-card__date u-font-small\" datetime=\"2022-08-19\">19 augusti, 2022<\/time>\n\t\t\t\t\t\t\n\t\t\t\t\t\t\t\t\t\t\t\t\t<h3 class=\"c-card__title u-font-title-3\">\n\t\t\t\t\t\t\t\t\t\t\t\t\t\t\t\t\t<a class=\"c-card__link\" href=\"https:\/\/noblaskolan.se\/saltsjo-boo\/artikel\/skolstart-2022\/\">\n\t\t\t\t\t\t\t\t\t\tTillbaka till skolan\n\t\t\t\t\t\t\t\t\t<\/a>\n\t\t\t\t\t\t\t\t\t\t\t\t\t\t\t<\/h3>\n\t\t\t\t\t\t\n\t\t\t\t\t\t\t\t\t\t\t\t\t<p class=\"c-card__text l-stack-xs u-font-body\">\n\t\t\t\t\t\t\t\tVi v\u00e4lkomnar v\u00e5ra barn och elever tillbaka\n\t\t\t\t\t\t\t<\/p>\n\t\t\t\t\t\t\n\t\t\t\t\t\t\t\t\t\t\t\t\t<ul class=\"c-card__tags l-stack-grow u-list-none u-pt-md\" aria-label=\"Kategorier\">\n\t\t\t\t\t\t\t\t\t\t\t\t\t\t\t\t\t<li><span class=\"c-tag\" data-variant=\"outline\">Allm\u00e4nt<\/span><\/li>\n\t\t\t\t\t\t\t\t\t\t\t\t\t\t\t<\/ul>\n\t\t\t\t\t\t\n\t\t\t\t\t\t<div class=\"c-card__icon\">\n\t\t\t\t\t\t\t\t\t\t\t\t\t\t<svg class=\"ams-icon ams-icon--arrow-right\" width=\"32\" height=\"32\" viewbox=\"0 0 32 32\" fill=\"currentColor\" aria-hidden=\"true\" xmlns=\"http:\/\/www.w3.org\/2000\/svg\">\n\t\t\t\t\t\t\t\t\t\t\t\t\t\t\t\t<path d=\"M15.4617 0.252159L14.9567 0.75931C14.6219 1.09545 14.6219 1.64048 14.9567 1.97669L27.7062 14.7806H0.857144C0.383786 14.7806 0 15.166 0 15.6414V16.3587C0 16.8341 0.383786 17.2195 0.857144 17.2195H27.7062L14.9567 30.0234C14.6219 30.3595 14.6219 30.9045 14.9567 31.2407L15.4617 31.7479C15.7964 32.084 16.3392 32.084 16.6739 31.7479L31.749 16.6087C32.0837 16.2725 32.0837 15.7275 31.749 15.3913L16.6739 0.252159C16.3392 -0.084053 15.7964 -0.084053 15.4617 0.252159Z\"\/>\n\t\t\t\t\t\t\t\n\t\t\t\t\t\t\t<\/svg>\n\t\t\t\t\t\t<\/div>\n\t\t\t\t\t<\/div>\n\n\t\t\t\t\t<div class=\"c-card__media \" style=\" \">\n\t\t\t\t\t\t<img decoding=\"async\" width=\"362\" height=\"272\" src=\"https:\/\/noblaskolan.se\/wp-content\/uploads\/2024\/04\/noblaskolan-artikelkort-363x272-1.png\" class=\"attachment-sm size-sm\" alt=\"Logotyp Noblaskolan.\" sizes=\"(min-width: 64em) 300px, (min-width: 48em) calc(.50 * (100vw - 224px)), calc(100vw - 160px)\" srcset=\"https:\/\/noblaskolan.se\/wp-content\/uploads\/2024\/04\/noblaskolan-artikelkort-363x272-1.png 362w, https:\/\/noblaskolan.se\/wp-content\/uploads\/2024\/04\/noblaskolan-artikelkort-363x272-1-300x225.png 300w\" \/>\n\t\t\t\t\t<\/div>\n\t\t\t\t<\/article>\n\t\t\t<\/li>\n\t\t\t\t\t\t\t\t\t\t\t\t\t\t\t\t\t\n\t\t\t\n\t\t\t\n\t\t\t<li class=\"l-col-6@md l-col-4@lg \" data-filter=\"intervjuer maj-2022\">\n\t\t\t\t<article class=\"c-card  has-media-zoom  \" data-variant=\"border\" data-style=\"square\" data-click-area>\n\t\t\t\t\t<div class=\"c-card__content l-stack l-stack-sm\">\n\n\t\t\t\t\t\t\t\t\t\t\t\t\t<time class=\"c-card__date u-font-small\" datetime=\"2022-05-18\">18 maj, 2022<\/time>\n\t\t\t\t\t\t\n\t\t\t\t\t\t\t\t\t\t\t\t\t<h3 class=\"c-card__title u-font-title-3\">\n\t\t\t\t\t\t\t\t\t\t\t\t\t\t\t\t\t<a class=\"c-card__link\" href=\"https:\/\/noblaskolan.se\/saltsjo-boo\/artikel\/rektorsintervju\/\">\n\t\t\t\t\t\t\t\t\t\tHej rektor Ulrika!\n\t\t\t\t\t\t\t\t\t<\/a>\n\t\t\t\t\t\t\t\t\t\t\t\t\t\t\t<\/h3>\n\t\t\t\t\t\t\n\t\t\t\t\t\t\t\t\t\t\t\t\t<p class=\"c-card__text l-stack-xs u-font-body\">\n\t\t\t\t\t\t\t\tL\u00e4r k\u00e4nna skolans rektor Ulrika\n\t\t\t\t\t\t\t<\/p>\n\t\t\t\t\t\t\n\t\t\t\t\t\t\t\t\t\t\t\t\t<ul class=\"c-card__tags l-stack-grow u-list-none u-pt-md\" aria-label=\"Kategorier\">\n\t\t\t\t\t\t\t\t\t\t\t\t\t\t\t\t\t<li><span class=\"c-tag\" data-variant=\"outline\">Intervjuer<\/span><\/li>\n\t\t\t\t\t\t\t\t\t\t\t\t\t\t\t<\/ul>\n\t\t\t\t\t\t\n\t\t\t\t\t\t<div class=\"c-card__icon\">\n\t\t\t\t\t\t\t\t\t\t\t\t\t\t<svg class=\"ams-icon ams-icon--arrow-right\" width=\"32\" height=\"32\" viewbox=\"0 0 32 32\" fill=\"currentColor\" aria-hidden=\"true\" xmlns=\"http:\/\/www.w3.org\/2000\/svg\">\n\t\t\t\t\t\t\t\t\t\t\t\t\t\t\t\t<path d=\"M15.4617 0.252159L14.9567 0.75931C14.6219 1.09545 14.6219 1.64048 14.9567 1.97669L27.7062 14.7806H0.857144C0.383786 14.7806 0 15.166 0 15.6414V16.3587C0 16.8341 0.383786 17.2195 0.857144 17.2195H27.7062L14.9567 30.0234C14.6219 30.3595 14.6219 30.9045 14.9567 31.2407L15.4617 31.7479C15.7964 32.084 16.3392 32.084 16.6739 31.7479L31.749 16.6087C32.0837 16.2725 32.0837 15.7275 31.749 15.3913L16.6739 0.252159C16.3392 -0.084053 15.7964 -0.084053 15.4617 0.252159Z\"\/>\n\t\t\t\t\t\t\t\n\t\t\t\t\t\t\t<\/svg>\n\t\t\t\t\t\t<\/div>\n\t\t\t\t\t<\/div>\n\n\t\t\t\t\t<div class=\"c-card__media \" style=\" \">\n\t\t\t\t\t\t<img decoding=\"async\" width=\"400\" height=\"193\" src=\"https:\/\/noblaskolan.se\/wp-content\/uploads\/sites\/28\/2022\/05\/noblaskolansaltsjobooulrikazatterqvist-scaled-400x193.jpg\" class=\"attachment-sm size-sm\" alt=\"Bild p\u00e5 Noblaskolan Saltsj\u00f6-Boos rektor Ulrika Z\u00e4tterqvist.\" sizes=\"(min-width: 64em) 300px, (min-width: 48em) calc(.50 * (100vw - 224px)), calc(100vw - 160px)\" srcset=\"https:\/\/noblaskolan.se\/wp-content\/uploads\/sites\/28\/2022\/05\/noblaskolansaltsjobooulrikazatterqvist-scaled-400x193.jpg 400w, https:\/\/noblaskolan.se\/wp-content\/uploads\/sites\/28\/2022\/05\/noblaskolansaltsjobooulrikazatterqvist-scaled-300x145.jpg 300w, https:\/\/noblaskolan.se\/wp-content\/uploads\/sites\/28\/2022\/05\/noblaskolansaltsjobooulrikazatterqvist-scaled-600x290.jpg 600w, https:\/\/noblaskolan.se\/wp-content\/uploads\/sites\/28\/2022\/05\/noblaskolansaltsjobooulrikazatterqvist-scaled-800x387.jpg 800w, https:\/\/noblaskolan.se\/wp-content\/uploads\/sites\/28\/2022\/05\/noblaskolansaltsjobooulrikazatterqvist-scaled-1024x495.jpg 1024w, https:\/\/noblaskolan.se\/wp-content\/uploads\/sites\/28\/2022\/05\/noblaskolansaltsjobooulrikazatterqvist-scaled-1200x580.jpg 1200w\" \/>\n\t\t\t\t\t<\/div>\n\t\t\t\t<\/article>\n\t\t\t<\/li>\n\t\t\t\t\t\t\t\t\t\t\t\t\t\t\t\t\t\n\t\t\t\n\t\t\t\n\t\t\t<li class=\"l-col-6@md l-col-4@lg \" data-filter=\"allmant april-2022\">\n\t\t\t\t<article class=\"c-card  has-media-zoom  \" data-variant=\"border\" data-style=\"square\" data-click-area>\n\t\t\t\t\t<div class=\"c-card__content l-stack l-stack-sm\">\n\n\t\t\t\t\t\t\t\t\t\t\t\t\t<time class=\"c-card__date u-font-small\" datetime=\"2022-04-21\">21 april, 2022<\/time>\n\t\t\t\t\t\t\n\t\t\t\t\t\t\t\t\t\t\t\t\t<h3 class=\"c-card__title u-font-title-3\">\n\t\t\t\t\t\t\t\t\t\t\t\t\t\t\t\t\t<a class=\"c-card__link\" href=\"https:\/\/noblaskolan.se\/saltsjo-boo\/artikel\/lokal\/5-tips-for-att-fa-till-laxlasningen-hemma\">\n\t\t\t\t\t\t\t\t\t\t5 l\u00e4xl\u00e4sningstips\n\t\t\t\t\t\t\t\t\t<\/a>\n\t\t\t\t\t\t\t\t\t\t\t\t\t\t\t<\/h3>\n\t\t\t\t\t\t\n\t\t\t\t\t\t\t\t\t\t\t\t\t<p class=\"c-card__text l-stack-xs u-font-body\">\n\t\t\t\t\t\t\t\t5 tips som underl\u00e4ttar l\u00e4xl\u00e4sningen hemm&#8230;\n\t\t\t\t\t\t\t<\/p>\n\t\t\t\t\t\t\n\t\t\t\t\t\t\t\t\t\t\t\t\t<ul class=\"c-card__tags l-stack-grow u-list-none u-pt-md\" aria-label=\"Kategorier\">\n\t\t\t\t\t\t\t\t\t\t\t\t\t\t\t\t\t<li><span class=\"c-tag\" data-variant=\"outline\">Allm\u00e4nt<\/span><\/li>\n\t\t\t\t\t\t\t\t\t\t\t\t\t\t\t<\/ul>\n\t\t\t\t\t\t\n\t\t\t\t\t\t<div class=\"c-card__icon\">\n\t\t\t\t\t\t\t\t\t\t\t\t\t\t<svg class=\"ams-icon ams-icon--arrow-right\" width=\"32\" height=\"32\" viewbox=\"0 0 32 32\" fill=\"currentColor\" aria-hidden=\"true\" xmlns=\"http:\/\/www.w3.org\/2000\/svg\">\n\t\t\t\t\t\t\t\t\t\t\t\t\t\t\t\t<path d=\"M15.4617 0.252159L14.9567 0.75931C14.6219 1.09545 14.6219 1.64048 14.9567 1.97669L27.7062 14.7806H0.857144C0.383786 14.7806 0 15.166 0 15.6414V16.3587C0 16.8341 0.383786 17.2195 0.857144 17.2195H27.7062L14.9567 30.0234C14.6219 30.3595 14.6219 30.9045 14.9567 31.2407L15.4617 31.7479C15.7964 32.084 16.3392 32.084 16.6739 31.7479L31.749 16.6087C32.0837 16.2725 32.0837 15.7275 31.749 15.3913L16.6739 0.252159C16.3392 -0.084053 15.7964 -0.084053 15.4617 0.252159Z\"\/>\n\t\t\t\t\t\t\t\n\t\t\t\t\t\t\t<\/svg>\n\t\t\t\t\t\t<\/div>\n\t\t\t\t\t<\/div>\n\n\t\t\t\t\t<div class=\"c-card__media \" style=\" \">\n\t\t\t\t\t\t<img decoding=\"async\" width=\"400\" height=\"257\" src=\"https:\/\/noblaskolan.se\/wp-content\/uploads\/2022\/04\/noblaskolanlaxlasningartikelbild2-e1650522816507-400x257.jpg\" class=\"attachment-sm size-sm\" alt=\"\" sizes=\"(min-width: 64em) 300px, (min-width: 48em) calc(.50 * (100vw - 224px)), calc(100vw - 160px)\" srcset=\"https:\/\/noblaskolan.se\/wp-content\/uploads\/2022\/04\/noblaskolanlaxlasningartikelbild2-e1650522816507-400x257.jpg 400w, https:\/\/noblaskolan.se\/wp-content\/uploads\/2022\/04\/noblaskolanlaxlasningartikelbild2-e1650522816507-300x192.jpg 300w, https:\/\/noblaskolan.se\/wp-content\/uploads\/2022\/04\/noblaskolanlaxlasningartikelbild2-e1650522816507-600x385.jpg 600w, https:\/\/noblaskolan.se\/wp-content\/uploads\/2022\/04\/noblaskolanlaxlasningartikelbild2-e1650522816507-800x513.jpg 800w, https:\/\/noblaskolan.se\/wp-content\/uploads\/2022\/04\/noblaskolanlaxlasningartikelbild2-e1650522816507.jpg 812w\" \/>\n\t\t\t\t\t<\/div>\n\t\t\t\t<\/article>\n\t\t\t<\/li>\n\t\t\t\t\t\t\t\t\t\t\t\t\t\t\t\t\t\n\t\t\t\n\t\t\t\n\t\t\t<li class=\"l-col-6@md l-col-4@lg \" data-filter=\"allmant mars-2022\">\n\t\t\t\t<article class=\"c-card  has-media-zoom  \" data-variant=\"border\" data-style=\"square\" data-click-area>\n\t\t\t\t\t<div class=\"c-card__content l-stack l-stack-sm\">\n\n\t\t\t\t\t\t\t\t\t\t\t\t\t<time class=\"c-card__date u-font-small\" datetime=\"2022-03-14\">14 mars, 2022<\/time>\n\t\t\t\t\t\t\n\t\t\t\t\t\t\t\t\t\t\t\t\t<h3 class=\"c-card__title u-font-title-3\">\n\t\t\t\t\t\t\t\t\t\t\t\t\t\t\t\t\t<a class=\"c-card__link\" href=\"https:\/\/noblaskolan.se\/saltsjo-boo\/artikel\/4-spannande-fakta-om-pi\/\">\n\t\t\t\t\t\t\t\t\t\t4 sp\u00e4nnande fakta om pi\n\t\t\t\t\t\t\t\t\t<\/a>\n\t\t\t\t\t\t\t\t\t\t\t\t\t\t\t<\/h3>\n\t\t\t\t\t\t\n\t\t\t\t\t\t\t\t\t\t\t\t\t<p class=\"c-card__text l-stack-xs u-font-body\">\n\t\t\t\t\t\t\t\tVisste du detta om pi och pi-dagen?\n\t\t\t\t\t\t\t<\/p>\n\t\t\t\t\t\t\n\t\t\t\t\t\t\t\t\t\t\t\t\t<ul class=\"c-card__tags l-stack-grow u-list-none u-pt-md\" aria-label=\"Kategorier\">\n\t\t\t\t\t\t\t\t\t\t\t\t\t\t\t\t\t<li><span class=\"c-tag\" data-variant=\"outline\">Allm\u00e4nt<\/span><\/li>\n\t\t\t\t\t\t\t\t\t\t\t\t\t\t\t<\/ul>\n\t\t\t\t\t\t\n\t\t\t\t\t\t<div class=\"c-card__icon\">\n\t\t\t\t\t\t\t\t\t\t\t\t\t\t<svg class=\"ams-icon ams-icon--arrow-right\" width=\"32\" height=\"32\" viewbox=\"0 0 32 32\" fill=\"currentColor\" aria-hidden=\"true\" xmlns=\"http:\/\/www.w3.org\/2000\/svg\">\n\t\t\t\t\t\t\t\t\t\t\t\t\t\t\t\t<path d=\"M15.4617 0.252159L14.9567 0.75931C14.6219 1.09545 14.6219 1.64048 14.9567 1.97669L27.7062 14.7806H0.857144C0.383786 14.7806 0 15.166 0 15.6414V16.3587C0 16.8341 0.383786 17.2195 0.857144 17.2195H27.7062L14.9567 30.0234C14.6219 30.3595 14.6219 30.9045 14.9567 31.2407L15.4617 31.7479C15.7964 32.084 16.3392 32.084 16.6739 31.7479L31.749 16.6087C32.0837 16.2725 32.0837 15.7275 31.749 15.3913L16.6739 0.252159C16.3392 -0.084053 15.7964 -0.084053 15.4617 0.252159Z\"\/>\n\t\t\t\t\t\t\t\n\t\t\t\t\t\t\t<\/svg>\n\t\t\t\t\t\t<\/div>\n\t\t\t\t\t<\/div>\n\n\t\t\t\t\t<div class=\"c-card__media \" style=\" \">\n\t\t\t\t\t\t<img decoding=\"async\" width=\"400\" height=\"167\" src=\"https:\/\/noblaskolan.se\/wp-content\/uploads\/sites\/28\/2022\/03\/noblaskolanpidagen-400x167.jpg\" class=\"attachment-sm size-sm\" alt=\"Pi-dagen 14 mars.\" sizes=\"(min-width: 64em) 300px, (min-width: 48em) calc(.50 * (100vw - 224px)), calc(100vw - 160px)\" srcset=\"https:\/\/noblaskolan.se\/wp-content\/uploads\/sites\/28\/2022\/03\/noblaskolanpidagen-400x167.jpg 400w, https:\/\/noblaskolan.se\/wp-content\/uploads\/sites\/28\/2022\/03\/noblaskolanpidagen-300x125.jpg 300w, https:\/\/noblaskolan.se\/wp-content\/uploads\/sites\/28\/2022\/03\/noblaskolanpidagen-600x250.jpg 600w, https:\/\/noblaskolan.se\/wp-content\/uploads\/sites\/28\/2022\/03\/noblaskolanpidagen-800x333.jpg 800w, https:\/\/noblaskolan.se\/wp-content\/uploads\/sites\/28\/2022\/03\/noblaskolanpidagen-1024x427.jpg 1024w, https:\/\/noblaskolan.se\/wp-content\/uploads\/sites\/28\/2022\/03\/noblaskolanpidagen-1200x500.jpg 1200w, https:\/\/noblaskolan.se\/wp-content\/uploads\/sites\/28\/2022\/03\/noblaskolanpidagen.jpg 1250w\" \/>\n\t\t\t\t\t<\/div>\n\t\t\t\t<\/article>\n\t\t\t<\/li>\n\t\t\t\t\t\t\t\t\t\t\t\t\t\t\t\t\t\n\t\t\t\n\t\t\t\n\t\t\t<li class=\"l-col-6@md l-col-4@lg \" data-filter=\"allmant februari-2022\">\n\t\t\t\t<article class=\"c-card  has-media-zoom  \" data-variant=\"border\" data-style=\"square\" data-click-area>\n\t\t\t\t\t<div class=\"c-card__content l-stack l-stack-sm\">\n\n\t\t\t\t\t\t\t\t\t\t\t\t\t<time class=\"c-card__date u-font-small\" datetime=\"2022-02-28\">28 februari, 2022<\/time>\n\t\t\t\t\t\t\n\t\t\t\t\t\t\t\t\t\t\t\t\t<h3 class=\"c-card__title u-font-title-3\">\n\t\t\t\t\t\t\t\t\t\t\t\t\t\t\t\t\t<a class=\"c-card__link\" href=\"https:\/\/noblaskolan.se\/saltsjo-boo\/artikel\/lokal\/noblautmaningen-2\">\n\t\t\t\t\t\t\t\t\t\tNoblautmaningen\n\t\t\t\t\t\t\t\t\t<\/a>\n\t\t\t\t\t\t\t\t\t\t\t\t\t\t\t<\/h3>\n\t\t\t\t\t\t\n\t\t\t\t\t\t\t\t\t\t\t\t\t<p class=\"c-card__text l-stack-xs u-font-body\">\n\t\t\t\t\t\t\t\tP\u00e5 Noblaskolan tycker vi att det \u00e4r vikt&#8230;\n\t\t\t\t\t\t\t<\/p>\n\t\t\t\t\t\t\n\t\t\t\t\t\t\t\t\t\t\t\t\t<ul class=\"c-card__tags l-stack-grow u-list-none u-pt-md\" aria-label=\"Kategorier\">\n\t\t\t\t\t\t\t\t\t\t\t\t\t\t\t\t\t<li><span class=\"c-tag\" data-variant=\"outline\">Allm\u00e4nt<\/span><\/li>\n\t\t\t\t\t\t\t\t\t\t\t\t\t\t\t<\/ul>\n\t\t\t\t\t\t\n\t\t\t\t\t\t<div class=\"c-card__icon\">\n\t\t\t\t\t\t\t\t\t\t\t\t\t\t<svg class=\"ams-icon ams-icon--arrow-right\" width=\"32\" height=\"32\" viewbox=\"0 0 32 32\" fill=\"currentColor\" aria-hidden=\"true\" xmlns=\"http:\/\/www.w3.org\/2000\/svg\">\n\t\t\t\t\t\t\t\t\t\t\t\t\t\t\t\t<path d=\"M15.4617 0.252159L14.9567 0.75931C14.6219 1.09545 14.6219 1.64048 14.9567 1.97669L27.7062 14.7806H0.857144C0.383786 14.7806 0 15.166 0 15.6414V16.3587C0 16.8341 0.383786 17.2195 0.857144 17.2195H27.7062L14.9567 30.0234C14.6219 30.3595 14.6219 30.9045 14.9567 31.2407L15.4617 31.7479C15.7964 32.084 16.3392 32.084 16.6739 31.7479L31.749 16.6087C32.0837 16.2725 32.0837 15.7275 31.749 15.3913L16.6739 0.252159C16.3392 -0.084053 15.7964 -0.084053 15.4617 0.252159Z\"\/>\n\t\t\t\t\t\t\t\n\t\t\t\t\t\t\t<\/svg>\n\t\t\t\t\t\t<\/div>\n\t\t\t\t\t<\/div>\n\n\t\t\t\t\t<div class=\"c-card__media \" style=\" \">\n\t\t\t\t\t\t<img decoding=\"async\" width=\"362\" height=\"272\" src=\"https:\/\/noblaskolan.se\/wp-content\/uploads\/2024\/04\/noblaskolan-artikelkort-363x272-1.png\" class=\"attachment-sm size-sm\" alt=\"Logotyp Noblaskolan.\" sizes=\"(min-width: 64em) 300px, (min-width: 48em) calc(.50 * (100vw - 224px)), calc(100vw - 160px)\" srcset=\"https:\/\/noblaskolan.se\/wp-content\/uploads\/2024\/04\/noblaskolan-artikelkort-363x272-1.png 362w, https:\/\/noblaskolan.se\/wp-content\/uploads\/2024\/04\/noblaskolan-artikelkort-363x272-1-300x225.png 300w\" \/>\n\t\t\t\t\t<\/div>\n\t\t\t\t<\/article>\n\t\t\t<\/li>\n\t\t\t\t\t\t\t\t\t\t\t\t\t\t\t\t\t\n\t\t\t\n\t\t\t\n\t\t\t<li class=\"l-col-6@md l-col-4@lg \" data-filter=\"allmant december-2021\">\n\t\t\t\t<article class=\"c-card  has-media-zoom  \" data-variant=\"border\" data-style=\"square\" data-click-area>\n\t\t\t\t\t<div class=\"c-card__content l-stack l-stack-sm\">\n\n\t\t\t\t\t\t\t\t\t\t\t\t\t<time class=\"c-card__date u-font-small\" datetime=\"2021-12-10\">10 december, 2021<\/time>\n\t\t\t\t\t\t\n\t\t\t\t\t\t\t\t\t\t\t\t\t<h3 class=\"c-card__title u-font-title-3\">\n\t\t\t\t\t\t\t\t\t\t\t\t\t\t\t\t\t<a class=\"c-card__link\" href=\"https:\/\/noblaskolan.se\/saltsjo-boo\/artikel\/lokal\/nobeldagen-2021\">\n\t\t\t\t\t\t\t\t\t\tNobeldagen 2021\n\t\t\t\t\t\t\t\t\t<\/a>\n\t\t\t\t\t\t\t\t\t\t\t\t\t\t\t<\/h3>\n\t\t\t\t\t\t\n\t\t\t\t\t\t\t\t\t\t\t\t\t<p class=\"c-card__text l-stack-xs u-font-body\">\n\t\t\t\t\t\t\t\tIdag firas Nobeldagen p\u00e5 m\u00e5nga skolor ru&#8230;\n\t\t\t\t\t\t\t<\/p>\n\t\t\t\t\t\t\n\t\t\t\t\t\t\t\t\t\t\t\t\t<ul class=\"c-card__tags l-stack-grow u-list-none u-pt-md\" aria-label=\"Kategorier\">\n\t\t\t\t\t\t\t\t\t\t\t\t\t\t\t\t\t<li><span class=\"c-tag\" data-variant=\"outline\">Allm\u00e4nt<\/span><\/li>\n\t\t\t\t\t\t\t\t\t\t\t\t\t\t\t<\/ul>\n\t\t\t\t\t\t\n\t\t\t\t\t\t<div class=\"c-card__icon\">\n\t\t\t\t\t\t\t\t\t\t\t\t\t\t<svg class=\"ams-icon ams-icon--arrow-right\" width=\"32\" height=\"32\" viewbox=\"0 0 32 32\" fill=\"currentColor\" aria-hidden=\"true\" xmlns=\"http:\/\/www.w3.org\/2000\/svg\">\n\t\t\t\t\t\t\t\t\t\t\t\t\t\t\t\t<path d=\"M15.4617 0.252159L14.9567 0.75931C14.6219 1.09545 14.6219 1.64048 14.9567 1.97669L27.7062 14.7806H0.857144C0.383786 14.7806 0 15.166 0 15.6414V16.3587C0 16.8341 0.383786 17.2195 0.857144 17.2195H27.7062L14.9567 30.0234C14.6219 30.3595 14.6219 30.9045 14.9567 31.2407L15.4617 31.7479C15.7964 32.084 16.3392 32.084 16.6739 31.7479L31.749 16.6087C32.0837 16.2725 32.0837 15.7275 31.749 15.3913L16.6739 0.252159C16.3392 -0.084053 15.7964 -0.084053 15.4617 0.252159Z\"\/>\n\t\t\t\t\t\t\t\n\t\t\t\t\t\t\t<\/svg>\n\t\t\t\t\t\t<\/div>\n\t\t\t\t\t<\/div>\n\n\t\t\t\t\t<div class=\"c-card__media \" style=\" \">\n\t\t\t\t\t\t<img decoding=\"async\" width=\"400\" height=\"400\" src=\"https:\/\/noblaskolan.se\/wp-content\/uploads\/2021\/11\/1-400x400.jpg\" class=\"attachment-sm size-sm\" alt=\"Bild med texten: N\u00e5got du kanske inte visste om Nobeldagen!\" sizes=\"(min-width: 64em) 300px, (min-width: 48em) calc(.50 * (100vw - 224px)), calc(100vw - 160px)\" srcset=\"https:\/\/noblaskolan.se\/wp-content\/uploads\/2021\/11\/1-400x400.jpg 400w, https:\/\/noblaskolan.se\/wp-content\/uploads\/2021\/11\/1-150x150.jpg 150w, https:\/\/noblaskolan.se\/wp-content\/uploads\/2021\/11\/1-300x300.jpg 300w, https:\/\/noblaskolan.se\/wp-content\/uploads\/2021\/11\/1-600x600.jpg 600w, https:\/\/noblaskolan.se\/wp-content\/uploads\/2021\/11\/1-800x800.jpg 800w, https:\/\/noblaskolan.se\/wp-content\/uploads\/2021\/11\/1-1024x1024.jpg 1024w, https:\/\/noblaskolan.se\/wp-content\/uploads\/2021\/11\/1.jpg 1080w\" \/>\n\t\t\t\t\t<\/div>\n\t\t\t\t<\/article>\n\t\t\t<\/li>\n\t\t\t\t\t\t\t\t\t\t\t\t\t\t\t\t\t\n\t\t\t\n\t\t\t\n\t\t\t<li class=\"l-col-6@md l-col-4@lg \" data-filter=\"allmant november-2021\">\n\t\t\t\t<article class=\"c-card  has-media-zoom  \" data-variant=\"border\" data-style=\"square\" data-click-area>\n\t\t\t\t\t<div class=\"c-card__content l-stack l-stack-sm\">\n\n\t\t\t\t\t\t\t\t\t\t\t\t\t<time class=\"c-card__date u-font-small\" datetime=\"2021-11-18\">18 november, 2021<\/time>\n\t\t\t\t\t\t\n\t\t\t\t\t\t\t\t\t\t\t\t\t<h3 class=\"c-card__title u-font-title-3\">\n\t\t\t\t\t\t\t\t\t\t\t\t\t\t\t\t\t<a class=\"c-card__link\" href=\"https:\/\/noblaskolan.se\/saltsjo-boo\/artikel\/lokal\/noblakoden\">\n\t\t\t\t\t\t\t\t\t\tNoblakoden\n\t\t\t\t\t\t\t\t\t<\/a>\n\t\t\t\t\t\t\t\t\t\t\t\t\t\t\t<\/h3>\n\t\t\t\t\t\t\n\t\t\t\t\t\t\t\t\t\t\t\t\t<p class=\"c-card__text l-stack-xs u-font-body\">\n\t\t\t\t\t\t\t\tNoblakoden \u00e4r en gemensam f\u00f6rv\u00e4ntansbild&#8230;\n\t\t\t\t\t\t\t<\/p>\n\t\t\t\t\t\t\n\t\t\t\t\t\t\t\t\t\t\t\t\t<ul class=\"c-card__tags l-stack-grow u-list-none u-pt-md\" aria-label=\"Kategorier\">\n\t\t\t\t\t\t\t\t\t\t\t\t\t\t\t\t\t<li><span class=\"c-tag\" data-variant=\"outline\">Allm\u00e4nt<\/span><\/li>\n\t\t\t\t\t\t\t\t\t\t\t\t\t\t\t<\/ul>\n\t\t\t\t\t\t\n\t\t\t\t\t\t<div class=\"c-card__icon\">\n\t\t\t\t\t\t\t\t\t\t\t\t\t\t<svg class=\"ams-icon ams-icon--arrow-right\" width=\"32\" height=\"32\" viewbox=\"0 0 32 32\" fill=\"currentColor\" aria-hidden=\"true\" xmlns=\"http:\/\/www.w3.org\/2000\/svg\">\n\t\t\t\t\t\t\t\t\t\t\t\t\t\t\t\t<path d=\"M15.4617 0.252159L14.9567 0.75931C14.6219 1.09545 14.6219 1.64048 14.9567 1.97669L27.7062 14.7806H0.857144C0.383786 14.7806 0 15.166 0 15.6414V16.3587C0 16.8341 0.383786 17.2195 0.857144 17.2195H27.7062L14.9567 30.0234C14.6219 30.3595 14.6219 30.9045 14.9567 31.2407L15.4617 31.7479C15.7964 32.084 16.3392 32.084 16.6739 31.7479L31.749 16.6087C32.0837 16.2725 32.0837 15.7275 31.749 15.3913L16.6739 0.252159C16.3392 -0.084053 15.7964 -0.084053 15.4617 0.252159Z\"\/>\n\t\t\t\t\t\t\t\n\t\t\t\t\t\t\t<\/svg>\n\t\t\t\t\t\t<\/div>\n\t\t\t\t\t<\/div>\n\n\t\t\t\t\t<div class=\"c-card__media \" style=\" \">\n\t\t\t\t\t\t<img decoding=\"async\" width=\"362\" height=\"272\" src=\"https:\/\/noblaskolan.se\/wp-content\/uploads\/2024\/04\/noblaskolan-artikelkort-363x272-1.png\" class=\"attachment-sm size-sm\" alt=\"Logotyp Noblaskolan.\" sizes=\"(min-width: 64em) 300px, (min-width: 48em) calc(.50 * (100vw - 224px)), calc(100vw - 160px)\" srcset=\"https:\/\/noblaskolan.se\/wp-content\/uploads\/2024\/04\/noblaskolan-artikelkort-363x272-1.png 362w, https:\/\/noblaskolan.se\/wp-content\/uploads\/2024\/04\/noblaskolan-artikelkort-363x272-1-300x225.png 300w\" \/>\n\t\t\t\t\t<\/div>\n\t\t\t\t<\/article>\n\t\t\t<\/li>\n\t\t\t\t\t\t\t\t\t\t\t\t\t\t\t\t\t\n\t\t\t\n\t\t\t\n\t\t\t<li class=\"l-col-6@md l-col-4@lg \" data-filter=\"allmant september-2021\">\n\t\t\t\t<article class=\"c-card  has-media-zoom  \" data-variant=\"border\" data-style=\"square\" data-click-area>\n\t\t\t\t\t<div class=\"c-card__content l-stack l-stack-sm\">\n\n\t\t\t\t\t\t\t\t\t\t\t\t\t<time class=\"c-card__date u-font-small\" datetime=\"2021-09-16\">16 september, 2021<\/time>\n\t\t\t\t\t\t\n\t\t\t\t\t\t\t\t\t\t\t\t\t<h3 class=\"c-card__title u-font-title-3\">\n\t\t\t\t\t\t\t\t\t\t\t\t\t\t\t\t\t<a class=\"c-card__link\" href=\"https:\/\/noblaskolan.se\/saltsjo-boo\/artikel\/lokal\/noblautmaningen\">\n\t\t\t\t\t\t\t\t\t\tNoblautmaningen\n\t\t\t\t\t\t\t\t\t<\/a>\n\t\t\t\t\t\t\t\t\t\t\t\t\t\t\t<\/h3>\n\t\t\t\t\t\t\n\t\t\t\t\t\t\t\t\t\t\t\t\t<p class=\"c-card__text l-stack-xs u-font-body\">\n\t\t\t\t\t\t\t\tVi vill l\u00e4gga den b\u00e4sta t\u00e4nkbara grunden&#8230;\n\t\t\t\t\t\t\t<\/p>\n\t\t\t\t\t\t\n\t\t\t\t\t\t\t\t\t\t\t\t\t<ul class=\"c-card__tags l-stack-grow u-list-none u-pt-md\" aria-label=\"Kategorier\">\n\t\t\t\t\t\t\t\t\t\t\t\t\t\t\t\t\t<li><span class=\"c-tag\" data-variant=\"outline\">Allm\u00e4nt<\/span><\/li>\n\t\t\t\t\t\t\t\t\t\t\t\t\t\t\t<\/ul>\n\t\t\t\t\t\t\n\t\t\t\t\t\t<div class=\"c-card__icon\">\n\t\t\t\t\t\t\t\t\t\t\t\t\t\t<svg class=\"ams-icon ams-icon--arrow-right\" width=\"32\" height=\"32\" viewbox=\"0 0 32 32\" fill=\"currentColor\" aria-hidden=\"true\" xmlns=\"http:\/\/www.w3.org\/2000\/svg\">\n\t\t\t\t\t\t\t\t\t\t\t\t\t\t\t\t<path d=\"M15.4617 0.252159L14.9567 0.75931C14.6219 1.09545 14.6219 1.64048 14.9567 1.97669L27.7062 14.7806H0.857144C0.383786 14.7806 0 15.166 0 15.6414V16.3587C0 16.8341 0.383786 17.2195 0.857144 17.2195H27.7062L14.9567 30.0234C14.6219 30.3595 14.6219 30.9045 14.9567 31.2407L15.4617 31.7479C15.7964 32.084 16.3392 32.084 16.6739 31.7479L31.749 16.6087C32.0837 16.2725 32.0837 15.7275 31.749 15.3913L16.6739 0.252159C16.3392 -0.084053 15.7964 -0.084053 15.4617 0.252159Z\"\/>\n\t\t\t\t\t\t\t\n\t\t\t\t\t\t\t<\/svg>\n\t\t\t\t\t\t<\/div>\n\t\t\t\t\t<\/div>\n\n\t\t\t\t\t<div class=\"c-card__media \" style=\" \">\n\t\t\t\t\t\t<img decoding=\"async\" width=\"362\" height=\"272\" src=\"https:\/\/noblaskolan.se\/wp-content\/uploads\/2024\/04\/noblaskolan-artikelkort-363x272-1.png\" class=\"attachment-sm size-sm\" alt=\"Logotyp Noblaskolan.\" sizes=\"(min-width: 64em) 300px, (min-width: 48em) calc(.50 * (100vw - 224px)), calc(100vw - 160px)\" srcset=\"https:\/\/noblaskolan.se\/wp-content\/uploads\/2024\/04\/noblaskolan-artikelkort-363x272-1.png 362w, https:\/\/noblaskolan.se\/wp-content\/uploads\/2024\/04\/noblaskolan-artikelkort-363x272-1-300x225.png 300w\" \/>\n\t\t\t\t\t<\/div>\n\t\t\t\t<\/article>\n\t\t\t<\/li>\n\t\t\t\t\t\t\t\t\t\t\t\t\t\t\t\t\t\n\t\t\t\n\t\t\t\n\t\t\t<li class=\"l-col-6@md l-col-4@lg \" data-filter=\"forskola maj-2021\">\n\t\t\t\t<article class=\"c-card  has-media-zoom  \" data-variant=\"border\" data-style=\"square\" data-click-area>\n\t\t\t\t\t<div class=\"c-card__content l-stack l-stack-sm\">\n\n\t\t\t\t\t\t\t\t\t\t\t\t\t<time class=\"c-card__date u-font-small\" datetime=\"2021-05-20\">20 maj, 2021<\/time>\n\t\t\t\t\t\t\n\t\t\t\t\t\t\t\t\t\t\t\t\t<h3 class=\"c-card__title u-font-title-3\">\n\t\t\t\t\t\t\t\t\t\t\t\t\t\t\t\t\t<a class=\"c-card__link\" href=\"https:\/\/noblaskolan.se\/saltsjo-boo\/artikel\/lokal\/noblaskolan-firar-forskolans-dag\">\n\t\t\t\t\t\t\t\t\t\tNoblaskolan firar f\u00f6rskolans dag\n\t\t\t\t\t\t\t\t\t<\/a>\n\t\t\t\t\t\t\t\t\t\t\t\t\t\t\t<\/h3>\n\t\t\t\t\t\t\n\t\t\t\t\t\t\t\t\t\t\t\t\t<p class=\"c-card__text l-stack-xs u-font-body\">\n\t\t\t\t\t\t\t\tVi p\u00e5 Noblaskolan vill skapa r\u00e4tt f\u00f6ruts\u00e4ttningar &#8230;\n\t\t\t\t\t\t\t<\/p>\n\t\t\t\t\t\t\n\t\t\t\t\t\t\t\t\t\t\t\t\t<ul class=\"c-card__tags l-stack-grow u-list-none u-pt-md\" aria-label=\"Kategorier\">\n\t\t\t\t\t\t\t\t\t\t\t\t\t\t\t\t\t<li><span class=\"c-tag\" data-variant=\"outline\">F\u00f6rskola<\/span><\/li>\n\t\t\t\t\t\t\t\t\t\t\t\t\t\t\t<\/ul>\n\t\t\t\t\t\t\n\t\t\t\t\t\t<div class=\"c-card__icon\">\n\t\t\t\t\t\t\t\t\t\t\t\t\t\t<svg class=\"ams-icon ams-icon--arrow-right\" width=\"32\" height=\"32\" viewbox=\"0 0 32 32\" fill=\"currentColor\" aria-hidden=\"true\" xmlns=\"http:\/\/www.w3.org\/2000\/svg\">\n\t\t\t\t\t\t\t\t\t\t\t\t\t\t\t\t<path d=\"M15.4617 0.252159L14.9567 0.75931C14.6219 1.09545 14.6219 1.64048 14.9567 1.97669L27.7062 14.7806H0.857144C0.383786 14.7806 0 15.166 0 15.6414V16.3587C0 16.8341 0.383786 17.2195 0.857144 17.2195H27.7062L14.9567 30.0234C14.6219 30.3595 14.6219 30.9045 14.9567 31.2407L15.4617 31.7479C15.7964 32.084 16.3392 32.084 16.6739 31.7479L31.749 16.6087C32.0837 16.2725 32.0837 15.7275 31.749 15.3913L16.6739 0.252159C16.3392 -0.084053 15.7964 -0.084053 15.4617 0.252159Z\"\/>\n\t\t\t\t\t\t\t\n\t\t\t\t\t\t\t<\/svg>\n\t\t\t\t\t\t<\/div>\n\t\t\t\t\t<\/div>\n\n\t\t\t\t\t<div class=\"c-card__media \" style=\" \">\n\t\t\t\t\t\t<img decoding=\"async\" width=\"362\" height=\"272\" src=\"https:\/\/noblaskolan.se\/wp-content\/uploads\/2024\/04\/noblaskolan-artikelkort-363x272-1.png\" class=\"attachment-sm size-sm\" alt=\"Logotyp Noblaskolan.\" sizes=\"(min-width: 64em) 300px, (min-width: 48em) calc(.50 * (100vw - 224px)), calc(100vw - 160px)\" srcset=\"https:\/\/noblaskolan.se\/wp-content\/uploads\/2024\/04\/noblaskolan-artikelkort-363x272-1.png 362w, https:\/\/noblaskolan.se\/wp-content\/uploads\/2024\/04\/noblaskolan-artikelkort-363x272-1-300x225.png 300w\" \/>\n\t\t\t\t\t<\/div>\n\t\t\t\t<\/article>\n\t\t\t<\/li>\n\t\t\t\t\t\t\t\t\t\t\t\t\t\t\t\t\t\n\t\t\t\n\t\t\t\n\t\t\t<li class=\"l-col-6@md l-col-4@lg \" data-filter=\"allmant maj-2021\">\n\t\t\t\t<article class=\"c-card  has-media-zoom  \" data-variant=\"border\" data-style=\"square\" data-click-area>\n\t\t\t\t\t<div class=\"c-card__content l-stack l-stack-sm\">\n\n\t\t\t\t\t\t\t\t\t\t\t\t\t<time class=\"c-card__date u-font-small\" datetime=\"2021-05-11\">11 maj, 2021<\/time>\n\t\t\t\t\t\t\n\t\t\t\t\t\t\t\t\t\t\t\t\t<h3 class=\"c-card__title u-font-title-3\">\n\t\t\t\t\t\t\t\t\t\t\t\t\t\t\t\t\t<a class=\"c-card__link\" href=\"https:\/\/noblaskolan.se\/saltsjo-boo\/artikel\/lokal\/idag-firas-fritidshemmens-dag\">\n\t\t\t\t\t\t\t\t\t\tIdag firas fritidshemmens dag\n\t\t\t\t\t\t\t\t\t<\/a>\n\t\t\t\t\t\t\t\t\t\t\t\t\t\t\t<\/h3>\n\t\t\t\t\t\t\n\t\t\t\t\t\t\t\t\t\t\t\t\t<p class=\"c-card__text l-stack-xs u-font-body\">\n\t\t\t\t\t\t\t\tFritidshemmets undervisningsform \u00e4r en b&#8230;\n\t\t\t\t\t\t\t<\/p>\n\t\t\t\t\t\t\n\t\t\t\t\t\t\t\t\t\t\t\t\t<ul class=\"c-card__tags l-stack-grow u-list-none u-pt-md\" aria-label=\"Kategorier\">\n\t\t\t\t\t\t\t\t\t\t\t\t\t\t\t\t\t<li><span class=\"c-tag\" data-variant=\"outline\">Allm\u00e4nt<\/span><\/li>\n\t\t\t\t\t\t\t\t\t\t\t\t\t\t\t<\/ul>\n\t\t\t\t\t\t\n\t\t\t\t\t\t<div class=\"c-card__icon\">\n\t\t\t\t\t\t\t\t\t\t\t\t\t\t<svg class=\"ams-icon ams-icon--arrow-right\" width=\"32\" height=\"32\" viewbox=\"0 0 32 32\" fill=\"currentColor\" aria-hidden=\"true\" xmlns=\"http:\/\/www.w3.org\/2000\/svg\">\n\t\t\t\t\t\t\t\t\t\t\t\t\t\t\t\t<path d=\"M15.4617 0.252159L14.9567 0.75931C14.6219 1.09545 14.6219 1.64048 14.9567 1.97669L27.7062 14.7806H0.857144C0.383786 14.7806 0 15.166 0 15.6414V16.3587C0 16.8341 0.383786 17.2195 0.857144 17.2195H27.7062L14.9567 30.0234C14.6219 30.3595 14.6219 30.9045 14.9567 31.2407L15.4617 31.7479C15.7964 32.084 16.3392 32.084 16.6739 31.7479L31.749 16.6087C32.0837 16.2725 32.0837 15.7275 31.749 15.3913L16.6739 0.252159C16.3392 -0.084053 15.7964 -0.084053 15.4617 0.252159Z\"\/>\n\t\t\t\t\t\t\t\n\t\t\t\t\t\t\t<\/svg>\n\t\t\t\t\t\t<\/div>\n\t\t\t\t\t<\/div>\n\n\t\t\t\t\t<div class=\"c-card__media \" style=\" \">\n\t\t\t\t\t\t<img decoding=\"async\" width=\"362\" height=\"272\" src=\"https:\/\/noblaskolan.se\/wp-content\/uploads\/2024\/04\/noblaskolan-artikelkort-363x272-1.png\" class=\"attachment-sm size-sm\" alt=\"Logotyp Noblaskolan.\" sizes=\"(min-width: 64em) 300px, (min-width: 48em) calc(.50 * (100vw - 224px)), calc(100vw - 160px)\" srcset=\"https:\/\/noblaskolan.se\/wp-content\/uploads\/2024\/04\/noblaskolan-artikelkort-363x272-1.png 362w, https:\/\/noblaskolan.se\/wp-content\/uploads\/2024\/04\/noblaskolan-artikelkort-363x272-1-300x225.png 300w\" \/>\n\t\t\t\t\t<\/div>\n\t\t\t\t<\/article>\n\t\t\t<\/li>\n\t\t\t\t\t\t\t\t\t\t\t\t\t\t\t\t\t\n\t\t\t\n\t\t\t\n\t\t\t<li class=\"l-col-6@md l-col-4@lg \" data-filter=\"skolvalet februari-2021\">\n\t\t\t\t<article class=\"c-card  has-media-zoom  \" data-variant=\"border\" data-style=\"square\" data-click-area>\n\t\t\t\t\t<div class=\"c-card__content l-stack l-stack-sm\">\n\n\t\t\t\t\t\t\t\t\t\t\t\t\t<time class=\"c-card__date u-font-small\" datetime=\"2021-02-15\">15 februari, 2021<\/time>\n\t\t\t\t\t\t\n\t\t\t\t\t\t\t\t\t\t\t\t\t<h3 class=\"c-card__title u-font-title-3\">\n\t\t\t\t\t\t\t\t\t\t\t\t\t\t\t\t\t<a class=\"c-card__link\" href=\"https:\/\/noblaskolan.se\/saltsjo-boo\/artikel\/lokal\/skolvalet-sa-gar-det-till\">\n\t\t\t\t\t\t\t\t\t\tSkolvalet &#8211; s\u00e5 g\u00e5r det till \n\t\t\t\t\t\t\t\t\t<\/a>\n\t\t\t\t\t\t\t\t\t\t\t\t\t\t\t<\/h3>\n\t\t\t\t\t\t\n\t\t\t\t\t\t\t\t\t\t\t\t\t<p class=\"c-card__text l-stack-xs u-font-body\">\n\t\t\t\t\t\t\t\tVi har samlat information om skolvalet. \n\t\t\t\t\t\t\t<\/p>\n\t\t\t\t\t\t\n\t\t\t\t\t\t\t\t\t\t\t\t\t<ul class=\"c-card__tags l-stack-grow u-list-none u-pt-md\" aria-label=\"Kategorier\">\n\t\t\t\t\t\t\t\t\t\t\t\t\t\t\t\t\t<li><span class=\"c-tag\" data-variant=\"outline\">Skolvalet<\/span><\/li>\n\t\t\t\t\t\t\t\t\t\t\t\t\t\t\t<\/ul>\n\t\t\t\t\t\t\n\t\t\t\t\t\t<div class=\"c-card__icon\">\n\t\t\t\t\t\t\t\t\t\t\t\t\t\t<svg class=\"ams-icon ams-icon--arrow-right\" width=\"32\" height=\"32\" viewbox=\"0 0 32 32\" fill=\"currentColor\" aria-hidden=\"true\" xmlns=\"http:\/\/www.w3.org\/2000\/svg\">\n\t\t\t\t\t\t\t\t\t\t\t\t\t\t\t\t<path d=\"M15.4617 0.252159L14.9567 0.75931C14.6219 1.09545 14.6219 1.64048 14.9567 1.97669L27.7062 14.7806H0.857144C0.383786 14.7806 0 15.166 0 15.6414V16.3587C0 16.8341 0.383786 17.2195 0.857144 17.2195H27.7062L14.9567 30.0234C14.6219 30.3595 14.6219 30.9045 14.9567 31.2407L15.4617 31.7479C15.7964 32.084 16.3392 32.084 16.6739 31.7479L31.749 16.6087C32.0837 16.2725 32.0837 15.7275 31.749 15.3913L16.6739 0.252159C16.3392 -0.084053 15.7964 -0.084053 15.4617 0.252159Z\"\/>\n\t\t\t\t\t\t\t\n\t\t\t\t\t\t\t<\/svg>\n\t\t\t\t\t\t<\/div>\n\t\t\t\t\t<\/div>\n\n\t\t\t\t\t<div class=\"c-card__media \" style=\" \">\n\t\t\t\t\t\t<img decoding=\"async\" width=\"362\" height=\"272\" src=\"https:\/\/noblaskolan.se\/wp-content\/uploads\/2024\/04\/noblaskolan-artikelkort-363x272-1.png\" class=\"attachment-sm size-sm\" alt=\"Logotyp Noblaskolan.\" sizes=\"(min-width: 64em) 300px, (min-width: 48em) calc(.50 * (100vw - 224px)), calc(100vw - 160px)\" srcset=\"https:\/\/noblaskolan.se\/wp-content\/uploads\/2024\/04\/noblaskolan-artikelkort-363x272-1.png 362w, https:\/\/noblaskolan.se\/wp-content\/uploads\/2024\/04\/noblaskolan-artikelkort-363x272-1-300x225.png 300w\" \/>\n\t\t\t\t\t<\/div>\n\t\t\t\t<\/article>\n\t\t\t<\/li>\n\t\t\t\t\t\t\t\t\t\t\t\t\t\t\t\t\t\n\t\t\t\n\t\t\t\n\t\t\t<li class=\"l-col-6@md l-col-4@lg \" data-filter=\"allmant december-2020\">\n\t\t\t\t<article class=\"c-card  has-media-zoom  \" data-variant=\"border\" data-style=\"square\" data-click-area>\n\t\t\t\t\t<div class=\"c-card__content l-stack l-stack-sm\">\n\n\t\t\t\t\t\t\t\t\t\t\t\t\t<time class=\"c-card__date u-font-small\" datetime=\"2020-12-10\">10 december, 2020<\/time>\n\t\t\t\t\t\t\n\t\t\t\t\t\t\t\t\t\t\t\t\t<h3 class=\"c-card__title u-font-title-3\">\n\t\t\t\t\t\t\t\t\t\t\t\t\t\t\t\t\t<a class=\"c-card__link\" href=\"https:\/\/noblaskolan.se\/saltsjo-boo\/artikel\/lokal\/noblaskolan-uppmarksammar-nobeldagen\">\n\t\t\t\t\t\t\t\t\t\tNobeldagen p\u00e5 Noblaskolan Nya &#8230;\n\t\t\t\t\t\t\t\t\t<\/a>\n\t\t\t\t\t\t\t\t\t\t\t\t\t\t\t<\/h3>\n\t\t\t\t\t\t\n\t\t\t\t\t\t\t\t\t\t\t\t\t<p class=\"c-card__text l-stack-xs u-font-body\">\n\t\t\t\t\t\t\t\tNoblaskolan uppm\u00e4rksammar Nobeldagen! P\u00e5 Noblaskolan Nya Hov\u00e5s har eleverna arbetat med Nobel och vetenskapliga traditioner under f\u00f6rmiddagen f\u00f6r att avsluta med en prisutdelning. Rektor Katja l\u00e4ste upp nomineringar och vinnare via l\u00e4nk och hela skolan kunde d\u00e5 f\u00f6lja n\u00e4r priser delades ut i \u00e4mnena litteratur, kemi\/fysik, ekonomi, kultur samt tv\u00e5 hederspriser i kategorierna Milj\u00f6priset och&#8230;\n\t\t\t\t\t\t\t<\/p>\n\t\t\t\t\t\t\n\t\t\t\t\t\t\t\t\t\t\t\t\t<ul class=\"c-card__tags l-stack-grow u-list-none u-pt-md\" aria-label=\"Kategorier\">\n\t\t\t\t\t\t\t\t\t\t\t\t\t\t\t\t\t<li><span class=\"c-tag\" data-variant=\"outline\">Allm\u00e4nt<\/span><\/li>\n\t\t\t\t\t\t\t\t\t\t\t\t\t\t\t<\/ul>\n\t\t\t\t\t\t\n\t\t\t\t\t\t<div class=\"c-card__icon\">\n\t\t\t\t\t\t\t\t\t\t\t\t\t\t<svg class=\"ams-icon ams-icon--arrow-right\" width=\"32\" height=\"32\" viewbox=\"0 0 32 32\" fill=\"currentColor\" aria-hidden=\"true\" xmlns=\"http:\/\/www.w3.org\/2000\/svg\">\n\t\t\t\t\t\t\t\t\t\t\t\t\t\t\t\t<path d=\"M15.4617 0.252159L14.9567 0.75931C14.6219 1.09545 14.6219 1.64048 14.9567 1.97669L27.7062 14.7806H0.857144C0.383786 14.7806 0 15.166 0 15.6414V16.3587C0 16.8341 0.383786 17.2195 0.857144 17.2195H27.7062L14.9567 30.0234C14.6219 30.3595 14.6219 30.9045 14.9567 31.2407L15.4617 31.7479C15.7964 32.084 16.3392 32.084 16.6739 31.7479L31.749 16.6087C32.0837 16.2725 32.0837 15.7275 31.749 15.3913L16.6739 0.252159C16.3392 -0.084053 15.7964 -0.084053 15.4617 0.252159Z\"\/>\n\t\t\t\t\t\t\t\n\t\t\t\t\t\t\t<\/svg>\n\t\t\t\t\t\t<\/div>\n\t\t\t\t\t<\/div>\n\n\t\t\t\t\t<div class=\"c-card__media \" style=\" \">\n\t\t\t\t\t\t<img decoding=\"async\" width=\"400\" height=\"420\" src=\"https:\/\/noblaskolan.se\/wp-content\/uploads\/2020\/12\/skarmavbild-2020-12-10-kl-162840-400x420.png\" class=\"attachment-sm size-sm\" alt=\"Elev p\u00e5 Noblaskolan som h\u00e5ller ett pris\" sizes=\"(min-width: 64em) 300px, (min-width: 48em) calc(.50 * (100vw - 224px)), calc(100vw - 160px)\" srcset=\"https:\/\/noblaskolan.se\/wp-content\/uploads\/2020\/12\/skarmavbild-2020-12-10-kl-162840-400x420.png 400w, https:\/\/noblaskolan.se\/wp-content\/uploads\/2020\/12\/skarmavbild-2020-12-10-kl-162840-300x315.png 300w, https:\/\/noblaskolan.se\/wp-content\/uploads\/2020\/12\/skarmavbild-2020-12-10-kl-162840-600x630.png 600w, https:\/\/noblaskolan.se\/wp-content\/uploads\/2020\/12\/skarmavbild-2020-12-10-kl-162840.png 629w\" \/>\n\t\t\t\t\t<\/div>\n\t\t\t\t<\/article>\n\t\t\t<\/li>\n\t\t\t\t\t\t\t\t\t\t\t\t\t\t\t\t\t\n\t\t\t\n\t\t\t\n\t\t\t<li class=\"l-col-6@md l-col-4@lg \" data-filter=\"allmant intervjuer oktober-2020\">\n\t\t\t\t<article class=\"c-card  has-media-zoom  \" data-variant=\"border\" data-style=\"square\" data-click-area>\n\t\t\t\t\t<div class=\"c-card__content l-stack l-stack-sm\">\n\n\t\t\t\t\t\t\t\t\t\t\t\t\t<time class=\"c-card__date u-font-small\" datetime=\"2020-10-14\">14 oktober, 2020<\/time>\n\t\t\t\t\t\t\n\t\t\t\t\t\t\t\t\t\t\t\t\t<h3 class=\"c-card__title u-font-title-3\">\n\t\t\t\t\t\t\t\t\t\t\t\t\t\t\t\t\t<a class=\"c-card__link\" href=\"https:\/\/noblaskolan.se\/saltsjo-boo\/artikel\/lokal\/nu-lanseras-noblaskolan\">\n\t\t\t\t\t\t\t\t\t\tNu lanseras Noblaskolan!\n\t\t\t\t\t\t\t\t\t<\/a>\n\t\t\t\t\t\t\t\t\t\t\t\t\t\t\t<\/h3>\n\t\t\t\t\t\t\n\t\t\t\t\t\t\t\t\t\t\t\t\t<p class=\"c-card__text l-stack-xs u-font-body\">\n\t\t\t\t\t\t\t\tSkolchef Eva-Lotte Stavle om den nya profilen.\n\t\t\t\t\t\t\t<\/p>\n\t\t\t\t\t\t\n\t\t\t\t\t\t\t\t\t\t\t\t\t<ul class=\"c-card__tags l-stack-grow u-list-none u-pt-md\" aria-label=\"Kategorier\">\n\t\t\t\t\t\t\t\t\t\t\t\t\t\t\t\t\t<li><span class=\"c-tag\" data-variant=\"outline\">Allm\u00e4nt<\/span><\/li>\n\t\t\t\t\t\t\t\t\t\t\t\t\t\t\t\t\t<li><span class=\"c-tag\" data-variant=\"outline\">Intervjuer<\/span><\/li>\n\t\t\t\t\t\t\t\t\t\t\t\t\t\t\t<\/ul>\n\t\t\t\t\t\t\n\t\t\t\t\t\t<div class=\"c-card__icon\">\n\t\t\t\t\t\t\t\t\t\t\t\t\t\t<svg class=\"ams-icon ams-icon--arrow-right\" width=\"32\" height=\"32\" viewbox=\"0 0 32 32\" fill=\"currentColor\" aria-hidden=\"true\" xmlns=\"http:\/\/www.w3.org\/2000\/svg\">\n\t\t\t\t\t\t\t\t\t\t\t\t\t\t\t\t<path d=\"M15.4617 0.252159L14.9567 0.75931C14.6219 1.09545 14.6219 1.64048 14.9567 1.97669L27.7062 14.7806H0.857144C0.383786 14.7806 0 15.166 0 15.6414V16.3587C0 16.8341 0.383786 17.2195 0.857144 17.2195H27.7062L14.9567 30.0234C14.6219 30.3595 14.6219 30.9045 14.9567 31.2407L15.4617 31.7479C15.7964 32.084 16.3392 32.084 16.6739 31.7479L31.749 16.6087C32.0837 16.2725 32.0837 15.7275 31.749 15.3913L16.6739 0.252159C16.3392 -0.084053 15.7964 -0.084053 15.4617 0.252159Z\"\/>\n\t\t\t\t\t\t\t\n\t\t\t\t\t\t\t<\/svg>\n\t\t\t\t\t\t<\/div>\n\t\t\t\t\t<\/div>\n\n\t\t\t\t\t<div class=\"c-card__media \" style=\" \">\n\t\t\t\t\t\t<img decoding=\"async\" width=\"400\" height=\"326\" src=\"https:\/\/noblaskolan.se\/wp-content\/uploads\/2020\/10\/eva-lotte-400x326.jpg\" class=\"attachment-sm size-sm\" alt=\"En l\u00e4rare p\u00e5 Noblaskolan\" sizes=\"(min-width: 64em) 300px, (min-width: 48em) calc(.50 * (100vw - 224px)), calc(100vw - 160px)\" srcset=\"https:\/\/noblaskolan.se\/wp-content\/uploads\/2020\/10\/eva-lotte-400x326.jpg 400w, https:\/\/noblaskolan.se\/wp-content\/uploads\/2020\/10\/eva-lotte-300x245.jpg 300w, https:\/\/noblaskolan.se\/wp-content\/uploads\/2020\/10\/eva-lotte-600x489.jpg 600w, https:\/\/noblaskolan.se\/wp-content\/uploads\/2020\/10\/eva-lotte.jpg 682w\" \/>\n\t\t\t\t\t<\/div>\n\t\t\t\t<\/article>\n\t\t\t<\/li>\n\t\t\t\t\t\t\t\t\t\t\t\t\t\t\t\t\t\n\t\t\t\n\t\t\t\n\t\t\t<li class=\"l-col-6@md l-col-4@lg \" data-filter=\"intervjuer oktober-2020\">\n\t\t\t\t<article class=\"c-card  has-media-zoom  \" data-variant=\"border\" data-style=\"square\" data-click-area>\n\t\t\t\t\t<div class=\"c-card__content l-stack l-stack-sm\">\n\n\t\t\t\t\t\t\t\t\t\t\t\t\t<time class=\"c-card__date u-font-small\" datetime=\"2020-10-12\">12 oktober, 2020<\/time>\n\t\t\t\t\t\t\n\t\t\t\t\t\t\t\t\t\t\t\t\t<h3 class=\"c-card__title u-font-title-3\">\n\t\t\t\t\t\t\t\t\t\t\t\t\t\t\t\t\t<a class=\"c-card__link\" href=\"https:\/\/noblaskolan.se\/saltsjo-boo\/artikel\/intervju-med-rektor\/\">\n\t\t\t\t\t\t\t\t\t\tS\u00e4g hej till skolans rektor\n\t\t\t\t\t\t\t\t\t<\/a>\n\t\t\t\t\t\t\t\t\t\t\t\t\t\t\t<\/h3>\n\t\t\t\t\t\t\n\t\t\t\t\t\t\t\t\t\t\t\t\t<p class=\"c-card__text l-stack-xs u-font-body\">\n\t\t\t\t\t\t\t\tIntervju med Ulrika Z\u00e4tterqvist\n\t\t\t\t\t\t\t<\/p>\n\t\t\t\t\t\t\n\t\t\t\t\t\t\t\t\t\t\t\t\t<ul class=\"c-card__tags l-stack-grow u-list-none u-pt-md\" aria-label=\"Kategorier\">\n\t\t\t\t\t\t\t\t\t\t\t\t\t\t\t\t\t<li><span class=\"c-tag\" data-variant=\"outline\">Intervjuer<\/span><\/li>\n\t\t\t\t\t\t\t\t\t\t\t\t\t\t\t<\/ul>\n\t\t\t\t\t\t\n\t\t\t\t\t\t<div class=\"c-card__icon\">\n\t\t\t\t\t\t\t\t\t\t\t\t\t\t<svg class=\"ams-icon ams-icon--arrow-right\" width=\"32\" height=\"32\" viewbox=\"0 0 32 32\" fill=\"currentColor\" aria-hidden=\"true\" xmlns=\"http:\/\/www.w3.org\/2000\/svg\">\n\t\t\t\t\t\t\t\t\t\t\t\t\t\t\t\t<path d=\"M15.4617 0.252159L14.9567 0.75931C14.6219 1.09545 14.6219 1.64048 14.9567 1.97669L27.7062 14.7806H0.857144C0.383786 14.7806 0 15.166 0 15.6414V16.3587C0 16.8341 0.383786 17.2195 0.857144 17.2195H27.7062L14.9567 30.0234C14.6219 30.3595 14.6219 30.9045 14.9567 31.2407L15.4617 31.7479C15.7964 32.084 16.3392 32.084 16.6739 31.7479L31.749 16.6087C32.0837 16.2725 32.0837 15.7275 31.749 15.3913L16.6739 0.252159C16.3392 -0.084053 15.7964 -0.084053 15.4617 0.252159Z\"\/>\n\t\t\t\t\t\t\t\n\t\t\t\t\t\t\t<\/svg>\n\t\t\t\t\t\t<\/div>\n\t\t\t\t\t<\/div>\n\n\t\t\t\t\t<div class=\"c-card__media \" style=\" \">\n\t\t\t\t\t\t<img decoding=\"async\" width=\"400\" height=\"267\" src=\"https:\/\/noblaskolan.se\/wp-content\/uploads\/sites\/28\/2020\/10\/ulrikaz1-400x267.jpg\" class=\"attachment-sm size-sm\" alt=\"Personportr\u00e4tt.\" sizes=\"(min-width: 64em) 300px, (min-width: 48em) calc(.50 * (100vw - 224px)), calc(100vw - 160px)\" srcset=\"https:\/\/noblaskolan.se\/wp-content\/uploads\/sites\/28\/2020\/10\/ulrikaz1-400x267.jpg 400w, https:\/\/noblaskolan.se\/wp-content\/uploads\/sites\/28\/2020\/10\/ulrikaz1-300x200.jpg 300w, https:\/\/noblaskolan.se\/wp-content\/uploads\/sites\/28\/2020\/10\/ulrikaz1-600x400.jpg 600w, https:\/\/noblaskolan.se\/wp-content\/uploads\/sites\/28\/2020\/10\/ulrikaz1-800x533.jpg 800w, https:\/\/noblaskolan.se\/wp-content\/uploads\/sites\/28\/2020\/10\/ulrikaz1-1024x683.jpg 1024w, https:\/\/noblaskolan.se\/wp-content\/uploads\/sites\/28\/2020\/10\/ulrikaz1-1200x800.jpg 1200w, https:\/\/noblaskolan.se\/wp-content\/uploads\/sites\/28\/2020\/10\/ulrikaz1.jpg 1296w\" \/>\n\t\t\t\t\t<\/div>\n\t\t\t\t<\/article>\n\t\t\t<\/li>\n\t\t\t<\/ul>\n\n\t<div class=\"no-results u-mt-0 u-hide\" data-filter-fallback-id=\"ams-article-list-69ee15666a0d2\">\n\t<p>Det finns inga resultat som matchar din filtrering.<\/p>\n<\/div>\n\n\t\n\n\t\t\n\t\t\t<div class=\"ams-article__action u-inline-items\">\n\t\t\t\t\t\t\t\n\n\n<a href=\"https:\/\/noblaskolan.se\/saltsjo-boo\/artikel\/\"\n\t\n\tclass=\"c-btn \"\n\tdata-style=\"round\"\n\tdata-size=\"md\"\n\tdata-width=\"full-mobile\"\n\tdata-variant=\"outline\"\n\ttarget=\"_self\">\n\t\t\t<span class=\"label\"> Se alla nyheter<\/span>\n\t\t\t<\/a>\n\t\t\t<\/div>\n\t<\/div>\n\n\t\t\n\n<\/section>\n\n\n\n\n<section  class=\"ams-social-media-feed c-block l-stacked\" data-color-scheme=\"nyans1_av_p2\">\n\t<div class=\"l-container l-stack l-stack-fluid-2xl u-pt-fluid-3xl-6xl u-pb-fluid-3xl-6xl is-center is-center@md\">\n\t\t\t\t\t<div class=\"ams-social-media-feed__intro l-stack l-stack-lg\">\n\t\t\t\t\t\n\t<h2\n\tclass=\"c-heading u-font-title-1 \"\n\tstyle=\"\">\n\t\t\n\t\t\t\t\tSe vad som h\u00e4nder hos oss\n\t\t\t\t\n\t<\/h2>\n\n\t\t\t\t\t\t\t<\/div>\n\t\t\n\t\t\t\t\t<div class=\"elfsight-app-a67b8e22-7621-4efc-8591-90714c8c67bf\"><\/div>\n\t\n\t\t\t<\/div>\n\n\t\t\n\n<\/section>\n\n\n\n\t<div class=\"module_wrapper ams_remote_pages_module \">\n\t\t\n\t\n\t\n<section  class=\"ams-map ams-map--fifty c-block  media-bottom media-right \" data-color-scheme=\"ljusgron\" data-locations=\"[{&quot;id&quot;:&quot;503&quot;,&quot;county&quot;:&quot;Stockholm&quot;,&quot;city&quot;:null,&quot;school&quot;:&quot;Saltsj\\u00f6-Boo (Nacka) &quot;,&quot;title&quot;:&quot;Noblaskolan Saltsj\\u00f6-Boo (Nacka) &quot;,&quot;phone&quot;:&quot;087150451&quot;,&quot;phone_formatted&quot;:&quot;08-7150451&quot;,&quot;email&quot;:&quot;saltsjoboo@noblaskolan.se&quot;,&quot;visiting_address&quot;:{&quot;address&quot;:&quot;Hedenstr\\u00f6ms v\\u00e4g 1&quot;,&quot;zip_code&quot;:&quot;132 49&quot;,&quot;city&quot;:&quot;Saltsj\\u00f6-Boo&quot;},&quot;postal_address&quot;:{&quot;address&quot;:&quot;Hedenstr\\u00f6ms v\\u00e4g 1&quot;,&quot;zip_code&quot;:&quot;132 49&quot;,&quot;city&quot;:&quot;Saltsj\\u00f6-Boo&quot;},&quot;address_map&quot;:&quot;Hedenstr\\u00f6ms v\\u00e4g 1, Saltsj\\u00f6-boo, Sverige&quot;,&quot;lat&quot;:59.3058164,&quot;lng&quot;:18.2339961,&quot;link&quot;:{&quot;url&quot;:&quot;\\\/saltsjo-boo&quot;,&quot;text&quot;:&quot;L\\u00e4s mer om skolan&quot;}}]\">\n\t<div class=\"ams-map__content u-pt-fluid-2xl-4xl u-pb-fluid-2xl-4xl l-stack l-stack-fluid-xl is-left is-left@lg\">\n\t\t\t\n\t<h2\n\tclass=\"c-heading u-font-title-1 \"\n\tstyle=\"\">\n\t\t\n\t\t\t\t\tNoblaskolan Saltsj\u00f6-Boo\n\t\t\t\t\n\t<\/h2>\n\n\t\t\t\t\t<div class=\"c-text l-stack u-cs-xl u-font-body\">\n\t\t\t\t<p><strong>V\u00e5r verksamhet i Saltsj\u00f6-Boo har tre olika adresser:<br \/>\n<\/strong>F\u00f6rskola: Hedenstr\u00f6ms v\u00e4g 3, 132 49 Saltsj\u00f6-Boo<br \/>\nGrundskola F-6: Hedenstr\u00f6ms v\u00e4g 1, 132 49 Saltsj\u00f6-Boo<br \/>\nGrundskola 7-9: Tollare \u00c4ngsv\u00e4g 2, 132 49 Saltsj\u00f6-Boo<\/p>\n\n\t\t\t<\/div>\n\t\t\n\t\t\t\t\t<div class=\"contact-info l-stack\">\n\t\t\t\t\t\t\t\t\t<div class=\"contact-info__item\">\n\t\t\t\t\t\t<p class=\"contact-info__heading u-font-title-4\">\n\t\t\t\t\t\t\tPostadress\n\t\t\t\t\t\t<\/p>\n\t\t\t\t\t\t<p>\n\t\t\t\t\t\t\t\t\t\t\t\t\t\t\tHedenstr\u00f6ms v\u00e4g 1<br \/>\n\t\t\t\t\t\t\t\t\t\t\t\t\t\t132 49 Saltsj\u00f6-Boo\n\t\t\t\t\t\t<\/p>\n\t\t\t\t\t<\/div>\n\t\t\t\t\n\t\t\t\t\n\t\t\t\t\t\t\t\t\t<div class=\"contact-info__item\">\n\t\t\t\t\t\t<p class=\"contact-info__heading u-font-title-4\">\n\t\t\t\t\t\t\tKontakt\n\t\t\t\t\t\t<\/p>\n\t\t\t\t\t\t<p>\n\t\t\t\t\t\t\t\t\t\t\t\t\t\t\t<a href=\"tel:087150451\">08-7150451<\/a><br \/>\n\t\t\t\t\t\t\t\t\t\t\t\t\t\t\t\t\t\t\t\t\t\t<a href=\"mailto:saltsjoboo@noblaskolan.se\">saltsjoboo@noblaskolan.se<\/a>\n\t\t\t\t\t\t\t\t\t\t\t\t\t<\/p>\n\t\t\t\t\t<\/div>\n\t\t\t\t\t\t\t<\/div>\n\t\t\t<\/div>\n\n\t<div class=\"ams-map__media\">\n\t<\/div>\n<\/section>\n\t<\/div>\n\n\t","protected":false},"excerpt":{"rendered":"","protected":false},"author":1,"featured_media":0,"parent":0,"menu_order":0,"comment_status":"closed","ping_status":"closed","template":"","meta":{"footnotes":""},"yoast_head":"<!-- This site is optimized with the Yoast SEO plugin v22.0 - https:\/\/yoast.com\/wordpress\/plugins\/seo\/ -->\n<title>En skola i Nacka med h\u00f6ga ambitioner | Noblaskolan Saltsj\u00f6-Boo<\/title>\n<meta name=\"description\" content=\"Noblaskolan Saltsj\u00f6-Boo \u00e4r en f\u00f6rskola och skola i Nacka. Vi bedriver resultatinriktad undervisning genom att st\u00e4lla krav, st\u00f6tta och utmana.\" \/>\n<meta name=\"robots\" content=\"index, follow, max-snippet:-1, max-image-preview:large, max-video-preview:-1\" \/>\n<link rel=\"canonical\" href=\"https:\/\/noblaskolan.se\/saltsjo-boo\/\" \/>\n<meta property=\"og:locale\" content=\"sv_SE\" \/>\n<meta property=\"og:type\" content=\"article\" \/>\n<meta property=\"og:title\" content=\"En skola i Nacka med h\u00f6ga ambitioner | Noblaskolan Saltsj\u00f6-Boo\" \/>\n<meta property=\"og:description\" content=\"Noblaskolan Saltsj\u00f6-Boo \u00e4r en f\u00f6rskola och skola i Nacka. Vi bedriver resultatinriktad undervisning genom att st\u00e4lla krav, st\u00f6tta och utmana.\" \/>\n<meta property=\"og:url\" content=\"https:\/\/noblaskolan.se\/saltsjo-boo\/\" \/>\n<meta property=\"og:site_name\" content=\"Saltsj\u00f6-Boo\" \/>\n<meta property=\"article:modified_time\" content=\"2026-03-13T14:05:58+00:00\" \/>\n<meta name=\"twitter:card\" content=\"summary_large_image\" \/>\n<meta name=\"twitter:title\" content=\"En skola i Nacka med h\u00f6ga ambitioner | Noblaskolan Saltsj\u00f6-Boo\" \/>\n<meta name=\"twitter:description\" content=\"Noblaskolan Saltsj\u00f6-Boo \u00e4r en f\u00f6rskola och skola i Nacka. Vi bedriver resultatinriktad undervisning genom att st\u00e4lla krav, st\u00f6tta och utmana.\" \/>\n<meta name=\"twitter:label1\" content=\"Ber\u00e4knad l\u00e4stid\" \/>\n\t<meta name=\"twitter:data1\" content=\"2 minuter\" \/>\n<script type=\"application\/ld+json\" class=\"yoast-schema-graph\">{\"@context\":\"https:\/\/schema.org\",\"@graph\":[{\"@type\":\"WebPage\",\"@id\":\"https:\/\/noblaskolan.se\/saltsjo-boo\/\",\"url\":\"https:\/\/noblaskolan.se\/saltsjo-boo\/\",\"name\":\"En skola i Nacka med h\u00f6ga ambitioner | Noblaskolan Saltsj\u00f6-Boo\",\"isPartOf\":{\"@id\":\"https:\/\/noblaskolan.se\/saltsjo-boo\/#website\"},\"datePublished\":\"2020-09-01T20:03:42+00:00\",\"dateModified\":\"2026-03-13T14:05:58+00:00\",\"description\":\"Noblaskolan Saltsj\u00f6-Boo \u00e4r en f\u00f6rskola och skola i Nacka. Vi bedriver resultatinriktad undervisning genom att st\u00e4lla krav, st\u00f6tta och utmana.\",\"breadcrumb\":{\"@id\":\"https:\/\/noblaskolan.se\/saltsjo-boo\/#breadcrumb\"},\"inLanguage\":\"sv-SE\",\"potentialAction\":[{\"@type\":\"ReadAction\",\"target\":[\"https:\/\/noblaskolan.se\/saltsjo-boo\/\"]}]},{\"@type\":\"BreadcrumbList\",\"@id\":\"https:\/\/noblaskolan.se\/saltsjo-boo\/#breadcrumb\",\"itemListElement\":[{\"@type\":\"ListItem\",\"position\":1,\"name\":\"Start\",\"item\":\"https:\/\/noblaskolan.se\/saltsjo-boo\/\"},{\"@type\":\"ListItem\",\"position\":2,\"name\":\"Startsida\"}]},{\"@type\":\"WebSite\",\"@id\":\"https:\/\/noblaskolan.se\/saltsjo-boo\/#website\",\"url\":\"https:\/\/noblaskolan.se\/saltsjo-boo\/\",\"name\":\"Saltsj\u00f6-Boo\",\"description\":\"Noblaskolan Saltsj\u00f6-Boo\",\"potentialAction\":[{\"@type\":\"SearchAction\",\"target\":{\"@type\":\"EntryPoint\",\"urlTemplate\":\"https:\/\/noblaskolan.se\/saltsjo-boo\/?s={search_term_string}\"},\"query-input\":\"required name=search_term_string\"}],\"inLanguage\":\"sv-SE\"}]}<\/script>\n<!-- \/ Yoast SEO plugin. -->","yoast_head_json":{"title":"En skola i Nacka med h\u00f6ga ambitioner | Noblaskolan Saltsj\u00f6-Boo","description":"Noblaskolan Saltsj\u00f6-Boo \u00e4r en f\u00f6rskola och skola i Nacka. Vi bedriver resultatinriktad undervisning genom att st\u00e4lla krav, st\u00f6tta och utmana.","robots":{"index":"index","follow":"follow","max-snippet":"max-snippet:-1","max-image-preview":"max-image-preview:large","max-video-preview":"max-video-preview:-1"},"canonical":"https:\/\/noblaskolan.se\/saltsjo-boo\/","og_locale":"sv_SE","og_type":"article","og_title":"En skola i Nacka med h\u00f6ga ambitioner | Noblaskolan Saltsj\u00f6-Boo","og_description":"Noblaskolan Saltsj\u00f6-Boo \u00e4r en f\u00f6rskola och skola i Nacka. Vi bedriver resultatinriktad undervisning genom att st\u00e4lla krav, st\u00f6tta och utmana.","og_url":"https:\/\/noblaskolan.se\/saltsjo-boo\/","og_site_name":"Saltsj\u00f6-Boo","article_modified_time":"2026-03-13T14:05:58+00:00","twitter_card":"summary_large_image","twitter_title":"En skola i Nacka med h\u00f6ga ambitioner | Noblaskolan Saltsj\u00f6-Boo","twitter_description":"Noblaskolan Saltsj\u00f6-Boo \u00e4r en f\u00f6rskola och skola i Nacka. Vi bedriver resultatinriktad undervisning genom att st\u00e4lla krav, st\u00f6tta och utmana.","twitter_misc":{"Ber\u00e4knad l\u00e4stid":"2 minuter"},"schema":{"@context":"https:\/\/schema.org","@graph":[{"@type":"WebPage","@id":"https:\/\/noblaskolan.se\/saltsjo-boo\/","url":"https:\/\/noblaskolan.se\/saltsjo-boo\/","name":"En skola i Nacka med h\u00f6ga ambitioner | Noblaskolan Saltsj\u00f6-Boo","isPartOf":{"@id":"https:\/\/noblaskolan.se\/saltsjo-boo\/#website"},"datePublished":"2020-09-01T20:03:42+00:00","dateModified":"2026-03-13T14:05:58+00:00","description":"Noblaskolan Saltsj\u00f6-Boo \u00e4r en f\u00f6rskola och skola i Nacka. Vi bedriver resultatinriktad undervisning genom att st\u00e4lla krav, st\u00f6tta och utmana.","breadcrumb":{"@id":"https:\/\/noblaskolan.se\/saltsjo-boo\/#breadcrumb"},"inLanguage":"sv-SE","potentialAction":[{"@type":"ReadAction","target":["https:\/\/noblaskolan.se\/saltsjo-boo\/"]}]},{"@type":"BreadcrumbList","@id":"https:\/\/noblaskolan.se\/saltsjo-boo\/#breadcrumb","itemListElement":[{"@type":"ListItem","position":1,"name":"Start","item":"https:\/\/noblaskolan.se\/saltsjo-boo\/"},{"@type":"ListItem","position":2,"name":"Startsida"}]},{"@type":"WebSite","@id":"https:\/\/noblaskolan.se\/saltsjo-boo\/#website","url":"https:\/\/noblaskolan.se\/saltsjo-boo\/","name":"Saltsj\u00f6-Boo","description":"Noblaskolan Saltsj\u00f6-Boo","potentialAction":[{"@type":"SearchAction","target":{"@type":"EntryPoint","urlTemplate":"https:\/\/noblaskolan.se\/saltsjo-boo\/?s={search_term_string}"},"query-input":"required name=search_term_string"}],"inLanguage":"sv-SE"}]}},"_links":{"self":[{"href":"https:\/\/noblaskolan.se\/saltsjo-boo\/wp-json\/wp\/v2\/pages\/5"}],"collection":[{"href":"https:\/\/noblaskolan.se\/saltsjo-boo\/wp-json\/wp\/v2\/pages"}],"about":[{"href":"https:\/\/noblaskolan.se\/saltsjo-boo\/wp-json\/wp\/v2\/types\/page"}],"author":[{"embeddable":true,"href":"https:\/\/noblaskolan.se\/saltsjo-boo\/wp-json\/wp\/v2\/users\/1"}],"replies":[{"embeddable":true,"href":"https:\/\/noblaskolan.se\/saltsjo-boo\/wp-json\/wp\/v2\/comments?post=5"}],"version-history":[{"count":10,"href":"https:\/\/noblaskolan.se\/saltsjo-boo\/wp-json\/wp\/v2\/pages\/5\/revisions"}],"predecessor-version":[{"id":2702,"href":"https:\/\/noblaskolan.se\/saltsjo-boo\/wp-json\/wp\/v2\/pages\/5\/revisions\/2702"}],"wp:attachment":[{"href":"https:\/\/noblaskolan.se\/saltsjo-boo\/wp-json\/wp\/v2\/media?parent=5"}],"curies":[{"name":"wp","href":"https:\/\/api.w.org\/{rel}","templated":true}]}}