{"id":28,"date":"2020-09-01T22:07:29","date_gmt":"2020-09-01T20:07:29","guid":{"rendered":"https:\/\/noblaskolan.se\/ronninge\/?page_id=28"},"modified":"2026-03-24T09:58:58","modified_gmt":"2026-03-24T08:58:58","slug":"fritids","status":"publish","type":"page","link":"https:\/\/noblaskolan.se\/ronninge\/om\/fritids\/","title":{"rendered":"Fritids"},"content":{"rendered":"\n<div class=\"wp-block-columns is-layout-flex wp-container-core-columns-layout-1 wp-block-columns-is-layout-flex\">\n<div class=\"wp-block-column is-layout-flow wp-block-column-is-layout-flow\" style=\"flex-basis:100%\">\n<h1 class=\"wp-block-heading\">Fritids p\u00e5 Noblaskolan R\u00f6nninge<\/h1>\n\n\n\n<p   class=\"site__ingress container text-left  site__text-color--dark  site__free_text--ingress p-0\">\n\tP\u00e5 Noblaskolan tycker vi att fritids ska samverka med skolan f\u00f6r att stimulera elevernas lust att l\u00e4ra.<\/p>\n\n\n\n\n\n<p>P\u00e5 v\u00e5rt fritids erbjuds eleverna en meningsfull fritid och en h\u00e4rlig m\u00f6jlighet f\u00f6r social gemenskap, vilket \u00e4ven m\u00f6jligg\u00f6r f\u00f6r f\u00f6r\u00e4ldrar att f\u00f6rena f\u00f6r\u00e4ldraskap med arbete eller studier. Fritids erbjuder heldagsomsorg b\u00e5de innan och efter skoldagen.<\/p>\n<\/div>\n<\/div>\n\n\n\n\t\n\t\n\t\n\n\t\n\t\n\t\t\n<section  class=\"c-block l-stacked  \" data-color-scheme=\"transparent\">\n\t<div class=\"ams-fifty ams-fifty--container ams-fifty--left ams-fifty--top l-container u-pt-fluid-Ingen u-pb-fluid-2xl-4xl\">\n\t\t<div class=\"ams-fifty__content l-stack l-stack-xl is-left is-left@lg\">\n\t\t\t<div class=\"ams-fifty__text l-stack l-stack-lg\">\n\t\t\t\t\t\n\t<h2\n\tclass=\"c-heading u-font-title-2 \"\n\tstyle=\"\">\n\t\t\n\t\t\t\t\tS\u00e5 jobbar vi p\u00e5 fritids\n\t\t\t\t\n\t<\/h2>\n\n\t\t\t\t\t\t\t\t\t<div class=\"text l-stack u-font-body\">\n\t\t\t\t\t\t<p>V\u00e5rt fritids \u00e4r indelat i tv\u00e5 \u00e5ldersgrupper: f\u00f6rskoleklass och \u00e5rskurs 1 samt \u00e5rskurs 2, 3 och 4. Varje grupp best\u00e5r av en klassl\u00e4rare, en f\u00f6rskoll\u00e4rare, fritidspedagog eller barnsk\u00f6tare. Under skoltid samarbetar fritidspersonalen tillsammans med l\u00e4rarna. Det teoretiska m\u00f6ter det praktiska i undervisningen f\u00f6r att vidga olika l\u00e4randemetoder.<\/p>\n<p>Under eftermiddagsverksamheten erbjuder vi olika aktiviteter f\u00f6r eleverna. Vi spelar spel, ritar, pysslar och g\u00e5r till skogen och idrottshallen. P\u00e5 fritids finns \u00e4ven en matteklubb. Vi s\u00e4tter stort v\u00e4rde i elevp\u00e5verkan d\u00e4rf\u00f6r f\u00e5r eleverna utrymme att sj\u00e4lva best\u00e4mma vilken aktivitet de vill \u00e4gna sig \u00e5t. Det finns en f\u00f6rslagsl\u00e5da som fritidspersonalen tittar i n\u00e4r de g\u00f6r sin planering f\u00f6r veckan.<\/p>\n<h3>\u00d6ppettider<\/h3>\n<p>Vi har \u00f6ppet 06.30\u201317.30.<br \/>\nVi h\u00e5ller \u00f6ppet under lov.<\/p>\n\n\t\t\t\t\t<\/div>\n\t\t\t\t\t\t\t<\/div>\n\n\t\t\t\t\t<\/div>\n\n\t\t <div class=\"ams-fifty__media u-ratio-landscape\">\n\t\t \t\t\t\t\t<img decoding=\"async\" width=\"600\" height=\"400\" src=\"https:\/\/noblaskolan.se\/wp-content\/uploads\/sites\/27\/2023\/08\/mariastadenhelsingborg2022-2027-1-scaled-600x400.jpg\" class=\"attachment-md size-md\" alt=\"Tv\u00e5 elever i naturen.\" sizes=\"(min-width: 64em) 600px, calc(100vw - 160px)\" srcset=\"https:\/\/noblaskolan.se\/wp-content\/uploads\/sites\/27\/2023\/08\/mariastadenhelsingborg2022-2027-1-scaled-600x400.jpg 600w, https:\/\/noblaskolan.se\/wp-content\/uploads\/sites\/27\/2023\/08\/mariastadenhelsingborg2022-2027-1-scaled-300x200.jpg 300w, https:\/\/noblaskolan.se\/wp-content\/uploads\/sites\/27\/2023\/08\/mariastadenhelsingborg2022-2027-1-scaled-400x267.jpg 400w, https:\/\/noblaskolan.se\/wp-content\/uploads\/sites\/27\/2023\/08\/mariastadenhelsingborg2022-2027-1-scaled-800x533.jpg 800w, https:\/\/noblaskolan.se\/wp-content\/uploads\/sites\/27\/2023\/08\/mariastadenhelsingborg2022-2027-1-scaled-1024x683.jpg 1024w, https:\/\/noblaskolan.se\/wp-content\/uploads\/sites\/27\/2023\/08\/mariastadenhelsingborg2022-2027-1-scaled-1200x800.jpg 1200w\" \/>\n\t\t\t\n\t\t\t\n\t\t\t\t\t<\/div>\n\t<\/div>\n\n\t\t\n\n<\/section>\n\n\n\n<section \n\t\t class=\"\n\t\t ams-contact\n\t\t \n\t\t c-block l-stacked\n\t\t \n\t\t \n\t\t js-load-more\n\t\t \"\n\t\t data-color-scheme=\"ljusgron\"\n\t\t\t\t\tdata-count=\"3\"\n\t\t\t\t\t\t\tdata-count-mobile=\"2\"\n\t\t\t\t>\n\t<div\n\t\t class=\"\n\t\t l-container\n\t\t l-stack l-stack-fluid-2xl\n\t\t u-pt-fluid-2xl-4xl\n\t\t u-pb-fluid-2xl-4xl\n\t\t is-center\n\t\t is-center@md\n\t\t \">\n\t\t\t\t\t<div class=\"ams-contact__intro l-stack l-stack-lg\">\n\t\t\t\t\t\n\t<h2\n\tclass=\"c-heading u-font-title-1 \"\n\tstyle=\"\">\n\t\t\n\t\t\t\t\tHar du fr\u00e5gor om fritids?\n\t\t\t\t\n\t<\/h2>\n\n\t\t\t\t\t\t\t\t\t<div class=\"c-text l-stack u-cs-xl u-font-body\">\n\t\t\t\t\t\t<p>Ta g\u00e4rna kontakt med oss om du har n\u00e5gra fr\u00e5gor om fritids p\u00e5 Noblaskolan R\u00f6nninge.<\/p>\n\n\t\t\t\t\t<\/div>\n\t\t\t\t\t\t\t<\/div>\n\t\t\n\t\t\n\t\t    \t\n\t\t\n\t\t<ul\n\t\t\tid=\"contact-grid-69f20760d2186\"\n\t\t\tclass=\"ams-contact__list l-grid u-gap-fluid-2xl-4xl u-justify-center js-results \"\n\t\t\taria-label=\"Kontakter\"\n\t\t\tdata-filter-animation=\"off\"\n\t\t\t>\n\t\t\t\t\t\t\t\t\t\t\t\n\t\t\t\t\n\t\t\t\t<li class=\"l-col-6@md l-col-4@lg \" data-filter=\"f\">\n\t\t\t\t\t<article class=\"c-card \" data-variant=\"neutral\">\n\t\t\t\t\t\t<div class=\"c-card__content u-text-center\">\n\t\t\t\t\t\t\t\t\t\t\t\t\t\t\t<h3 class=\"c-card__title u-font-title-3\">\n\t\t\t\t\t\t\t\t\tFritids \u00e5k F-1\n\t\t\t\t\t\t\t\t<\/h3>\n\t\t\t\t\t\t\t\n\t\t\t\t\t\t\t\n\t\t\t\t\t\t\t\t\t\t\t\t\t\t\t<div class=\"contact-info u-font-body\">\n\t\t\t\t\t\t\t\t\t\t\t\t\t\t\t\t\t\t\t\t\t\t\t\t\t\t\t\t\t\t<p class=\"phone\"><a\n\t\t\t\t\t\t\t\t\t\t\t\t\thref=\"tel:0730693469\"\n\t\t\t\t\t\t\t\t\t\t\t\t\tclass=\"u-text-link\">073-069 34 69<\/a>\n\t\t\t\t\t\t\t\t\t\t\t<\/p>\n\t\t\t\t\t\t\t\t\t\t\t\t\t\t\t\t\t\t\t\n\t\t\t\t\t\t\t\t\t\t\t\t\t\t\t\t\t<\/div>\n\t\t\t\t\t\t\t\n\t\t\t\t\t\t\t\t\t\t\t\t\t<\/div>\n\t\t\t\t\t\t<div class=\"c-card__media\">\n\t\t\t\t\t\t\t\t\t\t\t\t\t\t\t\t\t\t\t\t\t\t\t\t\t\t\t\t\t\t\t\t\t\t\t\t\t\t\t\t\t\t\t\t\t\t\t\t\t<img decoding=\"async\" width=\"330\" height=\"242\" src=\"https:\/\/noblaskolan.se\/wp-content\/uploads\/2020\/10\/noblaskolanavatarmorkgron.png\" class=\"u-radius-square u-ratio-landscape  \" alt=\"\" sizes=\"(max-width: 300px) 100vw, 300px\" srcset=\"https:\/\/noblaskolan.se\/wp-content\/uploads\/2020\/10\/noblaskolanavatarmorkgron.png 330w, https:\/\/noblaskolan.se\/wp-content\/uploads\/2020\/10\/noblaskolanavatarmorkgron-300x220.png 300w\" \/>\n\t\t\t\t\t\t<\/div>\n\t\t\t\t\t<\/article>\n\t\t\t\t<\/li>\n\t\t\t\t\t\t\t\t\t\t\t\n\t\t\t\t\n\t\t\t\t<li class=\"l-col-6@md l-col-4@lg \" data-filter=\"f\">\n\t\t\t\t\t<article class=\"c-card \" data-variant=\"neutral\">\n\t\t\t\t\t\t<div class=\"c-card__content u-text-center\">\n\t\t\t\t\t\t\t\t\t\t\t\t\t\t\t<h3 class=\"c-card__title u-font-title-3\">\n\t\t\t\t\t\t\t\t\tFritids \u00e5k 2-3\n\t\t\t\t\t\t\t\t<\/h3>\n\t\t\t\t\t\t\t\n\t\t\t\t\t\t\t\n\t\t\t\t\t\t\t\t\t\t\t\t\t\t\t<div class=\"contact-info u-font-body\">\n\t\t\t\t\t\t\t\t\t\t\t\t\t\t\t\t\t\t\t\t\t\t\t\t\t\t\t\t\t\t<p class=\"phone\"><a\n\t\t\t\t\t\t\t\t\t\t\t\t\thref=\"tel:0730727012\"\n\t\t\t\t\t\t\t\t\t\t\t\t\tclass=\"u-text-link\">073-072 70 12<\/a>\n\t\t\t\t\t\t\t\t\t\t\t<\/p>\n\t\t\t\t\t\t\t\t\t\t\t\t\t\t\t\t\t\t\t\n\t\t\t\t\t\t\t\t\t\t\t\t\t\t\t\t\t<\/div>\n\t\t\t\t\t\t\t\n\t\t\t\t\t\t\t\t\t\t\t\t\t<\/div>\n\t\t\t\t\t\t<div class=\"c-card__media\">\n\t\t\t\t\t\t\t\t\t\t\t\t\t\t\t\t\t\t\t\t\t\t\t\t\t\t\t\t\t\t\t\t\t\t\t\t\t\t\t\t\t\t\t\t\t\t\t\t\t<img decoding=\"async\" width=\"330\" height=\"242\" src=\"https:\/\/noblaskolan.se\/wp-content\/uploads\/2020\/10\/noblaskolanavatarmorkgron.png\" class=\"u-radius-square u-ratio-landscape  \" alt=\"\" sizes=\"(max-width: 300px) 100vw, 300px\" srcset=\"https:\/\/noblaskolan.se\/wp-content\/uploads\/2020\/10\/noblaskolanavatarmorkgron.png 330w, https:\/\/noblaskolan.se\/wp-content\/uploads\/2020\/10\/noblaskolanavatarmorkgron-300x220.png 300w\" \/>\n\t\t\t\t\t\t<\/div>\n\t\t\t\t\t<\/article>\n\t\t\t\t<\/li>\n\t\t\t\t\t\t\t\t\t\t\t\n\t\t\t\t\n\t\t\t\t<li class=\"l-col-6@md l-col-4@lg \" data-filter=\"f\">\n\t\t\t\t\t<article class=\"c-card \" data-variant=\"neutral\">\n\t\t\t\t\t\t<div class=\"c-card__content u-text-center\">\n\t\t\t\t\t\t\t\t\t\t\t\t\t\t\t<h3 class=\"c-card__title u-font-title-3\">\n\t\t\t\t\t\t\t\t\tKlubben\n\t\t\t\t\t\t\t\t<\/h3>\n\t\t\t\t\t\t\t\n\t\t\t\t\t\t\t\n\t\t\t\t\t\t\t\t\t\t\t\t\t\t\t<div class=\"contact-info u-font-body\">\n\t\t\t\t\t\t\t\t\t\t\t\t\t\t\t\t\t\t\t\t\t\t\t\t\t\t\t\t\t\t<p class=\"phone\"><a\n\t\t\t\t\t\t\t\t\t\t\t\t\thref=\"tel:0761331199\"\n\t\t\t\t\t\t\t\t\t\t\t\t\tclass=\"u-text-link\">076-133 11 99<\/a>\n\t\t\t\t\t\t\t\t\t\t\t<\/p>\n\t\t\t\t\t\t\t\t\t\t\t\t\t\t\t\t\t\t\t\n\t\t\t\t\t\t\t\t\t\t\t\t\t\t\t\t\t<\/div>\n\t\t\t\t\t\t\t\n\t\t\t\t\t\t\t\t\t\t\t\t\t<\/div>\n\t\t\t\t\t\t<div class=\"c-card__media\">\n\t\t\t\t\t\t\t\t\t\t\t\t\t\t\t\t\t\t\t\t\t\t\t\t\t\t\t\t\t\t\t\t\t\t\t\t\t\t\t\t\t\t\t\t\t\t\t\t\t<img decoding=\"async\" width=\"330\" height=\"242\" src=\"https:\/\/noblaskolan.se\/wp-content\/uploads\/2020\/10\/noblaskolanavatarmorkgron.png\" class=\"u-radius-square u-ratio-landscape  \" alt=\"\" sizes=\"(max-width: 300px) 100vw, 300px\" srcset=\"https:\/\/noblaskolan.se\/wp-content\/uploads\/2020\/10\/noblaskolanavatarmorkgron.png 330w, https:\/\/noblaskolan.se\/wp-content\/uploads\/2020\/10\/noblaskolanavatarmorkgron-300x220.png 300w\" \/>\n\t\t\t\t\t\t<\/div>\n\t\t\t\t\t<\/article>\n\t\t\t\t<\/li>\n\t\t\t\t\t<\/ul>\n\n\t\t\n\t\t    <div class=\"ams-contact__more u-inline-items js-load-more-btn\">\n        <button href=\"#\"\n                class=\"c-btn\"\n                data-style=\"round\"\n                data-size=\"md\"\n                data-width=\"full-mobile\"\n                data-variant=\"outline\">\n        \tVisa mer\n        <\/button>\n    <\/div>\n\n\t\t\t<\/div>\n\n\t\t\n\n<\/section>\n\n\n<div   id=\"page-relative-menu\" class=\"site__font-monospace   container_width--full_width_conIcon   d-lg-none  \">\n\n\t\t\t\n<\/div>\n","protected":false},"excerpt":{"rendered":"<p>Fritids p\u00e5 Noblaskolan R\u00f6nninge P\u00e5 v\u00e5rt fritids erbjuds eleverna en meningsfull fritid och en h\u00e4rlig m\u00f6jlighet f\u00f6r social gemenskap, vilket \u00e4ven m\u00f6jligg\u00f6r f\u00f6r f\u00f6r\u00e4ldrar att f\u00f6rena f\u00f6r\u00e4ldraskap med arbete eller studier. Fritids erbjuder heldagsomsorg b\u00e5de innan och efter skoldagen.<\/p>\n","protected":false},"author":1,"featured_media":0,"parent":20,"menu_order":0,"comment_status":"closed","ping_status":"closed","template":"","meta":{"footnotes":""},"yoast_head":"<!-- This site is optimized with the Yoast SEO plugin v22.0 - https:\/\/yoast.com\/wordpress\/plugins\/seo\/ -->\n<title>Fritids och aktiviteter efter skolan | Noblaskolan R\u00f6nninge<\/title>\n<meta name=\"description\" content=\"L\u00e4s om fritids p\u00e5 Noblaskolan R\u00f6nninge. H\u00e4r du f\u00e5r information om hur skolan arbetar med elevernas inl\u00e4rning och du kan se v\u00e5ra \u00f6ppettider.\" \/>\n<meta name=\"robots\" content=\"index, follow, max-snippet:-1, max-image-preview:large, max-video-preview:-1\" \/>\n<link rel=\"canonical\" href=\"https:\/\/noblaskolan.se\/ronninge\/om\/fritids\/\" \/>\n<meta property=\"og:locale\" content=\"sv_SE\" \/>\n<meta property=\"og:type\" content=\"article\" \/>\n<meta property=\"og:title\" content=\"Fritids och aktiviteter efter skolan | Noblaskolan R\u00f6nninge\" \/>\n<meta property=\"og:description\" content=\"L\u00e4s om fritids p\u00e5 Noblaskolan R\u00f6nninge. H\u00e4r du f\u00e5r information om hur skolan arbetar med elevernas inl\u00e4rning och du kan se v\u00e5ra \u00f6ppettider.\" \/>\n<meta property=\"og:url\" content=\"https:\/\/noblaskolan.se\/ronninge\/om\/fritids\/\" \/>\n<meta property=\"og:site_name\" content=\"R\u00f6nninge\" \/>\n<meta property=\"article:modified_time\" content=\"2026-03-24T08:58:58+00:00\" \/>\n<meta name=\"twitter:card\" content=\"summary_large_image\" \/>\n<meta name=\"twitter:title\" content=\"Fritids och aktiviteter efter skolan | Noblaskolan R\u00f6nninge\" \/>\n<meta name=\"twitter:description\" content=\"L\u00e4s om fritids p\u00e5 Noblaskolan R\u00f6nninge. H\u00e4r du f\u00e5r information om hur skolan arbetar med elevernas inl\u00e4rning och du kan se v\u00e5ra \u00f6ppettider.\" \/>\n<meta name=\"twitter:label1\" content=\"Ber\u00e4knad l\u00e4stid\" \/>\n\t<meta name=\"twitter:data1\" content=\"2 minuter\" \/>\n<script type=\"application\/ld+json\" class=\"yoast-schema-graph\">{\"@context\":\"https:\/\/schema.org\",\"@graph\":[{\"@type\":\"WebPage\",\"@id\":\"https:\/\/noblaskolan.se\/ronninge\/om\/fritids\/\",\"url\":\"https:\/\/noblaskolan.se\/ronninge\/om\/fritids\/\",\"name\":\"Fritids och aktiviteter efter skolan | Noblaskolan R\u00f6nninge\",\"isPartOf\":{\"@id\":\"https:\/\/noblaskolan.se\/ronninge\/#website\"},\"datePublished\":\"2020-09-01T20:07:29+00:00\",\"dateModified\":\"2026-03-24T08:58:58+00:00\",\"description\":\"L\u00e4s om fritids p\u00e5 Noblaskolan R\u00f6nninge. H\u00e4r du f\u00e5r information om hur skolan arbetar med elevernas inl\u00e4rning och du kan se v\u00e5ra \u00f6ppettider.\",\"breadcrumb\":{\"@id\":\"https:\/\/noblaskolan.se\/ronninge\/om\/fritids\/#breadcrumb\"},\"inLanguage\":\"sv-SE\",\"potentialAction\":[{\"@type\":\"ReadAction\",\"target\":[\"https:\/\/noblaskolan.se\/ronninge\/om\/fritids\/\"]}]},{\"@type\":\"BreadcrumbList\",\"@id\":\"https:\/\/noblaskolan.se\/ronninge\/om\/fritids\/#breadcrumb\",\"itemListElement\":[{\"@type\":\"ListItem\",\"position\":1,\"name\":\"Start\",\"item\":\"https:\/\/noblaskolan.se\/ronninge\/\"},{\"@type\":\"ListItem\",\"position\":2,\"name\":\"Om skolan\",\"item\":\"https:\/\/noblaskolan.se\/ronninge\/om\/\"},{\"@type\":\"ListItem\",\"position\":3,\"name\":\"Fritids\"}]},{\"@type\":\"WebSite\",\"@id\":\"https:\/\/noblaskolan.se\/ronninge\/#website\",\"url\":\"https:\/\/noblaskolan.se\/ronninge\/\",\"name\":\"R\u00f6nninge\",\"description\":\"Noblaskolan R\u00f6nninge\",\"potentialAction\":[{\"@type\":\"SearchAction\",\"target\":{\"@type\":\"EntryPoint\",\"urlTemplate\":\"https:\/\/noblaskolan.se\/ronninge\/?s={search_term_string}\"},\"query-input\":\"required name=search_term_string\"}],\"inLanguage\":\"sv-SE\"}]}<\/script>\n<!-- \/ Yoast SEO plugin. -->","yoast_head_json":{"title":"Fritids och aktiviteter efter skolan | Noblaskolan R\u00f6nninge","description":"L\u00e4s om fritids p\u00e5 Noblaskolan R\u00f6nninge. H\u00e4r du f\u00e5r information om hur skolan arbetar med elevernas inl\u00e4rning och du kan se v\u00e5ra \u00f6ppettider.","robots":{"index":"index","follow":"follow","max-snippet":"max-snippet:-1","max-image-preview":"max-image-preview:large","max-video-preview":"max-video-preview:-1"},"canonical":"https:\/\/noblaskolan.se\/ronninge\/om\/fritids\/","og_locale":"sv_SE","og_type":"article","og_title":"Fritids och aktiviteter efter skolan | Noblaskolan R\u00f6nninge","og_description":"L\u00e4s om fritids p\u00e5 Noblaskolan R\u00f6nninge. H\u00e4r du f\u00e5r information om hur skolan arbetar med elevernas inl\u00e4rning och du kan se v\u00e5ra \u00f6ppettider.","og_url":"https:\/\/noblaskolan.se\/ronninge\/om\/fritids\/","og_site_name":"R\u00f6nninge","article_modified_time":"2026-03-24T08:58:58+00:00","twitter_card":"summary_large_image","twitter_title":"Fritids och aktiviteter efter skolan | Noblaskolan R\u00f6nninge","twitter_description":"L\u00e4s om fritids p\u00e5 Noblaskolan R\u00f6nninge. H\u00e4r du f\u00e5r information om hur skolan arbetar med elevernas inl\u00e4rning och du kan se v\u00e5ra \u00f6ppettider.","twitter_misc":{"Ber\u00e4knad l\u00e4stid":"2 minuter"},"schema":{"@context":"https:\/\/schema.org","@graph":[{"@type":"WebPage","@id":"https:\/\/noblaskolan.se\/ronninge\/om\/fritids\/","url":"https:\/\/noblaskolan.se\/ronninge\/om\/fritids\/","name":"Fritids och aktiviteter efter skolan | Noblaskolan R\u00f6nninge","isPartOf":{"@id":"https:\/\/noblaskolan.se\/ronninge\/#website"},"datePublished":"2020-09-01T20:07:29+00:00","dateModified":"2026-03-24T08:58:58+00:00","description":"L\u00e4s om fritids p\u00e5 Noblaskolan R\u00f6nninge. H\u00e4r du f\u00e5r information om hur skolan arbetar med elevernas inl\u00e4rning och du kan se v\u00e5ra \u00f6ppettider.","breadcrumb":{"@id":"https:\/\/noblaskolan.se\/ronninge\/om\/fritids\/#breadcrumb"},"inLanguage":"sv-SE","potentialAction":[{"@type":"ReadAction","target":["https:\/\/noblaskolan.se\/ronninge\/om\/fritids\/"]}]},{"@type":"BreadcrumbList","@id":"https:\/\/noblaskolan.se\/ronninge\/om\/fritids\/#breadcrumb","itemListElement":[{"@type":"ListItem","position":1,"name":"Start","item":"https:\/\/noblaskolan.se\/ronninge\/"},{"@type":"ListItem","position":2,"name":"Om skolan","item":"https:\/\/noblaskolan.se\/ronninge\/om\/"},{"@type":"ListItem","position":3,"name":"Fritids"}]},{"@type":"WebSite","@id":"https:\/\/noblaskolan.se\/ronninge\/#website","url":"https:\/\/noblaskolan.se\/ronninge\/","name":"R\u00f6nninge","description":"Noblaskolan R\u00f6nninge","potentialAction":[{"@type":"SearchAction","target":{"@type":"EntryPoint","urlTemplate":"https:\/\/noblaskolan.se\/ronninge\/?s={search_term_string}"},"query-input":"required name=search_term_string"}],"inLanguage":"sv-SE"}]}},"_links":{"self":[{"href":"https:\/\/noblaskolan.se\/ronninge\/wp-json\/wp\/v2\/pages\/28"}],"collection":[{"href":"https:\/\/noblaskolan.se\/ronninge\/wp-json\/wp\/v2\/pages"}],"about":[{"href":"https:\/\/noblaskolan.se\/ronninge\/wp-json\/wp\/v2\/types\/page"}],"author":[{"embeddable":true,"href":"https:\/\/noblaskolan.se\/ronninge\/wp-json\/wp\/v2\/users\/1"}],"replies":[{"embeddable":true,"href":"https:\/\/noblaskolan.se\/ronninge\/wp-json\/wp\/v2\/comments?post=28"}],"version-history":[{"count":9,"href":"https:\/\/noblaskolan.se\/ronninge\/wp-json\/wp\/v2\/pages\/28\/revisions"}],"predecessor-version":[{"id":2392,"href":"https:\/\/noblaskolan.se\/ronninge\/wp-json\/wp\/v2\/pages\/28\/revisions\/2392"}],"up":[{"embeddable":true,"href":"https:\/\/noblaskolan.se\/ronninge\/wp-json\/wp\/v2\/pages\/20"}],"wp:attachment":[{"href":"https:\/\/noblaskolan.se\/ronninge\/wp-json\/wp\/v2\/media?parent=28"}],"curies":[{"name":"wp","href":"https:\/\/api.w.org\/{rel}","templated":true}]}}