{"id":25,"date":"2020-09-01T22:07:07","date_gmt":"2020-09-01T20:07:07","guid":{"rendered":"https:\/\/noblaskolan.se\/ronninge\/?page_id=25"},"modified":"2026-04-10T08:38:14","modified_gmt":"2026-04-10T06:38:14","slug":"grundskola","status":"publish","type":"page","link":"https:\/\/noblaskolan.se\/ronninge\/om\/grundskola\/","title":{"rendered":"Grundskola"},"content":{"rendered":"\n\t\n\t\n\t\n\n\t\n\t\n\t\t\n<section  class=\"c-block l-stacked  \" data-color-scheme=\"\">\n\t<div class=\"ams-fifty ams-fifty--container ams-fifty--right ams-fifty--bottom l-container u-pt-fluid-2xl-4xl u-pb-fluid-Ingen\">\n\t\t<div class=\"ams-fifty__content l-stack l-stack-xl is-left is-left@lg\">\n\t\t\t<div class=\"ams-fifty__text l-stack l-stack-lg\">\n\t\t\t\t\t\n\t<h1\n\tclass=\"c-heading u-font-title-1 \"\n\tstyle=\"\">\n\t\t\n\t\t\t\t\t\t\t\t\tNoblaskolan R\u00f6nninges grundskola\n\t\t\t\t<span class=\"c-heading__sub is-below u-font-title-3\">\n\t\t\t\t\tF\u00f6rskoleklass samt l\u00e5g- och mellanstadie\n\t\t\t\t<\/span>\n\t\t\t\t\t\t\t\n\t<\/h1>\n\n\t\t\t\t\t\t\t\t\t<div class=\"text l-stack u-font-body\">\n\t\t\t\t\t\t<p>Vi \u00e4r en frist\u00e5ende grundskola som ligger i hj\u00e4rtat av R\u00f6nninge med n\u00e4rhet till skog, sj\u00f6 och \u00e4ngsmarker. Vi bedriver grundskola fr\u00e5n f\u00f6rskoleklass upp till \u00e5rskurs 6.<\/p>\n\n\t\t\t\t\t<\/div>\n\t\t\t\t\t\t\t<\/div>\n\n\t\t\t\t\t<\/div>\n\n\t\t <div class=\"ams-fifty__media u-ratio-landscape\">\n\t\t \t\t\t\t\t<img decoding=\"async\" width=\"600\" height=\"400\" src=\"https:\/\/noblaskolan.se\/wp-content\/uploads\/sites\/27\/2024\/01\/noblaskolan-urvalsgrunder-ronninge-202304-scaled-600x400.jpg\" class=\"attachment-md size-md\" alt=\"Tv\u00e5 barn i f\u00f6rskoleklass p\u00e5 Noblaskolan f\u00e5r hj\u00e4lp av en l\u00e4rare.\" sizes=\"(min-width: 64em) 600px, calc(100vw - 160px)\" srcset=\"https:\/\/noblaskolan.se\/wp-content\/uploads\/sites\/27\/2024\/01\/noblaskolan-urvalsgrunder-ronninge-202304-scaled-600x400.jpg 600w, https:\/\/noblaskolan.se\/wp-content\/uploads\/sites\/27\/2024\/01\/noblaskolan-urvalsgrunder-ronninge-202304-scaled-300x200.jpg 300w, https:\/\/noblaskolan.se\/wp-content\/uploads\/sites\/27\/2024\/01\/noblaskolan-urvalsgrunder-ronninge-202304-scaled-400x267.jpg 400w, https:\/\/noblaskolan.se\/wp-content\/uploads\/sites\/27\/2024\/01\/noblaskolan-urvalsgrunder-ronninge-202304-scaled-800x533.jpg 800w, https:\/\/noblaskolan.se\/wp-content\/uploads\/sites\/27\/2024\/01\/noblaskolan-urvalsgrunder-ronninge-202304-scaled-1024x683.jpg 1024w, https:\/\/noblaskolan.se\/wp-content\/uploads\/sites\/27\/2024\/01\/noblaskolan-urvalsgrunder-ronninge-202304-scaled-1200x800.jpg 1200w\" \/>\n\t\t\t\n\t\t\t\n\t\t\t\t\t<\/div>\n\t<\/div>\n\n\t\t\n\n<\/section>\n\n\n\n<div style=\"height:100px\" aria-hidden=\"true\" class=\"wp-block-spacer\"><\/div>\n\n\n\n\n<section  class=\"ams-cta ams-cta--stacked c-block l-stacked ams-border\" data-color-scheme=\"morkgron\">\n\t<div class=\"l-container-narrow l-stack l-stack-fluid-2xl u-pt-fluid-2xl-4xl u-pb-fluid-2xl-4xl is-center is-center@md\">\n\t\t\t\t\t<div class=\"ams-cta__intro l-stack l-stack-lg\">\n\t\t\t\t\t\n\t<h2\n\tclass=\"c-heading u-font-title-1 \"\n\tstyle=\"\">\n\t\t\n\t\t\t\t\tVill du s\u00f6ka till v\u00e5r grundskola?\n\t\t\t\t\n\t<\/h2>\n\n\t\t\t\t\t\t\t\t\t<div class=\"c-text l-stack u-cs-xl u-font-body\">\n\t\t\t\t\t\t<p>St\u00e4ll ditt barn i k\u00f6 till Noblaskolan R\u00f6nninge eller l\u00e4s mer om hur antagningsprocessen g\u00e5r till.<\/p>\n\n\t\t\t\t\t<\/div>\n\t\t\t\t\t\t\t<\/div>\n\t\t\n\t\t\n\t\t\t<div class=\"ams-cta__action u-inline-items\">\n\t\t\t\t\t\t\t\n\n\n<a href=\"https:\/\/noblaskolan.se\/ronninge\/koanmalan\/\"\n\t\n\tclass=\"c-btn \"\n\tdata-style=\"round\"\n\tdata-size=\"md\"\n\tdata-width=\"full-mobile\"\n\tdata-variant=\"default\"\n\ttarget=\"_self\">\n\t\t\t<span class=\"label\"> St\u00e4ll ditt barn i k\u00f6<\/span>\n\t\t\t<\/a>\n\t\t\t\t\t\t\t\n\n\n<a href=\"https:\/\/noblaskolan.se\/ronninge\/antagning\/\"\n\t\n\tclass=\"c-btn \"\n\tdata-style=\"round\"\n\tdata-size=\"md\"\n\tdata-width=\"full-mobile\"\n\tdata-variant=\"outline\"\n\ttarget=\"_self\">\n\t\t\t<span class=\"label\"> L\u00e4s mer om antagningen<\/span>\n\t\t\t<\/a>\n\t\t\t<\/div>\n\t<\/div>\n\n\t\t\n\n<\/section>\n\n\n\n\t\n\t\n\t\n\n\t\n\t\n\t\t\n<section  class=\"c-block l-stacked  \" data-color-scheme=\"ljusgron\">\n\t<div class=\"ams-fifty ams-fifty--container ams-fifty--right ams-fifty--bottom l-container u-pt-fluid-md-xl u-pb-fluid-md-xl\">\n\t\t<div class=\"ams-fifty__content l-stack l-stack-xl is-left is-left@lg\">\n\t\t\t<div class=\"ams-fifty__text l-stack l-stack-lg\">\n\t\t\t\t\t\n\t<h1\n\tclass=\"c-heading u-font-title-1 \"\n\tstyle=\"\">\n\t\t\n\t\t\t\t\t\t\t\t\tEn vanlig dag \n\t\t\t\t<span class=\"c-heading__sub is-below u-font-title-3\">\n\t\t\t\t\tP\u00e5 v\u00e5r grundskola\n\t\t\t\t<\/span>\n\t\t\t\t\t\t\t\n\t<\/h1>\n\n\t\t\t\t\t\t\t\t\t<div class=\"text l-stack u-font-body\">\n\t\t\t\t\t\t<p><strong>Trygghet och gl\u00e4dje i fokus<\/strong><span style=\"font-weight: 400;\"><br \/>\n<\/span><span style=\"font-weight: 400;\">P\u00e5 Noblaskolan R\u00f6nninge \u00e4r v\u00e5r fr\u00e4msta prioritet att bygga en grund av trygghet och gl\u00e4dje. Dessa \u00e4r avg\u00f6rande f\u00f6r att eleverna ska uppn\u00e5 b\u00e4sta m\u00f6jliga resultat i sin fortsatta skolg\u00e5ng. D\u00e4rf\u00f6r \u00e4r dagarna uppbyggda med en fast, f\u00f6ruts\u00e4gbar struktur. 8:15 inleds dagen alltid med en samling och genomg\u00e5ng av schemat. Vi l\u00e4gger stor vikt vid tydliga rutiner som skapar en fast ram, vilket m\u00f6jligg\u00f6r ett lustfyllt l\u00e4rande d\u00e4r barnen v\u00e5gar utforska och utmanas.<\/span><\/p>\n<p><strong>Struktur ger trygghet<\/strong><span style=\"font-weight: 400;\"><br \/>\n<\/span><span style=\"font-weight: 400;\">F\u00f6rmiddagen best\u00e5r av 2 stycken lektioner, fruktstund och en rast. Detta f\u00f6ljs upp med 1-2 stycken eftermiddagslektioner fram tills att skoldagen \u00e4r slut, d\u00e5 tar fritidshemmets verksamhet vid. V\u00e5ra fritidspedagoger ansvarar f\u00f6r meningsfulla aktiviteter under rasterna och finns \u00e4ven med som st\u00f6d i klassrummet under lektionstid.<\/span><\/p>\n<p><strong>Elevernas h\u00f6jdpunkt<\/strong><span style=\"font-weight: 400;\"><br \/>\n<\/span><span style=\"font-weight: 400;\">En h\u00f6jdpunkt f\u00f6r v\u00e5ra elever f\u00f6rutom rasten \u00e4r n\u00e4r de f\u00e5r k\u00e4nna sig extra viktiga, b\u00e5de som individ, men ocks\u00e5 som en del av en st\u00f6rre gemenskap i skolan. Detta m\u00e4rks extra tydligt n\u00e4r de kn\u00e4cker koden och l\u00e4r sig n\u00e5got nytt. Det m\u00e4rks \u00e4ven n\u00e4r de v\u00e5gar testa n\u00e5got som de inte gjort f\u00f6rut, eller n\u00e4r de hj\u00e4lper en kompis med n\u00e5gonting klurigt.<\/span><\/p>\n\n\t\t\t\t\t<\/div>\n\t\t\t\t\t\t\t<\/div>\n\n\t\t\t\t\t<\/div>\n\n\t\t <div class=\"ams-fifty__media u-ratio-square\">\n\t\t \t\t\t\t\t<img decoding=\"async\" width=\"600\" height=\"400\" src=\"https:\/\/noblaskolan.se\/wp-content\/uploads\/sites\/27\/2024\/01\/noblaskolan-om-skolan-ronninge-202304-scaled-600x400.jpg\" class=\"attachment-md size-md\" alt=\"Tv\u00e5 elever p\u00e5 Noblaskolan som sitter och studerar i ett klassrum, den ena f\u00e5r hj\u00e4lp av l\u00e4raren.\" sizes=\"(min-width: 64em) 600px, calc(100vw - 160px)\" srcset=\"https:\/\/noblaskolan.se\/wp-content\/uploads\/sites\/27\/2024\/01\/noblaskolan-om-skolan-ronninge-202304-scaled-600x400.jpg 600w, https:\/\/noblaskolan.se\/wp-content\/uploads\/sites\/27\/2024\/01\/noblaskolan-om-skolan-ronninge-202304-scaled-300x200.jpg 300w, https:\/\/noblaskolan.se\/wp-content\/uploads\/sites\/27\/2024\/01\/noblaskolan-om-skolan-ronninge-202304-scaled-400x267.jpg 400w, https:\/\/noblaskolan.se\/wp-content\/uploads\/sites\/27\/2024\/01\/noblaskolan-om-skolan-ronninge-202304-scaled-800x533.jpg 800w, https:\/\/noblaskolan.se\/wp-content\/uploads\/sites\/27\/2024\/01\/noblaskolan-om-skolan-ronninge-202304-scaled-1024x683.jpg 1024w, https:\/\/noblaskolan.se\/wp-content\/uploads\/sites\/27\/2024\/01\/noblaskolan-om-skolan-ronninge-202304-scaled-1200x800.jpg 1200w\" \/>\n\t\t\t\n\t\t\t\n\t\t\t\t\t<\/div>\n\t<\/div>\n\n\t\t\n\n<\/section>\n\n\n\n<div style=\"height:81px\" aria-hidden=\"true\" class=\"wp-block-spacer\"><\/div>\n\n\n\n\t\n\t\n\t\n\n\t\n\t\n\t\t\n<section  class=\"c-block l-stacked  \" data-color-scheme=\"transparent\">\n\t<div class=\"ams-fifty ams-fifty--container ams-fifty--left ams-fifty--bottom l-container u-pt-fluid-None u-pb-fluid-2xl-4xl\">\n\t\t<div class=\"ams-fifty__content l-stack l-stack-xl is-left is-left@lg\">\n\t\t\t<div class=\"ams-fifty__text l-stack l-stack-lg\">\n\t\t\t\t\t\n\t<h2\n\tclass=\"c-heading u-font-title-2 \"\n\tstyle=\"\">\n\t\t\n\t\t\t\t\tGoda akademiska resultat genom grundskolan\n\t\t\t\t\n\t<\/h2>\n\n\t\t\t\t\t\t\t\t\t<div class=\"text l-stack u-font-body\">\n\t\t\t\t\t\t<p>I v\u00e5ra elever finns allt som kr\u00e4vs f\u00f6r att lyckas och v\u00e5r uppgift \u00e4r att locka fram det. Det g\u00f6r vi genom att utmana, st\u00f6tta och st\u00e4lla krav \u2013 b\u00e5de p\u00e5 v\u00e5ra elever och l\u00e4rare. Vi tror att alla elever kan forma framtiden p\u00e5 sina egna villkor, bara de f\u00e5r r\u00e4tt f\u00f6ruts\u00e4ttningar. Hos oss kan b\u00e5de elever och du som f\u00f6r\u00e4lder r\u00e4kna med h\u00f6g undervisningskvalitet, tydlig struktur och akademisk ambition. N\u00e4r v\u00e5ra elever l\u00e4mnar oss p\u00e5 Noblaskolan R\u00f6nninge g\u00f6r dem det med b\u00e4sta t\u00e4nkbara f\u00f6ruts\u00e4ttningarna f\u00f6r att n\u00e5 sin fulla potential och f\u00e5r med sig ett akademiskt sj\u00e4lvf\u00f6rtroende redan fr\u00e5n start.<\/p>\n<h3>V\u00e5r undervisning och l\u00e4roplan<\/h3>\n<p>Hos oss kan v\u00e5ra elever och du som f\u00f6r\u00e4lder r\u00e4kna med h\u00f6g undervisningskvalitet, tydlig struktur och akademisk ambition. Vi utg\u00e5r fr\u00e5n Skolverkets l\u00e4roplan Lgr22, framtagen f\u00f6r grundskolor. N\u00e4r v\u00e5ra elever l\u00e4mnar oss p\u00e5 Noblaskolan R\u00f6nninge g\u00f6r de det med b\u00e4sta t\u00e4nkbara f\u00f6ruts\u00e4ttningarna f\u00f6r att n\u00e5 sin fulla potential och f\u00e5r med sig ett akademiskt sj\u00e4lvf\u00f6rtroende redan fr\u00e5n start.<\/p>\n\n\t\t\t\t\t<\/div>\n\t\t\t\t\t\t\t<\/div>\n\n\t\t\t\t\t<\/div>\n\n\t\t <div class=\"ams-fifty__media u-ratio-square\">\n\t\t \t\t\t\t\t<img decoding=\"async\" width=\"600\" height=\"400\" src=\"https:\/\/noblaskolan.se\/wp-content\/uploads\/sites\/27\/2024\/01\/noblaskolan-grundskola-ronninge-202304-scaled-600x400.jpg\" class=\"attachment-md size-md\" alt=\"En elev p\u00e5 Noblaskolan f\u00e5r hj\u00e4lp av en l\u00e4rare under en lektion.\" sizes=\"(min-width: 64em) 600px, calc(100vw - 160px)\" srcset=\"https:\/\/noblaskolan.se\/wp-content\/uploads\/sites\/27\/2024\/01\/noblaskolan-grundskola-ronninge-202304-scaled-600x400.jpg 600w, https:\/\/noblaskolan.se\/wp-content\/uploads\/sites\/27\/2024\/01\/noblaskolan-grundskola-ronninge-202304-scaled-300x200.jpg 300w, https:\/\/noblaskolan.se\/wp-content\/uploads\/sites\/27\/2024\/01\/noblaskolan-grundskola-ronninge-202304-scaled-400x267.jpg 400w, https:\/\/noblaskolan.se\/wp-content\/uploads\/sites\/27\/2024\/01\/noblaskolan-grundskola-ronninge-202304-scaled-800x533.jpg 800w, https:\/\/noblaskolan.se\/wp-content\/uploads\/sites\/27\/2024\/01\/noblaskolan-grundskola-ronninge-202304-scaled-1024x683.jpg 1024w, https:\/\/noblaskolan.se\/wp-content\/uploads\/sites\/27\/2024\/01\/noblaskolan-grundskola-ronninge-202304-scaled-1200x800.jpg 1200w\" \/>\n\t\t\t\n\t\t\t\n\t\t\t\t\t<\/div>\n\t<\/div>\n\n\t\t\n\n<\/section>\n\n\n\n\t\n\t\n\t\n\n\t\n\t\n\t\t\n<section  class=\"c-block l-stacked  \" data-color-scheme=\"transparent\">\n\t<div class=\"ams-fifty ams-fifty--container ams-fifty--right ams-fifty--bottom l-container u-pt-fluid-2xl-4xl u-pb-fluid-2xl-4xl\">\n\t\t<div class=\"ams-fifty__content l-stack l-stack-xl is-left is-left@lg\">\n\t\t\t<div class=\"ams-fifty__text l-stack l-stack-lg\">\n\t\t\t\t\t\n\t<h2\n\tclass=\"c-heading u-font-title-2 \"\n\tstyle=\"\">\n\t\t\n\t\t\t\t\tUndervisning med pedagogiska verktyg\n\t\t\t\t\n\t<\/h2>\n\n\t\t\t\t\t\t\t\t\t<div class=\"text l-stack u-font-body\">\n\t\t\t\t\t\t<p>Vi anv\u00e4nder iPads, datorer, drama och skapande som exempel p\u00e5 n\u00e5gra av de pedagogiska verktyg vi till\u00e4mpar i undervisningen. Variationen av arbetss\u00e4tt bidrar till ett lustfyllt l\u00e4rande, men ocks\u00e5 till m\u00f6jligheten att knyta an det nya med det eleverna redan k\u00e4nner till, s\u00e5 kallat erfarenhetsbaserat l\u00e4rande.<\/p>\n<h3>Utelektioner<\/h3>\n<p>V\u00e5r h\u00e4rliga skolg\u00e5rd anv\u00e4nds ocks\u00e5 som ett betydelsefullt redskap i undervisningen. H\u00e4r har vi dagligen verksamhet med lek, l\u00e4rande, stimulans och delaktiga pedagoger. Vi tror p\u00e5 ett upplevelsebaserat l\u00e4rande och ser oss ofta om i v\u00e4rlden genom utflykter i samh\u00e4llet.<\/p>\n\n\t\t\t\t\t<\/div>\n\t\t\t\t\t\t\t<\/div>\n\n\t\t\t\t\t<\/div>\n\n\t\t <div class=\"ams-fifty__media u-ratio-square\">\n\t\t \t\t\t\t\t<img decoding=\"async\" width=\"600\" height=\"400\" src=\"https:\/\/noblaskolan.se\/wp-content\/uploads\/sites\/27\/2023\/08\/mariastadenhelsingborg2022-20272-2-scaled-600x400.jpg\" class=\"attachment-md size-md\" alt=\"Elev som st\u00e5r framme vid tavlan och l\u00f6ser ett matteproblem.\" sizes=\"(min-width: 64em) 600px, calc(100vw - 160px)\" srcset=\"https:\/\/noblaskolan.se\/wp-content\/uploads\/sites\/27\/2023\/08\/mariastadenhelsingborg2022-20272-2-scaled-600x400.jpg 600w, https:\/\/noblaskolan.se\/wp-content\/uploads\/sites\/27\/2023\/08\/mariastadenhelsingborg2022-20272-2-scaled-300x200.jpg 300w, https:\/\/noblaskolan.se\/wp-content\/uploads\/sites\/27\/2023\/08\/mariastadenhelsingborg2022-20272-2-scaled-400x267.jpg 400w, https:\/\/noblaskolan.se\/wp-content\/uploads\/sites\/27\/2023\/08\/mariastadenhelsingborg2022-20272-2-scaled-800x533.jpg 800w, https:\/\/noblaskolan.se\/wp-content\/uploads\/sites\/27\/2023\/08\/mariastadenhelsingborg2022-20272-2-scaled-1024x683.jpg 1024w, https:\/\/noblaskolan.se\/wp-content\/uploads\/sites\/27\/2023\/08\/mariastadenhelsingborg2022-20272-2-scaled-1200x800.jpg 1200w\" \/>\n\t\t\t\n\t\t\t\n\t\t\t\t\t<\/div>\n\t<\/div>\n\n\t\t\n\n<\/section>\n\n\n\n\n<section  class=\"ams-cta ams-cta--stacked c-block l-stacked\" data-color-scheme=\"ljusgron\">\n\t<div class=\"l-container l-stack l-stack-fluid-2xl u-pt-fluid-3xl-6xl u-pb-fluid-3xl-6xl is-center is-center@md\">\n\t\t\t\t\t<div class=\"ams-cta__intro l-stack l-stack-lg\">\n\t\t\t\t\t\n\t<h2\n\tclass=\"c-heading u-font-title-1 \"\n\tstyle=\"\">\n\t\t\n\t\t\t\t\tVill du veta mer om Noblaskolan R\u00f6nninge?\n\t\t\t\t\n\t<\/h2>\n\n\t\t\t\t\t\t\t<\/div>\n\t\t\n\t\t\n\t\t\t<div class=\"ams-cta__action u-inline-items\">\n\t\t\t\t\t\t\t\n\n\n<a href=\"https:\/\/noblaskolan.se\/ronninge\/om\/\"\n\t\n\tclass=\"c-btn \"\n\tdata-style=\"round\"\n\tdata-size=\"md\"\n\tdata-width=\"full-mobile\"\n\tdata-variant=\"default\"\n\ttarget=\"_self\">\n\t\t\t<span class=\"label\"> L\u00e4s mer<\/span>\n\t\t\t<\/a>\n\t\t\t\t\t\t\t\n\n\n<a href=\"https:\/\/noblaskolan.se\/ronninge\/besok\/\"\n\t\n\tclass=\"c-btn \"\n\tdata-style=\"round\"\n\tdata-size=\"md\"\n\tdata-width=\"full-mobile\"\n\tdata-variant=\"outline\"\n\ttarget=\"_self\">\n\t\t\t<span class=\"label\"> Bes\u00f6k oss<\/span>\n\t\t\t<\/a>\n\t\t\t<\/div>\n\t<\/div>\n\n\t\t\n\n<\/section>\n","protected":false},"excerpt":{"rendered":"","protected":false},"author":1,"featured_media":0,"parent":20,"menu_order":0,"comment_status":"closed","ping_status":"closed","template":"","meta":{"footnotes":""},"yoast_head":"<!-- This site is optimized with the Yoast SEO plugin v22.0 - https:\/\/yoast.com\/wordpress\/plugins\/seo\/ -->\n<title>Grundskola i R\u00f6nninge f\u00f6rskoleklass-\u00e5k 3 | Noblaskolan R\u00f6nninge<\/title>\n<meta name=\"description\" content=\"P\u00e5 grundskolan Noblaskolan R\u00f6nninge g\u00e5r elever fr\u00e5n f\u00f6rskoleklass till \u00e5rskurs 5. H\u00e4r finns information om v\u00e5r l\u00e4roplan och undervisning.\" \/>\n<meta name=\"robots\" content=\"index, follow, max-snippet:-1, max-image-preview:large, max-video-preview:-1\" \/>\n<link rel=\"canonical\" href=\"https:\/\/noblaskolan.se\/ronninge\/om\/grundskola\/\" \/>\n<meta property=\"og:locale\" content=\"sv_SE\" \/>\n<meta property=\"og:type\" content=\"article\" \/>\n<meta property=\"og:title\" content=\"Grundskola i R\u00f6nninge f\u00f6rskoleklass-\u00e5k 3 | Noblaskolan R\u00f6nninge\" \/>\n<meta property=\"og:description\" content=\"P\u00e5 grundskolan Noblaskolan R\u00f6nninge g\u00e5r elever fr\u00e5n f\u00f6rskoleklass till \u00e5rskurs 5. H\u00e4r finns information om v\u00e5r l\u00e4roplan och undervisning.\" \/>\n<meta property=\"og:url\" content=\"https:\/\/noblaskolan.se\/ronninge\/om\/grundskola\/\" \/>\n<meta property=\"og:site_name\" content=\"R\u00f6nninge\" \/>\n<meta property=\"article:modified_time\" content=\"2026-04-10T06:38:14+00:00\" \/>\n<meta name=\"twitter:card\" content=\"summary_large_image\" \/>\n<meta name=\"twitter:title\" content=\"Grundskola i R\u00f6nninge f\u00f6rskoleklass-\u00e5k 3 | Noblaskolan R\u00f6nninge\" \/>\n<meta name=\"twitter:description\" content=\"P\u00e5 grundskolan Noblaskolan R\u00f6nninge g\u00e5r elever fr\u00e5n f\u00f6rskoleklass till \u00e5rskurs 5. H\u00e4r finns information om v\u00e5r l\u00e4roplan och undervisning.\" \/>\n<meta name=\"twitter:label1\" content=\"Ber\u00e4knad l\u00e4stid\" \/>\n\t<meta name=\"twitter:data1\" content=\"4 minuter\" \/>\n<script type=\"application\/ld+json\" class=\"yoast-schema-graph\">{\"@context\":\"https:\/\/schema.org\",\"@graph\":[{\"@type\":\"WebPage\",\"@id\":\"https:\/\/noblaskolan.se\/ronninge\/om\/grundskola\/\",\"url\":\"https:\/\/noblaskolan.se\/ronninge\/om\/grundskola\/\",\"name\":\"Grundskola i R\u00f6nninge f\u00f6rskoleklass-\u00e5k 3 | Noblaskolan R\u00f6nninge\",\"isPartOf\":{\"@id\":\"https:\/\/noblaskolan.se\/ronninge\/#website\"},\"datePublished\":\"2020-09-01T20:07:07+00:00\",\"dateModified\":\"2026-04-10T06:38:14+00:00\",\"description\":\"P\u00e5 grundskolan Noblaskolan R\u00f6nninge g\u00e5r elever fr\u00e5n f\u00f6rskoleklass till \u00e5rskurs 5. H\u00e4r finns information om v\u00e5r l\u00e4roplan och undervisning.\",\"breadcrumb\":{\"@id\":\"https:\/\/noblaskolan.se\/ronninge\/om\/grundskola\/#breadcrumb\"},\"inLanguage\":\"sv-SE\",\"potentialAction\":[{\"@type\":\"ReadAction\",\"target\":[\"https:\/\/noblaskolan.se\/ronninge\/om\/grundskola\/\"]}]},{\"@type\":\"BreadcrumbList\",\"@id\":\"https:\/\/noblaskolan.se\/ronninge\/om\/grundskola\/#breadcrumb\",\"itemListElement\":[{\"@type\":\"ListItem\",\"position\":1,\"name\":\"Start\",\"item\":\"https:\/\/noblaskolan.se\/ronninge\/\"},{\"@type\":\"ListItem\",\"position\":2,\"name\":\"Om skolan\",\"item\":\"https:\/\/noblaskolan.se\/ronninge\/om\/\"},{\"@type\":\"ListItem\",\"position\":3,\"name\":\"Grundskola\"}]},{\"@type\":\"WebSite\",\"@id\":\"https:\/\/noblaskolan.se\/ronninge\/#website\",\"url\":\"https:\/\/noblaskolan.se\/ronninge\/\",\"name\":\"R\u00f6nninge\",\"description\":\"Noblaskolan R\u00f6nninge\",\"potentialAction\":[{\"@type\":\"SearchAction\",\"target\":{\"@type\":\"EntryPoint\",\"urlTemplate\":\"https:\/\/noblaskolan.se\/ronninge\/?s={search_term_string}\"},\"query-input\":\"required name=search_term_string\"}],\"inLanguage\":\"sv-SE\"}]}<\/script>\n<!-- \/ Yoast SEO plugin. -->","yoast_head_json":{"title":"Grundskola i R\u00f6nninge f\u00f6rskoleklass-\u00e5k 3 | Noblaskolan R\u00f6nninge","description":"P\u00e5 grundskolan Noblaskolan R\u00f6nninge g\u00e5r elever fr\u00e5n f\u00f6rskoleklass till \u00e5rskurs 5. H\u00e4r finns information om v\u00e5r l\u00e4roplan och undervisning.","robots":{"index":"index","follow":"follow","max-snippet":"max-snippet:-1","max-image-preview":"max-image-preview:large","max-video-preview":"max-video-preview:-1"},"canonical":"https:\/\/noblaskolan.se\/ronninge\/om\/grundskola\/","og_locale":"sv_SE","og_type":"article","og_title":"Grundskola i R\u00f6nninge f\u00f6rskoleklass-\u00e5k 3 | Noblaskolan R\u00f6nninge","og_description":"P\u00e5 grundskolan Noblaskolan R\u00f6nninge g\u00e5r elever fr\u00e5n f\u00f6rskoleklass till \u00e5rskurs 5. H\u00e4r finns information om v\u00e5r l\u00e4roplan och undervisning.","og_url":"https:\/\/noblaskolan.se\/ronninge\/om\/grundskola\/","og_site_name":"R\u00f6nninge","article_modified_time":"2026-04-10T06:38:14+00:00","twitter_card":"summary_large_image","twitter_title":"Grundskola i R\u00f6nninge f\u00f6rskoleklass-\u00e5k 3 | Noblaskolan R\u00f6nninge","twitter_description":"P\u00e5 grundskolan Noblaskolan R\u00f6nninge g\u00e5r elever fr\u00e5n f\u00f6rskoleklass till \u00e5rskurs 5. H\u00e4r finns information om v\u00e5r l\u00e4roplan och undervisning.","twitter_misc":{"Ber\u00e4knad l\u00e4stid":"4 minuter"},"schema":{"@context":"https:\/\/schema.org","@graph":[{"@type":"WebPage","@id":"https:\/\/noblaskolan.se\/ronninge\/om\/grundskola\/","url":"https:\/\/noblaskolan.se\/ronninge\/om\/grundskola\/","name":"Grundskola i R\u00f6nninge f\u00f6rskoleklass-\u00e5k 3 | Noblaskolan R\u00f6nninge","isPartOf":{"@id":"https:\/\/noblaskolan.se\/ronninge\/#website"},"datePublished":"2020-09-01T20:07:07+00:00","dateModified":"2026-04-10T06:38:14+00:00","description":"P\u00e5 grundskolan Noblaskolan R\u00f6nninge g\u00e5r elever fr\u00e5n f\u00f6rskoleklass till \u00e5rskurs 5. H\u00e4r finns information om v\u00e5r l\u00e4roplan och undervisning.","breadcrumb":{"@id":"https:\/\/noblaskolan.se\/ronninge\/om\/grundskola\/#breadcrumb"},"inLanguage":"sv-SE","potentialAction":[{"@type":"ReadAction","target":["https:\/\/noblaskolan.se\/ronninge\/om\/grundskola\/"]}]},{"@type":"BreadcrumbList","@id":"https:\/\/noblaskolan.se\/ronninge\/om\/grundskola\/#breadcrumb","itemListElement":[{"@type":"ListItem","position":1,"name":"Start","item":"https:\/\/noblaskolan.se\/ronninge\/"},{"@type":"ListItem","position":2,"name":"Om skolan","item":"https:\/\/noblaskolan.se\/ronninge\/om\/"},{"@type":"ListItem","position":3,"name":"Grundskola"}]},{"@type":"WebSite","@id":"https:\/\/noblaskolan.se\/ronninge\/#website","url":"https:\/\/noblaskolan.se\/ronninge\/","name":"R\u00f6nninge","description":"Noblaskolan R\u00f6nninge","potentialAction":[{"@type":"SearchAction","target":{"@type":"EntryPoint","urlTemplate":"https:\/\/noblaskolan.se\/ronninge\/?s={search_term_string}"},"query-input":"required name=search_term_string"}],"inLanguage":"sv-SE"}]}},"_links":{"self":[{"href":"https:\/\/noblaskolan.se\/ronninge\/wp-json\/wp\/v2\/pages\/25"}],"collection":[{"href":"https:\/\/noblaskolan.se\/ronninge\/wp-json\/wp\/v2\/pages"}],"about":[{"href":"https:\/\/noblaskolan.se\/ronninge\/wp-json\/wp\/v2\/types\/page"}],"author":[{"embeddable":true,"href":"https:\/\/noblaskolan.se\/ronninge\/wp-json\/wp\/v2\/users\/1"}],"replies":[{"embeddable":true,"href":"https:\/\/noblaskolan.se\/ronninge\/wp-json\/wp\/v2\/comments?post=25"}],"version-history":[{"count":9,"href":"https:\/\/noblaskolan.se\/ronninge\/wp-json\/wp\/v2\/pages\/25\/revisions"}],"predecessor-version":[{"id":2415,"href":"https:\/\/noblaskolan.se\/ronninge\/wp-json\/wp\/v2\/pages\/25\/revisions\/2415"}],"up":[{"embeddable":true,"href":"https:\/\/noblaskolan.se\/ronninge\/wp-json\/wp\/v2\/pages\/20"}],"wp:attachment":[{"href":"https:\/\/noblaskolan.se\/ronninge\/wp-json\/wp\/v2\/media?parent=25"}],"curies":[{"name":"wp","href":"https:\/\/api.w.org\/{rel}","templated":true}]}}