{"id":23,"date":"2020-09-01T22:06:54","date_gmt":"2020-09-01T20:06:54","guid":{"rendered":"https:\/\/noblaskolan.se\/ronninge\/?page_id=23"},"modified":"2026-03-24T12:44:14","modified_gmt":"2026-03-24T11:44:14","slug":"forskola","status":"publish","type":"page","link":"https:\/\/noblaskolan.se\/ronninge\/om\/forskola\/","title":{"rendered":"F\u00f6rskola"},"content":{"rendered":"\n\t\n\t\n\t\n\n\t\n\t\n\t\t\n<section  class=\"c-block l-stacked  \" data-color-scheme=\"\">\n\t<div class=\"ams-fifty ams-fifty--container ams-fifty--right ams-fifty--bottom l-container u-pt-fluid-2xl-4xl u-pb-fluid-Ingen\">\n\t\t<div class=\"ams-fifty__content l-stack l-stack-xl is-left is-left@lg\">\n\t\t\t<div class=\"ams-fifty__text l-stack l-stack-lg\">\n\t\t\t\t\t\n\t<h2\n\tclass=\"c-heading u-font-title-1 \"\n\tstyle=\"\">\n\t\t\n\t\t\t\t\tF\u00f6rskolan p\u00e5 Noblaskolan R\u00f6nninge\n\t\t\t\t\n\t<\/h2>\n\n\t\t\t\t\t\t\t\t\t<div class=\"text l-stack u-font-body\">\n\t\t\t\t\t\t<p>P\u00e5 v\u00e5r f\u00f6rskola i R\u00f6nninge vet vi att barn som utmanas av professionella och personliga pedagoger, i en tydlig och inspirerande l\u00e4rmilj\u00f6, v\u00e4xer som individer.<\/p>\n<p>Noblaskolan R\u00f6nninges f\u00f6rskola ligger i ett h\u00e4rligt och lugnt omr\u00e5de i R\u00f6nninge. Bara ett stenkast bort finns flera naturomr\u00e5den och parker. F\u00f6rskolan har en stor g\u00e5rd med bland annat kl\u00e4tterst\u00e4llning, rutschkana f\u00f6r de yngsta barnen, en grillplats och ett stort skogsparti som bjuder in till lek.<\/p>\n\n\t\t\t\t\t<\/div>\n\t\t\t\t\t\t\t<\/div>\n\n\t\t\t\t\t<\/div>\n\n\t\t <div class=\"ams-fifty__media u-ratio-landscape\">\n\t\t \t\t\t\t\t<img decoding=\"async\" width=\"600\" height=\"400\" src=\"https:\/\/noblaskolan.se\/wp-content\/uploads\/sites\/27\/2023\/08\/mariastadenhelsingborg2022-2027-3-scaled-600x400.jpg\" class=\"attachment-md size-md\" alt=\"Tv\u00e5 glada elever som kl\u00e4ttrar i ett tr\u00e4d.\" sizes=\"(min-width: 64em) 600px, calc(100vw - 160px)\" srcset=\"https:\/\/noblaskolan.se\/wp-content\/uploads\/sites\/27\/2023\/08\/mariastadenhelsingborg2022-2027-3-scaled-600x400.jpg 600w, https:\/\/noblaskolan.se\/wp-content\/uploads\/sites\/27\/2023\/08\/mariastadenhelsingborg2022-2027-3-scaled-300x200.jpg 300w, https:\/\/noblaskolan.se\/wp-content\/uploads\/sites\/27\/2023\/08\/mariastadenhelsingborg2022-2027-3-scaled-400x267.jpg 400w, https:\/\/noblaskolan.se\/wp-content\/uploads\/sites\/27\/2023\/08\/mariastadenhelsingborg2022-2027-3-scaled-800x533.jpg 800w, https:\/\/noblaskolan.se\/wp-content\/uploads\/sites\/27\/2023\/08\/mariastadenhelsingborg2022-2027-3-scaled-1024x683.jpg 1024w, https:\/\/noblaskolan.se\/wp-content\/uploads\/sites\/27\/2023\/08\/mariastadenhelsingborg2022-2027-3-scaled-1200x800.jpg 1200w\" \/>\n\t\t\t\n\t\t\t\n\t\t\t\t\t<\/div>\n\t<\/div>\n\n\t\t\n\n<\/section>\n\n\n\n<div class=\"wp-block-group is-style-narrow is-layout-flow wp-block-group-is-layout-flow\"><\/div>\n\n\n\n\t\n\t\n\t\n\n\t\n\t\n\t\t\n<section  class=\"c-block l-stacked  \" data-color-scheme=\"transparent\">\n\t<div class=\"ams-fifty ams-fifty--container ams-fifty--left ams-fifty--bottom l-container u-pt-fluid-Ingen u-pb-fluid-2xl-4xl\">\n\t\t<div class=\"ams-fifty__content l-stack l-stack-xl is-left is-left@lg\">\n\t\t\t<div class=\"ams-fifty__text l-stack l-stack-lg\">\n\t\t\t\t\t\n\t<h2\n\tclass=\"c-heading u-font-title-2 \"\n\tstyle=\"\">\n\t\t\n\t\t\t\t\tOm v\u00e5r f\u00f6rskola\n\t\t\t\t\n\t<\/h2>\n\n\t\t\t\t\t\t\t\t\t<div class=\"text l-stack u-font-body\">\n\t\t\t\t\t\t<p>V\u00e5ra engagerade pedagoger har bred kunskap, d\u00e4r vi tar del av aktuell forskning och bepr\u00f6vad erfarenhet genom att utveckla verksamheten efter kollegialt l\u00e4rande. V\u00e5rt m\u00e5l \u00e4r att erbjuda en likv\u00e4rdig f\u00f6rskola d\u00e4r alla barn f\u00e5r tillit till sin egna f\u00f6rm\u00e5ga och m\u00f6jlighet att vara sitt b\u00e4sta jag. V\u00e5rt v\u00e4rdegrundsarbete p\u00e5 f\u00f6rskolan \u00e4r i fokus hela dagen \u2013 b\u00e5de i undervisning, l\u00e4rmilj\u00f6 och f\u00f6rh\u00e5llningss\u00e4tt.<\/p>\n<h3>F\u00f6rskolans tider<\/h3>\n<p>6:30 F\u00f6rskolan \u00f6ppnar<br \/>\n7:00 Frukost<br \/>\n10:20-11:30 Lunch<br \/>\n13:30-14:30 Mellanm\u00e5l<br \/>\n17:30 F\u00f6rskolan st\u00e4nger<\/p>\n\n\t\t\t\t\t<\/div>\n\t\t\t\t\t\t\t<\/div>\n\n\t\t\t\t\t<\/div>\n\n\t\t <div class=\"ams-fifty__media u-ratio-landscape\">\n\t\t \t\t\t\t\t<img decoding=\"async\" width=\"600\" height=\"400\" src=\"https:\/\/noblaskolan.se\/wp-content\/uploads\/sites\/27\/2026\/03\/noblaskolansaltsjo-boo202504forskolawebb21-600x400.jpg\" class=\"attachment-md size-md\" alt=\"Elev och pedagog som pysslar.\" sizes=\"(min-width: 64em) 600px, calc(100vw - 160px)\" srcset=\"https:\/\/noblaskolan.se\/wp-content\/uploads\/sites\/27\/2026\/03\/noblaskolansaltsjo-boo202504forskolawebb21-600x400.jpg 600w, https:\/\/noblaskolan.se\/wp-content\/uploads\/sites\/27\/2026\/03\/noblaskolansaltsjo-boo202504forskolawebb21-300x200.jpg 300w, https:\/\/noblaskolan.se\/wp-content\/uploads\/sites\/27\/2026\/03\/noblaskolansaltsjo-boo202504forskolawebb21-400x267.jpg 400w, https:\/\/noblaskolan.se\/wp-content\/uploads\/sites\/27\/2026\/03\/noblaskolansaltsjo-boo202504forskolawebb21-800x534.jpg 800w, https:\/\/noblaskolan.se\/wp-content\/uploads\/sites\/27\/2026\/03\/noblaskolansaltsjo-boo202504forskolawebb21.jpg 1000w\" \/>\n\t\t\t\n\t\t\t\n\t\t\t\t\t<\/div>\n\t<\/div>\n\n\t\t\n\n<\/section>\n\n\n\n\t\n\t\n\t\n\n\t\n\t\n\t\t\n<section  class=\"c-block l-stacked  \" data-color-scheme=\"ljusgron\">\n\t<div class=\"ams-fifty ams-fifty--container ams-fifty--right ams-fifty--bottom l-container u-pt-fluid-2xl-4xl u-pb-fluid-2xl-4xl\">\n\t\t<div class=\"ams-fifty__content l-stack l-stack-xl is-left is-left@lg\">\n\t\t\t<div class=\"ams-fifty__text l-stack l-stack-lg\">\n\t\t\t\t\t\n\t<h1\n\tclass=\"c-heading u-font-title-1 \"\n\tstyle=\"\">\n\t\t\n\t\t\t\t\t\t\t\t\tEn vanlig dag \n\t\t\t\t<span class=\"c-heading__sub is-below u-font-title-3\">\n\t\t\t\t\tp\u00e5 Noblaskolan R\u00f6nninges f\u00f6rskola\n\t\t\t\t<\/span>\n\t\t\t\t\t\t\t\n\t<\/h1>\n\n\t\t\t\t\t\t\t\t\t<div class=\"text l-stack u-font-body\">\n\t\t\t\t\t\t<h3><strong>En trygg start och projektfokus<\/strong><\/h3>\n<p><span style=\"font-weight: 400;\">Dagen b\u00f6rjar med en gemensam samling. Det \u00e4r en viktig stund f\u00f6r att skapa f\u00f6ruts\u00e4gbarhet och gruppk\u00e4nsla. Efter samlingen startar dagens undervisning. H\u00e4r \u00e4r det barnens egen nyfikenhet som styr \u2013 vi arbetar ofta i projektform d\u00e4r barnens fr\u00e5gor f\u00e5r visa v\u00e4gen. F\u00f6r att ge varje barn de b\u00e4sta f\u00f6ruts\u00e4ttningarna delar vi ofta upp oss i mindre grupper; det skapar lugn och ger utrymme f\u00f6r f\u00f6rdjupade samtal och reflektion. Under f\u00f6rmiddagen fyller vi p\u00e5 med energi i form av en fruktstund.<\/span><\/p>\n<h3><strong>\u00c4ventyr i skog och mark<\/strong><\/h3>\n<p><span style=\"font-weight: 400;\">Vi spenderar en stor del av v\u00e5r dag utomhus. Vi har f\u00f6rm\u00e5nen att ha b\u00e5de skog och sj\u00f6 i direkt anslutning till v\u00e5ra lokaler, vilket g\u00f6r naturen till en naturlig del av v\u00e5r l\u00e4rmilj\u00f6. Vissa dagar utforskar vi skolg\u00e5rden, medan vi andra dagar hoppar p\u00e5 bussen f\u00f6r att bege oss ut p\u00e5 \u00e4ventyr i n\u00e4rmilj\u00f6n. Variationen \u00e4r stor och utemilj\u00f6n utmanar barnens motorik och kreativitet p\u00e5 ett fantastiskt s\u00e4tt.<\/span><\/p>\n<h3><strong>Lunch och \u00e5terh\u00e4mtning<\/strong><\/h3>\n<p><span style=\"font-weight: 400;\">Maten \u00e4r en central del av v\u00e5r dag. All mat tillagas i v\u00e5rt eget k\u00f6k och vi serverar goda, n\u00e4ringsrika m\u00e5ltider som ger energi som r\u00e4cker l\u00e4nge. Efter lunchen f\u00f6ljer en v\u00e4lbeh\u00f6vlig vila f\u00f6r att bearbeta f\u00f6rmiddagens intryck.<\/span><\/p>\n<h3><strong>Lek och gemenskap<\/strong><\/h3>\n<p><span style=\"font-weight: 400;\">Mellan lunch och mellanm\u00e5l \u00e4gnar vi oss \u00e5t sp\u00e4nnande aktiviteter tillsammans, b\u00e5de inomhus och utomhus. H\u00e4r fokuserar vi mycket p\u00e5 att st\u00e4rka barnens sj\u00e4lvst\u00e4ndighet och tillit till sin egen f\u00f6rm\u00e5ga. Dagarna hos oss rusar ofta f\u00f6rbi i en v\u00e4ldig fart, fyllda av skratt och nya uppt\u00e4ckter. H\u00f6jdpunkten \u00e4r ofta n\u00e4r vi packar ryggs\u00e4ckarna och beger oss mot skogen, eller n\u00e4r deras egna kluriga fr\u00e5gor blir till ett helt nytt och sp\u00e4nnande projekt p\u00e5 avdelningen. Variationen g\u00f6r att varje dag blir ett \u00e4ventyr.<\/span><\/p>\n\n\t\t\t\t\t<\/div>\n\t\t\t\t\t\t\t<\/div>\n\n\t\t\t\t\t<\/div>\n\n\t\t <div class=\"ams-fifty__media u-ratio-square\">\n\t\t \t\t\t\t\t<img decoding=\"async\" width=\"600\" height=\"800\" src=\"https:\/\/noblaskolan.se\/wp-content\/uploads\/sites\/27\/2026\/01\/forskolan-600x800.jpg\" class=\"attachment-md size-md\" alt=\"Ett barns m\u00e5lning och en bok\" sizes=\"(min-width: 64em) 600px, calc(100vw - 160px)\" srcset=\"https:\/\/noblaskolan.se\/wp-content\/uploads\/sites\/27\/2026\/01\/forskolan-600x800.jpg 600w, https:\/\/noblaskolan.se\/wp-content\/uploads\/sites\/27\/2026\/01\/forskolan-300x400.jpg 300w, https:\/\/noblaskolan.se\/wp-content\/uploads\/sites\/27\/2026\/01\/forskolan-400x533.jpg 400w, https:\/\/noblaskolan.se\/wp-content\/uploads\/sites\/27\/2026\/01\/forskolan-800x1067.jpg 800w, https:\/\/noblaskolan.se\/wp-content\/uploads\/sites\/27\/2026\/01\/forskolan-1024x1365.jpg 1024w, https:\/\/noblaskolan.se\/wp-content\/uploads\/sites\/27\/2026\/01\/forskolan-1200x1600.jpg 1200w, https:\/\/noblaskolan.se\/wp-content\/uploads\/sites\/27\/2026\/01\/forskolan.jpg 1500w\" \/>\n\t\t\t\n\t\t\t\n\t\t\t\t\t<\/div>\n\t<\/div>\n\n\t\t\n\n<\/section>\n\n\n\n\t\n\t\n\t\n\n\t\n\t\n\t\t\n<section  class=\"c-block l-stacked  \" data-color-scheme=\"transparent\">\n\t<div class=\"ams-fifty ams-fifty--container ams-fifty--right ams-fifty--bottom l-container u-pt-fluid-2xl-4xl u-pb-fluid-2xl-4xl\">\n\t\t<div class=\"ams-fifty__content l-stack l-stack-xl is-left is-left@lg\">\n\t\t\t<div class=\"ams-fifty__text l-stack l-stack-lg\">\n\t\t\t\t\t\n\t<h2\n\tclass=\"c-heading u-font-title-2 \"\n\tstyle=\"\">\n\t\t\n\t\t\t\t\tV\u00e5ra avdelningar\n\t\t\t\t\n\t<\/h2>\n\n\t\t\t\t\t\t\t\t\t<div class=\"text l-stack u-font-body\">\n\t\t\t\t\t\t<p>P\u00e5 v\u00e5r f\u00f6rskola finns det sex avdelningar f\u00f6rdelat p\u00e5 tv\u00e5 arbetslag, 1\u20133 \u00e5r samt 3\u20135 \u00e5r. En f\u00f6rskoll\u00e4rare ansvarar f\u00f6r varje avdelning. Gruppstorlekarna och sammans\u00e4ttningen av personalens utbildning, erfarenhet och kompetens bidrar till en lugn, trygg och stabil verksamhet.<\/p>\n<p>Vi erbjuder en stimulerande milj\u00f6 b\u00e5de inomhus och utomhus. D\u00e4r planerar och utformar vi verksamheten utifr\u00e5n barnens intressen och behov. Alla barn p\u00e5 Noblaskolans f\u00f6rskola har varje vecka tillg\u00e5ng till v\u00e5r fina gymnastiksal. Alla avdelningar har skogsdagar i v\u00e5r n\u00e4rmilj\u00f6.<\/p>\n<h3>M\u00e5ltider p\u00e5 f\u00f6rskolan<\/h3>\n<p>F\u00f6rskolan erbjuder frukost, frukt, lunch och mellanm\u00e5l varje dag och utifr\u00e5n varje barns enskilda veckoschema.<\/p>\n<p>Vi v\u00e4rnar om v\u00e5ra barns h\u00e4lsa. V\u00e5r skolmat tillagas i skolans egna tillagningsk\u00f6k. H\u00e4r serveras god och n\u00e4ringsrik kost till alla v\u00e5ra barn. R\u00e5varorna \u00e4r alltid noga utvalda. I k\u00f6ket arbetar v\u00e5r v\u00e4lutbildade kock som h\u00e5ller kost och h\u00e4lsa varmt om hj\u00e4rtat. <a href=\"https:\/\/noblaskolan.se\/ronninge\/om\/skolmat\/\">H\u00e4r<\/a> kan du l\u00e4sa mer om maten p\u00e5 Noblaskolan.<\/p>\n\n\t\t\t\t\t<\/div>\n\t\t\t\t\t\t\t<\/div>\n\n\t\t\t\t\t<\/div>\n\n\t\t <div class=\"ams-fifty__media u-ratio-square\">\n\t\t \t\t\t\t\t<img decoding=\"async\" width=\"600\" height=\"400\" src=\"https:\/\/noblaskolan.se\/wp-content\/uploads\/sites\/27\/2023\/08\/mariastadenhelsingborg2022-2027-scaled-600x400.jpg\" class=\"attachment-md size-md\" alt=\"Pedagog sitter och l\u00e4ser f\u00f6r 4 elever.\" sizes=\"(min-width: 64em) 600px, calc(100vw - 160px)\" srcset=\"https:\/\/noblaskolan.se\/wp-content\/uploads\/sites\/27\/2023\/08\/mariastadenhelsingborg2022-2027-scaled-600x400.jpg 600w, https:\/\/noblaskolan.se\/wp-content\/uploads\/sites\/27\/2023\/08\/mariastadenhelsingborg2022-2027-scaled-300x200.jpg 300w, https:\/\/noblaskolan.se\/wp-content\/uploads\/sites\/27\/2023\/08\/mariastadenhelsingborg2022-2027-scaled-400x267.jpg 400w, https:\/\/noblaskolan.se\/wp-content\/uploads\/sites\/27\/2023\/08\/mariastadenhelsingborg2022-2027-scaled-800x533.jpg 800w, https:\/\/noblaskolan.se\/wp-content\/uploads\/sites\/27\/2023\/08\/mariastadenhelsingborg2022-2027-scaled-1024x683.jpg 1024w, https:\/\/noblaskolan.se\/wp-content\/uploads\/sites\/27\/2023\/08\/mariastadenhelsingborg2022-2027-scaled-1200x800.jpg 1200w\" \/>\n\t\t\t\n\t\t\t\n\t\t\t\t\t<\/div>\n\t<\/div>\n\n\t\t\n\n<\/section>\n\n\n\n\t\n\t\n\t\n\n\t\n\t\n\t\t\n<section  class=\"c-block l-stacked  \" data-color-scheme=\"transparent\">\n\t<div class=\"ams-fifty ams-fifty--container ams-fifty--left ams-fifty--bottom l-container u-pt-fluid-2xl-4xl u-pb-fluid-2xl-4xl\">\n\t\t<div class=\"ams-fifty__content l-stack l-stack-xl is-left is-left@lg\">\n\t\t\t<div class=\"ams-fifty__text l-stack l-stack-lg\">\n\t\t\t\t\t\n\t<h2\n\tclass=\"c-heading u-font-title-2 \"\n\tstyle=\"\">\n\t\t\n\t\t\t\t\tInskolning p\u00e5 f\u00f6rskolan\n\t\t\t\t\n\t<\/h2>\n\n\t\t\t\t\t\t\t\t\t<div class=\"text l-stack u-font-body\">\n\t\t\t\t\t\t<p>Inskolningstiden \u00e4r behovsstyrd f\u00f6r alla barn och p\u00e5g\u00e5r vanligtvis under cirka tre veckor. Det \u00e4r pedagogerna som ansvarar f\u00f6r bed\u00f6mningen n\u00e4r inskolningen kan avslutas. Efter de f\u00f6rsta tre inskolningsdagarna beslutas om kommande veckas tider. F\u00f6rsta veckans inskolningsdagar \u00e4r f\u00f6r\u00e4ldraaktiva, vilket inneb\u00e4r att ni som f\u00f6r\u00e4ldrar \u00e4r med i verksamheten. \u00d6vriga inskolningsdagar \u00e4r ni fortsatt med i verksamheten eller finns tillg\u00e4ngliga f\u00f6r att snabbt kunna ta er till f\u00f6rskolan. Det \u00e4r ert barns behov som styr hur vecka 2 och 3 l\u00e4ggs upp.<\/p>\n<p>F\u00f6r\u00e4ldraaktiv inskolning ger er f\u00f6r\u00e4ldrar inblick i hur ert barns dagar kommer att se ut och hur v\u00e5r verksamhet fungerar. \u00c4r ni trygga och k\u00e4nner tillit till v\u00e5r verksamhet \u00e4r det ocks\u00e5 l\u00e4ttare att ert barn g\u00f6r detsamma.<\/p>\n<h3>Bra saker att t\u00e4nka p\u00e5 inf\u00f6r inskolning<\/h3>\n<ul>\n<li>Ta med n\u00e5got som g\u00f6r att ditt barn k\u00e4nner sig trygg. Till exempel ett gosedjur, napp eller en filt.<\/li>\n<li>Ta med kl\u00e4der f\u00f6r b\u00e5de inomhus- och utomhuslek i alla v\u00e4der samt extrakl\u00e4der.<\/li>\n<li>M\u00e4rk barnets tillh\u00f6righeter med namn.<\/li>\n<li>Meddela eventuella allergier eller specialkost.<\/li>\n<li>Se till att vi har korrekt och uppdaterad kontaktinformation till er som f\u00f6r\u00e4lder.<\/li>\n<\/ul>\n\n\t\t\t\t\t<\/div>\n\t\t\t\t\t\t\t<\/div>\n\n\t\t\t\t\t<\/div>\n\n\t\t <div class=\"ams-fifty__media u-ratio-square\">\n\t\t \t\t\t\t\t<img decoding=\"async\" width=\"600\" height=\"400\" src=\"https:\/\/noblaskolan.se\/wp-content\/uploads\/sites\/27\/2023\/08\/mariastadenhelsingborg2022-20272-1-scaled-600x400.jpg\" class=\"attachment-md size-md\" alt=\"Tv\u00e5 elever ute p\u00e5 skolg\u00e5rden.\" sizes=\"(min-width: 64em) 600px, calc(100vw - 160px)\" srcset=\"https:\/\/noblaskolan.se\/wp-content\/uploads\/sites\/27\/2023\/08\/mariastadenhelsingborg2022-20272-1-scaled-600x400.jpg 600w, https:\/\/noblaskolan.se\/wp-content\/uploads\/sites\/27\/2023\/08\/mariastadenhelsingborg2022-20272-1-scaled-300x200.jpg 300w, https:\/\/noblaskolan.se\/wp-content\/uploads\/sites\/27\/2023\/08\/mariastadenhelsingborg2022-20272-1-scaled-400x267.jpg 400w, https:\/\/noblaskolan.se\/wp-content\/uploads\/sites\/27\/2023\/08\/mariastadenhelsingborg2022-20272-1-scaled-800x533.jpg 800w, https:\/\/noblaskolan.se\/wp-content\/uploads\/sites\/27\/2023\/08\/mariastadenhelsingborg2022-20272-1-scaled-1024x683.jpg 1024w, https:\/\/noblaskolan.se\/wp-content\/uploads\/sites\/27\/2023\/08\/mariastadenhelsingborg2022-20272-1-scaled-1200x800.jpg 1200w\" \/>\n\t\t\t\n\t\t\t\n\t\t\t\t\t<\/div>\n\t<\/div>\n\n\t\t\n\n<\/section>\n\n\n\n\n<section  class=\"ams-cta ams-cta--stacked c-block l-stacked ams-border\" data-color-scheme=\"ljusgron\">\n\t<div class=\"l-container-narrow l-stack l-stack-fluid-2xl u-pt-fluid-2xl-4xl u-pb-fluid-2xl-4xl is-center is-center@md\">\n\t\t\t\t\t<div class=\"ams-cta__intro l-stack l-stack-lg\">\n\t\t\t\t\t\n\t<h2\n\tclass=\"c-heading u-font-title-1 \"\n\tstyle=\"\">\n\t\t\n\t\t\t\t\tVill du s\u00f6ka till v\u00e5r f\u00f6rskola?\n\t\t\t\t\n\t<\/h2>\n\n\t\t\t\t\t\t\t\t\t<div class=\"c-text l-stack u-cs-xl u-font-body\">\n\t\t\t\t\t\t<p>L\u00e4s mer om k\u00f6anm\u00e4lan och st\u00e4ll ditt barn i k\u00f6 till f\u00f6rskolan p\u00e5 Noblaskolan R\u00f6nninge.<\/p>\n\n\t\t\t\t\t<\/div>\n\t\t\t\t\t\t\t<\/div>\n\t\t\n\t\t\n\t\t\t<div class=\"ams-cta__action u-inline-items\">\n\t\t\t\t\t\t\t\n\n\n<a href=\"https:\/\/noblaskolan.se\/ronninge\/koanmalan\/\"\n\t\n\tclass=\"c-btn \"\n\tdata-style=\"round\"\n\tdata-size=\"md\"\n\tdata-width=\"full-mobile\"\n\tdata-variant=\"default\"\n\ttarget=\"_self\">\n\t\t\t<span class=\"label\"> St\u00e4ll ditt barn i k\u00f6<\/span>\n\t\t\t<\/a>\n\t\t\t<\/div>\n\t<\/div>\n\n\t\t\n\n<\/section>\n","protected":false},"excerpt":{"rendered":"","protected":false},"author":1,"featured_media":0,"parent":20,"menu_order":0,"comment_status":"closed","ping_status":"closed","template":"","meta":{"footnotes":""},"yoast_head":"<!-- This site is optimized with the Yoast SEO plugin v22.0 - https:\/\/yoast.com\/wordpress\/plugins\/seo\/ -->\n<title>F\u00f6rskola f\u00f6r barn 1-5 \u00e5r i R\u00f6nninge | Noblaskolan R\u00f6nninge<\/title>\n<meta name=\"description\" content=\"F\u00f6rskolan p\u00e5 Noblaskolan R\u00f6nninge arbetar med barnens utveckling och inl\u00e4rningsf\u00f6rm\u00e5ga. L\u00e4s mer om v\u00e5rt f\u00f6rskolearbete och inskolning h\u00e4r.\" \/>\n<meta name=\"robots\" content=\"index, follow, max-snippet:-1, max-image-preview:large, max-video-preview:-1\" \/>\n<link rel=\"canonical\" href=\"https:\/\/noblaskolan.se\/ronninge\/om\/forskola\/\" \/>\n<meta property=\"og:locale\" content=\"sv_SE\" \/>\n<meta property=\"og:type\" content=\"article\" \/>\n<meta property=\"og:title\" content=\"F\u00f6rskola f\u00f6r barn 1-5 \u00e5r i R\u00f6nninge | Noblaskolan R\u00f6nninge\" \/>\n<meta property=\"og:description\" content=\"F\u00f6rskolan p\u00e5 Noblaskolan R\u00f6nninge arbetar med barnens utveckling och inl\u00e4rningsf\u00f6rm\u00e5ga. L\u00e4s mer om v\u00e5rt f\u00f6rskolearbete och inskolning h\u00e4r.\" \/>\n<meta property=\"og:url\" content=\"https:\/\/noblaskolan.se\/ronninge\/om\/forskola\/\" \/>\n<meta property=\"og:site_name\" content=\"R\u00f6nninge\" \/>\n<meta property=\"article:modified_time\" content=\"2026-03-24T11:44:14+00:00\" \/>\n<meta name=\"twitter:card\" content=\"summary_large_image\" \/>\n<meta name=\"twitter:title\" content=\"F\u00f6rskola f\u00f6r barn 1-5 \u00e5r i R\u00f6nninge | Noblaskolan R\u00f6nninge\" \/>\n<meta name=\"twitter:description\" content=\"F\u00f6rskolan p\u00e5 Noblaskolan R\u00f6nninge arbetar med barnens utveckling och inl\u00e4rningsf\u00f6rm\u00e5ga. L\u00e4s mer om v\u00e5rt f\u00f6rskolearbete och inskolning h\u00e4r.\" \/>\n<meta name=\"twitter:label1\" content=\"Ber\u00e4knad l\u00e4stid\" \/>\n\t<meta name=\"twitter:data1\" content=\"6 minuter\" \/>\n<script type=\"application\/ld+json\" class=\"yoast-schema-graph\">{\"@context\":\"https:\/\/schema.org\",\"@graph\":[{\"@type\":\"WebPage\",\"@id\":\"https:\/\/noblaskolan.se\/ronninge\/om\/forskola\/\",\"url\":\"https:\/\/noblaskolan.se\/ronninge\/om\/forskola\/\",\"name\":\"F\u00f6rskola f\u00f6r barn 1-5 \u00e5r i R\u00f6nninge | Noblaskolan R\u00f6nninge\",\"isPartOf\":{\"@id\":\"https:\/\/noblaskolan.se\/ronninge\/#website\"},\"datePublished\":\"2020-09-01T20:06:54+00:00\",\"dateModified\":\"2026-03-24T11:44:14+00:00\",\"description\":\"F\u00f6rskolan p\u00e5 Noblaskolan R\u00f6nninge arbetar med barnens utveckling och inl\u00e4rningsf\u00f6rm\u00e5ga. L\u00e4s mer om v\u00e5rt f\u00f6rskolearbete och inskolning h\u00e4r.\",\"breadcrumb\":{\"@id\":\"https:\/\/noblaskolan.se\/ronninge\/om\/forskola\/#breadcrumb\"},\"inLanguage\":\"sv-SE\",\"potentialAction\":[{\"@type\":\"ReadAction\",\"target\":[\"https:\/\/noblaskolan.se\/ronninge\/om\/forskola\/\"]}]},{\"@type\":\"BreadcrumbList\",\"@id\":\"https:\/\/noblaskolan.se\/ronninge\/om\/forskola\/#breadcrumb\",\"itemListElement\":[{\"@type\":\"ListItem\",\"position\":1,\"name\":\"Start\",\"item\":\"https:\/\/noblaskolan.se\/ronninge\/\"},{\"@type\":\"ListItem\",\"position\":2,\"name\":\"Om skolan\",\"item\":\"https:\/\/noblaskolan.se\/ronninge\/om\/\"},{\"@type\":\"ListItem\",\"position\":3,\"name\":\"F\u00f6rskola\"}]},{\"@type\":\"WebSite\",\"@id\":\"https:\/\/noblaskolan.se\/ronninge\/#website\",\"url\":\"https:\/\/noblaskolan.se\/ronninge\/\",\"name\":\"R\u00f6nninge\",\"description\":\"Noblaskolan R\u00f6nninge\",\"potentialAction\":[{\"@type\":\"SearchAction\",\"target\":{\"@type\":\"EntryPoint\",\"urlTemplate\":\"https:\/\/noblaskolan.se\/ronninge\/?s={search_term_string}\"},\"query-input\":\"required name=search_term_string\"}],\"inLanguage\":\"sv-SE\"}]}<\/script>\n<!-- \/ Yoast SEO plugin. -->","yoast_head_json":{"title":"F\u00f6rskola f\u00f6r barn 1-5 \u00e5r i R\u00f6nninge | Noblaskolan R\u00f6nninge","description":"F\u00f6rskolan p\u00e5 Noblaskolan R\u00f6nninge arbetar med barnens utveckling och inl\u00e4rningsf\u00f6rm\u00e5ga. L\u00e4s mer om v\u00e5rt f\u00f6rskolearbete och inskolning h\u00e4r.","robots":{"index":"index","follow":"follow","max-snippet":"max-snippet:-1","max-image-preview":"max-image-preview:large","max-video-preview":"max-video-preview:-1"},"canonical":"https:\/\/noblaskolan.se\/ronninge\/om\/forskola\/","og_locale":"sv_SE","og_type":"article","og_title":"F\u00f6rskola f\u00f6r barn 1-5 \u00e5r i R\u00f6nninge | Noblaskolan R\u00f6nninge","og_description":"F\u00f6rskolan p\u00e5 Noblaskolan R\u00f6nninge arbetar med barnens utveckling och inl\u00e4rningsf\u00f6rm\u00e5ga. L\u00e4s mer om v\u00e5rt f\u00f6rskolearbete och inskolning h\u00e4r.","og_url":"https:\/\/noblaskolan.se\/ronninge\/om\/forskola\/","og_site_name":"R\u00f6nninge","article_modified_time":"2026-03-24T11:44:14+00:00","twitter_card":"summary_large_image","twitter_title":"F\u00f6rskola f\u00f6r barn 1-5 \u00e5r i R\u00f6nninge | Noblaskolan R\u00f6nninge","twitter_description":"F\u00f6rskolan p\u00e5 Noblaskolan R\u00f6nninge arbetar med barnens utveckling och inl\u00e4rningsf\u00f6rm\u00e5ga. L\u00e4s mer om v\u00e5rt f\u00f6rskolearbete och inskolning h\u00e4r.","twitter_misc":{"Ber\u00e4knad l\u00e4stid":"6 minuter"},"schema":{"@context":"https:\/\/schema.org","@graph":[{"@type":"WebPage","@id":"https:\/\/noblaskolan.se\/ronninge\/om\/forskola\/","url":"https:\/\/noblaskolan.se\/ronninge\/om\/forskola\/","name":"F\u00f6rskola f\u00f6r barn 1-5 \u00e5r i R\u00f6nninge | Noblaskolan R\u00f6nninge","isPartOf":{"@id":"https:\/\/noblaskolan.se\/ronninge\/#website"},"datePublished":"2020-09-01T20:06:54+00:00","dateModified":"2026-03-24T11:44:14+00:00","description":"F\u00f6rskolan p\u00e5 Noblaskolan R\u00f6nninge arbetar med barnens utveckling och inl\u00e4rningsf\u00f6rm\u00e5ga. L\u00e4s mer om v\u00e5rt f\u00f6rskolearbete och inskolning h\u00e4r.","breadcrumb":{"@id":"https:\/\/noblaskolan.se\/ronninge\/om\/forskola\/#breadcrumb"},"inLanguage":"sv-SE","potentialAction":[{"@type":"ReadAction","target":["https:\/\/noblaskolan.se\/ronninge\/om\/forskola\/"]}]},{"@type":"BreadcrumbList","@id":"https:\/\/noblaskolan.se\/ronninge\/om\/forskola\/#breadcrumb","itemListElement":[{"@type":"ListItem","position":1,"name":"Start","item":"https:\/\/noblaskolan.se\/ronninge\/"},{"@type":"ListItem","position":2,"name":"Om skolan","item":"https:\/\/noblaskolan.se\/ronninge\/om\/"},{"@type":"ListItem","position":3,"name":"F\u00f6rskola"}]},{"@type":"WebSite","@id":"https:\/\/noblaskolan.se\/ronninge\/#website","url":"https:\/\/noblaskolan.se\/ronninge\/","name":"R\u00f6nninge","description":"Noblaskolan R\u00f6nninge","potentialAction":[{"@type":"SearchAction","target":{"@type":"EntryPoint","urlTemplate":"https:\/\/noblaskolan.se\/ronninge\/?s={search_term_string}"},"query-input":"required name=search_term_string"}],"inLanguage":"sv-SE"}]}},"_links":{"self":[{"href":"https:\/\/noblaskolan.se\/ronninge\/wp-json\/wp\/v2\/pages\/23"}],"collection":[{"href":"https:\/\/noblaskolan.se\/ronninge\/wp-json\/wp\/v2\/pages"}],"about":[{"href":"https:\/\/noblaskolan.se\/ronninge\/wp-json\/wp\/v2\/types\/page"}],"author":[{"embeddable":true,"href":"https:\/\/noblaskolan.se\/ronninge\/wp-json\/wp\/v2\/users\/1"}],"replies":[{"embeddable":true,"href":"https:\/\/noblaskolan.se\/ronninge\/wp-json\/wp\/v2\/comments?post=23"}],"version-history":[{"count":9,"href":"https:\/\/noblaskolan.se\/ronninge\/wp-json\/wp\/v2\/pages\/23\/revisions"}],"predecessor-version":[{"id":2405,"href":"https:\/\/noblaskolan.se\/ronninge\/wp-json\/wp\/v2\/pages\/23\/revisions\/2405"}],"up":[{"embeddable":true,"href":"https:\/\/noblaskolan.se\/ronninge\/wp-json\/wp\/v2\/pages\/20"}],"wp:attachment":[{"href":"https:\/\/noblaskolan.se\/ronninge\/wp-json\/wp\/v2\/media?parent=23"}],"curies":[{"name":"wp","href":"https:\/\/api.w.org\/{rel}","templated":true}]}}