{"id":20,"date":"2020-09-01T22:06:33","date_gmt":"2020-09-01T20:06:33","guid":{"rendered":"https:\/\/noblaskolan.se\/ronninge\/?page_id=20"},"modified":"2026-04-20T12:40:56","modified_gmt":"2026-04-20T10:40:56","slug":"om","status":"publish","type":"page","link":"https:\/\/noblaskolan.se\/ronninge\/om\/","title":{"rendered":"Om skolan"},"content":{"rendered":"\n\t\n\t\n\t\n\n\t\n\t\n\t\t\n<section  class=\"c-block l-stacked  \" data-color-scheme=\"\">\n\t<div class=\"ams-fifty ams-fifty--container ams-fifty--right ams-fifty--bottom l-container u-pt-fluid-2xl-4xl u-pb-fluid-2xl-4xl\">\n\t\t<div class=\"ams-fifty__content l-stack l-stack-xl is-left is-left@lg\">\n\t\t\t<div class=\"ams-fifty__text l-stack l-stack-lg\">\n\t\t\t\t\t\n\t<h2\n\tclass=\"c-heading u-font-title-1 \"\n\tstyle=\"\">\n\t\t\n\t\t\t\t\t\t\t\t\tOm Noblaskolan R\u00f6nninge\n\t\t\t\t<span class=\"c-heading__sub is-below u-font-title-3\">\n\t\t\t\t\tVi \u00e4r \u00f6vertygade om att barn och elever som utmanas n\u00e5r l\u00e4ngre.\n\t\t\t\t<\/span>\n\t\t\t\t\t\t\t\n\t<\/h2>\n\n\t\t\t\t\t\t\t\t\t<div class=\"text l-stack u-font-body\">\n\t\t\t\t\t\t<p><!-- wp:paragraph --><\/p>\n<p>Noblaskolan R\u00f6nninge, tidigare Rosenlundskolan, grundades \u00e5r 2008.<\/p>\n<p>P\u00e5 v\u00e5r skola arbetar vi med en god elevh\u00e4lsa och ett kvalitetsarbete f\u00f6r v\u00e5ra elevers b\u00e4sta. V\u00e5rt m\u00e5l att varje elev ska n\u00e5 sin fulla potential och k\u00e4nna tillit till sin egen f\u00f6rm\u00e5ga att l\u00e4ra.<\/p>\n<h2 class=\"wp-block-heading\">En personlig skola med stora m\u00f6jligheter<\/h2>\n<p>P\u00e5 Noblaskolan R\u00f6nninge, strax utanf\u00f6r Stockholm, ska varje barn och elev k\u00e4nna gl\u00e4dje och delaktighet i sin egen vardag f\u00f6r att tillsammans med andra v\u00e4xa som individ. Vi har b\u00e5de f\u00f6rskola och grundskola fr\u00e5n f\u00f6rskoleklass till \u00e5k 6. V\u00e5r skola ligger n\u00e4ra skog, sj\u00f6 och \u00e4ng, vilket ger oss m\u00f6jlighet att varje dag inspireras av naturen.<\/p>\n<p>Idag \u00e4r barnen p\u00e5 v\u00e5r <a href=\"https:\/\/noblaskolan.se\/ronninge\/om\/forskola\/\">f\u00f6rskola<\/a> indelade i sex grupper. P\u00e5 <a href=\"https:\/\/noblaskolan.se\/ronninge\/om\/grundskola\/\">grundskolan<\/a> erbjuder vi f\u00f6rskoleklass hela v\u00e4gen upp till \u00e5rskurs 6. Skolan erbjuder \u00e4ven ett fritidshem.<\/p>\n<p><!-- \/wp:heading --><\/p>\n\n\t\t\t\t\t<\/div>\n\t\t\t\t\t\t\t<\/div>\n\n\t\t\t\t\t<\/div>\n\n\t\t <div class=\"ams-fifty__media u-ratio-landscape\">\n\t\t \t\t\t\t\t<img decoding=\"async\" width=\"600\" height=\"400\" src=\"https:\/\/noblaskolan.se\/wp-content\/uploads\/sites\/27\/2026\/03\/noblaskolansaltsjo-boo202504mellanstadiewebb19-600x400.jpg\" class=\"attachment-md size-md\" alt=\"Elever som sitter i skolb\u00e4nken.\" sizes=\"(min-width: 64em) 600px, calc(100vw - 160px)\" srcset=\"https:\/\/noblaskolan.se\/wp-content\/uploads\/sites\/27\/2026\/03\/noblaskolansaltsjo-boo202504mellanstadiewebb19-600x400.jpg 600w, https:\/\/noblaskolan.se\/wp-content\/uploads\/sites\/27\/2026\/03\/noblaskolansaltsjo-boo202504mellanstadiewebb19-300x200.jpg 300w, https:\/\/noblaskolan.se\/wp-content\/uploads\/sites\/27\/2026\/03\/noblaskolansaltsjo-boo202504mellanstadiewebb19-400x267.jpg 400w, https:\/\/noblaskolan.se\/wp-content\/uploads\/sites\/27\/2026\/03\/noblaskolansaltsjo-boo202504mellanstadiewebb19-800x534.jpg 800w, https:\/\/noblaskolan.se\/wp-content\/uploads\/sites\/27\/2026\/03\/noblaskolansaltsjo-boo202504mellanstadiewebb19.jpg 1000w\" \/>\n\t\t\t\n\t\t\t\n\t\t\t\t\t<\/div>\n\t<\/div>\n\n\t\t\n\n<\/section>\n\n\n\n\n<section  class=\"ams-usp c-block l-stacked\" data-color-scheme=\"nyans1_av_p2\">\n\t<div class=\"l-container l-stack l-stack-fluid-2xl u-pt-fluid-2xl-4xl u-pb-fluid-2xl-4xl is-center is-center@md\">\n\t\t\t\t\t<div class=\"ams-usp__intro l-stack l-stack-lg\">\n\t\t\t\t\t\n\t<h2\n\tclass=\"c-heading u-font-title-1 \"\n\tstyle=\"\">\n\t\t\n\t\t\t\t\tF\u00f6rdelarna med Noblaskolan\n\t\t\t\t\n\t<\/h2>\n\n\t\t\t\t\t\t\t<\/div>\n\t\t\n\t\t\t<ul class=\"ams-usp__list l-grid u-justify-center u-gap-fluid-2xl-4xl\">\n\t\t\t\t\t<li class=\"l-col-6@md l-col-4@lg\">\n\t\t\t\t<article\n\t\t\t\t\tclass=\"\n\t\t\t\t\tc-card\n\t\t\t\t\thas-media-zoom\n\t\t\t\t\t\n\t\t\t\t\t\n\t\t\t\t\t\"\n\t\t\t\t\tdata-variant=\"neutral\"\n\t\t\t\t\tdata-style=\"square\"\n\t\t\t\t\t\n\t\t\t\t\t>\n\t\t\t\t\t\t\t\t\t\t\t<div class=\"c-card__content l-stack l-stack-sm u-text-center\">\n\t\t\t\t\t\t\t\t\t\t\t\t\t\t\t<h3 class=\"c-card__title u-font-title-3\">\n\t\t\t\t\t\t\t\t\t\t\t\t\t\t\t\t\t\t\t\t\t\t\t\t\t\t\t\t\t\tEn skola med h\u00f6ga ambitioner\n\t\t\t\t\t\t\t\t\t\t\t\t\t\t\t\t\t\t\t\t\t\t\t\t\t\t\t<\/h3>\n\t\t\t\t\t\t\t\n\t\t\t\t\t\t\t\t\t\t\t\t\t\t\t<div class=\"c-card__text l-stack-xs u-font-body\">\n\t\t\t\t\t\t\t\t\t<p>I v\u00e5ra elever finns allt som kr\u00e4vs f\u00f6r att lyckas. V\u00e5r uppgift \u00e4r att locka fram det. N\u00e4r vi utmanar, st\u00f6ttar och st\u00e4ller krav ser vi tydliga resultat och h\u00f6ga meritv\u00e4rden. <\/p>\n\n\t\t\t\t\t\t\t\t<\/div>\n\t\t\t\t\t\t\t\t\t\t\t\t\t<\/div>\n\t\t\t\t\t\n\t\t\t\t\t<div class=\"c-card__media\">\n\t\t\t\t\t\t\t\t\t\t\t\t\t<img decoding=\"async\" width=\"400\" height=\"267\" src=\"https:\/\/noblaskolan.se\/wp-content\/uploads\/2020\/09\/mariastadenhelsingborg2022-20272-scaled-400x267.jpg\" class=\"u-radius-square u-ratio-landscape  ams_icon_size_default\" alt=\"En \u00e4ldre elev sitter vid ett bord i sitt klassrum och ler in i kameran.\" srcset=\"https:\/\/noblaskolan.se\/wp-content\/uploads\/2020\/09\/mariastadenhelsingborg2022-20272-scaled-400x267.jpg 400w, https:\/\/noblaskolan.se\/wp-content\/uploads\/2020\/09\/mariastadenhelsingborg2022-20272-scaled-300x200.jpg 300w, https:\/\/noblaskolan.se\/wp-content\/uploads\/2020\/09\/mariastadenhelsingborg2022-20272-scaled-600x400.jpg 600w, https:\/\/noblaskolan.se\/wp-content\/uploads\/2020\/09\/mariastadenhelsingborg2022-20272-scaled-800x533.jpg 800w, https:\/\/noblaskolan.se\/wp-content\/uploads\/2020\/09\/mariastadenhelsingborg2022-20272-scaled-1024x683.jpg 1024w, https:\/\/noblaskolan.se\/wp-content\/uploads\/2020\/09\/mariastadenhelsingborg2022-20272-scaled-1200x800.jpg 1200w\" sizes=\"(max-width: 400px) 100vw, 400px\" \/>\n\t\t\t\t\t\t\t\t\t\t\t<\/div>\n\t\t\t\t<\/article>\n\t\t\t<\/li>\n\n\t\t\t\t\t<li class=\"l-col-6@md l-col-4@lg\">\n\t\t\t\t<article\n\t\t\t\t\tclass=\"\n\t\t\t\t\tc-card\n\t\t\t\t\thas-media-zoom\n\t\t\t\t\t\n\t\t\t\t\t\n\t\t\t\t\t\"\n\t\t\t\t\tdata-variant=\"neutral\"\n\t\t\t\t\tdata-style=\"square\"\n\t\t\t\t\t\n\t\t\t\t\t>\n\t\t\t\t\t\t\t\t\t\t\t<div class=\"c-card__content l-stack l-stack-sm u-text-center\">\n\t\t\t\t\t\t\t\t\t\t\t\t\t\t\t<h3 class=\"c-card__title u-font-title-3\">\n\t\t\t\t\t\t\t\t\t\t\t\t\t\t\t\t\t\t\t\t\t\t\t\t\t\t\t\t\t\tVi f\u00f6ljer Noblakoden\n\t\t\t\t\t\t\t\t\t\t\t\t\t\t\t\t\t\t\t\t\t\t\t\t\t\t\t<\/h3>\n\t\t\t\t\t\t\t\n\t\t\t\t\t\t\t\t\t\t\t\t\t\t\t<div class=\"c-card__text l-stack-xs u-font-body\">\n\t\t\t\t\t\t\t\t\t<p>Vi vet att struktur \u00e4r mer \u00e4n ordningsregler. D\u00e4rf\u00f6r har vi skapat Noblakoden \u2013 ett gemensamt f\u00f6rh\u00e5llningss\u00e4tt kring lektionsstruktur, ordning, mentorsrollen och andra saker som \u00e4r viktiga f\u00f6r en bra skolmilj\u00f6.<\/p>\n\n\t\t\t\t\t\t\t\t<\/div>\n\t\t\t\t\t\t\t\t\t\t\t\t\t<\/div>\n\t\t\t\t\t\n\t\t\t\t\t<div class=\"c-card__media\">\n\t\t\t\t\t\t\t\t\t\t\t\t\t<img decoding=\"async\" width=\"400\" height=\"267\" src=\"https:\/\/noblaskolan.se\/wp-content\/uploads\/2022\/11\/mariastadenhelsingborg2022-20272-scaled-400x267.jpg\" class=\"u-radius-square u-ratio-landscape  ams_icon_size_default\" alt=\"Elever st\u00e5r framme vid tavlan i ett klassrum och l\u00f6ser ett matteproblem.\" srcset=\"https:\/\/noblaskolan.se\/wp-content\/uploads\/2022\/11\/mariastadenhelsingborg2022-20272-scaled-400x267.jpg 400w, https:\/\/noblaskolan.se\/wp-content\/uploads\/2022\/11\/mariastadenhelsingborg2022-20272-scaled-300x200.jpg 300w, https:\/\/noblaskolan.se\/wp-content\/uploads\/2022\/11\/mariastadenhelsingborg2022-20272-scaled-600x400.jpg 600w, https:\/\/noblaskolan.se\/wp-content\/uploads\/2022\/11\/mariastadenhelsingborg2022-20272-scaled-800x533.jpg 800w, https:\/\/noblaskolan.se\/wp-content\/uploads\/2022\/11\/mariastadenhelsingborg2022-20272-scaled-1024x683.jpg 1024w, https:\/\/noblaskolan.se\/wp-content\/uploads\/2022\/11\/mariastadenhelsingborg2022-20272-scaled-1200x800.jpg 1200w\" sizes=\"(max-width: 400px) 100vw, 400px\" \/>\n\t\t\t\t\t\t\t\t\t\t\t<\/div>\n\t\t\t\t<\/article>\n\t\t\t<\/li>\n\n\t\t\t\t\t<li class=\"l-col-6@md l-col-4@lg\">\n\t\t\t\t<article\n\t\t\t\t\tclass=\"\n\t\t\t\t\tc-card\n\t\t\t\t\thas-media-zoom\n\t\t\t\t\t\n\t\t\t\t\t\n\t\t\t\t\t\"\n\t\t\t\t\tdata-variant=\"neutral\"\n\t\t\t\t\tdata-style=\"square\"\n\t\t\t\t\t\n\t\t\t\t\t>\n\t\t\t\t\t\t\t\t\t\t\t<div class=\"c-card__content l-stack l-stack-sm u-text-center\">\n\t\t\t\t\t\t\t\t\t\t\t\t\t\t\t<h3 class=\"c-card__title u-font-title-3\">\n\t\t\t\t\t\t\t\t\t\t\t\t\t\t\t\t\t\t\t\t\t\t\t\t\t\t\t\t\t\tTydligt ledarskap\n\t\t\t\t\t\t\t\t\t\t\t\t\t\t\t\t\t\t\t\t\t\t\t\t\t\t\t<\/h3>\n\t\t\t\t\t\t\t\n\t\t\t\t\t\t\t\t\t\t\t\t\t\t\t<div class=\"c-card__text l-stack-xs u-font-body\">\n\t\t\t\t\t\t\t\t\t<p>En av nycklarna till framg\u00e5ngsrik utbildning \u00e4r ett medvetet och tydligt ledarskap. Vi \u00e4r omsorgsfulla i ledarskapet p\u00e5 alla niv\u00e5er; fr\u00e5n l\u00e4rarens ledarskap i klassrummet till rektors ledarskap f\u00f6r hela skolan.<\/p>\n\n\t\t\t\t\t\t\t\t<\/div>\n\t\t\t\t\t\t\t\t\t\t\t\t\t<\/div>\n\t\t\t\t\t\n\t\t\t\t\t<div class=\"c-card__media\">\n\t\t\t\t\t\t\t\t\t\t\t\t\t<img decoding=\"async\" width=\"400\" height=\"267\" src=\"https:\/\/noblaskolan.se\/wp-content\/uploads\/2020\/09\/mariastadenhelsingborg2022-20271-scaled-400x267.jpg\" class=\"u-radius-square u-ratio-landscape  ams_icon_size_default\" alt=\"En l\u00e4rare p\u00e5 Noblaskolan sitter p\u00e5 huk vid ett bord med tre elever och pratar med dem.\" srcset=\"https:\/\/noblaskolan.se\/wp-content\/uploads\/2020\/09\/mariastadenhelsingborg2022-20271-scaled-400x267.jpg 400w, https:\/\/noblaskolan.se\/wp-content\/uploads\/2020\/09\/mariastadenhelsingborg2022-20271-scaled-300x200.jpg 300w, https:\/\/noblaskolan.se\/wp-content\/uploads\/2020\/09\/mariastadenhelsingborg2022-20271-scaled-600x400.jpg 600w, https:\/\/noblaskolan.se\/wp-content\/uploads\/2020\/09\/mariastadenhelsingborg2022-20271-scaled-800x533.jpg 800w, https:\/\/noblaskolan.se\/wp-content\/uploads\/2020\/09\/mariastadenhelsingborg2022-20271-scaled-1024x683.jpg 1024w, https:\/\/noblaskolan.se\/wp-content\/uploads\/2020\/09\/mariastadenhelsingborg2022-20271-scaled-1200x800.jpg 1200w\" sizes=\"(max-width: 400px) 100vw, 400px\" \/>\n\t\t\t\t\t\t\t\t\t\t\t<\/div>\n\t\t\t\t<\/article>\n\t\t\t<\/li>\n\n\t\t\t<\/ul>\n\n\t\t\t<\/div>\n\n\t\t\n\n<\/section>\n\n\n\n\t\n\t\n\t\n\n\t\n\t\n\t\t\n<section  class=\"c-block l-stacked  \" data-color-scheme=\"transparent\">\n\t<div class=\"ams-fifty ams-fifty--container ams-fifty--left ams-fifty--bottom l-container u-pt-fluid-2xl-4xl u-pb-fluid-2xl-4xl\">\n\t\t<div class=\"ams-fifty__content l-stack l-stack-xl is-left is-left@lg\">\n\t\t\t<div class=\"ams-fifty__text l-stack l-stack-lg\">\n\t\t\t\t\t\n\t<h2\n\tclass=\"c-heading u-font-title-2 \"\n\tstyle=\"\">\n\t\t\n\t\t\t\t\tVi jobbar b\u00e5de med natur och digitala verktyg\n\t\t\t\t\n\t<\/h2>\n\n\t\t\t\t\t\t\t\t\t<div class=\"text l-stack u-font-body\">\n\t\t\t\t\t\t<p>P\u00e5 v\u00e5r vackra skolg\u00e5rd har vi daglig verksamhet best\u00e5ende av lek, l\u00e4rande, stimulans och delaktiga pedagoger. Vi tror p\u00e5 ett upplevelsebaserat l\u00e4rande och ser oss ofta om i v\u00e4rlden genom utflykter i samh\u00e4llet. Vi har \u00e4ven en rymlig och fin gymnastiksal med kl\u00e4tterv\u00e4gg. Som en del av undervisningen p\u00e5 Noblaskolan har v\u00e5ra elever tillg\u00e5ng till digitala verktyg, s\u00e5som Ipads, smartboards, interaktiva tavlor och datorer.<\/p>\n<h3>L\u00e4skunskaper och n\u00e4ringsrik mat<\/h3>\n<p>Vi satsar p\u00e5 n\u00e4ringsrik och god <a href=\"https:\/\/noblaskolan.se\/ronninge\/om\/skolmat\/\">skolmat<\/a> med egen restaurang och kock som lagar maten. Dessutom \u00e4r elevernas l\u00e4skunnighet viktig, d\u00e4rf\u00f6r har skolan ett v\u00e4lfyllt bibliotek anpassat efter de olika barnens \u00e5ldrar.<\/p>\n<h3>Kommunikation mellan skola och v\u00e5rdnadshavare<\/h3>\n<p>Vi anv\u00e4nder oss av plattformen SchoolSoft f\u00f6r att skicka ut information mellan skola, elever och v\u00e5rdnadshavare. H\u00e4r finner du schema, matsedel, l\u00e4rarnas kontaktinformation, sjukanm\u00e4lan och viktiga dokument och blanketter.<\/p>\n<h3>Fr\u00e5gor om verksamheten<\/h3>\n<p>\u00c4r det n\u00e5gon information du saknar kan du ta en titt bland v\u00e5ra vanliga fr\u00e5gor. Sj\u00e4lvklart g\u00e5r det \u00e4ven bra att <a href=\"https:\/\/noblaskolan.se\/ronninge\/kontakt\/\">kontakta oss<\/a>.<\/p>\n\n\t\t\t\t\t<\/div>\n\t\t\t\t\t\t\t<\/div>\n\n\t\t\t\t\t<\/div>\n\n\t\t <div class=\"ams-fifty__media u-ratio-square\">\n\t\t \t\t\t\t\t<img decoding=\"async\" width=\"600\" height=\"400\" src=\"https:\/\/noblaskolan.se\/wp-content\/uploads\/sites\/27\/2024\/01\/noblaskolan-om-skolan-ronninge-202304-scaled-600x400.jpg\" class=\"attachment-md size-md\" alt=\"Tv\u00e5 elever p\u00e5 Noblaskolan som sitter och studerar i ett klassrum, den ena f\u00e5r hj\u00e4lp av l\u00e4raren.\" sizes=\"(min-width: 64em) 600px, calc(100vw - 160px)\" srcset=\"https:\/\/noblaskolan.se\/wp-content\/uploads\/sites\/27\/2024\/01\/noblaskolan-om-skolan-ronninge-202304-scaled-600x400.jpg 600w, https:\/\/noblaskolan.se\/wp-content\/uploads\/sites\/27\/2024\/01\/noblaskolan-om-skolan-ronninge-202304-scaled-300x200.jpg 300w, https:\/\/noblaskolan.se\/wp-content\/uploads\/sites\/27\/2024\/01\/noblaskolan-om-skolan-ronninge-202304-scaled-400x267.jpg 400w, https:\/\/noblaskolan.se\/wp-content\/uploads\/sites\/27\/2024\/01\/noblaskolan-om-skolan-ronninge-202304-scaled-800x533.jpg 800w, https:\/\/noblaskolan.se\/wp-content\/uploads\/sites\/27\/2024\/01\/noblaskolan-om-skolan-ronninge-202304-scaled-1024x683.jpg 1024w, https:\/\/noblaskolan.se\/wp-content\/uploads\/sites\/27\/2024\/01\/noblaskolan-om-skolan-ronninge-202304-scaled-1200x800.jpg 1200w\" \/>\n\t\t\t\n\t\t\t\n\t\t\t\t\t<\/div>\n\t<\/div>\n\n\t\t\n\n<\/section>\n\n\n\n<section \n\t\t class=\"\n\t\t ams-contact\n\t\t \n\t\t c-block l-stacked\n\t\t \n\t\t \n\t\t js-load-more\n\t\t \"\n\t\t data-color-scheme=\"nyans1_av_p2-card-transparent\"\n\t\t\t\t\tdata-count=\"3\"\n\t\t\t\t\t\t\tdata-count-mobile=\"2\"\n\t\t\t\t>\n\t<div\n\t\t class=\"\n\t\t l-container\n\t\t l-stack l-stack-fluid-2xl\n\t\t u-pt-fluid-2xl-4xl\n\t\t u-pb-fluid-3xl-6xl\n\t\t is-center\n\t\t is-center@md\n\t\t \">\n\t\t\t\t\t<div class=\"ams-contact__intro l-stack l-stack-lg\">\n\t\t\t\t\t\n\t<h2\n\tclass=\"c-heading u-font-title-1 \"\n\tstyle=\"\">\n\t\t\n\t\t\t\t\tKvalitets\u00adrapport\n\t\t\t\t\n\t<\/h2>\n\n\t\t\t\t\t\t\t\t\t<div class=\"c-text l-stack u-cs-xl u-font-body\">\n\t\t\t\t\t\t<div class=\"c-text l-stack u-cs-xl u-font-body\">\n<p>Vill du ta del av v\u00e5r kvalitetsrapport? Kontakta skolans administrat\u00f6r eller rektor.<\/p>\n<\/div>\n\n\t\t\t\t\t<\/div>\n\t\t\t\t\t\t\t<\/div>\n\t\t\n\t\t\n\t\t    \t\n\t\t\n\t\t<ul\n\t\t\tid=\"contact-grid-69f5442d44697\"\n\t\t\tclass=\"ams-contact__list l-grid u-gap-fluid-2xl-4xl u-justify-center js-results \"\n\t\t\taria-label=\"Kontakter\"\n\t\t\tdata-filter-animation=\"off\"\n\t\t\t>\n\t\t\t\t\t\t\t\t\t\t\t\n\t\t\t\t\n\t\t\t\t<li class=\"l-col-6@md l-col-4@lg \" data-filter=\"a\">\n\t\t\t\t\t<article class=\"c-card \" data-variant=\"neutral\">\n\t\t\t\t\t\t<div class=\"c-card__content u-text-center\">\n\t\t\t\t\t\t\t\t\t\t\t\t\t\t\t<h3 class=\"c-card__title u-font-title-3\">\n\t\t\t\t\t\t\t\t\tCecilia Mankowitz\n\t\t\t\t\t\t\t\t<\/h3>\n\t\t\t\t\t\t\t\n\t\t\t\t\t\t\t\t\t\t\t\t\t\t\t<p class=\"position u-font-body\">Rektor<\/p>\n\t\t\t\t\t\t\t\n\t\t\t\t\t\t\t\t\t\t\t\t\t\t\t<div class=\"contact-info u-font-body\">\n\t\t\t\t\t\t\t\t\t\t\t\t\t\t\t\t\t\t\t\t\t\t\t\t\t\t\t\t\t\t<p class=\"phone\"><a\n\t\t\t\t\t\t\t\t\t\t\t\t\thref=\"tel:0853259551\"\n\t\t\t\t\t\t\t\t\t\t\t\t\tclass=\"u-text-link\">08-532 595 51<\/a>\n\t\t\t\t\t\t\t\t\t\t\t<\/p>\n\t\t\t\t\t\t\t\t\t\t\t\t\t\t\t\t\t\t\t\n\t\t\t\t\t\t\t\t\t\t\t\t\t\t\t\t\t\t\t\t\t\t\t\t\t\t\t\t\t\t<p class=\"email\"><a\n\t\t\t\t\t\t\t\t\t\t\t\t\thref=\"&#109;&#097;&#105;l&#116;o:&#099;&#101;c&#105;&#108;&#105;&#097;&#046;&#109;&#097;nko&#119;itz&#064;&#110;&#111;blas&#107;&#111;&#108;an.se\"\n\t\t\t\t\t\t\t\t\t\t\t\t\tclass=\"u-text-link\">ce&#099;i&#108;i&#097;.ma&#110;kowi&#116;z&#064;nobl&#097;sko&#108;&#097;&#110;.se<\/a>\n\t\t\t\t\t\t\t\t\t\t\t<\/p>\n\t\t\t\t\t\t\t\t\t\t\t\t\t\t\t\t\t\t\t\t\t\t\t\t\t\t\t<\/div>\n\t\t\t\t\t\t\t\n\t\t\t\t\t\t\t\t\t\t\t\t\t<\/div>\n\t\t\t\t\t\t<div class=\"c-card__media\">\n\t\t\t\t\t\t\t\t\t\t\t\t\t\t\t\t\t\t\t\t\t\t\t\t\t\t\t\t\t\t\t\t\t\t\t\t\t\t\t\t\t\t\t\t\t\t\t\t\t<img decoding=\"async\" width=\"400\" height=\"286\" src=\"https:\/\/noblaskolan.se\/wp-content\/uploads\/sites\/27\/2020\/09\/eb2d4ab8-f16e-4cc6-8110-c18ed00d0f91-scaled-e1764842696293-400x286.jpg\" class=\"u-radius-square u-ratio-landscape  \" alt=\"portr\u00e4tt p\u00e5 Cecilia Mankowitz\" sizes=\"(max-width: 300px) 100vw, 300px\" srcset=\"https:\/\/noblaskolan.se\/wp-content\/uploads\/sites\/27\/2020\/09\/eb2d4ab8-f16e-4cc6-8110-c18ed00d0f91-scaled-e1764842696293-400x286.jpg 400w, https:\/\/noblaskolan.se\/wp-content\/uploads\/sites\/27\/2020\/09\/eb2d4ab8-f16e-4cc6-8110-c18ed00d0f91-scaled-e1764842696293-300x215.jpg 300w, https:\/\/noblaskolan.se\/wp-content\/uploads\/sites\/27\/2020\/09\/eb2d4ab8-f16e-4cc6-8110-c18ed00d0f91-scaled-e1764842696293-600x430.jpg 600w, https:\/\/noblaskolan.se\/wp-content\/uploads\/sites\/27\/2020\/09\/eb2d4ab8-f16e-4cc6-8110-c18ed00d0f91-scaled-e1764842696293-800x573.jpg 800w, https:\/\/noblaskolan.se\/wp-content\/uploads\/sites\/27\/2020\/09\/eb2d4ab8-f16e-4cc6-8110-c18ed00d0f91-scaled-e1764842696293-1024x733.jpg 1024w, https:\/\/noblaskolan.se\/wp-content\/uploads\/sites\/27\/2020\/09\/eb2d4ab8-f16e-4cc6-8110-c18ed00d0f91-scaled-e1764842696293-1200x859.jpg 1200w, https:\/\/noblaskolan.se\/wp-content\/uploads\/sites\/27\/2020\/09\/eb2d4ab8-f16e-4cc6-8110-c18ed00d0f91-scaled-e1764842696293.jpg 1997w\" \/>\n\t\t\t\t\t\t<\/div>\n\t\t\t\t\t<\/article>\n\t\t\t\t<\/li>\n\t\t\t\t\t\t\t\t\t\t\t\n\t\t\t\t\n\t\t\t\t<li class=\"l-col-6@md l-col-4@lg \" data-filter=\"b\">\n\t\t\t\t\t<article class=\"c-card \" data-variant=\"neutral\">\n\t\t\t\t\t\t<div class=\"c-card__content u-text-center\">\n\t\t\t\t\t\t\t\t\t\t\t\t\t\t\t<h3 class=\"c-card__title u-font-title-3\">\n\t\t\t\t\t\t\t\t\tTerese Kvarnstr\u00f6m\n\t\t\t\t\t\t\t\t<\/h3>\n\t\t\t\t\t\t\t\n\t\t\t\t\t\t\t\t\t\t\t\t\t\t\t<p class=\"position u-font-body\">Administrat\u00f6r <\/p>\n\t\t\t\t\t\t\t\n\t\t\t\t\t\t\t\t\t\t\t\t\t\t\t<div class=\"contact-info u-font-body\">\n\t\t\t\t\t\t\t\t\t\t\t\t\t\t\t\t\t\t\t\t\t\t\t\t\t\t\t\t\t\t<p class=\"phone\"><a\n\t\t\t\t\t\t\t\t\t\t\t\t\thref=\"tel:0853259550\"\n\t\t\t\t\t\t\t\t\t\t\t\t\tclass=\"u-text-link\">08-532 595 50<\/a>\n\t\t\t\t\t\t\t\t\t\t\t<\/p>\n\t\t\t\t\t\t\t\t\t\t\t\t\t\t\t\t\t\t\t\n\t\t\t\t\t\t\t\t\t\t\t\t\t\t\t\t\t\t\t\t\t\t\t\t\t\t\t\t\t\t<p class=\"email\"><a\n\t\t\t\t\t\t\t\t\t\t\t\t\thref=\"&#109;&#097;&#105;&#108;&#116;&#111;:terese.&#107;varn&#115;&#116;&#114;&#111;&#109;&#064;&#110;&#111;b&#108;&#097;sko&#108;a&#110;&#046;&#115;&#101;\"\n\t\t\t\t\t\t\t\t\t\t\t\t\tclass=\"u-text-link\">t&#101;r&#101;&#115;&#101;&#046;k&#118;&#097;&#114;n&#115;&#116;r&#111;m&#064;no&#098;lasko&#108;&#097;n.&#115;&#101;<\/a>\n\t\t\t\t\t\t\t\t\t\t\t<\/p>\n\t\t\t\t\t\t\t\t\t\t\t\t\t\t\t\t\t\t\t\t\t\t\t\t\t\t\t<\/div>\n\t\t\t\t\t\t\t\n\t\t\t\t\t\t\t\t\t\t\t\t\t<\/div>\n\t\t\t\t\t\t<div class=\"c-card__media\">\n\t\t\t\t\t\t\t\t\t\t\t\t\t\t\t\t\t\t\t\t\t\t\t\t\t\t\t\t\t\t\t\t\t\t\t\t\t\t\t\t\t\t\t\t\t\t\t\t\t<img decoding=\"async\" width=\"400\" height=\"533\" src=\"https:\/\/noblaskolan.se\/wp-content\/uploads\/sites\/27\/2023\/08\/image50409985-scaled-400x533.jpg\" class=\"u-radius-square u-ratio-landscape  \" alt=\"Personportr\u00e4tt.\" sizes=\"(max-width: 300px) 100vw, 300px\" srcset=\"https:\/\/noblaskolan.se\/wp-content\/uploads\/sites\/27\/2023\/08\/image50409985-scaled-400x533.jpg 400w, https:\/\/noblaskolan.se\/wp-content\/uploads\/sites\/27\/2023\/08\/image50409985-scaled-300x400.jpg 300w, https:\/\/noblaskolan.se\/wp-content\/uploads\/sites\/27\/2023\/08\/image50409985-scaled-600x800.jpg 600w, https:\/\/noblaskolan.se\/wp-content\/uploads\/sites\/27\/2023\/08\/image50409985-scaled-800x1067.jpg 800w, https:\/\/noblaskolan.se\/wp-content\/uploads\/sites\/27\/2023\/08\/image50409985-scaled-1024x1365.jpg 1024w, https:\/\/noblaskolan.se\/wp-content\/uploads\/sites\/27\/2023\/08\/image50409985-scaled-1200x1600.jpg 1200w, https:\/\/noblaskolan.se\/wp-content\/uploads\/sites\/27\/2023\/08\/image50409985-scaled.jpg 1920w\" \/>\n\t\t\t\t\t\t<\/div>\n\t\t\t\t\t<\/article>\n\t\t\t\t<\/li>\n\t\t\t\t\t<\/ul>\n\n\t\t\n\t\t    <div class=\"ams-contact__more u-inline-items js-load-more-btn\">\n        <button href=\"#\"\n                class=\"c-btn\"\n                data-style=\"round\"\n                data-size=\"md\"\n                data-width=\"full-mobile\"\n                data-variant=\"outline\">\n        \tVisa mer\n        <\/button>\n    <\/div>\n\n\t\t\t<\/div>\n\n\t\t\n\n<\/section>\n\n\n\n\n<section  class=\"ams-cta ams-cta--stacked c-block l-stacked ams-border\" data-color-scheme=\"ljusgron\">\n\t<div class=\"l-container-narrow l-stack l-stack-fluid-2xl u-pt-fluid-2xl-4xl u-pb-fluid-2xl-4xl is-center is-center@md\">\n\t\t\t\t\t<div class=\"ams-cta__intro l-stack l-stack-lg\">\n\t\t\t\t\t\n\t<h2\n\tclass=\"c-heading u-font-title-1 \"\n\tstyle=\"\">\n\t\t\n\t\t\t\t\tVill du veta mer om Noblaskolan R\u00f6nninge?\n\t\t\t\t\n\t<\/h2>\n\n\t\t\t\t\t\t\t\t\t<div class=\"c-text l-stack u-cs-xl u-font-body\">\n\t\t\t\t\t\t<p>Du \u00e4r varmt v\u00e4lkommen att bes\u00f6ka oss f\u00f6r att f\u00e5 en k\u00e4nsla f\u00f6r skolan och v\u00e5rt arbetss\u00e4tt.<\/p>\n\n\t\t\t\t\t<\/div>\n\t\t\t\t\t\t\t<\/div>\n\t\t\n\t\t\n\t\t\t<div class=\"ams-cta__action u-inline-items\">\n\t\t\t\t\t\t\t\n\n\n<a href=\"https:\/\/noblaskolan.se\/ronninge\/besok\/\"\n\t\n\tclass=\"c-btn \"\n\tdata-style=\"round\"\n\tdata-size=\"md\"\n\tdata-width=\"full-mobile\"\n\tdata-variant=\"default\"\n\ttarget=\"_self\">\n\t\t\t<span class=\"label\"> Bes\u00f6k oss<\/span>\n\t\t\t<\/a>\n\t\t\t<\/div>\n\t<\/div>\n\n\t\t\n\n<\/section>\n\n\n<div   id=\"page-relative-menu\" class=\"site__font-monospace   container_width--full_width_conIcon   d-lg-none  \">\n\n\t\t\t\n<\/div>\n","protected":false},"excerpt":{"rendered":"","protected":false},"author":1,"featured_media":0,"parent":0,"menu_order":0,"comment_status":"closed","ping_status":"closed","template":"","meta":{"footnotes":""},"yoast_head":"<!-- This site is optimized with the Yoast SEO plugin v22.0 - https:\/\/yoast.com\/wordpress\/plugins\/seo\/ -->\n<title>Om skolan | Noblaskolan R\u00f6nninge<\/title>\n<meta name=\"description\" content=\"Noblaskolan R\u00f6nninge \u00e4r f\u00f6r- och grundskolan som st\u00e4ller krav, st\u00f6ttar och utmanar v\u00e5ra elever varje dag f\u00f6r att de ska n\u00e5 sin fulla potential. L\u00e4s mer om oss.\" \/>\n<meta name=\"robots\" content=\"index, follow, max-snippet:-1, max-image-preview:large, max-video-preview:-1\" \/>\n<link rel=\"canonical\" href=\"https:\/\/noblaskolan.se\/ronninge\/om\/\" \/>\n<meta property=\"og:locale\" content=\"sv_SE\" \/>\n<meta property=\"og:type\" content=\"article\" \/>\n<meta property=\"og:title\" content=\"Om skolan | Noblaskolan R\u00f6nninge\" \/>\n<meta property=\"og:description\" content=\"Noblaskolan R\u00f6nninge \u00e4r f\u00f6r- och grundskolan som st\u00e4ller krav, st\u00f6ttar och utmanar v\u00e5ra elever varje dag f\u00f6r att de ska n\u00e5 sin fulla potential. L\u00e4s mer om oss.\" \/>\n<meta property=\"og:url\" content=\"https:\/\/noblaskolan.se\/ronninge\/om\/\" \/>\n<meta property=\"og:site_name\" content=\"R\u00f6nninge\" \/>\n<meta property=\"article:modified_time\" content=\"2026-04-20T10:40:56+00:00\" \/>\n<meta name=\"twitter:card\" content=\"summary_large_image\" \/>\n<meta name=\"twitter:title\" content=\"Om skolan | Noblaskolan R\u00f6nninge\" \/>\n<meta name=\"twitter:description\" content=\"Noblaskolan R\u00f6nninge \u00e4r f\u00f6r- och grundskolan som st\u00e4ller krav, st\u00f6ttar och utmanar v\u00e5ra elever varje dag f\u00f6r att de ska n\u00e5 sin fulla potential. L\u00e4s mer om oss.\" \/>\n<meta name=\"twitter:label1\" content=\"Ber\u00e4knad l\u00e4stid\" \/>\n\t<meta name=\"twitter:data1\" content=\"3 minuter\" \/>\n<script type=\"application\/ld+json\" class=\"yoast-schema-graph\">{\"@context\":\"https:\/\/schema.org\",\"@graph\":[{\"@type\":\"WebPage\",\"@id\":\"https:\/\/noblaskolan.se\/ronninge\/om\/\",\"url\":\"https:\/\/noblaskolan.se\/ronninge\/om\/\",\"name\":\"Om skolan | Noblaskolan R\u00f6nninge\",\"isPartOf\":{\"@id\":\"https:\/\/noblaskolan.se\/ronninge\/#website\"},\"datePublished\":\"2020-09-01T20:06:33+00:00\",\"dateModified\":\"2026-04-20T10:40:56+00:00\",\"description\":\"Noblaskolan R\u00f6nninge \u00e4r f\u00f6r- och grundskolan som st\u00e4ller krav, st\u00f6ttar och utmanar v\u00e5ra elever varje dag f\u00f6r att de ska n\u00e5 sin fulla potential. L\u00e4s mer om oss.\",\"breadcrumb\":{\"@id\":\"https:\/\/noblaskolan.se\/ronninge\/om\/#breadcrumb\"},\"inLanguage\":\"sv-SE\",\"potentialAction\":[{\"@type\":\"ReadAction\",\"target\":[\"https:\/\/noblaskolan.se\/ronninge\/om\/\"]}]},{\"@type\":\"BreadcrumbList\",\"@id\":\"https:\/\/noblaskolan.se\/ronninge\/om\/#breadcrumb\",\"itemListElement\":[{\"@type\":\"ListItem\",\"position\":1,\"name\":\"Start\",\"item\":\"https:\/\/noblaskolan.se\/ronninge\/\"},{\"@type\":\"ListItem\",\"position\":2,\"name\":\"Om skolan\"}]},{\"@type\":\"WebSite\",\"@id\":\"https:\/\/noblaskolan.se\/ronninge\/#website\",\"url\":\"https:\/\/noblaskolan.se\/ronninge\/\",\"name\":\"R\u00f6nninge\",\"description\":\"Noblaskolan R\u00f6nninge\",\"potentialAction\":[{\"@type\":\"SearchAction\",\"target\":{\"@type\":\"EntryPoint\",\"urlTemplate\":\"https:\/\/noblaskolan.se\/ronninge\/?s={search_term_string}\"},\"query-input\":\"required name=search_term_string\"}],\"inLanguage\":\"sv-SE\"}]}<\/script>\n<!-- \/ Yoast SEO plugin. -->","yoast_head_json":{"title":"Om skolan | Noblaskolan R\u00f6nninge","description":"Noblaskolan R\u00f6nninge \u00e4r f\u00f6r- och grundskolan som st\u00e4ller krav, st\u00f6ttar och utmanar v\u00e5ra elever varje dag f\u00f6r att de ska n\u00e5 sin fulla potential. L\u00e4s mer om oss.","robots":{"index":"index","follow":"follow","max-snippet":"max-snippet:-1","max-image-preview":"max-image-preview:large","max-video-preview":"max-video-preview:-1"},"canonical":"https:\/\/noblaskolan.se\/ronninge\/om\/","og_locale":"sv_SE","og_type":"article","og_title":"Om skolan | Noblaskolan R\u00f6nninge","og_description":"Noblaskolan R\u00f6nninge \u00e4r f\u00f6r- och grundskolan som st\u00e4ller krav, st\u00f6ttar och utmanar v\u00e5ra elever varje dag f\u00f6r att de ska n\u00e5 sin fulla potential. L\u00e4s mer om oss.","og_url":"https:\/\/noblaskolan.se\/ronninge\/om\/","og_site_name":"R\u00f6nninge","article_modified_time":"2026-04-20T10:40:56+00:00","twitter_card":"summary_large_image","twitter_title":"Om skolan | Noblaskolan R\u00f6nninge","twitter_description":"Noblaskolan R\u00f6nninge \u00e4r f\u00f6r- och grundskolan som st\u00e4ller krav, st\u00f6ttar och utmanar v\u00e5ra elever varje dag f\u00f6r att de ska n\u00e5 sin fulla potential. L\u00e4s mer om oss.","twitter_misc":{"Ber\u00e4knad l\u00e4stid":"3 minuter"},"schema":{"@context":"https:\/\/schema.org","@graph":[{"@type":"WebPage","@id":"https:\/\/noblaskolan.se\/ronninge\/om\/","url":"https:\/\/noblaskolan.se\/ronninge\/om\/","name":"Om skolan | Noblaskolan R\u00f6nninge","isPartOf":{"@id":"https:\/\/noblaskolan.se\/ronninge\/#website"},"datePublished":"2020-09-01T20:06:33+00:00","dateModified":"2026-04-20T10:40:56+00:00","description":"Noblaskolan R\u00f6nninge \u00e4r f\u00f6r- och grundskolan som st\u00e4ller krav, st\u00f6ttar och utmanar v\u00e5ra elever varje dag f\u00f6r att de ska n\u00e5 sin fulla potential. L\u00e4s mer om oss.","breadcrumb":{"@id":"https:\/\/noblaskolan.se\/ronninge\/om\/#breadcrumb"},"inLanguage":"sv-SE","potentialAction":[{"@type":"ReadAction","target":["https:\/\/noblaskolan.se\/ronninge\/om\/"]}]},{"@type":"BreadcrumbList","@id":"https:\/\/noblaskolan.se\/ronninge\/om\/#breadcrumb","itemListElement":[{"@type":"ListItem","position":1,"name":"Start","item":"https:\/\/noblaskolan.se\/ronninge\/"},{"@type":"ListItem","position":2,"name":"Om skolan"}]},{"@type":"WebSite","@id":"https:\/\/noblaskolan.se\/ronninge\/#website","url":"https:\/\/noblaskolan.se\/ronninge\/","name":"R\u00f6nninge","description":"Noblaskolan R\u00f6nninge","potentialAction":[{"@type":"SearchAction","target":{"@type":"EntryPoint","urlTemplate":"https:\/\/noblaskolan.se\/ronninge\/?s={search_term_string}"},"query-input":"required name=search_term_string"}],"inLanguage":"sv-SE"}]}},"_links":{"self":[{"href":"https:\/\/noblaskolan.se\/ronninge\/wp-json\/wp\/v2\/pages\/20"}],"collection":[{"href":"https:\/\/noblaskolan.se\/ronninge\/wp-json\/wp\/v2\/pages"}],"about":[{"href":"https:\/\/noblaskolan.se\/ronninge\/wp-json\/wp\/v2\/types\/page"}],"author":[{"embeddable":true,"href":"https:\/\/noblaskolan.se\/ronninge\/wp-json\/wp\/v2\/users\/1"}],"replies":[{"embeddable":true,"href":"https:\/\/noblaskolan.se\/ronninge\/wp-json\/wp\/v2\/comments?post=20"}],"version-history":[{"count":10,"href":"https:\/\/noblaskolan.se\/ronninge\/wp-json\/wp\/v2\/pages\/20\/revisions"}],"predecessor-version":[{"id":2419,"href":"https:\/\/noblaskolan.se\/ronninge\/wp-json\/wp\/v2\/pages\/20\/revisions\/2419"}],"wp:attachment":[{"href":"https:\/\/noblaskolan.se\/ronninge\/wp-json\/wp\/v2\/media?parent=20"}],"curies":[{"name":"wp","href":"https:\/\/api.w.org\/{rel}","templated":true}]}}