{"id":1577,"date":"2021-04-27T15:44:51","date_gmt":"2021-04-27T13:44:51","guid":{"rendered":"https:\/\/noblaskolan.se\/nya-hovas\/?page_id=1577"},"modified":"2026-03-23T13:35:00","modified_gmt":"2026-03-23T12:35:00","slug":"forskola","status":"publish","type":"page","link":"https:\/\/noblaskolan.se\/nya-hovas\/om\/forskola\/","title":{"rendered":"F\u00f6rskola"},"content":{"rendered":"\n\t\n\t\n\t\n\n\t\n\t\n\t\t\n<section  class=\"c-block l-stacked  \" data-color-scheme=\"\">\n\t<div class=\"ams-fifty ams-fifty--container ams-fifty--right ams-fifty--bottom l-container u-pt-fluid-2xl-4xl u-pb-fluid-2xl-4xl\">\n\t\t<div class=\"ams-fifty__content l-stack l-stack-xl is-left is-left@lg\">\n\t\t\t<div class=\"ams-fifty__text l-stack l-stack-lg\">\n\t\t\t\t\t\n\t<h2\n\tclass=\"c-heading u-font-title-1 \"\n\tstyle=\"\">\n\t\t\n\t\t\t\t\t\t\t\t\tF\u00f6rskolan p\u00e5 Noblaskolan Nya Hov\u00e5s\n\t\t\t\t<span class=\"c-heading__sub is-below u-font-title-3\">\n\t\t\t\t\tP\u00e5 v\u00e5r f\u00f6rskola i Hov\u00e5s f\u00e5r ditt barn utvecklas fr\u00e5n liten till stor i en trygg milj\u00f6.\n\t\t\t\t<\/span>\n\t\t\t\t\t\t\t\n\t<\/h2>\n\n\t\t\t\t\t\t\t\t\t<div class=\"text l-stack u-font-body\">\n\t\t\t\t\t\t<p>Genom ett f\u00f6rh\u00e5llningss\u00e4tt d\u00e4r kunskap, inflytande och kvalitet st\u00e5r i centrum utvecklas barnets nyfikenhet, gl\u00e4dje och omv\u00e4rldsf\u00f6rst\u00e5else. F\u00f6rskolan har \u00e5tta avdelningar d\u00e4r barnen \u00e4r uppdelade beroende p\u00e5 vilken \u00e5ldersgrupp de tillh\u00f6r.<\/p>\n\n\t\t\t\t\t<\/div>\n\t\t\t\t\t\t\t<\/div>\n\n\t\t\t\t\t<\/div>\n\n\t\t <div class=\"ams-fifty__media u-ratio-landscape\">\n\t\t \t\t\t\t\t<img decoding=\"async\" width=\"600\" height=\"400\" src=\"https:\/\/noblaskolan.se\/wp-content\/uploads\/sites\/26\/2026\/03\/noblaskolansaltsjo-boo202504forskolawebb35-600x400.jpg\" class=\"attachment-md size-md\" alt=\"Barn som sitter p\u00e5 golvet.\" sizes=\"(min-width: 64em) 600px, calc(100vw - 160px)\" srcset=\"https:\/\/noblaskolan.se\/wp-content\/uploads\/sites\/26\/2026\/03\/noblaskolansaltsjo-boo202504forskolawebb35-600x400.jpg 600w, https:\/\/noblaskolan.se\/wp-content\/uploads\/sites\/26\/2026\/03\/noblaskolansaltsjo-boo202504forskolawebb35-300x200.jpg 300w, https:\/\/noblaskolan.se\/wp-content\/uploads\/sites\/26\/2026\/03\/noblaskolansaltsjo-boo202504forskolawebb35-400x267.jpg 400w, https:\/\/noblaskolan.se\/wp-content\/uploads\/sites\/26\/2026\/03\/noblaskolansaltsjo-boo202504forskolawebb35-800x534.jpg 800w, https:\/\/noblaskolan.se\/wp-content\/uploads\/sites\/26\/2026\/03\/noblaskolansaltsjo-boo202504forskolawebb35.jpg 1000w\" \/>\n\t\t\t\n\t\t\t\n\t\t\t\t\t<\/div>\n\t<\/div>\n\n\t\t\n\n<\/section>\n\n\n\n\t\n\t\n\t\n\n\t\n\t\n\t\t\n<section  class=\"c-block l-stacked  \" data-color-scheme=\"ljusgron\">\n\t<div class=\"ams-fifty ams-fifty--container ams-fifty--left ams-fifty--top l-container u-pt-fluid-2xl-4xl u-pb-fluid-2xl-4xl\">\n\t\t<div class=\"ams-fifty__content l-stack l-stack-xl is-left is-left@lg\">\n\t\t\t<div class=\"ams-fifty__text l-stack l-stack-lg\">\n\t\t\t\t\t\n\t<h2\n\tclass=\"c-heading u-font-title-2 \"\n\tstyle=\"\">\n\t\t\n\t\t\t\t\tF\u00f6rskolans l\u00e4roplan\n\t\t\t\t\n\t<\/h2>\n\n\t\t\t\t\t\t\t\t\t<div class=\"text l-stack u-font-body\">\n\t\t\t\t\t\t<p>P\u00e5 f\u00f6rskolan arbetar vi med trygghet, sj\u00e4lvst\u00e4ndighet och tillg\u00e4nglighet. Barnen ska k\u00e4nna att de varje dag kommer till en trygg plats d\u00e4r de f\u00e5r utrymme att v\u00e4xa och bli sj\u00e4lvst\u00e4ndiga. Materialet som finns p\u00e5 f\u00f6rskolan \u00e4r laborativt och finns tillg\u00e4ngligt f\u00f6r barnen att utforska.<\/p>\n<p>V\u00e5r l\u00e4rmilj\u00f6 \u00e4r inspirerande med n\u00e4rvarande och lyh\u00f6rda pedagoger som vill skapa de b\u00e4sta f\u00f6ruts\u00e4ttningarna f\u00f6r alla barn. Vi vill g\u00f6ra barnen delaktiga i sin vardag och samtidigt utmana barnen genom s\u00e5v\u00e4l planerade och f\u00f6rberedda aktiviteter, som under fria och oplanerade aktiviteter. Vi aktiverar oss i bland annat pyssel, lek och l\u00e4r, utflykter och l\u00e4sning.<\/p>\n<p>Genom v\u00e5rt n\u00e4ra samarbete med skolan blir \u00f6verg\u00e5ngen fr\u00e5n f\u00f6rskola till skola och f\u00f6rskoleklass ett naturligt steg, d\u00e4r deras nya l\u00e4rare \u00e4r bekanta ansikten. Vi f\u00f6ljer f\u00f6rskolans l\u00e4roplan (Lpf\u00f6, rev.2018), skollagen samt andra styrdokument.<\/p>\n\n\t\t\t\t\t<\/div>\n\t\t\t\t\t\t\t<\/div>\n\n\t\t\t\t\t<\/div>\n\n\t\t <div class=\"ams-fifty__media u-ratio-landscape\">\n\t\t \t\t\t\t\t<img decoding=\"async\" width=\"600\" height=\"400\" src=\"https:\/\/noblaskolan.se\/wp-content\/uploads\/sites\/26\/2026\/03\/noblaskolansaltsjo-boo202504forskolawebb24-600x400.jpg\" class=\"attachment-md size-md\" alt=\"Ett barn som pysslar.\" sizes=\"(min-width: 64em) 600px, calc(100vw - 160px)\" srcset=\"https:\/\/noblaskolan.se\/wp-content\/uploads\/sites\/26\/2026\/03\/noblaskolansaltsjo-boo202504forskolawebb24-600x400.jpg 600w, https:\/\/noblaskolan.se\/wp-content\/uploads\/sites\/26\/2026\/03\/noblaskolansaltsjo-boo202504forskolawebb24-300x200.jpg 300w, https:\/\/noblaskolan.se\/wp-content\/uploads\/sites\/26\/2026\/03\/noblaskolansaltsjo-boo202504forskolawebb24-400x267.jpg 400w, https:\/\/noblaskolan.se\/wp-content\/uploads\/sites\/26\/2026\/03\/noblaskolansaltsjo-boo202504forskolawebb24-800x534.jpg 800w, https:\/\/noblaskolan.se\/wp-content\/uploads\/sites\/26\/2026\/03\/noblaskolansaltsjo-boo202504forskolawebb24.jpg 1000w\" \/>\n\t\t\t\n\t\t\t\n\t\t\t\t\t<\/div>\n\t<\/div>\n\n\t\t\n\n<\/section>\n\n\n\n\t\n\t\n\t\n\n\t\n\t\n\t\t\n<section  class=\"c-block l-stacked  \" data-color-scheme=\"transparent\">\n\t<div class=\"ams-fifty ams-fifty--container ams-fifty--right ams-fifty--bottom l-container u-pt-fluid-2xl-4xl u-pb-fluid-2xl-4xl\">\n\t\t<div class=\"ams-fifty__content l-stack l-stack-xl is-left is-left@lg\">\n\t\t\t<div class=\"ams-fifty__text l-stack l-stack-lg\">\n\t\t\t\t\t\n\t<h2\n\tclass=\"c-heading u-font-title-2 \"\n\tstyle=\"\">\n\t\t\n\t\t\t\t\tInskolning p\u00e5 f\u00f6rskolan\n\t\t\t\t\n\t<\/h2>\n\n\t\t\t\t\t\t\t\t\t<div class=\"text l-stack u-font-body\">\n\t\t\t\t\t\t<p>Under v\u00e5r inskolning i f\u00f6rskolan \u00e4r en f\u00f6r\u00e4lder aktivt med barnet de f\u00f6rsta dagarna i skolan f\u00f6r att ge st\u00f6d och trygghet i den nya milj\u00f6n. Barnet l\u00e4r k\u00e4nna sina pedagoger, klasskamrater och f\u00e5r i sin egen takt k\u00e4nna in f\u00f6rskolemilj\u00f6n.<\/p>\n<p>Inskolningen kan vara en k\u00e4nslosam \u00f6verg\u00e5ngstid f\u00f6r m\u00e5nga barn, men \u00e4ven f\u00f6r er som f\u00f6r\u00e4ldrar. Vi vill d\u00e4rf\u00f6r att den ska g\u00e5 s\u00e5 smidigt som m\u00f6jligt och se till att du och ditt barn k\u00e4nner er trygga hos oss. Du kan lita p\u00e5 att vi tar hand om ditt barn.<\/p>\n<p>Avsked kan vara jobbigt i b\u00f6rjan, men det \u00e4r viktigt att barnet tydligt f\u00f6rst\u00e5r vad som h\u00e4nder och varf\u00f6r det h\u00e4nder. Du som f\u00f6r\u00e4lder kan alltid ringa oss p\u00e5 f\u00f6rskolan och h\u00f6ra hur det g\u00e5r under dagens g\u00e5ng.<\/p>\n<h3>Bra saker att t\u00e4nka p\u00e5 inf\u00f6r inskolning<\/h3>\n<ul>\n<li>Ta med n\u00e5got som g\u00f6r att ditt barn k\u00e4nner sig trygg. Till exempel ett gosedjur, napp eller en filt.<\/li>\n<li>Ta med kl\u00e4der f\u00f6r b\u00e5de inomhus- och utomhuslek i alla v\u00e4der samt extrakl\u00e4der.<\/li>\n<li>M\u00e4rk barnets tillh\u00f6righeter med namn.<\/li>\n<li>Meddela eventuella allergier eller specialkost.<\/li>\n<li>Se till att vi har korrekt och uppdaterad kontaktinformation till er som f\u00f6r\u00e4lder.<\/li>\n<\/ul>\n\n\t\t\t\t\t<\/div>\n\t\t\t\t\t\t\t<\/div>\n\n\t\t\t\t\t<\/div>\n\n\t\t <div class=\"ams-fifty__media u-ratio-landscape\">\n\t\t \t\t\t\t\t<img decoding=\"async\" width=\"600\" height=\"400\" src=\"https:\/\/noblaskolan.se\/wp-content\/uploads\/sites\/26\/2023\/08\/mariastadenhelsingborg2022-2027-scaled-600x400.jpg\" class=\"attachment-md size-md\" alt=\"Pedagog sitter och l\u00e4ser en bok f\u00f6r fyra elever.\" sizes=\"(min-width: 64em) 600px, calc(100vw - 160px)\" srcset=\"https:\/\/noblaskolan.se\/wp-content\/uploads\/sites\/26\/2023\/08\/mariastadenhelsingborg2022-2027-scaled-600x400.jpg 600w, https:\/\/noblaskolan.se\/wp-content\/uploads\/sites\/26\/2023\/08\/mariastadenhelsingborg2022-2027-scaled-300x200.jpg 300w, https:\/\/noblaskolan.se\/wp-content\/uploads\/sites\/26\/2023\/08\/mariastadenhelsingborg2022-2027-scaled-400x267.jpg 400w, https:\/\/noblaskolan.se\/wp-content\/uploads\/sites\/26\/2023\/08\/mariastadenhelsingborg2022-2027-scaled-800x533.jpg 800w, https:\/\/noblaskolan.se\/wp-content\/uploads\/sites\/26\/2023\/08\/mariastadenhelsingborg2022-2027-scaled-1024x683.jpg 1024w, https:\/\/noblaskolan.se\/wp-content\/uploads\/sites\/26\/2023\/08\/mariastadenhelsingborg2022-2027-scaled-1200x800.jpg 1200w\" \/>\n\t\t\t\n\t\t\t\n\t\t\t\t\t<\/div>\n\t<\/div>\n\n\t\t\n\n<\/section>\n\n\n\n\n<section  class=\"ams-cta ams-cta--stacked c-block l-stacked ams-border\" data-color-scheme=\"ljusgron\">\n\t<div class=\"l-container-narrow l-stack l-stack-fluid-2xl u-pt-fluid-2xl-4xl u-pb-fluid-2xl-4xl is-center is-center@md\">\n\t\t\t\t\t<div class=\"ams-cta__intro l-stack l-stack-lg\">\n\t\t\t\t\t\n\t<h2\n\tclass=\"c-heading u-font-title-1 \"\n\tstyle=\"\">\n\t\t\n\t\t\t\t\tVill du s\u00f6ka till v\u00e5r f\u00f6rskola?\n\t\t\t\t\n\t<\/h2>\n\n\t\t\t\t\t\t\t\t\t<div class=\"c-text l-stack u-cs-xl u-font-body\">\n\t\t\t\t\t\t<p>L\u00e4s mer om k\u00f6anm\u00e4lan och st\u00e4ll ditt barn i k\u00f6 till f\u00f6rskolan p\u00e5 Noblaskolan Nya Hov\u00e5s.<\/p>\n\n\t\t\t\t\t<\/div>\n\t\t\t\t\t\t\t<\/div>\n\t\t\n\t\t\n\t\t\t<div class=\"ams-cta__action u-inline-items\">\n\t\t\t\t\t\t\t\n\n\n<a href=\"https:\/\/noblaskolan.se\/nya-hovas\/koanmalan\/\"\n\t\n\tclass=\"c-btn \"\n\tdata-style=\"round\"\n\tdata-size=\"md\"\n\tdata-width=\"full-mobile\"\n\tdata-variant=\"default\"\n\ttarget=\"_self\">\n\t\t\t<span class=\"label\"> St\u00e4ll ditt barn i k\u00f6<\/span>\n\t\t\t<\/a>\n\t\t\t<\/div>\n\t<\/div>\n\n\t\t\n\n<\/section>\n","protected":false},"excerpt":{"rendered":"","protected":false},"author":5,"featured_media":0,"parent":20,"menu_order":0,"comment_status":"closed","ping_status":"closed","template":"","meta":{"footnotes":""},"yoast_head":"<!-- This site is optimized with the Yoast SEO plugin v22.0 - https:\/\/yoast.com\/wordpress\/plugins\/seo\/ -->\n<title>F\u00f6rskola i Hov\u00e5s | Noblaskolan Nya Hov\u00e5s<\/title>\n<meta name=\"description\" content=\"P\u00e5 Noblaskolan Nya Hov\u00e5s f\u00f6rskola f\u00e5r ditt barn utvecklas fr\u00e5n liten till stor i en trygg milj\u00f6 d\u00e4r vi arbetar med sj\u00e4lvst\u00e4ndighet.\" \/>\n<meta name=\"robots\" content=\"index, follow, max-snippet:-1, max-image-preview:large, max-video-preview:-1\" \/>\n<link rel=\"canonical\" href=\"https:\/\/noblaskolan.se\/nya-hovas\/om\/forskola\/\" \/>\n<meta property=\"og:locale\" content=\"sv_SE\" \/>\n<meta property=\"og:type\" content=\"article\" \/>\n<meta property=\"og:title\" content=\"F\u00f6rskola i Hov\u00e5s | Noblaskolan Nya Hov\u00e5s\" \/>\n<meta property=\"og:description\" content=\"P\u00e5 Noblaskolan Nya Hov\u00e5s f\u00f6rskola f\u00e5r ditt barn utvecklas fr\u00e5n liten till stor i en trygg milj\u00f6 d\u00e4r vi arbetar med sj\u00e4lvst\u00e4ndighet.\" \/>\n<meta property=\"og:url\" content=\"https:\/\/noblaskolan.se\/nya-hovas\/om\/forskola\/\" \/>\n<meta property=\"og:site_name\" content=\"Nya Hov\u00e5s\" \/>\n<meta property=\"article:modified_time\" content=\"2026-03-23T12:35:00+00:00\" \/>\n<meta name=\"twitter:card\" content=\"summary_large_image\" \/>\n<meta name=\"twitter:title\" content=\"F\u00f6rskola i Hov\u00e5s | Noblaskolan Nya Hov\u00e5s\" \/>\n<meta name=\"twitter:description\" content=\"P\u00e5 Noblaskolan Nya Hov\u00e5s f\u00f6rskola f\u00e5r ditt barn utvecklas fr\u00e5n liten till stor i en trygg milj\u00f6 d\u00e4r vi arbetar med sj\u00e4lvst\u00e4ndighet.\" \/>\n<meta name=\"twitter:label1\" content=\"Ber\u00e4knad l\u00e4stid\" \/>\n\t<meta name=\"twitter:data1\" content=\"3 minuter\" \/>\n<script type=\"application\/ld+json\" class=\"yoast-schema-graph\">{\"@context\":\"https:\/\/schema.org\",\"@graph\":[{\"@type\":\"WebPage\",\"@id\":\"https:\/\/noblaskolan.se\/nya-hovas\/om\/forskola\/\",\"url\":\"https:\/\/noblaskolan.se\/nya-hovas\/om\/forskola\/\",\"name\":\"F\u00f6rskola i Hov\u00e5s | Noblaskolan Nya Hov\u00e5s\",\"isPartOf\":{\"@id\":\"https:\/\/noblaskolan.se\/nya-hovas\/#website\"},\"datePublished\":\"2021-04-27T13:44:51+00:00\",\"dateModified\":\"2026-03-23T12:35:00+00:00\",\"description\":\"P\u00e5 Noblaskolan Nya Hov\u00e5s f\u00f6rskola f\u00e5r ditt barn utvecklas fr\u00e5n liten till stor i en trygg milj\u00f6 d\u00e4r vi arbetar med sj\u00e4lvst\u00e4ndighet.\",\"breadcrumb\":{\"@id\":\"https:\/\/noblaskolan.se\/nya-hovas\/om\/forskola\/#breadcrumb\"},\"inLanguage\":\"sv-SE\",\"potentialAction\":[{\"@type\":\"ReadAction\",\"target\":[\"https:\/\/noblaskolan.se\/nya-hovas\/om\/forskola\/\"]}]},{\"@type\":\"BreadcrumbList\",\"@id\":\"https:\/\/noblaskolan.se\/nya-hovas\/om\/forskola\/#breadcrumb\",\"itemListElement\":[{\"@type\":\"ListItem\",\"position\":1,\"name\":\"Start\",\"item\":\"https:\/\/noblaskolan.se\/nya-hovas\/\"},{\"@type\":\"ListItem\",\"position\":2,\"name\":\"Om skolan\",\"item\":\"https:\/\/noblaskolan.se\/nya-hovas\/om\/\"},{\"@type\":\"ListItem\",\"position\":3,\"name\":\"F\u00f6rskola\"}]},{\"@type\":\"WebSite\",\"@id\":\"https:\/\/noblaskolan.se\/nya-hovas\/#website\",\"url\":\"https:\/\/noblaskolan.se\/nya-hovas\/\",\"name\":\"Nya Hov\u00e5s\",\"description\":\"Noblaskolan Nya Hov\u00e5s\",\"potentialAction\":[{\"@type\":\"SearchAction\",\"target\":{\"@type\":\"EntryPoint\",\"urlTemplate\":\"https:\/\/noblaskolan.se\/nya-hovas\/?s={search_term_string}\"},\"query-input\":\"required name=search_term_string\"}],\"inLanguage\":\"sv-SE\"}]}<\/script>\n<!-- \/ Yoast SEO plugin. -->","yoast_head_json":{"title":"F\u00f6rskola i Hov\u00e5s | Noblaskolan Nya Hov\u00e5s","description":"P\u00e5 Noblaskolan Nya Hov\u00e5s f\u00f6rskola f\u00e5r ditt barn utvecklas fr\u00e5n liten till stor i en trygg milj\u00f6 d\u00e4r vi arbetar med sj\u00e4lvst\u00e4ndighet.","robots":{"index":"index","follow":"follow","max-snippet":"max-snippet:-1","max-image-preview":"max-image-preview:large","max-video-preview":"max-video-preview:-1"},"canonical":"https:\/\/noblaskolan.se\/nya-hovas\/om\/forskola\/","og_locale":"sv_SE","og_type":"article","og_title":"F\u00f6rskola i Hov\u00e5s | Noblaskolan Nya Hov\u00e5s","og_description":"P\u00e5 Noblaskolan Nya Hov\u00e5s f\u00f6rskola f\u00e5r ditt barn utvecklas fr\u00e5n liten till stor i en trygg milj\u00f6 d\u00e4r vi arbetar med sj\u00e4lvst\u00e4ndighet.","og_url":"https:\/\/noblaskolan.se\/nya-hovas\/om\/forskola\/","og_site_name":"Nya Hov\u00e5s","article_modified_time":"2026-03-23T12:35:00+00:00","twitter_card":"summary_large_image","twitter_title":"F\u00f6rskola i Hov\u00e5s | Noblaskolan Nya Hov\u00e5s","twitter_description":"P\u00e5 Noblaskolan Nya Hov\u00e5s f\u00f6rskola f\u00e5r ditt barn utvecklas fr\u00e5n liten till stor i en trygg milj\u00f6 d\u00e4r vi arbetar med sj\u00e4lvst\u00e4ndighet.","twitter_misc":{"Ber\u00e4knad l\u00e4stid":"3 minuter"},"schema":{"@context":"https:\/\/schema.org","@graph":[{"@type":"WebPage","@id":"https:\/\/noblaskolan.se\/nya-hovas\/om\/forskola\/","url":"https:\/\/noblaskolan.se\/nya-hovas\/om\/forskola\/","name":"F\u00f6rskola i Hov\u00e5s | Noblaskolan Nya Hov\u00e5s","isPartOf":{"@id":"https:\/\/noblaskolan.se\/nya-hovas\/#website"},"datePublished":"2021-04-27T13:44:51+00:00","dateModified":"2026-03-23T12:35:00+00:00","description":"P\u00e5 Noblaskolan Nya Hov\u00e5s f\u00f6rskola f\u00e5r ditt barn utvecklas fr\u00e5n liten till stor i en trygg milj\u00f6 d\u00e4r vi arbetar med sj\u00e4lvst\u00e4ndighet.","breadcrumb":{"@id":"https:\/\/noblaskolan.se\/nya-hovas\/om\/forskola\/#breadcrumb"},"inLanguage":"sv-SE","potentialAction":[{"@type":"ReadAction","target":["https:\/\/noblaskolan.se\/nya-hovas\/om\/forskola\/"]}]},{"@type":"BreadcrumbList","@id":"https:\/\/noblaskolan.se\/nya-hovas\/om\/forskola\/#breadcrumb","itemListElement":[{"@type":"ListItem","position":1,"name":"Start","item":"https:\/\/noblaskolan.se\/nya-hovas\/"},{"@type":"ListItem","position":2,"name":"Om skolan","item":"https:\/\/noblaskolan.se\/nya-hovas\/om\/"},{"@type":"ListItem","position":3,"name":"F\u00f6rskola"}]},{"@type":"WebSite","@id":"https:\/\/noblaskolan.se\/nya-hovas\/#website","url":"https:\/\/noblaskolan.se\/nya-hovas\/","name":"Nya Hov\u00e5s","description":"Noblaskolan Nya Hov\u00e5s","potentialAction":[{"@type":"SearchAction","target":{"@type":"EntryPoint","urlTemplate":"https:\/\/noblaskolan.se\/nya-hovas\/?s={search_term_string}"},"query-input":"required name=search_term_string"}],"inLanguage":"sv-SE"}]}},"_links":{"self":[{"href":"https:\/\/noblaskolan.se\/nya-hovas\/wp-json\/wp\/v2\/pages\/1577"}],"collection":[{"href":"https:\/\/noblaskolan.se\/nya-hovas\/wp-json\/wp\/v2\/pages"}],"about":[{"href":"https:\/\/noblaskolan.se\/nya-hovas\/wp-json\/wp\/v2\/types\/page"}],"author":[{"embeddable":true,"href":"https:\/\/noblaskolan.se\/nya-hovas\/wp-json\/wp\/v2\/users\/5"}],"replies":[{"embeddable":true,"href":"https:\/\/noblaskolan.se\/nya-hovas\/wp-json\/wp\/v2\/comments?post=1577"}],"version-history":[{"count":9,"href":"https:\/\/noblaskolan.se\/nya-hovas\/wp-json\/wp\/v2\/pages\/1577\/revisions"}],"predecessor-version":[{"id":2565,"href":"https:\/\/noblaskolan.se\/nya-hovas\/wp-json\/wp\/v2\/pages\/1577\/revisions\/2565"}],"up":[{"embeddable":true,"href":"https:\/\/noblaskolan.se\/nya-hovas\/wp-json\/wp\/v2\/pages\/20"}],"wp:attachment":[{"href":"https:\/\/noblaskolan.se\/nya-hovas\/wp-json\/wp\/v2\/media?parent=1577"}],"curies":[{"name":"wp","href":"https:\/\/api.w.org\/{rel}","templated":true}]}}