{"id":23,"date":"2020-09-01T22:06:54","date_gmt":"2020-09-01T20:06:54","guid":{"rendered":"https:\/\/noblaskolan.se\/nacka-strand\/?page_id=23"},"modified":"2026-03-23T13:13:49","modified_gmt":"2026-03-23T12:13:49","slug":"forskola","status":"publish","type":"page","link":"https:\/\/noblaskolan.se\/nacka-strand\/om\/forskola\/","title":{"rendered":"F\u00f6rskola"},"content":{"rendered":"\n\t\n\t\n\t\n\n\t\n\t\n\t\t\n<section  class=\"c-block l-stacked  \" data-color-scheme=\"\">\n\t<div class=\"ams-fifty ams-fifty--container ams-fifty--right ams-fifty--bottom l-container u-pt-fluid-2xl-4xl u-pb-fluid-2xl-4xl\">\n\t\t<div class=\"ams-fifty__content l-stack l-stack-xl is-left is-left@lg\">\n\t\t\t<div class=\"ams-fifty__text l-stack l-stack-lg\">\n\t\t\t\t\t\n\t<h2\n\tclass=\"c-heading u-font-title-1 \"\n\tstyle=\"\">\n\t\t\n\t\t\t\t\tF\u00f6rskolan p\u00e5 Noblaskolan Nacka Strand\n\t\t\t\t\n\t<\/h2>\n\n\t\t\t\t\t\t\t\t\t<div class=\"text l-stack u-font-body\">\n\t\t\t\t\t\t<p>P\u00e5 v\u00e5r f\u00f6rskola i Nacka l\u00e4r barnen sig att vara en bra kompis, att respektera andra och andras \u00f6nskningar, att s\u00e4ga nej och att dela med sig.<\/p>\n<p>F\u00f6r oss \u00e4r det viktigt att barnen f\u00e5r arbeta med sin sj\u00e4lvst\u00e4ndighet och l\u00e4ra sig att de duger precis som de \u00e4r. Alla barn ska bli respekterade och detta \u00e4r ocks\u00e5 n\u00e5got vi st\u00e4ndigt arbetar med i barngruppen. Vi g\u00f6r allt f\u00f6r att barnens sociala liv ska bli s\u00e5 bra som m\u00f6jligt.<\/p>\n\n\t\t\t\t\t<\/div>\n\t\t\t\t\t\t\t<\/div>\n\n\t\t\t\t\t<\/div>\n\n\t\t <div class=\"ams-fifty__media u-ratio-landscape\">\n\t\t \t\t\t\t\t<img decoding=\"async\" width=\"600\" height=\"400\" src=\"https:\/\/noblaskolan.se\/wp-content\/uploads\/sites\/25\/2026\/03\/noblaskolansaltsjo-boo202504forskolawebb26-600x400.jpg\" class=\"attachment-md size-md\" alt=\"Barn som pysslar.\" sizes=\"(min-width: 64em) 600px, calc(100vw - 160px)\" srcset=\"https:\/\/noblaskolan.se\/wp-content\/uploads\/sites\/25\/2026\/03\/noblaskolansaltsjo-boo202504forskolawebb26-600x400.jpg 600w, https:\/\/noblaskolan.se\/wp-content\/uploads\/sites\/25\/2026\/03\/noblaskolansaltsjo-boo202504forskolawebb26-300x200.jpg 300w, https:\/\/noblaskolan.se\/wp-content\/uploads\/sites\/25\/2026\/03\/noblaskolansaltsjo-boo202504forskolawebb26-400x267.jpg 400w, https:\/\/noblaskolan.se\/wp-content\/uploads\/sites\/25\/2026\/03\/noblaskolansaltsjo-boo202504forskolawebb26-800x534.jpg 800w, https:\/\/noblaskolan.se\/wp-content\/uploads\/sites\/25\/2026\/03\/noblaskolansaltsjo-boo202504forskolawebb26.jpg 1000w\" \/>\n\t\t\t\n\t\t\t\n\t\t\t\t\t<\/div>\n\t<\/div>\n\n\t\t\n\n<\/section>\n\n\n\n\t\n\t\n\t\n\n\t\n\t\n\t\t\n<section  class=\"c-block l-stacked  \" data-color-scheme=\"ljusgron\">\n\t<div class=\"ams-fifty ams-fifty--container ams-fifty--right ams-fifty--bottom l-container u-pt-fluid-2xl-4xl u-pb-fluid-2xl-4xl\">\n\t\t<div class=\"ams-fifty__content l-stack l-stack-xl is-left is-left@lg\">\n\t\t\t<div class=\"ams-fifty__text l-stack l-stack-lg\">\n\t\t\t\t\t\n\t<h1\n\tclass=\"c-heading u-font-title-1 \"\n\tstyle=\"\">\n\t\t\n\t\t\t\t\t\t\t\t\tEn vanlig dag \n\t\t\t\t<span class=\"c-heading__sub is-below u-font-title-3\">\n\t\t\t\t\tp\u00e5 Noblaskolan Nacka Strands f\u00f6rskola\n\t\t\t\t<\/span>\n\t\t\t\t\t\t\t\n\t<\/h1>\n\n\t\t\t\t\t\t\t\t\t<div class=\"text l-stack u-font-body\">\n\t\t\t\t\t\t<p><span style=\"font-weight: 400;\">Dagen p\u00e5 f\u00f6rskolan \u00e4r uppbyggd kring ett tydligt schema d\u00e4r sj\u00e4lvst\u00e4ndighet och l\u00e4rande \u00e4r i fokus och genomsyrar \u00f6verg\u00e5ngarna i allt fr\u00e5n toalettbes\u00f6k till p\u00e5kl\u00e4dning och mathantering.\u00a0<\/span><\/p>\n<h3><span style=\"font-weight: 400;\"><strong>L\u00e4sning, utflykter och utomhusaktiviteter<\/strong><br \/>\n<\/span><\/h3>\n<p><span style=\"font-weight: 400;\">F\u00f6rmiddagen \u00e4gnas \u00e5t gemensamma pedagogiska aktiviteter, projekt och utflykter. Efter lunch och vila ligger fokus p\u00e5 l\u00e4sgarantin och pedagogiska utomhusaktiviteter tills f\u00f6rskolan st\u00e4nger.\u00a0<\/span><\/p>\n<h3><span style=\"font-weight: 400;\"><strong>M\u00f6jlighet att p\u00e5verka<\/strong><br \/>\n<\/span><\/h3>\n<p><span style=\"font-weight: 400;\">Barnens h\u00f6jdpunkter \u00e4r projekttiden, d\u00e4r barnen f\u00e5r utforska, samarbeta och p\u00e5verka inneh\u00e5llet i det gemensamma temat p\u00e5 f\u00f6rskolan. Syftet med projekt \u00e4r att fr\u00e4mja barnens f\u00f6rm\u00e5ga att utforska, reflektera och l\u00e4ra i samspel med andra och sin omv\u00e4rld. Samtidigt som vi st\u00e4rker deras nyfikenhet, kreativitet och lust att leka och l\u00e4ra. <\/span><\/p>\n\n\t\t\t\t\t<\/div>\n\t\t\t\t\t\t\t<\/div>\n\n\t\t\t\t\t<\/div>\n\n\t\t <div class=\"ams-fifty__media u-ratio-square\">\n\t\t \t\t\t\t\t<img decoding=\"async\" width=\"360\" height=\"405\" src=\"https:\/\/noblaskolan.se\/wp-content\/uploads\/sites\/25\/2026\/01\/noblaskolannacka-strandforskola.jpg\" class=\"attachment-md size-md\" alt=\"F\u00f6reskolebyggnaden utifr\u00e5n med g\u00e5rden framf\u00f6r\" sizes=\"(min-width: 64em) 600px, calc(100vw - 160px)\" srcset=\"https:\/\/noblaskolan.se\/wp-content\/uploads\/sites\/25\/2026\/01\/noblaskolannacka-strandforskola.jpg 360w, https:\/\/noblaskolan.se\/wp-content\/uploads\/sites\/25\/2026\/01\/noblaskolannacka-strandforskola-300x338.jpg 300w\" \/>\n\t\t\t\n\t\t\t\n\t\t\t\t\t<\/div>\n\t<\/div>\n\n\t\t\n\n<\/section>\n\n\n\n\t\n\t\n\t\n\n\t\n\t\n\t\t\n<section  class=\"c-block l-stacked  \" data-color-scheme=\"transparent\">\n\t<div class=\"ams-fifty ams-fifty--container ams-fifty--right ams-fifty--bottom l-container u-pt-fluid-2xl-4xl u-pb-fluid-2xl-4xl\">\n\t\t<div class=\"ams-fifty__content l-stack l-stack-xl is-left is-left@lg\">\n\t\t\t<div class=\"ams-fifty__text l-stack l-stack-lg\">\n\t\t\t\t\t\n\t<h2\n\tclass=\"c-heading u-font-title-2 \"\n\tstyle=\"\">\n\t\t\n\t\t\t\t\tOm v\u00e5r f\u00f6rskola i Nacka\n\t\t\t\t\n\t<\/h2>\n\n\t\t\t\t\t\t\t\t\t<div class=\"text l-stack u-font-body\">\n\t\t\t\t\t\t<p>V\u00e5r f\u00f6rskola best\u00e5r av tv\u00e5 team \u2013 Kludden och Storholmen. Kludden best\u00e5r av de tv\u00e5 basgrupperna Klippan och Udden (1\u20133-\u00e5ringar). P\u00e5 Storholmen har vi basgrupperna Holmen och Storsk\u00e4r (3\u20134 \u00e5ringar) samt Sk\u00e4ret (5-\u00e5ringar). Sk\u00e4ret har sina lokaler i skolbyggnaden medan \u00f6vriga har sina lokaler i en separat byggnad med utsikt \u00f6ver Stockholms inlopp.<\/p>\n<p>Vi har fina anpassade g\u00e5rdar runt f\u00f6rskolan och n\u00e4rheten till naturen utnyttjas f\u00f6r att utmana barnens motorik samt deras l\u00e4rande i olika \u00e4mnen. Vi vill ocks\u00e5 att barnen ska uppleva k\u00e4nslan av att vara ute i naturen i olika v\u00e4der och \u00e5rstider. H\u00e4r tar vi tillvara p\u00e5 barnens nyfikenhet och utforskande!<\/p>\n\n\t\t\t\t\t<\/div>\n\t\t\t\t\t\t\t<\/div>\n\n\t\t\t\t\t<\/div>\n\n\t\t <div class=\"ams-fifty__media u-ratio-landscape\">\n\t\t \t\t\t\t\t<img decoding=\"async\" width=\"600\" height=\"400\" src=\"https:\/\/noblaskolan.se\/wp-content\/uploads\/sites\/25\/2026\/03\/noblaskolansaltsjo-boo202504forskolawebb34-600x400.jpg\" class=\"attachment-md size-md\" alt=\"Barn som leker med bilar.\" sizes=\"(min-width: 64em) 600px, calc(100vw - 160px)\" srcset=\"https:\/\/noblaskolan.se\/wp-content\/uploads\/sites\/25\/2026\/03\/noblaskolansaltsjo-boo202504forskolawebb34-600x400.jpg 600w, https:\/\/noblaskolan.se\/wp-content\/uploads\/sites\/25\/2026\/03\/noblaskolansaltsjo-boo202504forskolawebb34-300x200.jpg 300w, https:\/\/noblaskolan.se\/wp-content\/uploads\/sites\/25\/2026\/03\/noblaskolansaltsjo-boo202504forskolawebb34-400x267.jpg 400w, https:\/\/noblaskolan.se\/wp-content\/uploads\/sites\/25\/2026\/03\/noblaskolansaltsjo-boo202504forskolawebb34-800x534.jpg 800w, https:\/\/noblaskolan.se\/wp-content\/uploads\/sites\/25\/2026\/03\/noblaskolansaltsjo-boo202504forskolawebb34.jpg 1000w\" \/>\n\t\t\t\n\t\t\t\n\t\t\t\t\t<\/div>\n\t<\/div>\n\n\t\t\n\n<\/section>\n\n\n\n\t\n\t\n\t\n\n\t\n\t\n\t\t\n<section  class=\"c-block l-stacked  \" data-color-scheme=\"transparent\">\n\t<div class=\"ams-fifty ams-fifty--container ams-fifty--left ams-fifty--bottom l-container u-pt-fluid-2xl-4xl u-pb-fluid-2xl-4xl\">\n\t\t<div class=\"ams-fifty__content l-stack l-stack-xl is-left is-left@lg\">\n\t\t\t<div class=\"ams-fifty__text l-stack l-stack-lg\">\n\t\t\t\t\t\n\t<h2\n\tclass=\"c-heading u-font-title-2 \"\n\tstyle=\"\">\n\t\t\n\t\t\t\t\tF\u00f6rskolans arbetss\u00e4tt\n\t\t\t\t\n\t<\/h2>\n\n\t\t\t\t\t\t\t\t\t<div class=\"text l-stack u-font-body\">\n\t\t\t\t\t\t<p>I f\u00f6rskolan har vi inte schemalagda lektioner, utan all undervisning v\u00e4vs in i det dagliga arbetet genom lek, skapande, utflykter och utforskande. V\u00e5ra rutinaktiviteter (m\u00e5ltider, p\u00e5- och avkl\u00e4dning, toalettbes\u00f6k osv) \u00e4r ocks\u00e5 en viktig stund f\u00f6r l\u00e4rande. Dessutom arbetar vi med projekt och teman utifr\u00e5n barnens intressen och nyfikenhet f\u00f6r en f\u00f6rdjupad kunskap inom olika \u00e4mnen.<\/p>\n<h3>V\u00e5r l\u00e4roplan<\/h3>\n<p>Vi arbetar utifr\u00e5n F\u00f6rskolans l\u00e4roplan (Lpf\u00f6 18) och hela v\u00e5rt systematiska kvalitetsarbete med pedagogiska planeringar och utv\u00e4rderingar \u00e4r kopplat till den. Varje l\u00e4s\u00e5r blir v\u00e5rdnadshavare inbjudna till ett samtal tillsammans med sitt barn och f\u00e5r d\u00e5 ta del av hens l\u00e4rande och utveckling (det vi kallar f\u00f6r barnets f\u00f6r\u00e4ndrade kunnande).<\/p>\n\n\t\t\t\t\t<\/div>\n\t\t\t\t\t\t\t<\/div>\n\n\t\t\t\t\t<\/div>\n\n\t\t <div class=\"ams-fifty__media u-ratio-landscape\">\n\t\t \t\t\t\t\t<img decoding=\"async\" width=\"600\" height=\"400\" src=\"https:\/\/noblaskolan.se\/wp-content\/uploads\/sites\/25\/2023\/08\/mariastadenhelsingborg2022-2027-scaled-600x400.jpg\" class=\"attachment-md size-md\" alt=\"En pedagog sitter och l\u00e4ser f\u00f6r fyra elever.\" sizes=\"(min-width: 64em) 600px, calc(100vw - 160px)\" srcset=\"https:\/\/noblaskolan.se\/wp-content\/uploads\/sites\/25\/2023\/08\/mariastadenhelsingborg2022-2027-scaled-600x400.jpg 600w, https:\/\/noblaskolan.se\/wp-content\/uploads\/sites\/25\/2023\/08\/mariastadenhelsingborg2022-2027-scaled-300x200.jpg 300w, https:\/\/noblaskolan.se\/wp-content\/uploads\/sites\/25\/2023\/08\/mariastadenhelsingborg2022-2027-scaled-400x267.jpg 400w, https:\/\/noblaskolan.se\/wp-content\/uploads\/sites\/25\/2023\/08\/mariastadenhelsingborg2022-2027-scaled-800x533.jpg 800w, https:\/\/noblaskolan.se\/wp-content\/uploads\/sites\/25\/2023\/08\/mariastadenhelsingborg2022-2027-scaled-1024x683.jpg 1024w, https:\/\/noblaskolan.se\/wp-content\/uploads\/sites\/25\/2023\/08\/mariastadenhelsingborg2022-2027-scaled-1200x800.jpg 1200w\" \/>\n\t\t\t\n\t\t\t\n\t\t\t\t\t<\/div>\n\t<\/div>\n\n\t\t\n\n<\/section>\n\n\n\n\t\n\t\n\t\n\n\t\n\t\n\t\t\n<section  class=\"c-block l-stacked  \" data-color-scheme=\"transparent\">\n\t<div class=\"ams-fifty ams-fifty--container ams-fifty--right ams-fifty--bottom l-container u-pt-fluid-2xl-4xl u-pb-fluid-2xl-4xl\">\n\t\t<div class=\"ams-fifty__content l-stack l-stack-xl is-left is-left@lg\">\n\t\t\t<div class=\"ams-fifty__text l-stack l-stack-lg\">\n\t\t\t\t\t\n\t<h2\n\tclass=\"c-heading u-font-title-2 \"\n\tstyle=\"\">\n\t\t\n\t\t\t\t\tInskolning p\u00e5 f\u00f6rskolan\n\t\t\t\t\n\t<\/h2>\n\n\t\t\t\t\t\t\t\t\t<div class=\"text l-stack u-font-body\">\n\t\t\t\t\t\t<p>Under v\u00e5r inskolning i f\u00f6rskolan \u00e4r en f\u00f6r\u00e4lder aktivt med barnet de f\u00f6rsta dagarna i verksamheten f\u00f6r att ge st\u00f6d och trygghet i den nya milj\u00f6n. Barnet l\u00e4r k\u00e4nna sina pedagoger, kamrater och f\u00e5r i sin egen takt k\u00e4nna in f\u00f6rskolemilj\u00f6n. Inskolningen kan vara en k\u00e4nslosam \u00f6verg\u00e5ngstid f\u00f6r m\u00e5nga barn, men \u00e4ven f\u00f6r er som f\u00f6r\u00e4ldrar. Vi vill d\u00e4rf\u00f6r att den ska g\u00e5 s\u00e5 smidigt som m\u00f6jligt och se till att du och ditt barn k\u00e4nner er trygga hos oss. Du kan lita p\u00e5 att vi tar hand om ditt barn. Avsked i b\u00f6rjan kan vara jobbigt, men det \u00e4r viktigt att barnet tydligt f\u00f6rst\u00e5r vad som h\u00e4nder och varf\u00f6r det h\u00e4nder. Du som f\u00f6r\u00e4lder kan alltid ringa oss p\u00e5 f\u00f6rskolan och h\u00f6ra hur det g\u00e5r under dagens g\u00e5ng.<\/p>\n<h3>Bra saker att t\u00e4nka p\u00e5 inf\u00f6r inskolning<\/h3>\n<ul>\n<li>Ta med n\u00e5got som g\u00f6r att ditt barn k\u00e4nner sig trygg. Till exempel ett gosedjur, napp eller en filt.<\/li>\n<li>Ta med kl\u00e4der f\u00f6r b\u00e5de inomhus- och utomhuslek i alla v\u00e4der samt extrakl\u00e4der.<\/li>\n<li>M\u00e4rk barnets tillh\u00f6righeter med namn.<\/li>\n<li>Meddela eventuella allergier eller specialkost.<\/li>\n<li>Se till att vi har korrekt och uppdaterad kontaktinformation till er som f\u00f6r\u00e4lder.<\/li>\n<\/ul>\n\n\t\t\t\t\t<\/div>\n\t\t\t\t\t\t\t<\/div>\n\n\t\t\t\t\t<\/div>\n\n\t\t <div class=\"ams-fifty__media u-ratio-landscape\">\n\t\t \t\t\t\t\t<img decoding=\"async\" width=\"600\" height=\"400\" src=\"https:\/\/noblaskolan.se\/wp-content\/uploads\/sites\/25\/2023\/08\/mariastadenhelsingborg2022-20272-1-scaled-600x400.jpg\" class=\"attachment-md size-md\" alt=\"Tv\u00e5 elever p\u00e5 skolg\u00e5rden.\" sizes=\"(min-width: 64em) 600px, calc(100vw - 160px)\" srcset=\"https:\/\/noblaskolan.se\/wp-content\/uploads\/sites\/25\/2023\/08\/mariastadenhelsingborg2022-20272-1-scaled-600x400.jpg 600w, https:\/\/noblaskolan.se\/wp-content\/uploads\/sites\/25\/2023\/08\/mariastadenhelsingborg2022-20272-1-scaled-300x200.jpg 300w, https:\/\/noblaskolan.se\/wp-content\/uploads\/sites\/25\/2023\/08\/mariastadenhelsingborg2022-20272-1-scaled-400x267.jpg 400w, https:\/\/noblaskolan.se\/wp-content\/uploads\/sites\/25\/2023\/08\/mariastadenhelsingborg2022-20272-1-scaled-800x533.jpg 800w, https:\/\/noblaskolan.se\/wp-content\/uploads\/sites\/25\/2023\/08\/mariastadenhelsingborg2022-20272-1-scaled-1024x683.jpg 1024w, https:\/\/noblaskolan.se\/wp-content\/uploads\/sites\/25\/2023\/08\/mariastadenhelsingborg2022-20272-1-scaled-1200x800.jpg 1200w\" \/>\n\t\t\t\n\t\t\t\n\t\t\t\t\t<\/div>\n\t<\/div>\n\n\t\t\n\n<\/section>\n\n\n\n\n<section  class=\"ams-cta ams-cta--stacked c-block l-stacked ams-border\" data-color-scheme=\"ljusgron\">\n\t<div class=\"l-container-narrow l-stack l-stack-fluid-2xl u-pt-fluid-2xl-4xl u-pb-fluid-2xl-4xl is-center is-center@md\">\n\t\t\t\t\t<div class=\"ams-cta__intro l-stack l-stack-lg\">\n\t\t\t\t\t\n\t<h2\n\tclass=\"c-heading u-font-title-1 \"\n\tstyle=\"\">\n\t\t\n\t\t\t\t\tVill du s\u00f6ka till v\u00e5r f\u00f6rskola?\n\t\t\t\t\n\t<\/h2>\n\n\t\t\t\t\t\t\t\t\t<div class=\"c-text l-stack u-cs-xl u-font-body\">\n\t\t\t\t\t\t<p>L\u00e4s mer om k\u00f6anm\u00e4lan och st\u00e4ll ditt barn i k\u00f6 till f\u00f6rskolan p\u00e5 Noblaskolan Nacka Strand.<\/p>\n\n\t\t\t\t\t<\/div>\n\t\t\t\t\t\t\t<\/div>\n\t\t\n\t\t\n\t\t\t<div class=\"ams-cta__action u-inline-items\">\n\t\t\t\t\t\t\t\n\n\n<a href=\"https:\/\/noblaskolan.se\/nacka-strand\/koanmalan\/\"\n\t\n\tclass=\"c-btn \"\n\tdata-style=\"round\"\n\tdata-size=\"md\"\n\tdata-width=\"full-mobile\"\n\tdata-variant=\"default\"\n\ttarget=\"_self\">\n\t\t\t<span class=\"label\"> St\u00e4ll ditt barn i k\u00f6<\/span>\n\t\t\t<\/a>\n\t\t\t<\/div>\n\t<\/div>\n\n\t\t\n\n<\/section>\n","protected":false},"excerpt":{"rendered":"","protected":false},"author":1,"featured_media":0,"parent":20,"menu_order":0,"comment_status":"closed","ping_status":"closed","template":"","meta":{"footnotes":""},"yoast_head":"<!-- This site is optimized with the Yoast SEO plugin v22.0 - https:\/\/yoast.com\/wordpress\/plugins\/seo\/ -->\n<title>F\u00f6rskola f\u00f6r barn 1-5 \u00e5r i Nacka | Noblaskolan Nacka Strand<\/title>\n<meta name=\"description\" content=\"H\u00e4r hittar du information om v\u00e5r f\u00f6rskola i Nacka. L\u00e4s om hur Noblaskolan Nacka Strand jobbar med inl\u00e4rning och inskolning.\" \/>\n<meta name=\"robots\" content=\"index, follow, max-snippet:-1, max-image-preview:large, max-video-preview:-1\" \/>\n<link rel=\"canonical\" href=\"https:\/\/noblaskolan.se\/nacka-strand\/om\/forskola\/\" \/>\n<meta property=\"og:locale\" content=\"sv_SE\" \/>\n<meta property=\"og:type\" content=\"article\" \/>\n<meta property=\"og:title\" content=\"F\u00f6rskola f\u00f6r barn 1-5 \u00e5r i Nacka | Noblaskolan Nacka Strand\" \/>\n<meta property=\"og:description\" content=\"H\u00e4r hittar du information om v\u00e5r f\u00f6rskola i Nacka. L\u00e4s om hur Noblaskolan Nacka Strand jobbar med inl\u00e4rning och inskolning.\" \/>\n<meta property=\"og:url\" content=\"https:\/\/noblaskolan.se\/nacka-strand\/om\/forskola\/\" \/>\n<meta property=\"og:site_name\" content=\"Nacka Strand\" \/>\n<meta property=\"article:modified_time\" content=\"2026-03-23T12:13:49+00:00\" \/>\n<meta name=\"twitter:card\" content=\"summary_large_image\" \/>\n<meta name=\"twitter:title\" content=\"F\u00f6rskola f\u00f6r barn 1-5 \u00e5r i Nacka | Noblaskolan Nacka Strand\" \/>\n<meta name=\"twitter:description\" content=\"H\u00e4r hittar du information om v\u00e5r f\u00f6rskola i Nacka. L\u00e4s om hur Noblaskolan Nacka Strand jobbar med inl\u00e4rning och inskolning.\" \/>\n<meta name=\"twitter:label1\" content=\"Ber\u00e4knad l\u00e4stid\" \/>\n\t<meta name=\"twitter:data1\" content=\"5 minuter\" \/>\n<script type=\"application\/ld+json\" class=\"yoast-schema-graph\">{\"@context\":\"https:\/\/schema.org\",\"@graph\":[{\"@type\":\"WebPage\",\"@id\":\"https:\/\/noblaskolan.se\/nacka-strand\/om\/forskola\/\",\"url\":\"https:\/\/noblaskolan.se\/nacka-strand\/om\/forskola\/\",\"name\":\"F\u00f6rskola f\u00f6r barn 1-5 \u00e5r i Nacka | Noblaskolan Nacka Strand\",\"isPartOf\":{\"@id\":\"https:\/\/noblaskolan.se\/nacka-strand\/#website\"},\"datePublished\":\"2020-09-01T20:06:54+00:00\",\"dateModified\":\"2026-03-23T12:13:49+00:00\",\"description\":\"H\u00e4r hittar du information om v\u00e5r f\u00f6rskola i Nacka. L\u00e4s om hur Noblaskolan Nacka Strand jobbar med inl\u00e4rning och inskolning.\",\"breadcrumb\":{\"@id\":\"https:\/\/noblaskolan.se\/nacka-strand\/om\/forskola\/#breadcrumb\"},\"inLanguage\":\"sv-SE\",\"potentialAction\":[{\"@type\":\"ReadAction\",\"target\":[\"https:\/\/noblaskolan.se\/nacka-strand\/om\/forskola\/\"]}]},{\"@type\":\"BreadcrumbList\",\"@id\":\"https:\/\/noblaskolan.se\/nacka-strand\/om\/forskola\/#breadcrumb\",\"itemListElement\":[{\"@type\":\"ListItem\",\"position\":1,\"name\":\"Start\",\"item\":\"https:\/\/noblaskolan.se\/nacka-strand\/\"},{\"@type\":\"ListItem\",\"position\":2,\"name\":\"Om skolan\",\"item\":\"https:\/\/noblaskolan.se\/nacka-strand\/om\/\"},{\"@type\":\"ListItem\",\"position\":3,\"name\":\"F\u00f6rskola\"}]},{\"@type\":\"WebSite\",\"@id\":\"https:\/\/noblaskolan.se\/nacka-strand\/#website\",\"url\":\"https:\/\/noblaskolan.se\/nacka-strand\/\",\"name\":\"Nacka Strand\",\"description\":\"Noblaskolan Nacka Strand\",\"potentialAction\":[{\"@type\":\"SearchAction\",\"target\":{\"@type\":\"EntryPoint\",\"urlTemplate\":\"https:\/\/noblaskolan.se\/nacka-strand\/?s={search_term_string}\"},\"query-input\":\"required name=search_term_string\"}],\"inLanguage\":\"sv-SE\"}]}<\/script>\n<!-- \/ Yoast SEO plugin. -->","yoast_head_json":{"title":"F\u00f6rskola f\u00f6r barn 1-5 \u00e5r i Nacka | Noblaskolan Nacka Strand","description":"H\u00e4r hittar du information om v\u00e5r f\u00f6rskola i Nacka. L\u00e4s om hur Noblaskolan Nacka Strand jobbar med inl\u00e4rning och inskolning.","robots":{"index":"index","follow":"follow","max-snippet":"max-snippet:-1","max-image-preview":"max-image-preview:large","max-video-preview":"max-video-preview:-1"},"canonical":"https:\/\/noblaskolan.se\/nacka-strand\/om\/forskola\/","og_locale":"sv_SE","og_type":"article","og_title":"F\u00f6rskola f\u00f6r barn 1-5 \u00e5r i Nacka | Noblaskolan Nacka Strand","og_description":"H\u00e4r hittar du information om v\u00e5r f\u00f6rskola i Nacka. L\u00e4s om hur Noblaskolan Nacka Strand jobbar med inl\u00e4rning och inskolning.","og_url":"https:\/\/noblaskolan.se\/nacka-strand\/om\/forskola\/","og_site_name":"Nacka Strand","article_modified_time":"2026-03-23T12:13:49+00:00","twitter_card":"summary_large_image","twitter_title":"F\u00f6rskola f\u00f6r barn 1-5 \u00e5r i Nacka | Noblaskolan Nacka Strand","twitter_description":"H\u00e4r hittar du information om v\u00e5r f\u00f6rskola i Nacka. L\u00e4s om hur Noblaskolan Nacka Strand jobbar med inl\u00e4rning och inskolning.","twitter_misc":{"Ber\u00e4knad l\u00e4stid":"5 minuter"},"schema":{"@context":"https:\/\/schema.org","@graph":[{"@type":"WebPage","@id":"https:\/\/noblaskolan.se\/nacka-strand\/om\/forskola\/","url":"https:\/\/noblaskolan.se\/nacka-strand\/om\/forskola\/","name":"F\u00f6rskola f\u00f6r barn 1-5 \u00e5r i Nacka | Noblaskolan Nacka Strand","isPartOf":{"@id":"https:\/\/noblaskolan.se\/nacka-strand\/#website"},"datePublished":"2020-09-01T20:06:54+00:00","dateModified":"2026-03-23T12:13:49+00:00","description":"H\u00e4r hittar du information om v\u00e5r f\u00f6rskola i Nacka. L\u00e4s om hur Noblaskolan Nacka Strand jobbar med inl\u00e4rning och inskolning.","breadcrumb":{"@id":"https:\/\/noblaskolan.se\/nacka-strand\/om\/forskola\/#breadcrumb"},"inLanguage":"sv-SE","potentialAction":[{"@type":"ReadAction","target":["https:\/\/noblaskolan.se\/nacka-strand\/om\/forskola\/"]}]},{"@type":"BreadcrumbList","@id":"https:\/\/noblaskolan.se\/nacka-strand\/om\/forskola\/#breadcrumb","itemListElement":[{"@type":"ListItem","position":1,"name":"Start","item":"https:\/\/noblaskolan.se\/nacka-strand\/"},{"@type":"ListItem","position":2,"name":"Om skolan","item":"https:\/\/noblaskolan.se\/nacka-strand\/om\/"},{"@type":"ListItem","position":3,"name":"F\u00f6rskola"}]},{"@type":"WebSite","@id":"https:\/\/noblaskolan.se\/nacka-strand\/#website","url":"https:\/\/noblaskolan.se\/nacka-strand\/","name":"Nacka Strand","description":"Noblaskolan Nacka Strand","potentialAction":[{"@type":"SearchAction","target":{"@type":"EntryPoint","urlTemplate":"https:\/\/noblaskolan.se\/nacka-strand\/?s={search_term_string}"},"query-input":"required name=search_term_string"}],"inLanguage":"sv-SE"}]}},"_links":{"self":[{"href":"https:\/\/noblaskolan.se\/nacka-strand\/wp-json\/wp\/v2\/pages\/23"}],"collection":[{"href":"https:\/\/noblaskolan.se\/nacka-strand\/wp-json\/wp\/v2\/pages"}],"about":[{"href":"https:\/\/noblaskolan.se\/nacka-strand\/wp-json\/wp\/v2\/types\/page"}],"author":[{"embeddable":true,"href":"https:\/\/noblaskolan.se\/nacka-strand\/wp-json\/wp\/v2\/users\/1"}],"replies":[{"embeddable":true,"href":"https:\/\/noblaskolan.se\/nacka-strand\/wp-json\/wp\/v2\/comments?post=23"}],"version-history":[{"count":9,"href":"https:\/\/noblaskolan.se\/nacka-strand\/wp-json\/wp\/v2\/pages\/23\/revisions"}],"predecessor-version":[{"id":2354,"href":"https:\/\/noblaskolan.se\/nacka-strand\/wp-json\/wp\/v2\/pages\/23\/revisions\/2354"}],"up":[{"embeddable":true,"href":"https:\/\/noblaskolan.se\/nacka-strand\/wp-json\/wp\/v2\/pages\/20"}],"wp:attachment":[{"href":"https:\/\/noblaskolan.se\/nacka-strand\/wp-json\/wp\/v2\/media?parent=23"}],"curies":[{"name":"wp","href":"https:\/\/api.w.org\/{rel}","templated":true}]}}