{"id":20,"date":"2020-09-01T22:06:33","date_gmt":"2020-09-01T20:06:33","guid":{"rendered":"https:\/\/noblaskolan.se\/lindholmen\/?page_id=20"},"modified":"2026-03-18T13:35:10","modified_gmt":"2026-03-18T12:35:10","slug":"om","status":"publish","type":"page","link":"https:\/\/noblaskolan.se\/lindholmen\/om\/","title":{"rendered":"Om skolan"},"content":{"rendered":"\n\t\n\t\n\t\n\n\t\n\t\n\t\t\n<section  class=\"c-block l-stacked  \" data-color-scheme=\"\">\n\t<div class=\"ams-fifty ams-fifty--container ams-fifty--right ams-fifty--bottom l-container u-pt-fluid-3xl-6xl u-pb-fluid-3xl-6xl\">\n\t\t<div class=\"ams-fifty__content l-stack l-stack-xl is-left is-left@lg\">\n\t\t\t<div class=\"ams-fifty__text l-stack l-stack-lg\">\n\t\t\t\t\t\n\t<h2\n\tclass=\"c-heading u-font-title-1 \"\n\tstyle=\"\">\n\t\t\n\t\t\t\t\t\t\t\t\tOm Noblaskolan Lindholmen\n\t\t\t\t<span class=\"c-heading__sub is-below u-font-title-3\">\n\t\t\t\t\tP\u00e5 Noblaskolan Lindholmen \u00e4r vi \u00f6vertygade om att elever som utmanas n\u00e5r l\u00e4ngre.\n\t\t\t\t<\/span>\n\t\t\t\t\t\t\t\n\t<\/h2>\n\n\t\t\t\t\t\t\t\t\t<div class=\"text l-stack u-font-body\">\n\t\t\t\t\t\t<p>Vi vill ge v\u00e5ra elever en god utbildning i en lugn och stimulerande studiemilj\u00f6. V\u00e5r personal \u00e4r kunnig och engagerad och \u00e4r en viktig del f\u00f6r att kunna ge v\u00e5ra elever de b\u00e4sta t\u00e4nkbara f\u00f6ruts\u00e4ttningarna.<\/p>\n<p>Det finns m\u00e5nga olika v\u00e4gar mot m\u00e5let, men n\u00e4r det g\u00e4ller n\u00e5got s\u00e5 viktigt som v\u00e5ra barns framtid vill vi inte experimentera. Men vi \u00e4r inte traditionella f\u00f6r sakens skull. Vi vet n\u00e4mligen att vi n\u00e5r b\u00e4st resultat n\u00e4r vi v\u00e5gar anpassa oss efter det som \u00e4r bevisat b\u00e4ttre. Vi har sett till att skapa en skola som ger eleverna de b\u00e4sta t\u00e4nkbara f\u00f6ruts\u00e4ttningarna f\u00f6r akademisk utveckling.<\/p>\n<h2>En skola p\u00e5 Lindholmen i G\u00f6teborg<\/h2>\n<p>Vi har bedrivit skolverksamhet sedan 2008 och har idag 312 elever i \u00e5rskurs 6-9. V\u00e5r grundskola ligger centralt i G\u00f6teborg p\u00e5 vackra Lindholmen n\u00e4ra hamninloppet. Alla \u00e5rskurser har sina egna lokaler f\u00f6r den teoretiska undervisningen d\u00e4r man \u00e4ven har tillg\u00e5ng till mindre grupprum. Ut\u00f6ver detta finns \u00e4ndam\u00e5lsenliga specialsalar f\u00f6r bild, musik, sl\u00f6jd, hemkunskap och NO samt en matsal. Idrotten har vi i Lundbystrandshalle<\/p>\n\n\t\t\t\t\t<\/div>\n\t\t\t\t\t\t\t<\/div>\n\n\t\t\t\t\t<\/div>\n\n\t\t <div class=\"ams-fifty__media u-ratio-square\">\n\t\t \t\t\t\t\t<img decoding=\"async\" width=\"600\" height=\"400\" src=\"https:\/\/noblaskolan.se\/wp-content\/uploads\/sites\/35\/2026\/03\/noblaskolantaby202504lagstadiewebb4-600x400.jpg\" class=\"attachment-md size-md\" alt=\"Elev som skriver.\" sizes=\"(min-width: 64em) 600px, calc(100vw - 160px)\" srcset=\"https:\/\/noblaskolan.se\/wp-content\/uploads\/sites\/35\/2026\/03\/noblaskolantaby202504lagstadiewebb4-600x400.jpg 600w, https:\/\/noblaskolan.se\/wp-content\/uploads\/sites\/35\/2026\/03\/noblaskolantaby202504lagstadiewebb4-300x200.jpg 300w, https:\/\/noblaskolan.se\/wp-content\/uploads\/sites\/35\/2026\/03\/noblaskolantaby202504lagstadiewebb4-400x267.jpg 400w, https:\/\/noblaskolan.se\/wp-content\/uploads\/sites\/35\/2026\/03\/noblaskolantaby202504lagstadiewebb4-800x534.jpg 800w, https:\/\/noblaskolan.se\/wp-content\/uploads\/sites\/35\/2026\/03\/noblaskolantaby202504lagstadiewebb4.jpg 1000w\" \/>\n\t\t\t\n\t\t\t\n\t\t\t\t\t<\/div>\n\t<\/div>\n\n\t\t\n\n<\/section>\n\n\n\n\n<section  class=\"ams-usp c-block l-stacked\" data-color-scheme=\"nyans1_av_p2\">\n\t<div class=\"l-container l-stack l-stack-fluid-2xl u-pt-fluid-2xl-4xl u-pb-fluid-2xl-4xl is-center is-center@md\">\n\t\t\t\t\t<div class=\"ams-usp__intro l-stack l-stack-lg\">\n\t\t\t\t\t\n\t<h2\n\tclass=\"c-heading u-font-title-1 \"\n\tstyle=\"\">\n\t\t\n\t\t\t\t\tF\u00f6rdelarna med Noblaskolan\n\t\t\t\t\n\t<\/h2>\n\n\t\t\t\t\t\t\t<\/div>\n\t\t\n\t\t\t<ul class=\"ams-usp__list l-grid u-justify-center u-gap-fluid-2xl-4xl\">\n\t\t\t\t\t<li class=\"l-col-6@md l-col-4@lg\">\n\t\t\t\t<article\n\t\t\t\t\tclass=\"\n\t\t\t\t\tc-card\n\t\t\t\t\thas-media-zoom\n\t\t\t\t\t\n\t\t\t\t\t\n\t\t\t\t\t\"\n\t\t\t\t\tdata-variant=\"neutral\"\n\t\t\t\t\tdata-style=\"square\"\n\t\t\t\t\t\n\t\t\t\t\t>\n\t\t\t\t\t\t\t\t\t\t\t<div class=\"c-card__content l-stack l-stack-sm u-text-center\">\n\t\t\t\t\t\t\t\t\t\t\t\t\t\t\t<h3 class=\"c-card__title u-font-title-3\">\n\t\t\t\t\t\t\t\t\t\t\t\t\t\t\t\t\t\t\t\t\t\t\t\t\t\t\t\t\t\tEn skola med h\u00f6ga ambitioner\n\t\t\t\t\t\t\t\t\t\t\t\t\t\t\t\t\t\t\t\t\t\t\t\t\t\t\t<\/h3>\n\t\t\t\t\t\t\t\n\t\t\t\t\t\t\t\t\t\t\t\t\t\t\t<div class=\"c-card__text l-stack-xs u-font-body\">\n\t\t\t\t\t\t\t\t\t<p>I v\u00e5ra elever finns allt som kr\u00e4vs f\u00f6r att lyckas. V\u00e5r uppgift \u00e4r att locka fram det. N\u00e4r vi utmanar, st\u00f6ttar och st\u00e4ller krav ser vi tydliga resultat och h\u00f6ga meritv\u00e4rden.<\/p>\n\n\t\t\t\t\t\t\t\t<\/div>\n\t\t\t\t\t\t\t\t\t\t\t\t\t<\/div>\n\t\t\t\t\t\n\t\t\t\t\t<div class=\"c-card__media\">\n\t\t\t\t\t\t\t\t\t\t\t\t\t<img decoding=\"async\" width=\"400\" height=\"267\" src=\"https:\/\/noblaskolan.se\/wp-content\/uploads\/2024\/05\/noblaskolan-skola-goteborg-1-202204-400x267.jpg\" class=\"u-radius-square u-ratio-landscape  ams_icon_size_default\" alt=\"Tv\u00e5 elever p\u00e5 Noblaskolan presenterar ett matematiskt problem p\u00e5 tavlan i ett klassrum.\" srcset=\"https:\/\/noblaskolan.se\/wp-content\/uploads\/2024\/05\/noblaskolan-skola-goteborg-1-202204-400x267.jpg 400w, https:\/\/noblaskolan.se\/wp-content\/uploads\/2024\/05\/noblaskolan-skola-goteborg-1-202204-300x200.jpg 300w, https:\/\/noblaskolan.se\/wp-content\/uploads\/2024\/05\/noblaskolan-skola-goteborg-1-202204-600x400.jpg 600w, https:\/\/noblaskolan.se\/wp-content\/uploads\/2024\/05\/noblaskolan-skola-goteborg-1-202204-800x533.jpg 800w, https:\/\/noblaskolan.se\/wp-content\/uploads\/2024\/05\/noblaskolan-skola-goteborg-1-202204-1024x683.jpg 1024w, https:\/\/noblaskolan.se\/wp-content\/uploads\/2024\/05\/noblaskolan-skola-goteborg-1-202204-1200x800.jpg 1200w, https:\/\/noblaskolan.se\/wp-content\/uploads\/2024\/05\/noblaskolan-skola-goteborg-1-202204.jpg 1920w\" sizes=\"(max-width: 400px) 100vw, 400px\" \/>\n\t\t\t\t\t\t\t\t\t\t\t<\/div>\n\t\t\t\t<\/article>\n\t\t\t<\/li>\n\n\t\t\t\t\t<li class=\"l-col-6@md l-col-4@lg\">\n\t\t\t\t<article\n\t\t\t\t\tclass=\"\n\t\t\t\t\tc-card\n\t\t\t\t\thas-media-zoom\n\t\t\t\t\t\n\t\t\t\t\t\n\t\t\t\t\t\"\n\t\t\t\t\tdata-variant=\"neutral\"\n\t\t\t\t\tdata-style=\"square\"\n\t\t\t\t\t\n\t\t\t\t\t>\n\t\t\t\t\t\t\t\t\t\t\t<div class=\"c-card__content l-stack l-stack-sm u-text-center\">\n\t\t\t\t\t\t\t\t\t\t\t\t\t\t\t<h3 class=\"c-card__title u-font-title-3\">\n\t\t\t\t\t\t\t\t\t\t\t\t\t\t\t\t\t\t\t\t\t\t\t\t\t\t\t\t\t\tVi f\u00f6ljer Noblakoden\n\t\t\t\t\t\t\t\t\t\t\t\t\t\t\t\t\t\t\t\t\t\t\t\t\t\t\t<\/h3>\n\t\t\t\t\t\t\t\n\t\t\t\t\t\t\t\t\t\t\t\t\t\t\t<div class=\"c-card__text l-stack-xs u-font-body\">\n\t\t\t\t\t\t\t\t\t<p>Vi vet att struktur \u00e4r mer \u00e4n ordningsregler. D\u00e4rf\u00f6r har vi skapat Noblakoden \u2013 ett gemensamt f\u00f6rh\u00e5llningss\u00e4tt kring lektionsstruktur, ordning, mentorsrollen och andra saker som \u00e4r viktiga f\u00f6r en bra skolmilj\u00f6.<\/p>\n\n\t\t\t\t\t\t\t\t<\/div>\n\t\t\t\t\t\t\t\t\t\t\t\t\t<\/div>\n\t\t\t\t\t\n\t\t\t\t\t<div class=\"c-card__media\">\n\t\t\t\t\t\t\t\t\t\t\t\t\t<img decoding=\"async\" width=\"400\" height=\"225\" src=\"https:\/\/noblaskolan.se\/wp-content\/uploads\/2024\/05\/noblaskolan-skola-noblakoden-goteborg-400x225.jpeg\" class=\"u-radius-square u-ratio-landscape  ams_icon_size_default\" alt=\"Noblakoden ligger p\u00e5 ett bord.\" srcset=\"https:\/\/noblaskolan.se\/wp-content\/uploads\/2024\/05\/noblaskolan-skola-noblakoden-goteborg-400x225.jpeg 400w, https:\/\/noblaskolan.se\/wp-content\/uploads\/2024\/05\/noblaskolan-skola-noblakoden-goteborg-300x169.jpeg 300w, https:\/\/noblaskolan.se\/wp-content\/uploads\/2024\/05\/noblaskolan-skola-noblakoden-goteborg-600x337.jpeg 600w, https:\/\/noblaskolan.se\/wp-content\/uploads\/2024\/05\/noblaskolan-skola-noblakoden-goteborg-800x449.jpeg 800w, https:\/\/noblaskolan.se\/wp-content\/uploads\/2024\/05\/noblaskolan-skola-noblakoden-goteborg-1024x575.jpeg 1024w, https:\/\/noblaskolan.se\/wp-content\/uploads\/2024\/05\/noblaskolan-skola-noblakoden-goteborg-1200x674.jpeg 1200w, https:\/\/noblaskolan.se\/wp-content\/uploads\/2024\/05\/noblaskolan-skola-noblakoden-goteborg.jpeg 1280w\" sizes=\"(max-width: 400px) 100vw, 400px\" \/>\n\t\t\t\t\t\t\t\t\t\t\t<\/div>\n\t\t\t\t<\/article>\n\t\t\t<\/li>\n\n\t\t\t\t\t<li class=\"l-col-6@md l-col-4@lg\">\n\t\t\t\t<article\n\t\t\t\t\tclass=\"\n\t\t\t\t\tc-card\n\t\t\t\t\thas-media-zoom\n\t\t\t\t\t\n\t\t\t\t\t\n\t\t\t\t\t\"\n\t\t\t\t\tdata-variant=\"neutral\"\n\t\t\t\t\tdata-style=\"square\"\n\t\t\t\t\t\n\t\t\t\t\t>\n\t\t\t\t\t\t\t\t\t\t\t<div class=\"c-card__content l-stack l-stack-sm u-text-center\">\n\t\t\t\t\t\t\t\t\t\t\t\t\t\t\t<h3 class=\"c-card__title u-font-title-3\">\n\t\t\t\t\t\t\t\t\t\t\t\t\t\t\t\t\t\t\t\t\t\t\t\t\t\t\t\t\t\tTydligt ledarskap\n\t\t\t\t\t\t\t\t\t\t\t\t\t\t\t\t\t\t\t\t\t\t\t\t\t\t\t<\/h3>\n\t\t\t\t\t\t\t\n\t\t\t\t\t\t\t\t\t\t\t\t\t\t\t<div class=\"c-card__text l-stack-xs u-font-body\">\n\t\t\t\t\t\t\t\t\t<p>En av nycklarna till framg\u00e5ngsrik utbildning \u00e4r ett medvetet och tydligt ledarskap. Vi \u00e4r omsorgsfulla i ledarskapet p\u00e5 alla niv\u00e5er; fr\u00e5n l\u00e4rarens ledarskap i klassrummet till rektors ledarskap f\u00f6r hela skolan.<\/p>\n\n\t\t\t\t\t\t\t\t<\/div>\n\t\t\t\t\t\t\t\t\t\t\t\t\t<\/div>\n\t\t\t\t\t\n\t\t\t\t\t<div class=\"c-card__media\">\n\t\t\t\t\t\t\t\t\t\t\t\t\t<img decoding=\"async\" width=\"400\" height=\"267\" src=\"https:\/\/noblaskolan.se\/wp-content\/uploads\/2024\/05\/noblaskolan-skola-goteborg-2-202204-400x267.jpg\" class=\"u-radius-square u-ratio-landscape  ams_icon_size_default\" alt=\"Tre elever p\u00e5 Noblaskolan sitter i klassrummet ihop med en l\u00e4rare.\" srcset=\"https:\/\/noblaskolan.se\/wp-content\/uploads\/2024\/05\/noblaskolan-skola-goteborg-2-202204-400x267.jpg 400w, https:\/\/noblaskolan.se\/wp-content\/uploads\/2024\/05\/noblaskolan-skola-goteborg-2-202204-300x200.jpg 300w, https:\/\/noblaskolan.se\/wp-content\/uploads\/2024\/05\/noblaskolan-skola-goteborg-2-202204-600x400.jpg 600w, https:\/\/noblaskolan.se\/wp-content\/uploads\/2024\/05\/noblaskolan-skola-goteborg-2-202204-800x533.jpg 800w, https:\/\/noblaskolan.se\/wp-content\/uploads\/2024\/05\/noblaskolan-skola-goteborg-2-202204-1024x683.jpg 1024w, https:\/\/noblaskolan.se\/wp-content\/uploads\/2024\/05\/noblaskolan-skola-goteborg-2-202204-1200x800.jpg 1200w, https:\/\/noblaskolan.se\/wp-content\/uploads\/2024\/05\/noblaskolan-skola-goteborg-2-202204.jpg 1920w\" sizes=\"(max-width: 400px) 100vw, 400px\" \/>\n\t\t\t\t\t\t\t\t\t\t\t<\/div>\n\t\t\t\t<\/article>\n\t\t\t<\/li>\n\n\t\t\t<\/ul>\n\n\t\t\t<\/div>\n\n\t\t\n\n<\/section>\n\n\n\n\t\n\t\n\t\n\n\t\n\t\n\t\t\n<section  class=\"c-block l-stacked  \" data-color-scheme=\"transparent\">\n\t<div class=\"ams-fifty ams-fifty--container ams-fifty--left ams-fifty--bottom l-container u-pt-fluid-2xl-4xl u-pb-fluid-2xl-4xl\">\n\t\t<div class=\"ams-fifty__content l-stack l-stack-xl is-left is-left@lg\">\n\t\t\t<div class=\"ams-fifty__text l-stack l-stack-lg\">\n\t\t\t\t\t\n\t<h2\n\tclass=\"c-heading u-font-title-2 \"\n\tstyle=\"\">\n\t\t\n\t\t\t\t\tVi utmanar och st\u00f6ttar v\u00e5ra elever\n\t\t\t\t\n\t<\/h2>\n\n\t\t\t\t\t\t\t\t\t<div class=\"text l-stack u-font-body\">\n\t\t\t\t\t\t<p>P\u00e5 Noblaskolan Lindholmen jobbar vi med att utmana, st\u00f6tta och st\u00e4lla krav f\u00f6r att bygga akademiskt sj\u00e4lvf\u00f6rtroende. Vi vet att v\u00e5ra elever har allt inom sig som kr\u00e4vs f\u00f6r att lyckas och att det \u00e4r v\u00e5r uppgift att locka fram det.<\/p>\n<h3>Fr\u00e5gor om verksamheten<\/h3>\n<p>Om du undrar \u00f6ver n\u00e5got, titta under <a href=\"https:\/\/noblaskolan.se\/lindholmen\/om\/vanliga-fragor\/\">vanliga fr\u00e5gor<\/a>. Sj\u00e4lvklart g\u00e5r det \u00e4ven bra att kontakta oss.<\/p>\n<h3>S\u00f6k till v\u00e5r skola<\/h3>\n<p><a href=\"https:\/\/noblaskolan.se\/lindholmen\/koanmalan\/\">H\u00e4r<\/a> hittar du information om hur du st\u00e4ller ditt barn i k\u00f6 hos oss, samt hur antagningsprocessen p\u00e5 Noblaskolan Lindholmen g\u00e5r till.<\/p>\n\n\t\t\t\t\t<\/div>\n\t\t\t\t\t\t\t<\/div>\n\n\t\t\t\t\t<\/div>\n\n\t\t <div class=\"ams-fifty__media u-ratio-square\">\n\t\t \t\t\t\t\t<img decoding=\"async\" width=\"600\" height=\"400\" src=\"https:\/\/noblaskolan.se\/wp-content\/uploads\/sites\/35\/2024\/06\/noblaskolan-grundskola-goteborg-lindholmen-202304-1-600x400.jpg\" class=\"attachment-md size-md\" alt=\"Tv\u00e5 glada elever p\u00e5 Noblaskolan sitter vid bord i ett klassrum, i bakgrunden sitter fler elever i klassen.\" sizes=\"(min-width: 64em) 600px, calc(100vw - 160px)\" srcset=\"https:\/\/noblaskolan.se\/wp-content\/uploads\/sites\/35\/2024\/06\/noblaskolan-grundskola-goteborg-lindholmen-202304-1-600x400.jpg 600w, https:\/\/noblaskolan.se\/wp-content\/uploads\/sites\/35\/2024\/06\/noblaskolan-grundskola-goteborg-lindholmen-202304-1-300x200.jpg 300w, https:\/\/noblaskolan.se\/wp-content\/uploads\/sites\/35\/2024\/06\/noblaskolan-grundskola-goteborg-lindholmen-202304-1-400x267.jpg 400w, https:\/\/noblaskolan.se\/wp-content\/uploads\/sites\/35\/2024\/06\/noblaskolan-grundskola-goteborg-lindholmen-202304-1-800x533.jpg 800w, https:\/\/noblaskolan.se\/wp-content\/uploads\/sites\/35\/2024\/06\/noblaskolan-grundskola-goteborg-lindholmen-202304-1-1024x683.jpg 1024w, https:\/\/noblaskolan.se\/wp-content\/uploads\/sites\/35\/2024\/06\/noblaskolan-grundskola-goteborg-lindholmen-202304-1-1200x800.jpg 1200w\" \/>\n\t\t\t\n\t\t\t\n\t\t\t\t\t<\/div>\n\t<\/div>\n\n\t\t\n\n<\/section>\n\n\n\n<section \n\t\t class=\"\n\t\t ams-contact\n\t\t \n\t\t c-block l-stacked\n\t\t \n\t\t \n\t\t js-load-more\n\t\t \"\n\t\t data-color-scheme=\"nyans1_av_p2-card-transparent\"\n\t\t\t\t\tdata-count=\"3\"\n\t\t\t\t\t\t\tdata-count-mobile=\"2\"\n\t\t\t\t>\n\t<div\n\t\t class=\"\n\t\t l-container\n\t\t l-stack l-stack-fluid-2xl\n\t\t u-pt-fluid-2xl-4xl\n\t\t u-pb-fluid-3xl-6xl\n\t\t is-center\n\t\t is-center@md\n\t\t \">\n\t\t\t\t\t<div class=\"ams-contact__intro l-stack l-stack-lg\">\n\t\t\t\t\t\n\t<h2\n\tclass=\"c-heading u-font-title-1 \"\n\tstyle=\"\">\n\t\t\n\t\t\t\t\tKvalitets\u00adrapport\n\t\t\t\t\n\t<\/h2>\n\n\t\t\t\t\t\t\t\t\t<div class=\"c-text l-stack u-cs-xl u-font-body\">\n\t\t\t\t\t\t<div class=\"c-text l-stack u-cs-xl u-font-body\">\n<p>Vill du ta del av v\u00e5r kvalitetsrapport? Kontakta skolans administrat\u00f6r eller rektor.<\/p>\n<\/div>\n\n\t\t\t\t\t<\/div>\n\t\t\t\t\t\t\t<\/div>\n\t\t\n\t\t\n\t\t    \t\n\t\t\n\t\t<ul\n\t\t\tid=\"contact-grid-69eed092982a8\"\n\t\t\tclass=\"ams-contact__list l-grid u-gap-fluid-2xl-4xl u-justify-center js-results \"\n\t\t\taria-label=\"Kontakter\"\n\t\t\tdata-filter-animation=\"off\"\n\t\t\t>\n\t\t\t\t\t\t\t\t\t\t\t\n\t\t\t\t\n\t\t\t\t<li class=\"l-col-6@md l-col-4@lg \" data-filter=\"g a\">\n\t\t\t\t\t<article class=\"c-card \" data-variant=\"neutral\">\n\t\t\t\t\t\t<div class=\"c-card__content u-text-center\">\n\t\t\t\t\t\t\t\t\t\t\t\t\t\t\t<h3 class=\"c-card__title u-font-title-3\">\n\t\t\t\t\t\t\t\t\tMalin Forsberg\n\t\t\t\t\t\t\t\t<\/h3>\n\t\t\t\t\t\t\t\n\t\t\t\t\t\t\t\t\t\t\t\t\t\t\t<p class=\"position u-font-body\">Rektor<\/p>\n\t\t\t\t\t\t\t\n\t\t\t\t\t\t\t\t\t\t\t\t\t\t\t<div class=\"contact-info u-font-body\">\n\t\t\t\t\t\t\t\t\t\t\t\t\t\t\t\t\t\t\t\t\t\t\t\t\t\t\t\t\t\t<p class=\"phone\"><a\n\t\t\t\t\t\t\t\t\t\t\t\t\thref=\"tel:0725531700\"\n\t\t\t\t\t\t\t\t\t\t\t\t\tclass=\"u-text-link\">072-553 17 00<\/a>\n\t\t\t\t\t\t\t\t\t\t\t<\/p>\n\t\t\t\t\t\t\t\t\t\t\t\t\t\t\t\t\t\t\t\n\t\t\t\t\t\t\t\t\t\t\t\t\t\t\t\t\t\t\t\t\t\t\t\t\t\t\t\t\t\t<p class=\"email\"><a\n\t\t\t\t\t\t\t\t\t\t\t\t\thref=\"&#109;&#097;&#105;lt&#111;:&#109;&#097;lin.for&#115;&#098;&#101;&#114;&#103;&#064;&#110;&#111;&#098;&#108;asko&#108;&#097;n&#046;s&#101;\"\n\t\t\t\t\t\t\t\t\t\t\t\t\tclass=\"u-text-link\">&#109;&#097;&#108;&#105;n&#046;&#102;&#111;&#114;s&#098;&#101;&#114;g&#064;nobl&#097;s&#107;&#111;&#108;an&#046;se<\/a>\n\t\t\t\t\t\t\t\t\t\t\t<\/p>\n\t\t\t\t\t\t\t\t\t\t\t\t\t\t\t\t\t\t\t\t\t\t\t\t\t\t\t<\/div>\n\t\t\t\t\t\t\t\n\t\t\t\t\t\t\t\t\t\t\t\t\t<\/div>\n\t\t\t\t\t\t<div class=\"c-card__media\">\n\t\t\t\t\t\t\t\t\t\t\t\t\t\t\t\t\t\t\t\t\t\t\t\t\t\t\t\t\t\t\t\t\t\t\t\t\t\t\t\t\t\t\t\t\t\t\t\t\t<img decoding=\"async\" width=\"400\" height=\"259\" src=\"https:\/\/noblaskolan.se\/wp-content\/uploads\/sites\/35\/2024\/06\/malin-e1759390195626-400x259.jpg\" class=\"u-radius-square u-ratio-landscape  \" alt=\"Rektor Malin har p\u00e5 sig en svart blus och glas\u00f6gon.\" sizes=\"(max-width: 300px) 100vw, 300px\" srcset=\"https:\/\/noblaskolan.se\/wp-content\/uploads\/sites\/35\/2024\/06\/malin-e1759390195626-400x259.jpg 400w, https:\/\/noblaskolan.se\/wp-content\/uploads\/sites\/35\/2024\/06\/malin-e1759390195626-300x194.jpg 300w, https:\/\/noblaskolan.se\/wp-content\/uploads\/sites\/35\/2024\/06\/malin-e1759390195626-600x388.jpg 600w, https:\/\/noblaskolan.se\/wp-content\/uploads\/sites\/35\/2024\/06\/malin-e1759390195626-800x517.jpg 800w, https:\/\/noblaskolan.se\/wp-content\/uploads\/sites\/35\/2024\/06\/malin-e1759390195626-1024x662.jpg 1024w, https:\/\/noblaskolan.se\/wp-content\/uploads\/sites\/35\/2024\/06\/malin-e1759390195626-1200x776.jpg 1200w, https:\/\/noblaskolan.se\/wp-content\/uploads\/sites\/35\/2024\/06\/malin-e1759390195626.jpg 2048w\" \/>\n\t\t\t\t\t\t<\/div>\n\t\t\t\t\t<\/article>\n\t\t\t\t<\/li>\n\t\t\t\t\t\t\t\t\t\t\t\n\t\t\t\t\n\t\t\t\t<li class=\"l-col-6@md l-col-4@lg \" data-filter=\"b\">\n\t\t\t\t\t<article class=\"c-card \" data-variant=\"neutral\">\n\t\t\t\t\t\t<div class=\"c-card__content u-text-center\">\n\t\t\t\t\t\t\t\t\t\t\t\t\t\t\t<h3 class=\"c-card__title u-font-title-3\">\n\t\t\t\t\t\t\t\t\tUlrika Lindgren\n\t\t\t\t\t\t\t\t<\/h3>\n\t\t\t\t\t\t\t\n\t\t\t\t\t\t\t\t\t\t\t\t\t\t\t<p class=\"position u-font-body\">Administrat\u00f6r (telefontid: m\u00e5n-tor 7:30-12:30)<\/p>\n\t\t\t\t\t\t\t\n\t\t\t\t\t\t\t\t\t\t\t\t\t\t\t<div class=\"contact-info u-font-body\">\n\t\t\t\t\t\t\t\t\t\t\t\t\t\t\t\t\t\t\t\t\t\t\t\t\t\t\t\t\t\t<p class=\"phone\"><a\n\t\t\t\t\t\t\t\t\t\t\t\t\thref=\"tel:0317254204\"\n\t\t\t\t\t\t\t\t\t\t\t\t\tclass=\"u-text-link\">031-725 42 04<\/a>\n\t\t\t\t\t\t\t\t\t\t\t<\/p>\n\t\t\t\t\t\t\t\t\t\t\t\t\t\t\t\t\t\t\t\n\t\t\t\t\t\t\t\t\t\t\t\t\t\t\t\t\t\t\t\t\t\t\t\t\t\t\t\t\t\t<p class=\"email\"><a\n\t\t\t\t\t\t\t\t\t\t\t\t\thref=\"ma&#105;l&#116;o&#058;&#117;l&#114;&#105;k&#097;.lindgre&#110;&#064;&#110;&#111;bl&#097;&#115;&#107;ol&#097;&#110;&#046;se\"\n\t\t\t\t\t\t\t\t\t\t\t\t\tclass=\"u-text-link\">&#117;&#108;&#114;ika&#046;lin&#100;gr&#101;&#110;&#064;&#110;&#111;b&#108;&#097;&#115;kol&#097;&#110;.&#115;e<\/a>\n\t\t\t\t\t\t\t\t\t\t\t<\/p>\n\t\t\t\t\t\t\t\t\t\t\t\t\t\t\t\t\t\t\t\t\t\t\t\t\t\t\t<\/div>\n\t\t\t\t\t\t\t\n\t\t\t\t\t\t\t\t\t\t\t\t\t<\/div>\n\t\t\t\t\t\t<div class=\"c-card__media\">\n\t\t\t\t\t\t\t\t\t\t\t\t\t\t\t\t\t\t\t\t\t\t\t\t\t\t\t\t\t\t\t\t\t\t\t\t\t\t\t\t\t\t\t\t\t\t\t\t\t<img decoding=\"async\" width=\"400\" height=\"352\" src=\"https:\/\/noblaskolan.se\/wp-content\/uploads\/sites\/35\/2024\/08\/img5745-scaled-e1731055097263-400x352.jpg\" class=\"u-radius-square u-ratio-landscape  \" alt=\"\" sizes=\"(max-width: 300px) 100vw, 300px\" srcset=\"https:\/\/noblaskolan.se\/wp-content\/uploads\/sites\/35\/2024\/08\/img5745-scaled-e1731055097263-400x352.jpg 400w, https:\/\/noblaskolan.se\/wp-content\/uploads\/sites\/35\/2024\/08\/img5745-scaled-e1731055097263-300x264.jpg 300w, https:\/\/noblaskolan.se\/wp-content\/uploads\/sites\/35\/2024\/08\/img5745-scaled-e1731055097263-600x528.jpg 600w, https:\/\/noblaskolan.se\/wp-content\/uploads\/sites\/35\/2024\/08\/img5745-scaled-e1731055097263-800x704.jpg 800w, https:\/\/noblaskolan.se\/wp-content\/uploads\/sites\/35\/2024\/08\/img5745-scaled-e1731055097263-1024x900.jpg 1024w, https:\/\/noblaskolan.se\/wp-content\/uploads\/sites\/35\/2024\/08\/img5745-scaled-e1731055097263-1200x1055.jpg 1200w\" \/>\n\t\t\t\t\t\t<\/div>\n\t\t\t\t\t<\/article>\n\t\t\t\t<\/li>\n\t\t\t\t\t<\/ul>\n\n\t\t\n\t\t    <div class=\"ams-contact__more u-inline-items js-load-more-btn\">\n        <button href=\"#\"\n                class=\"c-btn\"\n                data-style=\"round\"\n                data-size=\"md\"\n                data-width=\"full-mobile\"\n                data-variant=\"outline\">\n        \tVisa mer\n        <\/button>\n    <\/div>\n\n\t\t\t<\/div>\n\n\t\t\n\n<\/section>\n\n\n\n\n<section  class=\"ams-cta ams-cta--stacked c-block l-stacked ams-border\" data-color-scheme=\"ljusgron\">\n\t<div class=\"l-container-narrow l-stack l-stack-fluid-2xl u-pt-fluid-2xl-4xl u-pb-fluid-2xl-4xl is-center is-center@md\">\n\t\t\t\t\t<div class=\"ams-cta__intro l-stack l-stack-lg\">\n\t\t\t\t\t\n\t<h2\n\tclass=\"c-heading u-font-title-1 \"\n\tstyle=\"\">\n\t\t\n\t\t\t\t\tVill du veta mer om Noblaskolan Lindholmen?\n\t\t\t\t\n\t<\/h2>\n\n\t\t\t\t\t\t\t\t\t<div class=\"c-text l-stack u-cs-xl u-font-body\">\n\t\t\t\t\t\t<p>Du \u00e4r varmt v\u00e4lkommen att bes\u00f6ka oss f\u00f6r att f\u00e5 en k\u00e4nsla f\u00f6r skolan och v\u00e5rt arbetss\u00e4tt.<\/p>\n\n\t\t\t\t\t<\/div>\n\t\t\t\t\t\t\t<\/div>\n\t\t\n\t\t\n\t\t\t<div class=\"ams-cta__action u-inline-items\">\n\t\t\t\t\t\t\t\n\n\n<a href=\"https:\/\/noblaskolan.se\/lindholmen\/besok\/\"\n\t\n\tclass=\"c-btn \"\n\tdata-style=\"round\"\n\tdata-size=\"md\"\n\tdata-width=\"full-mobile\"\n\tdata-variant=\"default\"\n\ttarget=\"_self\">\n\t\t\t<span class=\"label\"> Bes\u00f6k oss<\/span>\n\t\t\t<\/a>\n\t\t\t<\/div>\n\t<\/div>\n\n\t\t\n\n<\/section>\n\n\n<div   id=\"page-relative-menu\" class=\"site__font-monospace   container_width--full_width_conIcon   d-lg-none  \">\n\n\t\t\t\n<\/div>\n","protected":false},"excerpt":{"rendered":"","protected":false},"author":1,"featured_media":0,"parent":0,"menu_order":0,"comment_status":"closed","ping_status":"closed","template":"","meta":{"footnotes":""},"yoast_head":"<!-- This site is optimized with the Yoast SEO plugin v22.0 - https:\/\/yoast.com\/wordpress\/plugins\/seo\/ -->\n<title>Om skolan | Noblaskolan Lindholmen | Grundskola i G\u00f6teborg<\/title>\n<meta name=\"description\" content=\"Noblaskolan Lindholmen \u00e4r skolan som st\u00e4ller krav, st\u00f6ttar och utmanar v\u00e5ra elever varje dag f\u00f6r att de ska n\u00e5 sin fulla potential.\" \/>\n<meta name=\"robots\" content=\"index, follow, max-snippet:-1, max-image-preview:large, max-video-preview:-1\" \/>\n<link rel=\"canonical\" href=\"https:\/\/noblaskolan.se\/lindholmen\/om\/\" \/>\n<meta property=\"og:locale\" content=\"sv_SE\" \/>\n<meta property=\"og:type\" content=\"article\" \/>\n<meta property=\"og:title\" content=\"Om skolan | Noblaskolan Lindholmen | Grundskola i G\u00f6teborg\" \/>\n<meta property=\"og:description\" content=\"Noblaskolan Lindholmen \u00e4r skolan som st\u00e4ller krav, st\u00f6ttar och utmanar v\u00e5ra elever varje dag f\u00f6r att de ska n\u00e5 sin fulla potential.\" \/>\n<meta property=\"og:url\" content=\"https:\/\/noblaskolan.se\/lindholmen\/om\/\" \/>\n<meta property=\"og:site_name\" content=\"Lindholmen\" \/>\n<meta property=\"article:modified_time\" content=\"2026-03-18T12:35:10+00:00\" \/>\n<meta name=\"twitter:card\" content=\"summary_large_image\" \/>\n<meta name=\"twitter:title\" content=\"Om skolan | Noblaskolan Lindholmen | Grundskola i G\u00f6teborg\" \/>\n<meta name=\"twitter:description\" content=\"Noblaskolan Lindholmen \u00e4r skolan som st\u00e4ller krav, st\u00f6ttar och utmanar v\u00e5ra elever varje dag f\u00f6r att de ska n\u00e5 sin fulla potential.\" \/>\n<meta name=\"twitter:label1\" content=\"Ber\u00e4knad l\u00e4stid\" \/>\n\t<meta name=\"twitter:data1\" content=\"3 minuter\" \/>\n<script type=\"application\/ld+json\" class=\"yoast-schema-graph\">{\"@context\":\"https:\/\/schema.org\",\"@graph\":[{\"@type\":\"WebPage\",\"@id\":\"https:\/\/noblaskolan.se\/lindholmen\/om\/\",\"url\":\"https:\/\/noblaskolan.se\/lindholmen\/om\/\",\"name\":\"Om skolan | Noblaskolan Lindholmen | Grundskola i G\u00f6teborg\",\"isPartOf\":{\"@id\":\"https:\/\/noblaskolan.se\/lindholmen\/#website\"},\"datePublished\":\"2020-09-01T20:06:33+00:00\",\"dateModified\":\"2026-03-18T12:35:10+00:00\",\"description\":\"Noblaskolan Lindholmen \u00e4r skolan som st\u00e4ller krav, st\u00f6ttar och utmanar v\u00e5ra elever varje dag f\u00f6r att de ska n\u00e5 sin fulla potential.\",\"breadcrumb\":{\"@id\":\"https:\/\/noblaskolan.se\/lindholmen\/om\/#breadcrumb\"},\"inLanguage\":\"sv-SE\",\"potentialAction\":[{\"@type\":\"ReadAction\",\"target\":[\"https:\/\/noblaskolan.se\/lindholmen\/om\/\"]}]},{\"@type\":\"BreadcrumbList\",\"@id\":\"https:\/\/noblaskolan.se\/lindholmen\/om\/#breadcrumb\",\"itemListElement\":[{\"@type\":\"ListItem\",\"position\":1,\"name\":\"Start\",\"item\":\"https:\/\/noblaskolan.se\/lindholmen\/\"},{\"@type\":\"ListItem\",\"position\":2,\"name\":\"Om skolan\"}]},{\"@type\":\"WebSite\",\"@id\":\"https:\/\/noblaskolan.se\/lindholmen\/#website\",\"url\":\"https:\/\/noblaskolan.se\/lindholmen\/\",\"name\":\"Lindholmen\",\"description\":\"Noblaskolan Boden\",\"potentialAction\":[{\"@type\":\"SearchAction\",\"target\":{\"@type\":\"EntryPoint\",\"urlTemplate\":\"https:\/\/noblaskolan.se\/lindholmen\/?s={search_term_string}\"},\"query-input\":\"required name=search_term_string\"}],\"inLanguage\":\"sv-SE\"}]}<\/script>\n<!-- \/ Yoast SEO plugin. -->","yoast_head_json":{"title":"Om skolan | Noblaskolan Lindholmen | Grundskola i G\u00f6teborg","description":"Noblaskolan Lindholmen \u00e4r skolan som st\u00e4ller krav, st\u00f6ttar och utmanar v\u00e5ra elever varje dag f\u00f6r att de ska n\u00e5 sin fulla potential.","robots":{"index":"index","follow":"follow","max-snippet":"max-snippet:-1","max-image-preview":"max-image-preview:large","max-video-preview":"max-video-preview:-1"},"canonical":"https:\/\/noblaskolan.se\/lindholmen\/om\/","og_locale":"sv_SE","og_type":"article","og_title":"Om skolan | Noblaskolan Lindholmen | Grundskola i G\u00f6teborg","og_description":"Noblaskolan Lindholmen \u00e4r skolan som st\u00e4ller krav, st\u00f6ttar och utmanar v\u00e5ra elever varje dag f\u00f6r att de ska n\u00e5 sin fulla potential.","og_url":"https:\/\/noblaskolan.se\/lindholmen\/om\/","og_site_name":"Lindholmen","article_modified_time":"2026-03-18T12:35:10+00:00","twitter_card":"summary_large_image","twitter_title":"Om skolan | Noblaskolan Lindholmen | Grundskola i G\u00f6teborg","twitter_description":"Noblaskolan Lindholmen \u00e4r skolan som st\u00e4ller krav, st\u00f6ttar och utmanar v\u00e5ra elever varje dag f\u00f6r att de ska n\u00e5 sin fulla potential.","twitter_misc":{"Ber\u00e4knad l\u00e4stid":"3 minuter"},"schema":{"@context":"https:\/\/schema.org","@graph":[{"@type":"WebPage","@id":"https:\/\/noblaskolan.se\/lindholmen\/om\/","url":"https:\/\/noblaskolan.se\/lindholmen\/om\/","name":"Om skolan | Noblaskolan Lindholmen | Grundskola i G\u00f6teborg","isPartOf":{"@id":"https:\/\/noblaskolan.se\/lindholmen\/#website"},"datePublished":"2020-09-01T20:06:33+00:00","dateModified":"2026-03-18T12:35:10+00:00","description":"Noblaskolan Lindholmen \u00e4r skolan som st\u00e4ller krav, st\u00f6ttar och utmanar v\u00e5ra elever varje dag f\u00f6r att de ska n\u00e5 sin fulla potential.","breadcrumb":{"@id":"https:\/\/noblaskolan.se\/lindholmen\/om\/#breadcrumb"},"inLanguage":"sv-SE","potentialAction":[{"@type":"ReadAction","target":["https:\/\/noblaskolan.se\/lindholmen\/om\/"]}]},{"@type":"BreadcrumbList","@id":"https:\/\/noblaskolan.se\/lindholmen\/om\/#breadcrumb","itemListElement":[{"@type":"ListItem","position":1,"name":"Start","item":"https:\/\/noblaskolan.se\/lindholmen\/"},{"@type":"ListItem","position":2,"name":"Om skolan"}]},{"@type":"WebSite","@id":"https:\/\/noblaskolan.se\/lindholmen\/#website","url":"https:\/\/noblaskolan.se\/lindholmen\/","name":"Lindholmen","description":"Noblaskolan Boden","potentialAction":[{"@type":"SearchAction","target":{"@type":"EntryPoint","urlTemplate":"https:\/\/noblaskolan.se\/lindholmen\/?s={search_term_string}"},"query-input":"required name=search_term_string"}],"inLanguage":"sv-SE"}]}},"_links":{"self":[{"href":"https:\/\/noblaskolan.se\/lindholmen\/wp-json\/wp\/v2\/pages\/20"}],"collection":[{"href":"https:\/\/noblaskolan.se\/lindholmen\/wp-json\/wp\/v2\/pages"}],"about":[{"href":"https:\/\/noblaskolan.se\/lindholmen\/wp-json\/wp\/v2\/types\/page"}],"author":[{"embeddable":true,"href":"https:\/\/noblaskolan.se\/lindholmen\/wp-json\/wp\/v2\/users\/1"}],"replies":[{"embeddable":true,"href":"https:\/\/noblaskolan.se\/lindholmen\/wp-json\/wp\/v2\/comments?post=20"}],"version-history":[{"count":9,"href":"https:\/\/noblaskolan.se\/lindholmen\/wp-json\/wp\/v2\/pages\/20\/revisions"}],"predecessor-version":[{"id":3471,"href":"https:\/\/noblaskolan.se\/lindholmen\/wp-json\/wp\/v2\/pages\/20\/revisions\/3471"}],"wp:attachment":[{"href":"https:\/\/noblaskolan.se\/lindholmen\/wp-json\/wp\/v2\/media?parent=20"}],"curies":[{"name":"wp","href":"https:\/\/api.w.org\/{rel}","templated":true}]}}