{"id":5,"date":"2020-09-01T22:03:42","date_gmt":"2020-09-01T20:03:42","guid":{"rendered":"https:\/\/noblaskolan.se\/kviberg\/?page_id=5"},"modified":"2026-03-13T14:44:18","modified_gmt":"2026-03-13T13:44:18","slug":"startsida","status":"publish","type":"page","link":"https:\/\/noblaskolan.se\/kviberg\/","title":{"rendered":"Startsida"},"content":{"rendered":"\n\t\n\t\n\t\n\t\n\t\n\t\n\t\n<section  class=\"ams-hero ams-hero--fifty ams-hero--100 ams-hero--full c-block l-stacked ams-border \" data-color-scheme=\"ljusgron\">\n\t<div class=\"ams-hero__container media-right media-bottom\">\n\t\t<div class=\"ams-hero__content l-stack l-stack-xl is-center is-center@lg u-pt-fluid-3xl-6xl u-pb-fluid-3xl-6xl\">\n\t\t\t<div class=\"l-stack l-stack-lg\">\n\t\t\t\t\t\n\t<h1\n\tclass=\"c-heading u-font-large \"\n\tstyle=\"\">\n\t\t\n\t\t\t\t\t\t\t\t\tNoblaskolan Kviberg\n\t\t\t\t<span class=\"c-heading__sub is-below u-font-title-3\">\n\t\t\t\t\tEn skola i G\u00f6teborg med h\u00f6ga ambitioner\n\t\t\t\t<\/span>\n\t\t\t\t\t\t\t\n\t<\/h1>\n\n\t\t\t\t\t\t\t\t\t<div class=\"text l-stack u-font-body\">\n\t\t\t\t\t\t<p>P\u00e5 v\u00e5r skola i Kviberg bedriver vi resultatinriktad undervisning i \u00e5rskurs 6-9. Vi vet att inom varje elev finns potentialen att lyckas, men att ta vara p\u00e5 den \u00e4r upp till oss. Vi vill ge v\u00e5ra elever b\u00e4sta m\u00f6jliga f\u00f6ruts\u00e4ttningar f\u00f6r akademisk utveckling. Vi satsar p\u00e5 h\u00f6g undervisningskvalitet, studiero och akademiska ambitioner eftersom vi vet att det fungerar. Vi hette tidigare Centrina Kviberg.<\/p>\n\n\t\t\t\t\t<\/div>\n\t\t\t\t\t\t\t<\/div>\n\n\t\t\t\t<div class=\"ams-hero__action u-inline-items\">\n\t\t\t\t\t\t\t\n\n\n<a href=\"https:\/\/noblaskolan.se\/kviberg\/om\/\"\n\t\n\tclass=\"c-btn \"\n\tdata-style=\"round\"\n\tdata-size=\"md\"\n\tdata-width=\"full-mobile\"\n\tdata-variant=\"default\"\n\ttarget=\"_self\">\n\t\t\t<span class=\"label\"> L\u00e4s mer om oss<\/span>\n\t\t\t<\/a>\n\t\t\t<\/div>\n\t\t<\/div>\n\t\t<div class=\"ams-hero__media\">\n\n\t\t\t\t\t\t\t\t\t\t\t\t<img decoding=\"async\" width=\"1200\" height=\"800\" src=\"https:\/\/noblaskolan.se\/wp-content\/uploads\/sites\/36\/2024\/06\/noblaskolan-grundskola-goteborg-kviberg-202304-1200x800.jpg\" class=\"attachment-xxl size-xxl\" alt=\"Tv\u00e5 glada elever p\u00e5 Noblaskolan sitter vid bord i ett klassrum, i bakgrunden sitter fler elever i klassen.\" sizes=\"(min-width: 64em) 50vw, 100vw\" srcset=\"https:\/\/noblaskolan.se\/wp-content\/uploads\/sites\/36\/2024\/06\/noblaskolan-grundskola-goteborg-kviberg-202304-1200x800.jpg 1200w, https:\/\/noblaskolan.se\/wp-content\/uploads\/sites\/36\/2024\/06\/noblaskolan-grundskola-goteborg-kviberg-202304-300x200.jpg 300w, https:\/\/noblaskolan.se\/wp-content\/uploads\/sites\/36\/2024\/06\/noblaskolan-grundskola-goteborg-kviberg-202304-400x267.jpg 400w, https:\/\/noblaskolan.se\/wp-content\/uploads\/sites\/36\/2024\/06\/noblaskolan-grundskola-goteborg-kviberg-202304-600x400.jpg 600w, https:\/\/noblaskolan.se\/wp-content\/uploads\/sites\/36\/2024\/06\/noblaskolan-grundskola-goteborg-kviberg-202304-800x533.jpg 800w, https:\/\/noblaskolan.se\/wp-content\/uploads\/sites\/36\/2024\/06\/noblaskolan-grundskola-goteborg-kviberg-202304-1024x683.jpg 1024w\" \/>\n\t\t\t\t\t\t\t\n\t\t\t\n\t\t\t\t\t<\/div>\n\t<\/div>\n\n\t\n\n<\/section>\n\n\n\n\t\n\t\n\t\n\n\t\n\t\n\t\t\n<section  class=\"c-block l-stacked  \" data-color-scheme=\"morkgron\">\n\t<div class=\"ams-fifty ams-fifty--container ams-fifty--left ams-fifty--bottom l-container u-pt-fluid-2xl-4xl u-pb-fluid-2xl-4xl\">\n\t\t<div class=\"ams-fifty__content l-stack l-stack-xl is-left is-left@lg\">\n\t\t\t<div class=\"ams-fifty__text l-stack l-stack-lg\">\n\t\t\t\t\t\n\t<h2\n\tclass=\"c-heading u-font-title-1 \"\n\tstyle=\"\">\n\t\t\n\t\t\t\t\tF\u00f6r att elever som utmanas n\u00e5r l\u00e4ngre\n\t\t\t\t\n\t<\/h2>\n\n\t\t\t\t\t\t\t\t\t<div class=\"text l-stack u-font-body\">\n\t\t\t\t\t\t<p>P\u00e5 Noblaskolan bedriver vi resultatinriktad undervisning. Vi g\u00f6r det genom att st\u00e4lla krav, st\u00f6tta och utmana, varje dag, varje lektion. Det \u00e4r s\u00e5 vi tillsammans med eleverna bygger ett akademiskt sj\u00e4lvf\u00f6rtroende redan fr\u00e5n start.<\/p>\n\n\t\t\t\t\t<\/div>\n\t\t\t\t\t\t\t<\/div>\n\n\t\t\t\t<div class=\"ams-fifty__action u-inline-items\">\n\t\t\t\t\t\t\t\n\n\n<a href=\"https:\/\/noblaskolan.se\/kviberg\/besok\/\"\n\t\n\tclass=\"c-btn \"\n\tdata-style=\"round\"\n\tdata-size=\"md\"\n\tdata-width=\"full-mobile\"\n\tdata-variant=\"default\"\n\ttarget=\"_self\">\n\t\t\t<span class=\"label\"> Bes\u00f6k v\u00e5r skola<\/span>\n\t\t\t<\/a>\n\t\t\t<\/div>\n\t\t<\/div>\n\n\t\t <div class=\"ams-fifty__media u-ratio-widescreen\">\n\t\t \t\n\t\t\t\n\t\t\t\t\t\t\t<lite-youtube videoid=\"EBvecYjbgx8\" style=\"background-image: url('https:\/\/i.ytimg.com\/vi\/EBvecYjbgx8\/hqdefault.jpg');\">\n\t\t\t\t\t\t<button href=\"https:\/\/youtube.com\/watch?v=EBvecYjbgx8\" class=\"lty-playbtn\" title=\"Play Video\">\n\t\t\t\t\t\t\t<span class=\"lyt-visually-hidden\">Play Video<\/span>\n\t\t\t\t\t\t<\/button>\n\t\t\t\t\t<\/lite-youtube>\n\t\t\t\t\t<\/div>\n\t<\/div>\n\n\t\t\n\n<\/section>\n\n\n\n\n<section  class=\"ams-usp c-block l-stacked\" data-color-scheme=\"nyans1_av_p2\">\n\t<div class=\"l-container l-stack l-stack-fluid-2xl u-pt-fluid-2xl-4xl u-pb-fluid-2xl-4xl is-center is-center@md\">\n\t\t\t\t\t<div class=\"ams-usp__intro l-stack l-stack-lg\">\n\t\t\t\t\t\n\t<h2\n\tclass=\"c-heading u-font-title-1 \"\n\tstyle=\"\">\n\t\t\n\t\t\t\t\tDet h\u00e4r \u00e4r Noblaskolan Kviberg\n\t\t\t\t\n\t<\/h2>\n\n\t\t\t\t\t\t\t<\/div>\n\t\t\n\t\t\t<ul class=\"ams-usp__list l-grid u-justify-center u-gap-fluid-2xl-4xl\">\n\t\t\t\t\t<li class=\"l-col-6@md l-col-4@lg\">\n\t\t\t\t<article\n\t\t\t\t\tclass=\"\n\t\t\t\t\tc-card\n\t\t\t\t\thas-media-zoom\n\t\t\t\t\t\n\t\t\t\t\t\n\t\t\t\t\t\"\n\t\t\t\t\tdata-variant=\"neutral\"\n\t\t\t\t\tdata-style=\"square\"\n\t\t\t\t\t\n\t\t\t\t\t>\n\t\t\t\t\t\t\t\t\t\t\t<div class=\"c-card__content l-stack l-stack-sm u-text-center\">\n\t\t\t\t\t\t\t\t\t\t\t\t\t\t\t<h3 class=\"c-card__title u-font-title-3\">\n\t\t\t\t\t\t\t\t\t\t\t\t\t\t\t\t\t\t\t\t\t\t\t\t\t\t\t\t\t\tEn skola med h\u00f6ga ambitioner\n\t\t\t\t\t\t\t\t\t\t\t\t\t\t\t\t\t\t\t\t\t\t\t\t\t\t\t<\/h3>\n\t\t\t\t\t\t\t\n\t\t\t\t\t\t\t\t\t\t\t\t\t\t\t<div class=\"c-card__text l-stack-xs u-font-body\">\n\t\t\t\t\t\t\t\t\t<p>I v\u00e5ra elever finns allt som kr\u00e4vs f\u00f6r att lyckas. V\u00e5r uppgift \u00e4r att locka fram det. N\u00e4r vi utmanar, st\u00f6ttar och st\u00e4ller krav ser vi tydliga resultat och h\u00f6ga meritv\u00e4rden.<\/p>\n\n\t\t\t\t\t\t\t\t<\/div>\n\t\t\t\t\t\t\t\t\t\t\t\t\t<\/div>\n\t\t\t\t\t\n\t\t\t\t\t<div class=\"c-card__media\">\n\t\t\t\t\t\t\t\t\t\t\t\t\t<img decoding=\"async\" width=\"400\" height=\"267\" src=\"https:\/\/noblaskolan.se\/wp-content\/uploads\/2024\/05\/noblaskolan-skola-goteborg-1-202204-400x267.jpg\" class=\"u-radius-square u-ratio-landscape  ams_icon_size_default\" alt=\"Tv\u00e5 elever p\u00e5 Noblaskolan presenterar ett matematiskt problem p\u00e5 tavlan i ett klassrum.\" srcset=\"https:\/\/noblaskolan.se\/wp-content\/uploads\/2024\/05\/noblaskolan-skola-goteborg-1-202204-400x267.jpg 400w, https:\/\/noblaskolan.se\/wp-content\/uploads\/2024\/05\/noblaskolan-skola-goteborg-1-202204-300x200.jpg 300w, https:\/\/noblaskolan.se\/wp-content\/uploads\/2024\/05\/noblaskolan-skola-goteborg-1-202204-600x400.jpg 600w, https:\/\/noblaskolan.se\/wp-content\/uploads\/2024\/05\/noblaskolan-skola-goteborg-1-202204-800x533.jpg 800w, https:\/\/noblaskolan.se\/wp-content\/uploads\/2024\/05\/noblaskolan-skola-goteborg-1-202204-1024x683.jpg 1024w, https:\/\/noblaskolan.se\/wp-content\/uploads\/2024\/05\/noblaskolan-skola-goteborg-1-202204-1200x800.jpg 1200w, https:\/\/noblaskolan.se\/wp-content\/uploads\/2024\/05\/noblaskolan-skola-goteborg-1-202204.jpg 1920w\" sizes=\"(max-width: 400px) 100vw, 400px\" \/>\n\t\t\t\t\t\t\t\t\t\t\t<\/div>\n\t\t\t\t<\/article>\n\t\t\t<\/li>\n\n\t\t\t\t\t<li class=\"l-col-6@md l-col-4@lg\">\n\t\t\t\t<article\n\t\t\t\t\tclass=\"\n\t\t\t\t\tc-card\n\t\t\t\t\thas-media-zoom\n\t\t\t\t\t\n\t\t\t\t\t\n\t\t\t\t\t\"\n\t\t\t\t\tdata-variant=\"neutral\"\n\t\t\t\t\tdata-style=\"square\"\n\t\t\t\t\t\n\t\t\t\t\t>\n\t\t\t\t\t\t\t\t\t\t\t<div class=\"c-card__content l-stack l-stack-sm u-text-center\">\n\t\t\t\t\t\t\t\t\t\t\t\t\t\t\t<h3 class=\"c-card__title u-font-title-3\">\n\t\t\t\t\t\t\t\t\t\t\t\t\t\t\t\t\t\t\t\t\t\t\t\t\t\t\t\t\t\tVi f\u00f6ljer Noblakoden\n\t\t\t\t\t\t\t\t\t\t\t\t\t\t\t\t\t\t\t\t\t\t\t\t\t\t\t<\/h3>\n\t\t\t\t\t\t\t\n\t\t\t\t\t\t\t\t\t\t\t\t\t\t\t<div class=\"c-card__text l-stack-xs u-font-body\">\n\t\t\t\t\t\t\t\t\t<p>Vi vet att struktur \u00e4r mer \u00e4n ordningsregler. D\u00e4rf\u00f6r har vi skapat Noblakoden \u2013 ett gemensamt f\u00f6rh\u00e5llningss\u00e4tt kring lektionsstruktur, ordning, mentorsrollen och andra saker som \u00e4r viktiga f\u00f6r en bra skolmilj\u00f6.<\/p>\n\n\t\t\t\t\t\t\t\t<\/div>\n\t\t\t\t\t\t\t\t\t\t\t\t\t<\/div>\n\t\t\t\t\t\n\t\t\t\t\t<div class=\"c-card__media\">\n\t\t\t\t\t\t\t\t\t\t\t\t\t<img decoding=\"async\" width=\"400\" height=\"225\" src=\"https:\/\/noblaskolan.se\/wp-content\/uploads\/2024\/05\/noblaskolan-skola-noblakoden-goteborg-400x225.jpeg\" class=\"u-radius-square u-ratio-landscape  ams_icon_size_default\" alt=\"Noblakoden ligger p\u00e5 ett bord.\" srcset=\"https:\/\/noblaskolan.se\/wp-content\/uploads\/2024\/05\/noblaskolan-skola-noblakoden-goteborg-400x225.jpeg 400w, https:\/\/noblaskolan.se\/wp-content\/uploads\/2024\/05\/noblaskolan-skola-noblakoden-goteborg-300x169.jpeg 300w, https:\/\/noblaskolan.se\/wp-content\/uploads\/2024\/05\/noblaskolan-skola-noblakoden-goteborg-600x337.jpeg 600w, https:\/\/noblaskolan.se\/wp-content\/uploads\/2024\/05\/noblaskolan-skola-noblakoden-goteborg-800x449.jpeg 800w, https:\/\/noblaskolan.se\/wp-content\/uploads\/2024\/05\/noblaskolan-skola-noblakoden-goteborg-1024x575.jpeg 1024w, https:\/\/noblaskolan.se\/wp-content\/uploads\/2024\/05\/noblaskolan-skola-noblakoden-goteborg-1200x674.jpeg 1200w, https:\/\/noblaskolan.se\/wp-content\/uploads\/2024\/05\/noblaskolan-skola-noblakoden-goteborg.jpeg 1280w\" sizes=\"(max-width: 400px) 100vw, 400px\" \/>\n\t\t\t\t\t\t\t\t\t\t\t<\/div>\n\t\t\t\t<\/article>\n\t\t\t<\/li>\n\n\t\t\t\t\t<li class=\"l-col-6@md l-col-4@lg\">\n\t\t\t\t<article\n\t\t\t\t\tclass=\"\n\t\t\t\t\tc-card\n\t\t\t\t\thas-media-zoom\n\t\t\t\t\t\n\t\t\t\t\t\n\t\t\t\t\t\"\n\t\t\t\t\tdata-variant=\"neutral\"\n\t\t\t\t\tdata-style=\"square\"\n\t\t\t\t\t\n\t\t\t\t\t>\n\t\t\t\t\t\t\t\t\t\t\t<div class=\"c-card__content l-stack l-stack-sm u-text-center\">\n\t\t\t\t\t\t\t\t\t\t\t\t\t\t\t<h3 class=\"c-card__title u-font-title-3\">\n\t\t\t\t\t\t\t\t\t\t\t\t\t\t\t\t\t\t\t\t\t\t\t\t\t\t\t\t\t\tTydligt ledarskap\n\t\t\t\t\t\t\t\t\t\t\t\t\t\t\t\t\t\t\t\t\t\t\t\t\t\t\t<\/h3>\n\t\t\t\t\t\t\t\n\t\t\t\t\t\t\t\t\t\t\t\t\t\t\t<div class=\"c-card__text l-stack-xs u-font-body\">\n\t\t\t\t\t\t\t\t\t<p>En av nycklarna till framg\u00e5ngsrik utbildning \u00e4r ett medvetet och tydligt ledarskap. Vi \u00e4r omsorgsfulla i ledarskapet p\u00e5 alla niv\u00e5er; fr\u00e5n l\u00e4rarens ledarskap i klassrummet till rektors ledarskap f\u00f6r hela skolan.<\/p>\n\n\t\t\t\t\t\t\t\t<\/div>\n\t\t\t\t\t\t\t\t\t\t\t\t\t<\/div>\n\t\t\t\t\t\n\t\t\t\t\t<div class=\"c-card__media\">\n\t\t\t\t\t\t\t\t\t\t\t\t\t<img decoding=\"async\" width=\"400\" height=\"267\" src=\"https:\/\/noblaskolan.se\/wp-content\/uploads\/2024\/05\/noblaskolan-skola-goteborg-2-202204-400x267.jpg\" class=\"u-radius-square u-ratio-landscape  ams_icon_size_default\" alt=\"Tre elever p\u00e5 Noblaskolan sitter i klassrummet ihop med en l\u00e4rare.\" srcset=\"https:\/\/noblaskolan.se\/wp-content\/uploads\/2024\/05\/noblaskolan-skola-goteborg-2-202204-400x267.jpg 400w, https:\/\/noblaskolan.se\/wp-content\/uploads\/2024\/05\/noblaskolan-skola-goteborg-2-202204-300x200.jpg 300w, https:\/\/noblaskolan.se\/wp-content\/uploads\/2024\/05\/noblaskolan-skola-goteborg-2-202204-600x400.jpg 600w, https:\/\/noblaskolan.se\/wp-content\/uploads\/2024\/05\/noblaskolan-skola-goteborg-2-202204-800x533.jpg 800w, https:\/\/noblaskolan.se\/wp-content\/uploads\/2024\/05\/noblaskolan-skola-goteborg-2-202204-1024x683.jpg 1024w, https:\/\/noblaskolan.se\/wp-content\/uploads\/2024\/05\/noblaskolan-skola-goteborg-2-202204-1200x800.jpg 1200w, https:\/\/noblaskolan.se\/wp-content\/uploads\/2024\/05\/noblaskolan-skola-goteborg-2-202204.jpg 1920w\" sizes=\"(max-width: 400px) 100vw, 400px\" \/>\n\t\t\t\t\t\t\t\t\t\t\t<\/div>\n\t\t\t\t<\/article>\n\t\t\t<\/li>\n\n\t\t\t<\/ul>\n\n\t\t\t<\/div>\n\n\t\t\n\n<\/section>\n\n\n\n\n\n<section  class=\"ams-article c-block l-stacked js-load-more\" data-color-scheme=\"transparent-card-bakgrund-hover-standard_standard\" data-count=\"3\" data-count-mobile=\"2\">\n\t<div class=\"l-container l-stack l-stack-fluid-2xl u-pt-fluid-2xl-4xl u-pb-fluid-2xl-4xl is-center is-center@md\">\n\t\t\t\t\t<div class=\"ams-article__intro l-stack l-stack-lg\">\n\t\t\t\t\t\n\t<h2\n\tclass=\"c-heading u-font-title-1 \"\n\tstyle=\"\">\n\t\t\n\t\t\t\t\tNyheter fr\u00e5n Noblaskolan\n\t\t\t\t\n\t<\/h2>\n\n\t\t\t\t\t\t\t<\/div>\n\t\t\n\t\t\t\n\t    \n\t\n\t<ul id=\"ams-article-list-69ee8b85cb4b5\" class=\"ams-article__list l-grid u-gap-2xl u-justify-center js-results \" aria-label=\"Artiklar\" data-filter-animation=\"off\">\n\t\t\t\t\t\t\t\t\t\t\t\t\t\t\t\t\t\n\t\t\t\n\t\t\t\n\t\t\t<li class=\"l-col-6@md l-col-4@lg \" data-filter=\"allmant intervjuer december-2025\">\n\t\t\t\t<article class=\"c-card  has-media-zoom  \" data-variant=\"border\" data-style=\"square\" data-click-area>\n\t\t\t\t\t<div class=\"c-card__content l-stack l-stack-sm\">\n\n\t\t\t\t\t\t\t\t\t\t\t\t\t<time class=\"c-card__date u-font-small\" datetime=\"2025-12-03\">3 december, 2025<\/time>\n\t\t\t\t\t\t\n\t\t\t\t\t\t\t\t\t\t\t\t\t<h3 class=\"c-card__title u-font-title-3\">\n\t\t\t\t\t\t\t\t\t\t\t\t\t\t\t\t\t<a class=\"c-card__link\" href=\"https:\/\/noblaskolan.se\/kviberg\/artikel\/pedagoger\/\">\n\t\t\t\t\t\t\t\t\t\tL\u00e4r k\u00e4nna v\u00e5ra pedagoger\n\t\t\t\t\t\t\t\t\t<\/a>\n\t\t\t\t\t\t\t\t\t\t\t\t\t\t\t<\/h3>\n\t\t\t\t\t\t\n\t\t\t\t\t\t\t\t\t\t\t\t\t<p class=\"c-card__text l-stack-xs u-font-body\">\n\t\t\t\t\t\t\t\tL\u00e4r k\u00e4nna v\u00e5ra pedagoger och l\u00e4rare lite b\u00e4ttre! H\u00e4r f\u00e5r du veta mer om deras dr&#8230;\n\t\t\t\t\t\t\t<\/p>\n\t\t\t\t\t\t\n\t\t\t\t\t\t\t\t\t\t\t\t\t<ul class=\"c-card__tags l-stack-grow u-list-none u-pt-md\" aria-label=\"Kategorier\">\n\t\t\t\t\t\t\t\t\t\t\t\t\t\t\t\t\t<li><span class=\"c-tag\" data-variant=\"outline\">Allm\u00e4nt<\/span><\/li>\n\t\t\t\t\t\t\t\t\t\t\t\t\t\t\t\t\t<li><span class=\"c-tag\" data-variant=\"outline\">Intervjuer<\/span><\/li>\n\t\t\t\t\t\t\t\t\t\t\t\t\t\t\t<\/ul>\n\t\t\t\t\t\t\n\t\t\t\t\t\t<div class=\"c-card__icon\">\n\t\t\t\t\t\t\t\t\t\t\t\t\t\t<svg class=\"ams-icon ams-icon--arrow-right\" width=\"32\" height=\"32\" viewbox=\"0 0 32 32\" fill=\"currentColor\" aria-hidden=\"true\" xmlns=\"http:\/\/www.w3.org\/2000\/svg\">\n\t\t\t\t\t\t\t\t\t\t\t\t\t\t\t\t<path d=\"M15.4617 0.252159L14.9567 0.75931C14.6219 1.09545 14.6219 1.64048 14.9567 1.97669L27.7062 14.7806H0.857144C0.383786 14.7806 0 15.166 0 15.6414V16.3587C0 16.8341 0.383786 17.2195 0.857144 17.2195H27.7062L14.9567 30.0234C14.6219 30.3595 14.6219 30.9045 14.9567 31.2407L15.4617 31.7479C15.7964 32.084 16.3392 32.084 16.6739 31.7479L31.749 16.6087C32.0837 16.2725 32.0837 15.7275 31.749 15.3913L16.6739 0.252159C16.3392 -0.084053 15.7964 -0.084053 15.4617 0.252159Z\"\/>\n\t\t\t\t\t\t\t\n\t\t\t\t\t\t\t<\/svg>\n\t\t\t\t\t\t<\/div>\n\t\t\t\t\t<\/div>\n\n\t\t\t\t\t<div class=\"c-card__media \" style=\" \">\n\t\t\t\t\t\t<img decoding=\"async\" width=\"400\" height=\"460\" src=\"https:\/\/noblaskolan.se\/wp-content\/uploads\/sites\/36\/2025\/10\/jonas-backlund-400x460.jpg\" class=\"attachment-sm size-sm\" alt=\"\" sizes=\"(min-width: 64em) 300px, (min-width: 48em) calc(.50 * (100vw - 224px)), calc(100vw - 160px)\" srcset=\"https:\/\/noblaskolan.se\/wp-content\/uploads\/sites\/36\/2025\/10\/jonas-backlund-400x460.jpg 400w, https:\/\/noblaskolan.se\/wp-content\/uploads\/sites\/36\/2025\/10\/jonas-backlund-300x345.jpg 300w, https:\/\/noblaskolan.se\/wp-content\/uploads\/sites\/36\/2025\/10\/jonas-backlund-600x690.jpg 600w, https:\/\/noblaskolan.se\/wp-content\/uploads\/sites\/36\/2025\/10\/jonas-backlund-800x920.jpg 800w, https:\/\/noblaskolan.se\/wp-content\/uploads\/sites\/36\/2025\/10\/jonas-backlund-1024x1177.jpg 1024w, https:\/\/noblaskolan.se\/wp-content\/uploads\/sites\/36\/2025\/10\/jonas-backlund.jpg 1122w\" \/>\n\t\t\t\t\t<\/div>\n\t\t\t\t<\/article>\n\t\t\t<\/li>\n\t\t\t\t\t\t\t\t\t\t\t\t\t\t\t\t\t\n\t\t\t\n\t\t\t\n\t\t\t<li class=\"l-col-6@md l-col-4@lg \" data-filter=\"allmant augusti-2025\">\n\t\t\t\t<article class=\"c-card  has-media-zoom  \" data-variant=\"border\" data-style=\"square\" data-click-area>\n\t\t\t\t\t<div class=\"c-card__content l-stack l-stack-sm\">\n\n\t\t\t\t\t\t\t\t\t\t\t\t\t<time class=\"c-card__date u-font-small\" datetime=\"2025-08-15\">15 augusti, 2025<\/time>\n\t\t\t\t\t\t\n\t\t\t\t\t\t\t\t\t\t\t\t\t<h3 class=\"c-card__title u-font-title-3\">\n\t\t\t\t\t\t\t\t\t\t\t\t\t\t\t\t\t<a class=\"c-card__link\" href=\"https:\/\/noblaskolan.se\/kviberg\/artikel\/lokal\/trygg-skolstart-med-studiero-sa-arbetar-vi-pa-noblaskolan\">\n\t\t\t\t\t\t\t\t\t\tTrygg skolstart med studiero \u2013 s\u00e5 arbeta&#8230;\n\t\t\t\t\t\t\t\t\t<\/a>\n\t\t\t\t\t\t\t\t\t\t\t\t\t\t\t<\/h3>\n\t\t\t\t\t\t\n\t\t\t\t\t\t\t\t\t\t\t\t\t<p class=\"c-card__text l-stack-xs u-font-body\">\n\t\t\t\t\t\t\t\tN\u00e4r en ny termin n\u00e4rmar sig v\u00e4cks ofta m\u00e5nga fr\u00e5gor hos v\u00e5rdnadshavare:\r\nHur kom&#8230;\n\t\t\t\t\t\t\t<\/p>\n\t\t\t\t\t\t\n\t\t\t\t\t\t\t\t\t\t\t\t\t<ul class=\"c-card__tags l-stack-grow u-list-none u-pt-md\" aria-label=\"Kategorier\">\n\t\t\t\t\t\t\t\t\t\t\t\t\t\t\t\t\t<li><span class=\"c-tag\" data-variant=\"outline\">Allm\u00e4nt<\/span><\/li>\n\t\t\t\t\t\t\t\t\t\t\t\t\t\t\t<\/ul>\n\t\t\t\t\t\t\n\t\t\t\t\t\t<div class=\"c-card__icon\">\n\t\t\t\t\t\t\t\t\t\t\t\t\t\t<svg class=\"ams-icon ams-icon--arrow-right\" width=\"32\" height=\"32\" viewbox=\"0 0 32 32\" fill=\"currentColor\" aria-hidden=\"true\" xmlns=\"http:\/\/www.w3.org\/2000\/svg\">\n\t\t\t\t\t\t\t\t\t\t\t\t\t\t\t\t<path d=\"M15.4617 0.252159L14.9567 0.75931C14.6219 1.09545 14.6219 1.64048 14.9567 1.97669L27.7062 14.7806H0.857144C0.383786 14.7806 0 15.166 0 15.6414V16.3587C0 16.8341 0.383786 17.2195 0.857144 17.2195H27.7062L14.9567 30.0234C14.6219 30.3595 14.6219 30.9045 14.9567 31.2407L15.4617 31.7479C15.7964 32.084 16.3392 32.084 16.6739 31.7479L31.749 16.6087C32.0837 16.2725 32.0837 15.7275 31.749 15.3913L16.6739 0.252159C16.3392 -0.084053 15.7964 -0.084053 15.4617 0.252159Z\"\/>\n\t\t\t\t\t\t\t\n\t\t\t\t\t\t\t<\/svg>\n\t\t\t\t\t\t<\/div>\n\t\t\t\t\t<\/div>\n\n\t\t\t\t\t<div class=\"c-card__media \" style=\" \">\n\t\t\t\t\t\t<img decoding=\"async\" width=\"400\" height=\"267\" src=\"https:\/\/noblaskolan.se\/wp-content\/uploads\/2025\/08\/noblaskolansaltsjo-boo202504mellanstadiewebb3-400x267.jpg\" class=\"attachment-sm size-sm\" alt=\"L\u00e4rare hj\u00e4lper elev som sitter vid sin b\u00e4nk i klassrummet.\" sizes=\"(min-width: 64em) 300px, (min-width: 48em) calc(.50 * (100vw - 224px)), calc(100vw - 160px)\" srcset=\"https:\/\/noblaskolan.se\/wp-content\/uploads\/2025\/08\/noblaskolansaltsjo-boo202504mellanstadiewebb3-400x267.jpg 400w, https:\/\/noblaskolan.se\/wp-content\/uploads\/2025\/08\/noblaskolansaltsjo-boo202504mellanstadiewebb3-300x200.jpg 300w, https:\/\/noblaskolan.se\/wp-content\/uploads\/2025\/08\/noblaskolansaltsjo-boo202504mellanstadiewebb3-600x400.jpg 600w, https:\/\/noblaskolan.se\/wp-content\/uploads\/2025\/08\/noblaskolansaltsjo-boo202504mellanstadiewebb3-800x534.jpg 800w, https:\/\/noblaskolan.se\/wp-content\/uploads\/2025\/08\/noblaskolansaltsjo-boo202504mellanstadiewebb3.jpg 1000w\" \/>\n\t\t\t\t\t<\/div>\n\t\t\t\t<\/article>\n\t\t\t<\/li>\n\t\t\t\t\t\t\t\t\t\t\t\t\t\t\t\t\t\n\t\t\t\n\t\t\t\n\t\t\t<li class=\"l-col-6@md l-col-4@lg \" data-filter=\"allmant augusti-2025\">\n\t\t\t\t<article class=\"c-card  has-media-zoom  \" data-variant=\"border\" data-style=\"square\" data-click-area>\n\t\t\t\t\t<div class=\"c-card__content l-stack l-stack-sm\">\n\n\t\t\t\t\t\t\t\t\t\t\t\t\t<time class=\"c-card__date u-font-small\" datetime=\"2025-08-07\">7 augusti, 2025<\/time>\n\t\t\t\t\t\t\n\t\t\t\t\t\t\t\t\t\t\t\t\t<h3 class=\"c-card__title u-font-title-3\">\n\t\t\t\t\t\t\t\t\t\t\t\t\t\t\t\t\t<a class=\"c-card__link\" href=\"https:\/\/noblaskolan.se\/kviberg\/artikel\/lokal\/forsta-dagen-i-skolan-en-trygg-start-pa-noblaskolan\">\n\t\t\t\t\t\t\t\t\t\tF\u00f6rsta dagen i skolan \u2013 en trygg start p&#8230;\n\t\t\t\t\t\t\t\t\t<\/a>\n\t\t\t\t\t\t\t\t\t\t\t\t\t\t\t<\/h3>\n\t\t\t\t\t\t\n\t\t\t\t\t\t\t\t\t\t\t\t\t<p class=\"c-card__text l-stack-xs u-font-body\">\n\t\t\t\t\t\t\t\tAtt b\u00f6rja i skolan \u00e4r ett stort steg \u2013 b\u00e5de f\u00f6r barn och v\u00e5rdnadshavare. Det kan&#8230;\n\t\t\t\t\t\t\t<\/p>\n\t\t\t\t\t\t\n\t\t\t\t\t\t\t\t\t\t\t\t\t<ul class=\"c-card__tags l-stack-grow u-list-none u-pt-md\" aria-label=\"Kategorier\">\n\t\t\t\t\t\t\t\t\t\t\t\t\t\t\t\t\t<li><span class=\"c-tag\" data-variant=\"outline\">Allm\u00e4nt<\/span><\/li>\n\t\t\t\t\t\t\t\t\t\t\t\t\t\t\t<\/ul>\n\t\t\t\t\t\t\n\t\t\t\t\t\t<div class=\"c-card__icon\">\n\t\t\t\t\t\t\t\t\t\t\t\t\t\t<svg class=\"ams-icon ams-icon--arrow-right\" width=\"32\" height=\"32\" viewbox=\"0 0 32 32\" fill=\"currentColor\" aria-hidden=\"true\" xmlns=\"http:\/\/www.w3.org\/2000\/svg\">\n\t\t\t\t\t\t\t\t\t\t\t\t\t\t\t\t<path d=\"M15.4617 0.252159L14.9567 0.75931C14.6219 1.09545 14.6219 1.64048 14.9567 1.97669L27.7062 14.7806H0.857144C0.383786 14.7806 0 15.166 0 15.6414V16.3587C0 16.8341 0.383786 17.2195 0.857144 17.2195H27.7062L14.9567 30.0234C14.6219 30.3595 14.6219 30.9045 14.9567 31.2407L15.4617 31.7479C15.7964 32.084 16.3392 32.084 16.6739 31.7479L31.749 16.6087C32.0837 16.2725 32.0837 15.7275 31.749 15.3913L16.6739 0.252159C16.3392 -0.084053 15.7964 -0.084053 15.4617 0.252159Z\"\/>\n\t\t\t\t\t\t\t\n\t\t\t\t\t\t\t<\/svg>\n\t\t\t\t\t\t<\/div>\n\t\t\t\t\t<\/div>\n\n\t\t\t\t\t<div class=\"c-card__media \" style=\" \">\n\t\t\t\t\t\t<img decoding=\"async\" width=\"400\" height=\"267\" src=\"https:\/\/noblaskolan.se\/wp-content\/uploads\/2025\/08\/noblaskolansaltsjo-boo202504lagstadiewebb2-400x267.jpg\" class=\"attachment-sm size-sm\" alt=\"\" sizes=\"(min-width: 64em) 300px, (min-width: 48em) calc(.50 * (100vw - 224px)), calc(100vw - 160px)\" srcset=\"https:\/\/noblaskolan.se\/wp-content\/uploads\/2025\/08\/noblaskolansaltsjo-boo202504lagstadiewebb2-400x267.jpg 400w, https:\/\/noblaskolan.se\/wp-content\/uploads\/2025\/08\/noblaskolansaltsjo-boo202504lagstadiewebb2-300x200.jpg 300w, https:\/\/noblaskolan.se\/wp-content\/uploads\/2025\/08\/noblaskolansaltsjo-boo202504lagstadiewebb2-600x400.jpg 600w, https:\/\/noblaskolan.se\/wp-content\/uploads\/2025\/08\/noblaskolansaltsjo-boo202504lagstadiewebb2-800x534.jpg 800w, https:\/\/noblaskolan.se\/wp-content\/uploads\/2025\/08\/noblaskolansaltsjo-boo202504lagstadiewebb2.jpg 1000w\" \/>\n\t\t\t\t\t<\/div>\n\t\t\t\t<\/article>\n\t\t\t<\/li>\n\t\t\t\t\t\t\t\t\t\t\t\t\t\t\t\t\t\n\t\t\t\n\t\t\t\n\t\t\t<li class=\"l-col-6@md l-col-4@lg \" data-filter=\"allmant augusti-2024\">\n\t\t\t\t<article class=\"c-card  has-media-zoom  \" data-variant=\"border\" data-style=\"square\" data-click-area>\n\t\t\t\t\t<div class=\"c-card__content l-stack l-stack-sm\">\n\n\t\t\t\t\t\t\t\t\t\t\t\t\t<time class=\"c-card__date u-font-small\" datetime=\"2024-08-21\">21 augusti, 2024<\/time>\n\t\t\t\t\t\t\n\t\t\t\t\t\t\t\t\t\t\t\t\t<h3 class=\"c-card__title u-font-title-3\">\n\t\t\t\t\t\t\t\t\t\t\t\t\t\t\t\t\t<a class=\"c-card__link\" href=\"https:\/\/noblaskolan.se\/kviberg\/artikel\/lokal\/skolstart-2024\">\n\t\t\t\t\t\t\t\t\t\tNu har h\u00f6stterminen b\u00f6rjat\n\t\t\t\t\t\t\t\t\t<\/a>\n\t\t\t\t\t\t\t\t\t\t\t\t\t\t\t<\/h3>\n\t\t\t\t\t\t\n\t\t\t\t\t\t\t\t\t\t\t\t\t<p class=\"c-card__text l-stack-xs u-font-body\">\n\t\t\t\t\t\t\t\tSkolan har \u00e4ntligen b\u00f6rjat och vi v\u00e4lkomnar tv\u00e5 nya skolor till Noblaskolan.\n\t\t\t\t\t\t\t<\/p>\n\t\t\t\t\t\t\n\t\t\t\t\t\t\t\t\t\t\t\t\t<ul class=\"c-card__tags l-stack-grow u-list-none u-pt-md\" aria-label=\"Kategorier\">\n\t\t\t\t\t\t\t\t\t\t\t\t\t\t\t\t\t<li><span class=\"c-tag\" data-variant=\"outline\">Allm\u00e4nt<\/span><\/li>\n\t\t\t\t\t\t\t\t\t\t\t\t\t\t\t<\/ul>\n\t\t\t\t\t\t\n\t\t\t\t\t\t<div class=\"c-card__icon\">\n\t\t\t\t\t\t\t\t\t\t\t\t\t\t<svg class=\"ams-icon ams-icon--arrow-right\" width=\"32\" height=\"32\" viewbox=\"0 0 32 32\" fill=\"currentColor\" aria-hidden=\"true\" xmlns=\"http:\/\/www.w3.org\/2000\/svg\">\n\t\t\t\t\t\t\t\t\t\t\t\t\t\t\t\t<path d=\"M15.4617 0.252159L14.9567 0.75931C14.6219 1.09545 14.6219 1.64048 14.9567 1.97669L27.7062 14.7806H0.857144C0.383786 14.7806 0 15.166 0 15.6414V16.3587C0 16.8341 0.383786 17.2195 0.857144 17.2195H27.7062L14.9567 30.0234C14.6219 30.3595 14.6219 30.9045 14.9567 31.2407L15.4617 31.7479C15.7964 32.084 16.3392 32.084 16.6739 31.7479L31.749 16.6087C32.0837 16.2725 32.0837 15.7275 31.749 15.3913L16.6739 0.252159C16.3392 -0.084053 15.7964 -0.084053 15.4617 0.252159Z\"\/>\n\t\t\t\t\t\t\t\n\t\t\t\t\t\t\t<\/svg>\n\t\t\t\t\t\t<\/div>\n\t\t\t\t\t<\/div>\n\n\t\t\t\t\t<div class=\"c-card__media \" style=\" \">\n\t\t\t\t\t\t<img decoding=\"async\" width=\"400\" height=\"250\" src=\"https:\/\/noblaskolan.se\/wp-content\/uploads\/2024\/08\/noblaskolan-skola-skolstart-202308-scaled-e1724232206374-400x250.jpg\" class=\"attachment-sm size-sm\" alt=\"Tv\u00e5 elever p\u00e5 Noblaskolan st\u00e5r och skriver p\u00e5 en whiteboard-tavla i klassrummet.\" sizes=\"(min-width: 64em) 300px, (min-width: 48em) calc(.50 * (100vw - 224px)), calc(100vw - 160px)\" srcset=\"https:\/\/noblaskolan.se\/wp-content\/uploads\/2024\/08\/noblaskolan-skola-skolstart-202308-scaled-e1724232206374-400x250.jpg 400w, https:\/\/noblaskolan.se\/wp-content\/uploads\/2024\/08\/noblaskolan-skola-skolstart-202308-scaled-e1724232206374-300x187.jpg 300w, https:\/\/noblaskolan.se\/wp-content\/uploads\/2024\/08\/noblaskolan-skola-skolstart-202308-scaled-e1724232206374-600x375.jpg 600w, https:\/\/noblaskolan.se\/wp-content\/uploads\/2024\/08\/noblaskolan-skola-skolstart-202308-scaled-e1724232206374-800x500.jpg 800w, https:\/\/noblaskolan.se\/wp-content\/uploads\/2024\/08\/noblaskolan-skola-skolstart-202308-scaled-e1724232206374-1024x640.jpg 1024w, https:\/\/noblaskolan.se\/wp-content\/uploads\/2024\/08\/noblaskolan-skola-skolstart-202308-scaled-e1724232206374-1200x750.jpg 1200w\" \/>\n\t\t\t\t\t<\/div>\n\t\t\t\t<\/article>\n\t\t\t<\/li>\n\t\t\t\t\t\t\t\t\t\t\t\t\t\t\t\t\t\n\t\t\t\n\t\t\t\n\t\t\t<li class=\"l-col-6@md l-col-4@lg \" data-filter=\"allmant juni-2024\">\n\t\t\t\t<article class=\"c-card  has-media-zoom  \" data-variant=\"border\" data-style=\"square\" data-click-area>\n\t\t\t\t\t<div class=\"c-card__content l-stack l-stack-sm\">\n\n\t\t\t\t\t\t\t\t\t\t\t\t\t<time class=\"c-card__date u-font-small\" datetime=\"2024-06-19\">19 juni, 2024<\/time>\n\t\t\t\t\t\t\n\t\t\t\t\t\t\t\t\t\t\t\t\t<h3 class=\"c-card__title u-font-title-3\">\n\t\t\t\t\t\t\t\t\t\t\t\t\t\t\t\t\t<a class=\"c-card__link\" href=\"https:\/\/noblaskolan.se\/kviberg\/artikel\/lokal\/sommarlovstips\">\n\t\t\t\t\t\t\t\t\t\t\u00c4ntligen sommarlov!\n\t\t\t\t\t\t\t\t\t<\/a>\n\t\t\t\t\t\t\t\t\t\t\t\t\t\t\t<\/h3>\n\t\t\t\t\t\t\n\t\t\t\t\t\t\t\t\t\t\t\t\t<p class=\"c-card__text l-stack-xs u-font-body\">\n\t\t\t\t\t\t\t\t3 tips f\u00f6r en sk\u00f6n sommar och hur ni laddar om inf\u00f6r h\u00f6sten.\n\t\t\t\t\t\t\t<\/p>\n\t\t\t\t\t\t\n\t\t\t\t\t\t\t\t\t\t\t\t\t<ul class=\"c-card__tags l-stack-grow u-list-none u-pt-md\" aria-label=\"Kategorier\">\n\t\t\t\t\t\t\t\t\t\t\t\t\t\t\t\t\t<li><span class=\"c-tag\" data-variant=\"outline\">Allm\u00e4nt<\/span><\/li>\n\t\t\t\t\t\t\t\t\t\t\t\t\t\t\t<\/ul>\n\t\t\t\t\t\t\n\t\t\t\t\t\t<div class=\"c-card__icon\">\n\t\t\t\t\t\t\t\t\t\t\t\t\t\t<svg class=\"ams-icon ams-icon--arrow-right\" width=\"32\" height=\"32\" viewbox=\"0 0 32 32\" fill=\"currentColor\" aria-hidden=\"true\" xmlns=\"http:\/\/www.w3.org\/2000\/svg\">\n\t\t\t\t\t\t\t\t\t\t\t\t\t\t\t\t<path d=\"M15.4617 0.252159L14.9567 0.75931C14.6219 1.09545 14.6219 1.64048 14.9567 1.97669L27.7062 14.7806H0.857144C0.383786 14.7806 0 15.166 0 15.6414V16.3587C0 16.8341 0.383786 17.2195 0.857144 17.2195H27.7062L14.9567 30.0234C14.6219 30.3595 14.6219 30.9045 14.9567 31.2407L15.4617 31.7479C15.7964 32.084 16.3392 32.084 16.6739 31.7479L31.749 16.6087C32.0837 16.2725 32.0837 15.7275 31.749 15.3913L16.6739 0.252159C16.3392 -0.084053 15.7964 -0.084053 15.4617 0.252159Z\"\/>\n\t\t\t\t\t\t\t\n\t\t\t\t\t\t\t<\/svg>\n\t\t\t\t\t\t<\/div>\n\t\t\t\t\t<\/div>\n\n\t\t\t\t\t<div class=\"c-card__media \" style=\" \">\n\t\t\t\t\t\t<img decoding=\"async\" width=\"400\" height=\"267\" src=\"https:\/\/noblaskolan.se\/wp-content\/uploads\/2024\/07\/noblaskolan-sommarlov-202308-400x267.jpg\" class=\"attachment-sm size-sm\" alt=\"Elever p\u00e5 Noblaskolan g\u00e5r tillsammans utanf\u00f6r skolan och ler.\" sizes=\"(min-width: 64em) 300px, (min-width: 48em) calc(.50 * (100vw - 224px)), calc(100vw - 160px)\" srcset=\"https:\/\/noblaskolan.se\/wp-content\/uploads\/2024\/07\/noblaskolan-sommarlov-202308-400x267.jpg 400w, https:\/\/noblaskolan.se\/wp-content\/uploads\/2024\/07\/noblaskolan-sommarlov-202308-300x200.jpg 300w, https:\/\/noblaskolan.se\/wp-content\/uploads\/2024\/07\/noblaskolan-sommarlov-202308-600x400.jpg 600w, https:\/\/noblaskolan.se\/wp-content\/uploads\/2024\/07\/noblaskolan-sommarlov-202308-800x533.jpg 800w, https:\/\/noblaskolan.se\/wp-content\/uploads\/2024\/07\/noblaskolan-sommarlov-202308-1024x683.jpg 1024w, https:\/\/noblaskolan.se\/wp-content\/uploads\/2024\/07\/noblaskolan-sommarlov-202308-1200x800.jpg 1200w\" \/>\n\t\t\t\t\t<\/div>\n\t\t\t\t<\/article>\n\t\t\t<\/li>\n\t\t\t\t\t\t\t\t\t\t\t\t\t\t\t\t\t\n\t\t\t\n\t\t\t\n\t\t\t<li class=\"l-col-6@md l-col-4@lg \" data-filter=\"allmant mars-2024\">\n\t\t\t\t<article class=\"c-card  has-media-zoom  \" data-variant=\"border\" data-style=\"square\" data-click-area>\n\t\t\t\t\t<div class=\"c-card__content l-stack l-stack-sm\">\n\n\t\t\t\t\t\t\t\t\t\t\t\t\t<time class=\"c-card__date u-font-small\" datetime=\"2024-03-14\">14 mars, 2024<\/time>\n\t\t\t\t\t\t\n\t\t\t\t\t\t\t\t\t\t\t\t\t<h3 class=\"c-card__title u-font-title-3\">\n\t\t\t\t\t\t\t\t\t\t\t\t\t\t\t\t\t<a class=\"c-card__link\" href=\"https:\/\/noblaskolan.se\/kviberg\/artikel\/lokal\/internationella-matematikdagen-2024\">\n\t\t\t\t\t\t\t\t\t\tInternationella matematikdagen\n\t\t\t\t\t\t\t\t\t<\/a>\n\t\t\t\t\t\t\t\t\t\t\t\t\t\t\t<\/h3>\n\t\t\t\t\t\t\n\t\t\t\t\t\t\t\t\t\t\t\t\t<p class=\"c-card__text l-stack-xs u-font-body\">\n\t\t\t\t\t\t\t\tVarf\u00f6r \u00e4r matematik s\u00e5 viktigt och hur kan man g\u00f6ra matematik roligt?\n\t\t\t\t\t\t\t<\/p>\n\t\t\t\t\t\t\n\t\t\t\t\t\t\t\t\t\t\t\t\t<ul class=\"c-card__tags l-stack-grow u-list-none u-pt-md\" aria-label=\"Kategorier\">\n\t\t\t\t\t\t\t\t\t\t\t\t\t\t\t\t\t<li><span class=\"c-tag\" data-variant=\"outline\">Allm\u00e4nt<\/span><\/li>\n\t\t\t\t\t\t\t\t\t\t\t\t\t\t\t<\/ul>\n\t\t\t\t\t\t\n\t\t\t\t\t\t<div class=\"c-card__icon\">\n\t\t\t\t\t\t\t\t\t\t\t\t\t\t<svg class=\"ams-icon ams-icon--arrow-right\" width=\"32\" height=\"32\" viewbox=\"0 0 32 32\" fill=\"currentColor\" aria-hidden=\"true\" xmlns=\"http:\/\/www.w3.org\/2000\/svg\">\n\t\t\t\t\t\t\t\t\t\t\t\t\t\t\t\t<path d=\"M15.4617 0.252159L14.9567 0.75931C14.6219 1.09545 14.6219 1.64048 14.9567 1.97669L27.7062 14.7806H0.857144C0.383786 14.7806 0 15.166 0 15.6414V16.3587C0 16.8341 0.383786 17.2195 0.857144 17.2195H27.7062L14.9567 30.0234C14.6219 30.3595 14.6219 30.9045 14.9567 31.2407L15.4617 31.7479C15.7964 32.084 16.3392 32.084 16.6739 31.7479L31.749 16.6087C32.0837 16.2725 32.0837 15.7275 31.749 15.3913L16.6739 0.252159C16.3392 -0.084053 15.7964 -0.084053 15.4617 0.252159Z\"\/>\n\t\t\t\t\t\t\t\n\t\t\t\t\t\t\t<\/svg>\n\t\t\t\t\t\t<\/div>\n\t\t\t\t\t<\/div>\n\n\t\t\t\t\t<div class=\"c-card__media \" style=\" \">\n\t\t\t\t\t\t<img decoding=\"async\" width=\"400\" height=\"267\" src=\"https:\/\/noblaskolan.se\/wp-content\/uploads\/2024\/03\/noblaskolan-internationella-matematikdagen-grundskola-202204-400x267.jpg\" class=\"attachment-sm size-sm\" alt=\"Elever p\u00e5 Noblaskolan r\u00e4knar matte p\u00e5 en whiteboard i ett klassrum.\" sizes=\"(min-width: 64em) 300px, (min-width: 48em) calc(.50 * (100vw - 224px)), calc(100vw - 160px)\" srcset=\"https:\/\/noblaskolan.se\/wp-content\/uploads\/2024\/03\/noblaskolan-internationella-matematikdagen-grundskola-202204-400x267.jpg 400w, https:\/\/noblaskolan.se\/wp-content\/uploads\/2024\/03\/noblaskolan-internationella-matematikdagen-grundskola-202204-300x200.jpg 300w, https:\/\/noblaskolan.se\/wp-content\/uploads\/2024\/03\/noblaskolan-internationella-matematikdagen-grundskola-202204-600x400.jpg 600w, https:\/\/noblaskolan.se\/wp-content\/uploads\/2024\/03\/noblaskolan-internationella-matematikdagen-grundskola-202204-800x533.jpg 800w, https:\/\/noblaskolan.se\/wp-content\/uploads\/2024\/03\/noblaskolan-internationella-matematikdagen-grundskola-202204-1024x683.jpg 1024w, https:\/\/noblaskolan.se\/wp-content\/uploads\/2024\/03\/noblaskolan-internationella-matematikdagen-grundskola-202204-1200x800.jpg 1200w, https:\/\/noblaskolan.se\/wp-content\/uploads\/2024\/03\/noblaskolan-internationella-matematikdagen-grundskola-202204.jpg 1920w\" \/>\n\t\t\t\t\t<\/div>\n\t\t\t\t<\/article>\n\t\t\t<\/li>\n\t\t\t<\/ul>\n\n\t<div class=\"no-results u-mt-0 u-hide\" data-filter-fallback-id=\"ams-article-list-69ee8b85cb4b5\">\n\t<p>Det finns inga resultat som matchar din filtrering.<\/p>\n<\/div>\n\n\t\n\n\t\t\n\t\t\t<div class=\"ams-article__action u-inline-items\">\n\t\t\t\t\t\t\t\n\n\n<a href=\"https:\/\/noblaskolan.se\/kviberg\/artikel\/\"\n\t\n\tclass=\"c-btn \"\n\tdata-style=\"round\"\n\tdata-size=\"md\"\n\tdata-width=\"full-mobile\"\n\tdata-variant=\"outline\"\n\ttarget=\"_self\">\n\t\t\t<span class=\"label\"> Se alla nyheter<\/span>\n\t\t\t<\/a>\n\t\t\t<\/div>\n\t<\/div>\n\n\t\t\n\n<\/section>\n\n\n\n\n<section  class=\"ams-social-media-feed c-block l-stacked\" data-color-scheme=\"nyans1_av_p2\">\n\t<div class=\"l-container l-stack l-stack-fluid-2xl u-pt-fluid-3xl-6xl u-pb-fluid-3xl-6xl is-center is-center@md\">\n\t\t\t\t\t<div class=\"ams-social-media-feed__intro l-stack l-stack-lg\">\n\t\t\t\t\t\n\t<h2\n\tclass=\"c-heading u-font-title-1 \"\n\tstyle=\"\">\n\t\t\n\t\t\t\t\tSe vad som h\u00e4nder hos oss\n\t\t\t\t\n\t<\/h2>\n\n\t\t\t\t\t\t\t<\/div>\n\t\t\n\t\t\t\t\t<div class=\"elfsight-app-25fdf8ad-51ee-4521-81d4-cafd0e03d1f5\"><\/div>\n\t\n\t\t\t<\/div>\n\n\t\t\n\n<\/section>\n\n\n\n\t<div class=\"module_wrapper ams_remote_pages_module \">\n\t\t\n\t\n\t\n<section  class=\"ams-map ams-map--fifty c-block  media-bottom media-right \" data-color-scheme=\"ljusgron\" data-locations=\"[{&quot;id&quot;:&quot;3524&quot;,&quot;county&quot;:&quot;V\\u00e4stra G\\u00f6taland&quot;,&quot;city&quot;:null,&quot;school&quot;:&quot;Kviberg&quot;,&quot;title&quot;:&quot;Noblaskolan Kviberg&quot;,&quot;phone&quot;:&quot;0317254204&quot;,&quot;phone_formatted&quot;:&quot;031-7254204&quot;,&quot;email&quot;:&quot;kviberg@noblaskolan.se&quot;,&quot;visiting_address&quot;:{&quot;address&quot;:&quot;Luftv\\u00e4rnsv\\u00e4gen 4-6&quot;,&quot;zip_code&quot;:&quot;415 27&quot;,&quot;city&quot;:&quot;G\\u00f6teborg&quot;},&quot;postal_address&quot;:{&quot;address&quot;:&quot;Luftv\\u00e4rnsv\\u00e4gen 4&quot;,&quot;zip_code&quot;:&quot;415 27&quot;,&quot;city&quot;:&quot;G\\u00f6teborg&quot;},&quot;address_map&quot;:&quot;Luftv\\u00e4rnsv\\u00e4gen 4-6, G\\u00f6teborg, Sverige&quot;,&quot;lat&quot;:57.735539,&quot;lng&quot;:12.0291726,&quot;link&quot;:{&quot;url&quot;:&quot;https:\\\/\\\/noblaskolan.se\\\/kviberg\\\/&quot;,&quot;text&quot;:&quot;L\\u00e4s mer om skolan&quot;}}]\">\n\t<div class=\"ams-map__content u-pt-fluid-2xl-4xl u-pb-fluid-2xl-4xl l-stack l-stack-fluid-xl is-left is-left@lg\">\n\t\t\t\n\t<h2\n\tclass=\"c-heading u-font-title-1 \"\n\tstyle=\"\">\n\t\t\n\t\t\t\t\tNoblaskolan Kviberg\n\t\t\t\t\n\t<\/h2>\n\n\t\t\n\t\t\t\t\t<div class=\"contact-info l-stack\">\n\t\t\t\t\t\t\t\t\t<div class=\"contact-info__item\">\n\t\t\t\t\t\t<p class=\"contact-info__heading u-font-title-4\">\n\t\t\t\t\t\t\tBes\u00f6ksadress\n\t\t\t\t\t\t<\/p>\n\t\t\t\t\t\t<p>\n\t\t\t\t\t\t\t\t\t\t\t\t\t\t\tLuftv\u00e4rnsv\u00e4gen 4-6<br \/>\n\t\t\t\t\t\t\t\t\t\t\t\t\t\t415 27 G\u00f6teborg\n\t\t\t\t\t\t<\/p>\n\t\t\t\t\t<\/div>\n\t\t\t\t\n\t\t\t\t\n\t\t\t\t\t\t\t\t\t<div class=\"contact-info__item\">\n\t\t\t\t\t\t<p class=\"contact-info__heading u-font-title-4\">\n\t\t\t\t\t\t\tKontakt\n\t\t\t\t\t\t<\/p>\n\t\t\t\t\t\t<p>\n\t\t\t\t\t\t\t\t\t\t\t\t\t\t\t<a href=\"tel:0317254204\">031-7254204<\/a><br \/>\n\t\t\t\t\t\t\t\t\t\t\t\t\t\t\t\t\t\t\t\t\t\t<a href=\"mailto:kviberg@noblaskolan.se\">kviberg@noblaskolan.se<\/a>\n\t\t\t\t\t\t\t\t\t\t\t\t\t<\/p>\n\t\t\t\t\t<\/div>\n\t\t\t\t\t\t\t<\/div>\n\t\t\t<\/div>\n\n\t<div class=\"ams-map__media\">\n\t<\/div>\n<\/section>\n\t<\/div>\n\n\t","protected":false},"excerpt":{"rendered":"","protected":false},"author":1,"featured_media":0,"parent":0,"menu_order":0,"comment_status":"closed","ping_status":"closed","template":"","meta":{"footnotes":""},"yoast_head":"<!-- This site is optimized with the Yoast SEO plugin v22.0 - https:\/\/yoast.com\/wordpress\/plugins\/seo\/ -->\n<title>Skola i G\u00f6teborg med h\u00f6ga ambitioner | Noblaskolan Kviberg<\/title>\n<meta name=\"description\" content=\"P\u00e5 Noblaskolan Kviberg bedriver vi resultatinriktad undervisning i \u00e5rskurs 6-9 genom att st\u00e4lla krav, st\u00f6tta och utmana v\u00e5ra elever.\" \/>\n<meta name=\"robots\" content=\"index, follow, max-snippet:-1, max-image-preview:large, max-video-preview:-1\" \/>\n<link rel=\"canonical\" href=\"https:\/\/noblaskolan.se\/kviberg\/\" \/>\n<meta property=\"og:locale\" content=\"sv_SE\" \/>\n<meta property=\"og:type\" content=\"article\" \/>\n<meta property=\"og:title\" content=\"Skola i G\u00f6teborg med h\u00f6ga ambitioner | Noblaskolan Kviberg\" \/>\n<meta property=\"og:description\" content=\"P\u00e5 Noblaskolan Kviberg bedriver vi resultatinriktad undervisning i \u00e5rskurs 6-9 genom att st\u00e4lla krav, st\u00f6tta och utmana v\u00e5ra elever.\" \/>\n<meta property=\"og:url\" content=\"https:\/\/noblaskolan.se\/kviberg\/\" \/>\n<meta property=\"og:site_name\" content=\"Kviberg\" \/>\n<meta property=\"article:modified_time\" content=\"2026-03-13T13:44:18+00:00\" \/>\n<meta name=\"twitter:card\" content=\"summary_large_image\" \/>\n<meta name=\"twitter:title\" content=\"Skola i G\u00f6teborg med h\u00f6ga ambitioner | Noblaskolan Kviberg\" \/>\n<meta name=\"twitter:description\" content=\"P\u00e5 Noblaskolan Kviberg bedriver vi resultatinriktad undervisning i \u00e5rskurs 6-9 genom att st\u00e4lla krav, st\u00f6tta och utmana v\u00e5ra elever.\" \/>\n<meta name=\"twitter:label1\" content=\"Ber\u00e4knad l\u00e4stid\" \/>\n\t<meta name=\"twitter:data1\" content=\"1 minut\" \/>\n<script type=\"application\/ld+json\" class=\"yoast-schema-graph\">{\"@context\":\"https:\/\/schema.org\",\"@graph\":[{\"@type\":\"WebPage\",\"@id\":\"https:\/\/noblaskolan.se\/kviberg\/\",\"url\":\"https:\/\/noblaskolan.se\/kviberg\/\",\"name\":\"Skola i G\u00f6teborg med h\u00f6ga ambitioner | Noblaskolan Kviberg\",\"isPartOf\":{\"@id\":\"https:\/\/noblaskolan.se\/kviberg\/#website\"},\"datePublished\":\"2020-09-01T20:03:42+00:00\",\"dateModified\":\"2026-03-13T13:44:18+00:00\",\"description\":\"P\u00e5 Noblaskolan Kviberg bedriver vi resultatinriktad undervisning i \u00e5rskurs 6-9 genom att st\u00e4lla krav, st\u00f6tta och utmana v\u00e5ra elever.\",\"breadcrumb\":{\"@id\":\"https:\/\/noblaskolan.se\/kviberg\/#breadcrumb\"},\"inLanguage\":\"sv-SE\",\"potentialAction\":[{\"@type\":\"ReadAction\",\"target\":[\"https:\/\/noblaskolan.se\/kviberg\/\"]}]},{\"@type\":\"BreadcrumbList\",\"@id\":\"https:\/\/noblaskolan.se\/kviberg\/#breadcrumb\",\"itemListElement\":[{\"@type\":\"ListItem\",\"position\":1,\"name\":\"Start\",\"item\":\"https:\/\/noblaskolan.se\/kviberg\/\"},{\"@type\":\"ListItem\",\"position\":2,\"name\":\"Startsida\"}]},{\"@type\":\"WebSite\",\"@id\":\"https:\/\/noblaskolan.se\/kviberg\/#website\",\"url\":\"https:\/\/noblaskolan.se\/kviberg\/\",\"name\":\"Kviberg\",\"description\":\"Noblaskolan Boden\",\"potentialAction\":[{\"@type\":\"SearchAction\",\"target\":{\"@type\":\"EntryPoint\",\"urlTemplate\":\"https:\/\/noblaskolan.se\/kviberg\/?s={search_term_string}\"},\"query-input\":\"required name=search_term_string\"}],\"inLanguage\":\"sv-SE\"}]}<\/script>\n<!-- \/ Yoast SEO plugin. -->","yoast_head_json":{"title":"Skola i G\u00f6teborg med h\u00f6ga ambitioner | Noblaskolan Kviberg","description":"P\u00e5 Noblaskolan Kviberg bedriver vi resultatinriktad undervisning i \u00e5rskurs 6-9 genom att st\u00e4lla krav, st\u00f6tta och utmana v\u00e5ra elever.","robots":{"index":"index","follow":"follow","max-snippet":"max-snippet:-1","max-image-preview":"max-image-preview:large","max-video-preview":"max-video-preview:-1"},"canonical":"https:\/\/noblaskolan.se\/kviberg\/","og_locale":"sv_SE","og_type":"article","og_title":"Skola i G\u00f6teborg med h\u00f6ga ambitioner | Noblaskolan Kviberg","og_description":"P\u00e5 Noblaskolan Kviberg bedriver vi resultatinriktad undervisning i \u00e5rskurs 6-9 genom att st\u00e4lla krav, st\u00f6tta och utmana v\u00e5ra elever.","og_url":"https:\/\/noblaskolan.se\/kviberg\/","og_site_name":"Kviberg","article_modified_time":"2026-03-13T13:44:18+00:00","twitter_card":"summary_large_image","twitter_title":"Skola i G\u00f6teborg med h\u00f6ga ambitioner | Noblaskolan Kviberg","twitter_description":"P\u00e5 Noblaskolan Kviberg bedriver vi resultatinriktad undervisning i \u00e5rskurs 6-9 genom att st\u00e4lla krav, st\u00f6tta och utmana v\u00e5ra elever.","twitter_misc":{"Ber\u00e4knad l\u00e4stid":"1 minut"},"schema":{"@context":"https:\/\/schema.org","@graph":[{"@type":"WebPage","@id":"https:\/\/noblaskolan.se\/kviberg\/","url":"https:\/\/noblaskolan.se\/kviberg\/","name":"Skola i G\u00f6teborg med h\u00f6ga ambitioner | Noblaskolan Kviberg","isPartOf":{"@id":"https:\/\/noblaskolan.se\/kviberg\/#website"},"datePublished":"2020-09-01T20:03:42+00:00","dateModified":"2026-03-13T13:44:18+00:00","description":"P\u00e5 Noblaskolan Kviberg bedriver vi resultatinriktad undervisning i \u00e5rskurs 6-9 genom att st\u00e4lla krav, st\u00f6tta och utmana v\u00e5ra elever.","breadcrumb":{"@id":"https:\/\/noblaskolan.se\/kviberg\/#breadcrumb"},"inLanguage":"sv-SE","potentialAction":[{"@type":"ReadAction","target":["https:\/\/noblaskolan.se\/kviberg\/"]}]},{"@type":"BreadcrumbList","@id":"https:\/\/noblaskolan.se\/kviberg\/#breadcrumb","itemListElement":[{"@type":"ListItem","position":1,"name":"Start","item":"https:\/\/noblaskolan.se\/kviberg\/"},{"@type":"ListItem","position":2,"name":"Startsida"}]},{"@type":"WebSite","@id":"https:\/\/noblaskolan.se\/kviberg\/#website","url":"https:\/\/noblaskolan.se\/kviberg\/","name":"Kviberg","description":"Noblaskolan Boden","potentialAction":[{"@type":"SearchAction","target":{"@type":"EntryPoint","urlTemplate":"https:\/\/noblaskolan.se\/kviberg\/?s={search_term_string}"},"query-input":"required name=search_term_string"}],"inLanguage":"sv-SE"}]}},"_links":{"self":[{"href":"https:\/\/noblaskolan.se\/kviberg\/wp-json\/wp\/v2\/pages\/5"}],"collection":[{"href":"https:\/\/noblaskolan.se\/kviberg\/wp-json\/wp\/v2\/pages"}],"about":[{"href":"https:\/\/noblaskolan.se\/kviberg\/wp-json\/wp\/v2\/types\/page"}],"author":[{"embeddable":true,"href":"https:\/\/noblaskolan.se\/kviberg\/wp-json\/wp\/v2\/users\/1"}],"replies":[{"embeddable":true,"href":"https:\/\/noblaskolan.se\/kviberg\/wp-json\/wp\/v2\/comments?post=5"}],"version-history":[{"count":9,"href":"https:\/\/noblaskolan.se\/kviberg\/wp-json\/wp\/v2\/pages\/5\/revisions"}],"predecessor-version":[{"id":3425,"href":"https:\/\/noblaskolan.se\/kviberg\/wp-json\/wp\/v2\/pages\/5\/revisions\/3425"}],"wp:attachment":[{"href":"https:\/\/noblaskolan.se\/kviberg\/wp-json\/wp\/v2\/media?parent=5"}],"curies":[{"name":"wp","href":"https:\/\/api.w.org\/{rel}","templated":true}]}}