{"id":41,"date":"2020-09-01T22:10:17","date_gmt":"2020-09-01T20:10:17","guid":{"rendered":"https:\/\/noblaskolan.se\/kviberg\/?page_id=41"},"modified":"2025-11-19T13:34:04","modified_gmt":"2025-11-19T12:34:04","slug":"antagning","status":"publish","type":"page","link":"https:\/\/noblaskolan.se\/kviberg\/antagning\/","title":{"rendered":"Antagningsprocess"},"content":{"rendered":"\n\n<section  class=\"ams-cta ams-cta--stacked c-block l-stacked ams-border\" data-color-scheme=\"ljusgron\">\n\t<div class=\"l-container-narrow l-stack l-stack-fluid-2xl u-pt-fluid-2xl-4xl u-pb-fluid-2xl-4xl is-left is-center@md\">\n\t\t\t\t\t<div class=\"ams-cta__intro l-stack l-stack-lg\">\n\t\t\t\t\t\n\t<h1\n\tclass=\"c-heading u-font-title-1 \"\n\tstyle=\"\">\n\t\t\n\t\t\t\t\tOm antagningen till Noblaskolan Kviberg\n\t\t\t\t\n\t<\/h1>\n\n\t\t\t\t\t\t\t\t\t<div class=\"c-text l-stack u-cs-xl u-font-body\">\n\t\t\t\t\t\t<p>Vad roligt att du \u00e4r intresserad av Noblaskolan Kviberg! H\u00e4r kan du l\u00e4sa om v\u00e5ra antagningsrutiner och hitta svar p\u00e5 n\u00e5gra av de vanligaste fr\u00e5gorna om antagningsprocessen.<\/p>\n\n\t\t\t\t\t<\/div>\n\t\t\t\t\t\t\t<\/div>\n\t\t\n\t\t\n\t\t\t<\/div>\n\n\t\t\n\n<\/section>\n\n\n\n\t\n\t\n\t\n\n\t\n\t\n\t\t\n<section  class=\"c-block l-stacked  \" data-color-scheme=\"transparent\">\n\t<div class=\"ams-fifty ams-fifty--container ams-fifty--right ams-fifty--bottom l-container u-pt-fluid-2xl-4xl u-pb-fluid-2xl-4xl\">\n\t\t<div class=\"ams-fifty__content l-stack l-stack-xl is-left is-left@lg\">\n\t\t\t<div class=\"ams-fifty__text l-stack l-stack-lg\">\n\t\t\t\t\t\n\t<h2\n\tclass=\"c-heading u-font-title-2 \"\n\tstyle=\"\">\n\t\t\n\t\t\t\t\tSt\u00e4ll ditt barn i k\u00f6 till Noblaskolan Kviberg\n\t\t\t\t\n\t<\/h2>\n\n\t\t\t\t\t\t\t\t\t<div class=\"text l-stack u-font-body\">\n\t\t\t\t\t\t<p>En frist\u00e5ende grundskola ska vara \u00f6ppen f\u00f6r alla elever som har r\u00e4tt till utbildning i grundskola (10 kap. 35 \u00a7 SkolL). F\u00f6r att s\u00e4kerst\u00e4lla att alla barn och elever behandlas lika har vi tagit fram riktlinjer f\u00f6r k\u00f6hantering och antagning till v\u00e5ra skolor.<\/p>\n<p>Du g\u00f6r en k\u00f6anm\u00e4lan till Noblaskolan Kviberg genom att klicka p\u00e5 knappen nedan. Se steg-f\u00f6r-steg nedan hur antagningsprocessen g\u00e5r till. Du kan st\u00e4lla dig i k\u00f6 n\u00e4r som helst under \u00e5ret. Du hittar \u00e4ven v\u00e5ra antagningsrutiner i form av fr\u00e5gor och svar l\u00e4ngre ner p\u00e5 sidan.<\/p>\n<p data-pm-slice=\"1 1 []\">N\u00e4r du st\u00e4ller ditt barn i k\u00f6 och inte f\u00e5r plats till \u00f6nskad \u00e5rskurs flyttas k\u00f6platsen \u00e5rligen upp till aktuell \u00e5rskurs, tills du sj\u00e4lv v\u00e4ljer att kliva ur k\u00f6n. Vid platserbjudande f\u00e5r du alternativen tacka ja, tacka nej samt l\u00e4s\u00e5rsuppflyttning. V\u00e4ljer du alternativet l\u00e4s\u00e5rsuppflyttning flyttas din k\u00f6plats till kommande l\u00e4s\u00e5r och \u00e5rskurs med bibeh\u00e5llet k\u00f6datum.<\/p>\n\n\t\t\t\t\t<\/div>\n\t\t\t\t\t\t\t<\/div>\n\n\t\t\t\t<div class=\"ams-fifty__action u-inline-items\">\n\t\t\t\t\t\t\t\n\n\n<a href=\"https:\/\/noblaskolan.se\/kviberg\/koanmalan\/\"\n\t\n\tclass=\"c-btn \"\n\tdata-style=\"round\"\n\tdata-size=\"md\"\n\tdata-width=\"full-mobile\"\n\tdata-variant=\"default\"\n\ttarget=\"_self\">\n\t\t\t<span class=\"label\"> G\u00f6r en k\u00f6anm\u00e4lan<\/span>\n\t\t\t<\/a>\n\t\t\t<\/div>\n\t\t<\/div>\n\n\t\t <div class=\"ams-fifty__media u-ratio-square\">\n\t\t \t\t\t\t\t<img decoding=\"async\" width=\"600\" height=\"400\" src=\"https:\/\/noblaskolan.se\/wp-content\/uploads\/sites\/36\/2024\/06\/noblaskolan-antagning-goteborg-kviberg-202204-600x400.jpg\" class=\"attachment-md size-md\" alt=\"Tv\u00e5 elever p\u00e5 Noblaskolan sitter i klassrummet och jobbar med en matematikuppgift tillsammans.\" sizes=\"(min-width: 64em) 600px, calc(100vw - 160px)\" srcset=\"https:\/\/noblaskolan.se\/wp-content\/uploads\/sites\/36\/2024\/06\/noblaskolan-antagning-goteborg-kviberg-202204-600x400.jpg 600w, https:\/\/noblaskolan.se\/wp-content\/uploads\/sites\/36\/2024\/06\/noblaskolan-antagning-goteborg-kviberg-202204-300x200.jpg 300w, https:\/\/noblaskolan.se\/wp-content\/uploads\/sites\/36\/2024\/06\/noblaskolan-antagning-goteborg-kviberg-202204-400x267.jpg 400w, https:\/\/noblaskolan.se\/wp-content\/uploads\/sites\/36\/2024\/06\/noblaskolan-antagning-goteborg-kviberg-202204-800x533.jpg 800w, https:\/\/noblaskolan.se\/wp-content\/uploads\/sites\/36\/2024\/06\/noblaskolan-antagning-goteborg-kviberg-202204-1024x683.jpg 1024w, https:\/\/noblaskolan.se\/wp-content\/uploads\/sites\/36\/2024\/06\/noblaskolan-antagning-goteborg-kviberg-202204-1200x800.jpg 1200w, https:\/\/noblaskolan.se\/wp-content\/uploads\/sites\/36\/2024\/06\/noblaskolan-antagning-goteborg-kviberg-202204.jpg 1920w\" \/>\n\t\t\t\n\t\t\t\n\t\t\t\t\t<\/div>\n\t<\/div>\n\n\t\t\n\n<\/section>\n\n\n\n\t\n\t\n\t\n\n\t\n\t\n\t\t\n<section  class=\"c-block l-stacked  \" data-color-scheme=\"transparent\">\n\t<div class=\"ams-fifty ams-fifty--container ams-fifty--left ams-fifty--bottom l-container u-pt-fluid-2xl-4xl u-pb-fluid-md-xl\">\n\t\t<div class=\"ams-fifty__content l-stack l-stack-xl is-left is-left@lg\">\n\t\t\t<div class=\"ams-fifty__text l-stack l-stack-lg\">\n\t\t\t\t\t\n\t<h2\n\tclass=\"c-heading u-font-title-2 \"\n\tstyle=\"\">\n\t\t\n\t\t\t\t\tUrvalsgrunder till \u00e5rskurs 6-9\n\t\t\t\t\n\t<\/h2>\n\n\t\t\t\t\t\t\t\t\t<div class=\"text l-stack u-font-body\">\n\t\t\t\t\t\t<p>Om det finns fler s\u00f6kande elever \u00e4n platser g\u00f6r Noblaskolan Kviberg ett urval (8 kap. 19 \u00a7, 9 kap. 18 \u00a7 samt 10 kap. 36 \u00a7 SkolL). F\u00f6ljande urvalsgrunder och ordning till\u00e4mpas vid ans\u00f6kan till \u00e5rskurs 6-9:<\/p>\n<p><strong>1. Syskonf\u00f6rtur<\/strong><br \/>\nNoblaskolan Kviberg till\u00e4mpar syskonf\u00f6rtur. F\u00f6r syskonf\u00f6rtur g\u00e4ller att syskonen \u00e4r folkbokf\u00f6rda p\u00e5 samma adress. Som syskon r\u00e4knas helsyskon, halvsyskon samt s\u00e5 kallade &#8221;bonussyskon&#8221;. Elever med syskonf\u00f6rtur antas i inb\u00f6rdes ordning efter anm\u00e4lningsdatum. V\u00e5rdnadshavare som tackar nej f\u00f6rlorar sin plats i k\u00f6n.<\/p>\n<p><strong>2. Anm\u00e4lningsdatum (k\u00f6datum)<\/strong><br \/>\nV\u00e5rdnadshavare kan st\u00e4lla sitt barn i k\u00f6 l\u00f6pande under \u00e5ret. Noblaskolan Kviberg till\u00e4mpar anm\u00e4lningsdatum och tid som k\u00f6plats. V\u00e5rdnadshavare som tackar nej f\u00f6rlorar sin plats i k\u00f6n.<\/p>\n\n\t\t\t\t\t<\/div>\n\t\t\t\t\t\t\t<\/div>\n\n\t\t\t\t\t<\/div>\n\n\t\t <div class=\"ams-fifty__media u-ratio-square\">\n\t\t \t\t\t\t\t<img decoding=\"async\" width=\"600\" height=\"400\" src=\"https:\/\/noblaskolan.se\/wp-content\/uploads\/sites\/36\/2024\/06\/noblaskolan-antagning-2-goteborg-kviberg-202204-600x400.jpg\" class=\"attachment-md size-md\" alt=\"Tv\u00e5 elever sitter i ett klassrum p\u00e5 Noblaskolan, i bakgrunden och f\u00f6rgrunden sitter fler elever.\" sizes=\"(min-width: 64em) 600px, calc(100vw - 160px)\" srcset=\"https:\/\/noblaskolan.se\/wp-content\/uploads\/sites\/36\/2024\/06\/noblaskolan-antagning-2-goteborg-kviberg-202204-600x400.jpg 600w, https:\/\/noblaskolan.se\/wp-content\/uploads\/sites\/36\/2024\/06\/noblaskolan-antagning-2-goteborg-kviberg-202204-300x200.jpg 300w, https:\/\/noblaskolan.se\/wp-content\/uploads\/sites\/36\/2024\/06\/noblaskolan-antagning-2-goteborg-kviberg-202204-400x267.jpg 400w, https:\/\/noblaskolan.se\/wp-content\/uploads\/sites\/36\/2024\/06\/noblaskolan-antagning-2-goteborg-kviberg-202204-800x533.jpg 800w, https:\/\/noblaskolan.se\/wp-content\/uploads\/sites\/36\/2024\/06\/noblaskolan-antagning-2-goteborg-kviberg-202204-1024x683.jpg 1024w, https:\/\/noblaskolan.se\/wp-content\/uploads\/sites\/36\/2024\/06\/noblaskolan-antagning-2-goteborg-kviberg-202204-1200x800.jpg 1200w\" \/>\n\t\t\t\n\t\t\t\n\t\t\t\t\t<\/div>\n\t<\/div>\n\n\t\t\n\n<\/section>\n\n\n\n\n\n<section  class=\"ams-faq ams_event_module c-block l-stacked js-load-more\" data-color-scheme=\"transparent-hover-standard\" data-count=\"4\" data-count-mobile=\"4\">\n\t<div class=\"l-container-narrow l-stack l-stack-fluid-2xl u-pt-fluid-2xl-4xl u-pb-fluid-2xl-4xl is-center is-center@md\">\n\t\t\t\t\t<div class=\"ams-faq__intro l-stack l-stack-lg\">\n\t\t\t\t\t\n\t<h2\n\tclass=\"c-heading u-font-title-1 \"\n\tstyle=\"\">\n\t\t\n\t\t\t\t\tVanliga fr\u00e5gor om antagningen\n\t\t\t\t\n\t<\/h2>\n\n\t\t\t\t\t\t\t\t\t<div class=\"c-text l-stack u-cs-xl u-font-body\">\n\t\t\t\t\t\t<p>Vi f\u00f6ljer riktlinjer f\u00f6r v\u00e5r elevrekrytering och k\u00f6hantering. Detta g\u00e4ller f\u00f6r samtliga Noblaskolor.<\/p>\n\n\t\t\t\t\t<\/div>\n\t\t\t\t\t\t\t<\/div>\n\t\t\n\t\t\n\t\n\t    \n\t\n\t<ul\n\t\tid=\"ams-faq-list-69ee5d164db4a\"\n\t\tclass=\"ams-faq__ac ams-accordion_module c-accordion js-results \"\n\t\taria-label=\"Vanliga fr\u00e5gor\"\n\t\tdata-variant=\"border-between\"\n\t\tdata-ajax-action=\"log_faq_view\"\n\t\tdata-ajax-url=\"https:\/\/noblaskolan.se\/kviberg\/wp-admin\/admin-ajax.php\"\n\t\tdata-ajax-nonce=\"514e5293d9\"\n\t\tdata-filter-animation=\"off\">\n\n\t\t\n\t\t\t\t\t\t\t\t\t\t\t\t\t\t\t\n\t\t\t\n\t\t\t<li data-ajax-id=\"2972\" class=\"c-accordion__item \"\n\t\t\tdata-filter=\"lediga-platser september-2023\"\n\t\t\t>\n\t\t\t\t<h3 class=\"c-accordion__header\">\n\t\t\t\t\t\t\t\t\t\t<button class=\"c-accordion__trigger u-py-sm u-px-fluid-md-xl u-font-title-4\">\n\t\t\t\t\t\t<span>Hur ser k\u00f6systemet ut p\u00e5 Noblaskolan?<\/span>\n\t\t\t\t\t\t<svg class=\"ams-icon ams-icon__arrow-down\" width=\"24\" height=\"24\" viewbox=\"0 0 24 24\" fill=\"currentColor\" aria-hidden=\"true\" xmlns=\"http:\/\/www.w3.org\/2000\/svg\">\n\t\t\t\t\t\t\t\t\t\t\t\t\t<path d=\"m11.2033 18.4294-10.872894-10.67584c-.440539-.42594-.440539-1.1147 0-1.54065l.665495-.64345c.440539-.42595 1.152899-.42595 1.593439 0l9.41066 9.27114 9.4107-9.26207c.4405-.42595 1.1529-.42595 1.5934 0l.6655.64345c.4405.42594.4405 1.1147 0 1.54065l-10.8729 10.67587c-.4405.4168-1.1529.4168-1.5934-.0091z\"\/>\n\t\t\t\t\t\n\t\t\t\t\t\t<\/svg>\n\t\t\t\t\t<\/button>\n\t\t\t\t<\/h3>\n\t\t\t\t<div class=\"c-accordion__body l-stack u-font-body\">\n\t\t\t\t\t<div class=\"c-accordion__body__inner u-p-fluid-md-xl l-stack\">\n\t\t\t\t\t\t<p>Noblaskolan g\u00e5r efter en rak tidsk\u00f6. Vi r\u00e4knar efter ans\u00f6kningsdatum d\u00e4r den elev som st\u00e5r i k\u00f6 l\u00e4ngst i varje \u00e5ldersgrupp erbjuds plats f\u00f6rst.<\/p>\n\n\t\t\t\t\t<\/div>\n\t\t\t\t<\/div>\n\t\t\t<\/li>\n\t\t\n\t\t\t\t\t\t\t\t\t\t\t\t\t\t\t\n\t\t\t\n\t\t\t<li data-ajax-id=\"1280\" class=\"c-accordion__item \"\n\t\t\tdata-filter=\"kosystem lediga-platser september-2020\"\n\t\t\t>\n\t\t\t\t<h3 class=\"c-accordion__header\">\n\t\t\t\t\t\t\t\t\t\t<button class=\"c-accordion__trigger u-py-sm u-px-fluid-md-xl u-font-title-4\">\n\t\t\t\t\t\t<span>N\u00e4r f\u00e5r jag veta om mitt barn f\u00e5tt en plats?<\/span>\n\t\t\t\t\t\t<svg class=\"ams-icon ams-icon__arrow-down\" width=\"24\" height=\"24\" viewbox=\"0 0 24 24\" fill=\"currentColor\" aria-hidden=\"true\" xmlns=\"http:\/\/www.w3.org\/2000\/svg\">\n\t\t\t\t\t\t\t\t\t\t\t\t\t<path d=\"m11.2033 18.4294-10.872894-10.67584c-.440539-.42594-.440539-1.1147 0-1.54065l.665495-.64345c.440539-.42595 1.152899-.42595 1.593439 0l9.41066 9.27114 9.4107-9.26207c.4405-.42595 1.1529-.42595 1.5934 0l.6655.64345c.4405.42594.4405 1.1147 0 1.54065l-10.8729 10.67587c-.4405.4168-1.1529.4168-1.5934-.0091z\"\/>\n\t\t\t\t\t\n\t\t\t\t\t\t<\/svg>\n\t\t\t\t\t<\/button>\n\t\t\t\t<\/h3>\n\t\t\t\t<div class=\"c-accordion__body l-stack u-font-body\">\n\t\t\t\t\t<div class=\"c-accordion__body__inner u-p-fluid-md-xl l-stack\">\n\t\t\t\t\t\t<p><span data-sheets-value=\"{&quot;1&quot;:2,&quot;2&quot;:&quot;Har du gjort en ans\u00f6kan till skolan har ditt barn f\u00e5tt en plats i k\u00f6n. Har ni blivit erbjuden en plats kommer ni f\u00e5 hem information att tacka ja.&quot;}\" data-sheets-userformat=\"{&quot;2&quot;:819,&quot;3&quot;:{&quot;1&quot;:0},&quot;4&quot;:{&quot;1&quot;:2,&quot;2&quot;:16776960},&quot;7&quot;:{&quot;1&quot;:[{&quot;1&quot;:2,&quot;2&quot;:0,&quot;5&quot;:[null,2,0]},{&quot;1&quot;:0,&quot;2&quot;:0,&quot;3&quot;:3},{&quot;1&quot;:1,&quot;2&quot;:0,&quot;4&quot;:1}]},&quot;8&quot;:{&quot;1&quot;:[{&quot;1&quot;:2,&quot;2&quot;:0,&quot;5&quot;:[null,2,0]},{&quot;1&quot;:0,&quot;2&quot;:0,&quot;3&quot;:3},{&quot;1&quot;:1,&quot;2&quot;:0,&quot;4&quot;:1}]},&quot;11&quot;:3,&quot;12&quot;:0}\">Har du gjort en ans\u00f6kan till skolan har ditt barn f\u00e5tt en plats i k\u00f6n. Blir ni erbjuden en plats kommer ni att bli kontaktade och m\u00e5ste tacka ja inom en viss tid.<\/span><\/p>\n\n\t\t\t\t\t<\/div>\n\t\t\t\t<\/div>\n\t\t\t<\/li>\n\t\t\n\t\t\t\t\t\t\t\t\t\t\t\t\t\t\t\n\t\t\t\n\t\t\t<li data-ajax-id=\"1340\" class=\"c-accordion__item \"\n\t\t\tdata-filter=\"antagningsrutiner lediga-platser september-2020\"\n\t\t\t>\n\t\t\t\t<h3 class=\"c-accordion__header\">\n\t\t\t\t\t\t\t\t\t\t<button class=\"c-accordion__trigger u-py-sm u-px-fluid-md-xl u-font-title-4\">\n\t\t\t\t\t\t<span>Hur g\u00e5r urvalet till?<\/span>\n\t\t\t\t\t\t<svg class=\"ams-icon ams-icon__arrow-down\" width=\"24\" height=\"24\" viewbox=\"0 0 24 24\" fill=\"currentColor\" aria-hidden=\"true\" xmlns=\"http:\/\/www.w3.org\/2000\/svg\">\n\t\t\t\t\t\t\t\t\t\t\t\t\t<path d=\"m11.2033 18.4294-10.872894-10.67584c-.440539-.42594-.440539-1.1147 0-1.54065l.665495-.64345c.440539-.42595 1.152899-.42595 1.593439 0l9.41066 9.27114 9.4107-9.26207c.4405-.42595 1.1529-.42595 1.5934 0l.6655.64345c.4405.42594.4405 1.1147 0 1.54065l-10.8729 10.67587c-.4405.4168-1.1529.4168-1.5934-.0091z\"\/>\n\t\t\t\t\t\n\t\t\t\t\t\t<\/svg>\n\t\t\t\t\t<\/button>\n\t\t\t\t<\/h3>\n\t\t\t\t<div class=\"c-accordion__body l-stack u-font-body\">\n\t\t\t\t\t<div class=\"c-accordion__body__inner u-p-fluid-md-xl l-stack\">\n\t\t\t\t\t\t<p>Noblaskolan till\u00e4mpar urval baserat p\u00e5 organisatoriskt samband, k\u00f6dagar, kvot f\u00f6r nyanl\u00e4nda och syskonf\u00f6rtur.<\/p>\n\n\t\t\t\t\t<\/div>\n\t\t\t\t<\/div>\n\t\t\t<\/li>\n\t\t\t<\/ul>\n\n\t<div class=\"no-results u-mt-0 u-hide\" data-filter-fallback-id=\"ams-faq-list-69ee5d164db4a\">\n\t<p>Det finns inga resultat som matchar din filtrering.<\/p>\n<\/div>\n\n\t\n\n\t\t\n\t\t\t<\/div>\n\n\t\t\n\n<\/section>\n\n\n\n\n<section  class=\"ams-timeline c-block l-stacked\" data-color-scheme=\"nyans1_av_p2-card-transparent-hover-standard_standard\">\n\t<div class=\"l-container l-stack l-stack-fluid-2xl u-pt-fluid-2xl-4xl u-pb-fluid-2xl-4xl is-center is-center@md\">\n\t\t\t\t\t<div class=\"ams-timeline__intro l-stack l-stack-lg\">\n\t\t\t\t\t\n\t<h2\n\tclass=\"c-heading u-font-title-1 \"\n\tstyle=\"\">\n\t\t\n\t\t\t\t\tAns\u00f6kan \u2013 steg f\u00f6r steg\n\t\t\t\t\n\t<\/h2>\n\n\t\t\t\t\t\t\t<\/div>\n\t\t\n\t\t\t\t\t\n<ol class=\"c-steps\" data-variant=\"vertical\" data-size=\"md\" data-columns=\"2\">\n\t\t\t<li class=\"c-steps__item\"\n\t\t\t\n\t\t>\n\t\t\t<div class=\"c-steps__circle u-radius-round\">\n\t\t\t\t\t\t\t\t\t<span class=\"c-steps__number\">1<\/span>\n\t\t\t\t\t\t\t<\/div>\n\n\t\t\t\t\t\t\t<div class=\"c-steps__content l-stack-xs\">\n\t\t\t\t\t\t\t\t\t\t\t<h3 class=\"c-steps__title u-font-title-3\">\n\t\t\t\t\t\t\t\t\t\t\t\t\t\t\tL\u00e4s p\u00e5 om skolan\n\t\t\t\t\t\t\t\t\t\t\t\t\t<\/h3>\n\t\t\t\t\t\n\t\t\t\t\t\t\t\t\t\t\t<div class=\"c-steps__text l-stack-sm u-font-body\">\n\t\t\t\t\t\t\t<p>Innan du s\u00f6ker till skolan kan det vara en bra id\u00e9 att l\u00e4sa lite mer om oss och hur vi jobbar p\u00e5 Noblaskolan Kviberg. Det kan du g\u00f6ra <a href=\"https:\/\/noblaskolan.se\/kviberg\/om\/\">h\u00e4r<\/a>!<\/p>\n\n\t\t\t\t\t\t<\/div>\n\t\t\t\t\t\t\t\t\t<\/div>\n\t\t\t\t\t<\/li>\n\t\t\t<li class=\"c-steps__item\"\n\t\t\t\n\t\t>\n\t\t\t<div class=\"c-steps__circle u-radius-round\">\n\t\t\t\t\t\t\t\t\t<span class=\"c-steps__number\">2<\/span>\n\t\t\t\t\t\t\t<\/div>\n\n\t\t\t\t\t\t\t<div class=\"c-steps__content l-stack-xs\">\n\t\t\t\t\t\t\t\t\t\t\t<h3 class=\"c-steps__title u-font-title-3\">\n\t\t\t\t\t\t\t\t\t\t\t\t\t\t\tSt\u00e4ll dig i k\u00f6\n\t\t\t\t\t\t\t\t\t\t\t\t\t<\/h3>\n\t\t\t\t\t\n\t\t\t\t\t\t\t\t\t\t\t<div class=\"c-steps__text l-stack-sm u-font-body\">\n\t\t\t\t\t\t\t<p>N\u00e4r du k\u00e4nner dig redo fyller du i v\u00e5rt <a href=\"https:\/\/noblaskolan.se\/kviberg\/koanmalan\/\" rel=\"noopener\">ans\u00f6kningsformul\u00e4r<\/a>. Skicka in det f\u00f6r att ans\u00f6ka till skolan.<\/p>\n\n\t\t\t\t\t\t<\/div>\n\t\t\t\t\t\t\t\t\t<\/div>\n\t\t\t\t\t<\/li>\n\t\t\t<li class=\"c-steps__item\"\n\t\t\t\n\t\t>\n\t\t\t<div class=\"c-steps__circle u-radius-round\">\n\t\t\t\t\t\t\t\t\t<span class=\"c-steps__number\">3<\/span>\n\t\t\t\t\t\t\t<\/div>\n\n\t\t\t\t\t\t\t<div class=\"c-steps__content l-stack-xs\">\n\t\t\t\t\t\t\t\t\t\t\t<h3 class=\"c-steps__title u-font-title-3\">\n\t\t\t\t\t\t\t\t\t\t\t\t\t\t\tBes\u00f6k oss\n\t\t\t\t\t\t\t\t\t\t\t\t\t<\/h3>\n\t\t\t\t\t\n\t\t\t\t\t\t\t\t\t\t\t<div class=\"c-steps__text l-stack-sm u-font-body\">\n\t\t\t\t\t\t\t<p>De som st\u00e5r i k\u00f6 till kommande l\u00e4s\u00e5rsstart blir inbjudna till att bes\u00f6ka oss p\u00e5 \u00f6ppet hus f\u00f6r att f\u00e5 en uppfattning om hur skolan fungerar.<\/p>\n\n\t\t\t\t\t\t<\/div>\n\t\t\t\t\t\t\t\t\t<\/div>\n\t\t\t\t\t<\/li>\n\t\t\t<li class=\"c-steps__item\"\n\t\t\t\n\t\t>\n\t\t\t<div class=\"c-steps__circle u-radius-round\">\n\t\t\t\t\t\t\t\t\t<span class=\"c-steps__number\">4<\/span>\n\t\t\t\t\t\t\t<\/div>\n\n\t\t\t\t\t\t\t<div class=\"c-steps__content l-stack-xs\">\n\t\t\t\t\t\t\t\t\t\t\t<h3 class=\"c-steps__title u-font-title-3\">\n\t\t\t\t\t\t\t\t\t\t\t\t\t\t\tAntagningsbesked\n\t\t\t\t\t\t\t\t\t\t\t\t\t<\/h3>\n\t\t\t\t\t\n\t\t\t\t\t\t\t\t\t\t\t<div class=\"c-steps__text l-stack-sm u-font-body\">\n\t\t\t\t\t\t\t<p>Vi \u00e5terkommer med erbjudande om plats, som du sedan f\u00e5r tacka ja till. Kom ih\u00e5g att du m\u00e5ste tacka ja inom en viss tid f\u00f6r att f\u00e5 platsen. Har du funderingar kan du l\u00e4sa mer under v\u00e5ra <a href=\"https:\/\/noblaskolan.se\/kviberg\/om\/vanliga-fragor\/\">vanliga fr\u00e5gor<\/a>.<\/p>\n\n\t\t\t\t\t\t<\/div>\n\t\t\t\t\t\t\t\t\t<\/div>\n\t\t\t\t\t<\/li>\n\t<\/ol>\n\t\n\t\t\t<div class=\"ams-timeline__action u-inline-items\">\n\t\t\t\t\t\t\t\n\n\n<a href=\"https:\/\/noblaskolan.se\/kviberg\/koanmalan\/\"\n\t\n\tclass=\"c-btn \"\n\tdata-style=\"round\"\n\tdata-size=\"md\"\n\tdata-width=\"full-mobile\"\n\tdata-variant=\"default\"\n\ttarget=\"_self\">\n\t\t\t<span class=\"label\"> St\u00e4ll ditt barn i k\u00f6<\/span>\n\t\t\t<\/a>\n\t\t\t<\/div>\n\t<\/div>\n\n\t\t\n\n<\/section>\n\n\n\n<div style=\"height:50px\" aria-hidden=\"true\" class=\"wp-block-spacer\"><\/div>\n\n\n\n<div style=\"height:50px\" aria-hidden=\"true\" class=\"wp-block-spacer\"><\/div>\n","protected":false},"excerpt":{"rendered":"","protected":false},"author":1,"featured_media":0,"parent":0,"menu_order":0,"comment_status":"closed","ping_status":"closed","template":"","meta":{"footnotes":""},"yoast_head":"<!-- This site is optimized with the Yoast SEO plugin v22.0 - https:\/\/yoast.com\/wordpress\/plugins\/seo\/ -->\n<title>Antagningsprocessen p\u00e5 Noblaskolan Kviberg<\/title>\n<meta name=\"description\" content=\"H\u00e4r finns information om v\u00e5r antagningsprocess p\u00e5 Noblaskolan Kviberg. L\u00e4s om hur du g\u00f6r en k\u00f6anm\u00e4lan till v\u00e5r skola.\" \/>\n<meta name=\"robots\" content=\"index, follow, max-snippet:-1, max-image-preview:large, max-video-preview:-1\" \/>\n<link rel=\"canonical\" href=\"https:\/\/noblaskolan.se\/kviberg\/antagning\/\" \/>\n<meta property=\"og:locale\" content=\"sv_SE\" \/>\n<meta property=\"og:type\" content=\"article\" \/>\n<meta property=\"og:title\" content=\"Antagningsprocessen p\u00e5 Noblaskolan Kviberg\" \/>\n<meta property=\"og:description\" content=\"H\u00e4r finns information om v\u00e5r antagningsprocess p\u00e5 Noblaskolan Kviberg. L\u00e4s om hur du g\u00f6r en k\u00f6anm\u00e4lan till v\u00e5r skola.\" \/>\n<meta property=\"og:url\" content=\"https:\/\/noblaskolan.se\/kviberg\/antagning\/\" \/>\n<meta property=\"og:site_name\" content=\"Kviberg\" \/>\n<meta property=\"article:modified_time\" content=\"2025-11-19T12:34:04+00:00\" \/>\n<meta name=\"twitter:card\" content=\"summary_large_image\" \/>\n<meta name=\"twitter:title\" content=\"Antagningsprocessen p\u00e5 Noblaskolan Kviberg\" \/>\n<meta name=\"twitter:description\" content=\"H\u00e4r finns information om v\u00e5r antagningsprocess p\u00e5 Noblaskolan Kviberg. L\u00e4s om hur du g\u00f6r en k\u00f6anm\u00e4lan till v\u00e5r skola.\" \/>\n<meta name=\"twitter:label1\" content=\"Ber\u00e4knad l\u00e4stid\" \/>\n\t<meta name=\"twitter:data1\" content=\"3 minuter\" \/>\n<script type=\"application\/ld+json\" class=\"yoast-schema-graph\">{\"@context\":\"https:\/\/schema.org\",\"@graph\":[{\"@type\":\"WebPage\",\"@id\":\"https:\/\/noblaskolan.se\/kviberg\/antagning\/\",\"url\":\"https:\/\/noblaskolan.se\/kviberg\/antagning\/\",\"name\":\"Antagningsprocessen p\u00e5 Noblaskolan Kviberg\",\"isPartOf\":{\"@id\":\"https:\/\/noblaskolan.se\/kviberg\/#website\"},\"datePublished\":\"2020-09-01T20:10:17+00:00\",\"dateModified\":\"2025-11-19T12:34:04+00:00\",\"description\":\"H\u00e4r finns information om v\u00e5r antagningsprocess p\u00e5 Noblaskolan Kviberg. L\u00e4s om hur du g\u00f6r en k\u00f6anm\u00e4lan till v\u00e5r skola.\",\"breadcrumb\":{\"@id\":\"https:\/\/noblaskolan.se\/kviberg\/antagning\/#breadcrumb\"},\"inLanguage\":\"sv-SE\",\"potentialAction\":[{\"@type\":\"ReadAction\",\"target\":[\"https:\/\/noblaskolan.se\/kviberg\/antagning\/\"]}]},{\"@type\":\"BreadcrumbList\",\"@id\":\"https:\/\/noblaskolan.se\/kviberg\/antagning\/#breadcrumb\",\"itemListElement\":[{\"@type\":\"ListItem\",\"position\":1,\"name\":\"Start\",\"item\":\"https:\/\/noblaskolan.se\/kviberg\/\"},{\"@type\":\"ListItem\",\"position\":2,\"name\":\"Antagningsprocess\"}]},{\"@type\":\"WebSite\",\"@id\":\"https:\/\/noblaskolan.se\/kviberg\/#website\",\"url\":\"https:\/\/noblaskolan.se\/kviberg\/\",\"name\":\"Kviberg\",\"description\":\"Noblaskolan Boden\",\"potentialAction\":[{\"@type\":\"SearchAction\",\"target\":{\"@type\":\"EntryPoint\",\"urlTemplate\":\"https:\/\/noblaskolan.se\/kviberg\/?s={search_term_string}\"},\"query-input\":\"required name=search_term_string\"}],\"inLanguage\":\"sv-SE\"}]}<\/script>\n<!-- \/ Yoast SEO plugin. -->","yoast_head_json":{"title":"Antagningsprocessen p\u00e5 Noblaskolan Kviberg","description":"H\u00e4r finns information om v\u00e5r antagningsprocess p\u00e5 Noblaskolan Kviberg. L\u00e4s om hur du g\u00f6r en k\u00f6anm\u00e4lan till v\u00e5r skola.","robots":{"index":"index","follow":"follow","max-snippet":"max-snippet:-1","max-image-preview":"max-image-preview:large","max-video-preview":"max-video-preview:-1"},"canonical":"https:\/\/noblaskolan.se\/kviberg\/antagning\/","og_locale":"sv_SE","og_type":"article","og_title":"Antagningsprocessen p\u00e5 Noblaskolan Kviberg","og_description":"H\u00e4r finns information om v\u00e5r antagningsprocess p\u00e5 Noblaskolan Kviberg. L\u00e4s om hur du g\u00f6r en k\u00f6anm\u00e4lan till v\u00e5r skola.","og_url":"https:\/\/noblaskolan.se\/kviberg\/antagning\/","og_site_name":"Kviberg","article_modified_time":"2025-11-19T12:34:04+00:00","twitter_card":"summary_large_image","twitter_title":"Antagningsprocessen p\u00e5 Noblaskolan Kviberg","twitter_description":"H\u00e4r finns information om v\u00e5r antagningsprocess p\u00e5 Noblaskolan Kviberg. L\u00e4s om hur du g\u00f6r en k\u00f6anm\u00e4lan till v\u00e5r skola.","twitter_misc":{"Ber\u00e4knad l\u00e4stid":"3 minuter"},"schema":{"@context":"https:\/\/schema.org","@graph":[{"@type":"WebPage","@id":"https:\/\/noblaskolan.se\/kviberg\/antagning\/","url":"https:\/\/noblaskolan.se\/kviberg\/antagning\/","name":"Antagningsprocessen p\u00e5 Noblaskolan Kviberg","isPartOf":{"@id":"https:\/\/noblaskolan.se\/kviberg\/#website"},"datePublished":"2020-09-01T20:10:17+00:00","dateModified":"2025-11-19T12:34:04+00:00","description":"H\u00e4r finns information om v\u00e5r antagningsprocess p\u00e5 Noblaskolan Kviberg. L\u00e4s om hur du g\u00f6r en k\u00f6anm\u00e4lan till v\u00e5r skola.","breadcrumb":{"@id":"https:\/\/noblaskolan.se\/kviberg\/antagning\/#breadcrumb"},"inLanguage":"sv-SE","potentialAction":[{"@type":"ReadAction","target":["https:\/\/noblaskolan.se\/kviberg\/antagning\/"]}]},{"@type":"BreadcrumbList","@id":"https:\/\/noblaskolan.se\/kviberg\/antagning\/#breadcrumb","itemListElement":[{"@type":"ListItem","position":1,"name":"Start","item":"https:\/\/noblaskolan.se\/kviberg\/"},{"@type":"ListItem","position":2,"name":"Antagningsprocess"}]},{"@type":"WebSite","@id":"https:\/\/noblaskolan.se\/kviberg\/#website","url":"https:\/\/noblaskolan.se\/kviberg\/","name":"Kviberg","description":"Noblaskolan Boden","potentialAction":[{"@type":"SearchAction","target":{"@type":"EntryPoint","urlTemplate":"https:\/\/noblaskolan.se\/kviberg\/?s={search_term_string}"},"query-input":"required name=search_term_string"}],"inLanguage":"sv-SE"}]}},"_links":{"self":[{"href":"https:\/\/noblaskolan.se\/kviberg\/wp-json\/wp\/v2\/pages\/41"}],"collection":[{"href":"https:\/\/noblaskolan.se\/kviberg\/wp-json\/wp\/v2\/pages"}],"about":[{"href":"https:\/\/noblaskolan.se\/kviberg\/wp-json\/wp\/v2\/types\/page"}],"author":[{"embeddable":true,"href":"https:\/\/noblaskolan.se\/kviberg\/wp-json\/wp\/v2\/users\/1"}],"replies":[{"embeddable":true,"href":"https:\/\/noblaskolan.se\/kviberg\/wp-json\/wp\/v2\/comments?post=41"}],"version-history":[{"count":10,"href":"https:\/\/noblaskolan.se\/kviberg\/wp-json\/wp\/v2\/pages\/41\/revisions"}],"predecessor-version":[{"id":3409,"href":"https:\/\/noblaskolan.se\/kviberg\/wp-json\/wp\/v2\/pages\/41\/revisions\/3409"}],"wp:attachment":[{"href":"https:\/\/noblaskolan.se\/kviberg\/wp-json\/wp\/v2\/media?parent=41"}],"curies":[{"name":"wp","href":"https:\/\/api.w.org\/{rel}","templated":true}]}}