{"id":20,"date":"2020-09-01T22:06:33","date_gmt":"2020-09-01T20:06:33","guid":{"rendered":"https:\/\/noblaskolan.se\/hagaberg\/?page_id=20"},"modified":"2026-03-16T13:26:26","modified_gmt":"2026-03-16T12:26:26","slug":"om","status":"publish","type":"page","link":"https:\/\/noblaskolan.se\/hagaberg\/om\/","title":{"rendered":"Om skolan"},"content":{"rendered":"\n\t\n\t\n\t\n\n\t\n\t\n\t\t\n<section  class=\"c-block l-stacked  \" data-color-scheme=\"\">\n\t<div class=\"ams-fifty ams-fifty--container ams-fifty--right ams-fifty--bottom l-container u-pt-fluid-3xl-6xl u-pb-fluid-3xl-6xl\">\n\t\t<div class=\"ams-fifty__content l-stack l-stack-xl is-left is-left@lg\">\n\t\t\t<div class=\"ams-fifty__text l-stack l-stack-lg\">\n\t\t\t\t\t\n\t<h2\n\tclass=\"c-heading u-font-title-1 \"\n\tstyle=\"\">\n\t\t\n\t\t\t\t\t\t\t\t\tOm Noblaskolan Hagaberg\n\t\t\t\t<span class=\"c-heading__sub is-below u-font-title-3\">\n\t\t\t\t\tNoblaskolan Hagaberg \u00e4r den personliga skolan med den stora ambitionen bel\u00e4gen i V\u00e4ster\u00e5s.\n\t\t\t\t<\/span>\n\t\t\t\t\t\t\t\n\t<\/h2>\n\n\t\t\t\t\t\t\t\t\t<div class=\"text l-stack u-font-body\">\n\t\t\t\t\t\t<p>Vi har en vision om ett l\u00e4rande i v\u00e4rldsklass och menar att v\u00e5rt uppdrag \u00e4r att v\u00e5ra elever skall l\u00e4ra sig s\u00e5 mycket som m\u00f6jligt och m\u00e5 bra under tiden. Vi har best\u00e4mt oss f\u00f6r att anstr\u00e4nga oss till det yttersta f\u00f6r att lyckas i det uppdraget och satsar d\u00e4rf\u00f6r p\u00e5 en stark elevh\u00e4lsa.<\/p>\n<p>Skolan startade h\u00f6stterminen 2008 och har sedan dess vuxit b\u00e5de i kvantitet och kvalitet. Idag \u00e4r vi en v\u00e4letablerad grundskola med 500 elever fr\u00e5n f\u00f6rskoleklass till \u00e5rskurs 9. Vi bedriver skolan i helt nyrenoverade lokaler och har en trevlig skolg\u00e5rd utrustad efter elevernas \u00f6nskem\u00e5l. \u00c5r 2020 bytte vi namn till Noblaskolan och i samband med det ut\u00f6kades skolan \u00e4ven med ett h\u00f6gstadium.<\/p>\n\n\t\t\t\t\t<\/div>\n\t\t\t\t\t\t\t<\/div>\n\n\t\t\t\t\t<\/div>\n\n\t\t <div class=\"ams-fifty__media u-ratio-landscape\">\n\t\t \t\t\t\t\t<img decoding=\"async\" width=\"600\" height=\"400\" src=\"https:\/\/noblaskolan.se\/wp-content\/uploads\/sites\/20\/2026\/03\/noblaskolansaltsjo-boo202504lagstadiewebb9-600x400.jpg\" class=\"attachment-md size-md\" alt=\"Barn som l\u00e4ser.\" sizes=\"(min-width: 64em) 600px, calc(100vw - 160px)\" srcset=\"https:\/\/noblaskolan.se\/wp-content\/uploads\/sites\/20\/2026\/03\/noblaskolansaltsjo-boo202504lagstadiewebb9-600x400.jpg 600w, https:\/\/noblaskolan.se\/wp-content\/uploads\/sites\/20\/2026\/03\/noblaskolansaltsjo-boo202504lagstadiewebb9-300x200.jpg 300w, https:\/\/noblaskolan.se\/wp-content\/uploads\/sites\/20\/2026\/03\/noblaskolansaltsjo-boo202504lagstadiewebb9-400x267.jpg 400w, https:\/\/noblaskolan.se\/wp-content\/uploads\/sites\/20\/2026\/03\/noblaskolansaltsjo-boo202504lagstadiewebb9-800x534.jpg 800w, https:\/\/noblaskolan.se\/wp-content\/uploads\/sites\/20\/2026\/03\/noblaskolansaltsjo-boo202504lagstadiewebb9.jpg 1000w\" \/>\n\t\t\t\n\t\t\t\n\t\t\t\t\t<\/div>\n\t<\/div>\n\n\t\t\n\n<\/section>\n\n\n\n\n<section  class=\"ams-usp c-block l-stacked\" data-color-scheme=\"nyans1_av_p2\">\n\t<div class=\"l-container l-stack l-stack-fluid-2xl u-pt-fluid-2xl-4xl u-pb-fluid-2xl-4xl is-center is-center@md\">\n\t\t\t\t\t<div class=\"ams-usp__intro l-stack l-stack-lg\">\n\t\t\t\t\t\n\t<h2\n\tclass=\"c-heading u-font-title-1 \"\n\tstyle=\"\">\n\t\t\n\t\t\t\t\tF\u00f6rdelarna med Noblaskolan\n\t\t\t\t\n\t<\/h2>\n\n\t\t\t\t\t\t\t<\/div>\n\t\t\n\t\t\t<ul class=\"ams-usp__list l-grid u-justify-center u-gap-fluid-2xl-4xl\">\n\t\t\t\t\t<li class=\"l-col-6@md l-col-4@lg\">\n\t\t\t\t<article\n\t\t\t\t\tclass=\"\n\t\t\t\t\tc-card\n\t\t\t\t\thas-media-zoom\n\t\t\t\t\t\n\t\t\t\t\t\n\t\t\t\t\t\"\n\t\t\t\t\tdata-variant=\"neutral\"\n\t\t\t\t\tdata-style=\"square\"\n\t\t\t\t\t\n\t\t\t\t\t>\n\t\t\t\t\t\t\t\t\t\t\t<div class=\"c-card__content l-stack l-stack-sm u-text-center\">\n\t\t\t\t\t\t\t\t\t\t\t\t\t\t\t<h3 class=\"c-card__title u-font-title-3\">\n\t\t\t\t\t\t\t\t\t\t\t\t\t\t\t\t\t\t\t\t\t\t\t\t\t\t\t\t\t\tEn skola med h\u00f6ga ambitioner\n\t\t\t\t\t\t\t\t\t\t\t\t\t\t\t\t\t\t\t\t\t\t\t\t\t\t\t<\/h3>\n\t\t\t\t\t\t\t\n\t\t\t\t\t\t\t\t\t\t\t\t\t\t\t<div class=\"c-card__text l-stack-xs u-font-body\">\n\t\t\t\t\t\t\t\t\t<p>P\u00e5 Noblaskolan Hagaberg prioriterar och fokuserar vi alltid p\u00e5 elevernas l\u00e4rande och trygghet. Alla som jobbar med v\u00e5ra elever \u00e4r utbildade l\u00e4rare, oavsett om de jobbar p\u00e5 fritidshemmet eller \u00e4r \u00e4mnesl\u00e4rare.<\/p>\n\n\t\t\t\t\t\t\t\t<\/div>\n\t\t\t\t\t\t\t\t\t\t\t\t\t<\/div>\n\t\t\t\t\t\n\t\t\t\t\t<div class=\"c-card__media\">\n\t\t\t\t\t\t\t\t\t\t\t\t\t<img decoding=\"async\" width=\"400\" height=\"267\" src=\"https:\/\/noblaskolan.se\/wp-content\/uploads\/2022\/11\/mariastadenhelsingborg2022-20272-scaled-400x267.jpg\" class=\"u-radius-square u-ratio-landscape  ams_icon_size_default\" alt=\"Elever st\u00e5r framme vid tavlan i ett klassrum och l\u00f6ser ett matteproblem.\" srcset=\"https:\/\/noblaskolan.se\/wp-content\/uploads\/2022\/11\/mariastadenhelsingborg2022-20272-scaled-400x267.jpg 400w, https:\/\/noblaskolan.se\/wp-content\/uploads\/2022\/11\/mariastadenhelsingborg2022-20272-scaled-300x200.jpg 300w, https:\/\/noblaskolan.se\/wp-content\/uploads\/2022\/11\/mariastadenhelsingborg2022-20272-scaled-600x400.jpg 600w, https:\/\/noblaskolan.se\/wp-content\/uploads\/2022\/11\/mariastadenhelsingborg2022-20272-scaled-800x533.jpg 800w, https:\/\/noblaskolan.se\/wp-content\/uploads\/2022\/11\/mariastadenhelsingborg2022-20272-scaled-1024x683.jpg 1024w, https:\/\/noblaskolan.se\/wp-content\/uploads\/2022\/11\/mariastadenhelsingborg2022-20272-scaled-1200x800.jpg 1200w\" sizes=\"(max-width: 400px) 100vw, 400px\" \/>\n\t\t\t\t\t\t\t\t\t\t\t<\/div>\n\t\t\t\t<\/article>\n\t\t\t<\/li>\n\n\t\t\t\t\t<li class=\"l-col-6@md l-col-4@lg\">\n\t\t\t\t<article\n\t\t\t\t\tclass=\"\n\t\t\t\t\tc-card\n\t\t\t\t\thas-media-zoom\n\t\t\t\t\t\n\t\t\t\t\t\n\t\t\t\t\t\"\n\t\t\t\t\tdata-variant=\"neutral\"\n\t\t\t\t\tdata-style=\"square\"\n\t\t\t\t\t\n\t\t\t\t\t>\n\t\t\t\t\t\t\t\t\t\t\t<div class=\"c-card__content l-stack l-stack-sm u-text-center\">\n\t\t\t\t\t\t\t\t\t\t\t\t\t\t\t<h3 class=\"c-card__title u-font-title-3\">\n\t\t\t\t\t\t\t\t\t\t\t\t\t\t\t\t\t\t\t\t\t\t\t\t\t\t\t\t\t\tVi f\u00f6ljer Noblakoden\n\t\t\t\t\t\t\t\t\t\t\t\t\t\t\t\t\t\t\t\t\t\t\t\t\t\t\t<\/h3>\n\t\t\t\t\t\t\t\n\t\t\t\t\t\t\t\t\t\t\t\t\t\t\t<div class=\"c-card__text l-stack-xs u-font-body\">\n\t\t\t\t\t\t\t\t\t<p>Vi vet att struktur \u00e4r mer \u00e4n ordningsregler. D\u00e4rf\u00f6r har vi skapat Noblakoden \u2013 ett gemensamt f\u00f6rh\u00e5llningss\u00e4tt kring lektionsstruktur, ordning, mentorsrollen och andra saker som \u00e4r viktiga f\u00f6r en bra skolmilj\u00f6.<\/p>\n\n\t\t\t\t\t\t\t\t<\/div>\n\t\t\t\t\t\t\t\t\t\t\t\t\t<\/div>\n\t\t\t\t\t\n\t\t\t\t\t<div class=\"c-card__media\">\n\t\t\t\t\t\t\t\t\t\t\t\t\t<img decoding=\"async\" width=\"400\" height=\"267\" src=\"https:\/\/noblaskolan.se\/wp-content\/uploads\/2020\/09\/mariastadenhelsingborg2022-20272-scaled-400x267.jpg\" class=\"u-radius-square u-ratio-landscape  ams_icon_size_default\" alt=\"En \u00e4ldre elev sitter vid ett bord i sitt klassrum och ler in i kameran.\" srcset=\"https:\/\/noblaskolan.se\/wp-content\/uploads\/2020\/09\/mariastadenhelsingborg2022-20272-scaled-400x267.jpg 400w, https:\/\/noblaskolan.se\/wp-content\/uploads\/2020\/09\/mariastadenhelsingborg2022-20272-scaled-300x200.jpg 300w, https:\/\/noblaskolan.se\/wp-content\/uploads\/2020\/09\/mariastadenhelsingborg2022-20272-scaled-600x400.jpg 600w, https:\/\/noblaskolan.se\/wp-content\/uploads\/2020\/09\/mariastadenhelsingborg2022-20272-scaled-800x533.jpg 800w, https:\/\/noblaskolan.se\/wp-content\/uploads\/2020\/09\/mariastadenhelsingborg2022-20272-scaled-1024x683.jpg 1024w, https:\/\/noblaskolan.se\/wp-content\/uploads\/2020\/09\/mariastadenhelsingborg2022-20272-scaled-1200x800.jpg 1200w\" sizes=\"(max-width: 400px) 100vw, 400px\" \/>\n\t\t\t\t\t\t\t\t\t\t\t<\/div>\n\t\t\t\t<\/article>\n\t\t\t<\/li>\n\n\t\t\t\t\t<li class=\"l-col-6@md l-col-4@lg\">\n\t\t\t\t<article\n\t\t\t\t\tclass=\"\n\t\t\t\t\tc-card\n\t\t\t\t\thas-media-zoom\n\t\t\t\t\t\n\t\t\t\t\t\n\t\t\t\t\t\"\n\t\t\t\t\tdata-variant=\"neutral\"\n\t\t\t\t\tdata-style=\"square\"\n\t\t\t\t\t\n\t\t\t\t\t>\n\t\t\t\t\t\t\t\t\t\t\t<div class=\"c-card__content l-stack l-stack-sm u-text-center\">\n\t\t\t\t\t\t\t\t\t\t\t\t\t\t\t<h3 class=\"c-card__title u-font-title-3\">\n\t\t\t\t\t\t\t\t\t\t\t\t\t\t\t\t\t\t\t\t\t\t\t\t\t\t\t\t\t\tTydligt ledarskap\n\t\t\t\t\t\t\t\t\t\t\t\t\t\t\t\t\t\t\t\t\t\t\t\t\t\t\t<\/h3>\n\t\t\t\t\t\t\t\n\t\t\t\t\t\t\t\t\t\t\t\t\t\t\t<div class=\"c-card__text l-stack-xs u-font-body\">\n\t\t\t\t\t\t\t\t\t<p>En av nycklarna till framg\u00e5ngsrik utbildning \u00e4r ett medvetet och tydligt ledarskap. Vi \u00e4r omsorgsfulla i ledarskapet p\u00e5 alla niv\u00e5er; fr\u00e5n l\u00e4rarens ledarskap i klassrummet till rektors ledarskap f\u00f6r hela skolan.<\/p>\n\n\t\t\t\t\t\t\t\t<\/div>\n\t\t\t\t\t\t\t\t\t\t\t\t\t<\/div>\n\t\t\t\t\t\n\t\t\t\t\t<div class=\"c-card__media\">\n\t\t\t\t\t\t\t\t\t\t\t\t\t<img decoding=\"async\" width=\"400\" height=\"267\" src=\"https:\/\/noblaskolan.se\/wp-content\/uploads\/2020\/09\/mariastadenhelsingborg2022-20271-scaled-400x267.jpg\" class=\"u-radius-square u-ratio-landscape  ams_icon_size_default\" alt=\"En l\u00e4rare p\u00e5 Noblaskolan sitter p\u00e5 huk vid ett bord med tre elever och pratar med dem.\" srcset=\"https:\/\/noblaskolan.se\/wp-content\/uploads\/2020\/09\/mariastadenhelsingborg2022-20271-scaled-400x267.jpg 400w, https:\/\/noblaskolan.se\/wp-content\/uploads\/2020\/09\/mariastadenhelsingborg2022-20271-scaled-300x200.jpg 300w, https:\/\/noblaskolan.se\/wp-content\/uploads\/2020\/09\/mariastadenhelsingborg2022-20271-scaled-600x400.jpg 600w, https:\/\/noblaskolan.se\/wp-content\/uploads\/2020\/09\/mariastadenhelsingborg2022-20271-scaled-800x533.jpg 800w, https:\/\/noblaskolan.se\/wp-content\/uploads\/2020\/09\/mariastadenhelsingborg2022-20271-scaled-1024x683.jpg 1024w, https:\/\/noblaskolan.se\/wp-content\/uploads\/2020\/09\/mariastadenhelsingborg2022-20271-scaled-1200x800.jpg 1200w\" sizes=\"(max-width: 400px) 100vw, 400px\" \/>\n\t\t\t\t\t\t\t\t\t\t\t<\/div>\n\t\t\t\t<\/article>\n\t\t\t<\/li>\n\n\t\t\t<\/ul>\n\n\t\t\t<\/div>\n\n\t\t\n\n<\/section>\n\n\n\n\t\n\t\n\t\n\n\t\n\t\n\t\t\n<section  class=\"c-block l-stacked  \" data-color-scheme=\"transparent\">\n\t<div class=\"ams-fifty ams-fifty--container ams-fifty--left ams-fifty--bottom l-container u-pt-fluid-2xl-4xl u-pb-fluid-2xl-4xl\">\n\t\t<div class=\"ams-fifty__content l-stack l-stack-xl is-left is-left@lg\">\n\t\t\t<div class=\"ams-fifty__text l-stack l-stack-lg\">\n\t\t\t\t\t\n\t<h2\n\tclass=\"c-heading u-font-title-2 \"\n\tstyle=\"\">\n\t\t\n\t\t\t\t\tV\u00e5ra framg\u00e5ngsfaktorer\n\t\t\t\t\n\t<\/h2>\n\n\t\t\t\t\t\t\t\t\t<div class=\"text l-stack u-font-body\">\n\t\t\t\t\t\t<p>V\u00e5r personal \u00e4r en av skolans fr\u00e4msta framg\u00e5ngsfaktorer. Vi har en rektor som leder skolan p\u00e5 plats varje dag. Vi har en helhetssyn och ser det som en sj\u00e4lvklarhet att varje elev \u00e4r alla l\u00e4rares ansvar. H\u00e4r anser vi att skolan tillh\u00f6r eleverna och att deras trygghet och framg\u00e5ng \u00e4r det som driver oss. L\u00e4s mer om hur vi jobbar i grundskolan <a href=\"https:\/\/noblaskolan.se\/hagaberg\/om\/grundskola\/\">h\u00e4r<\/a>.<\/p>\n<h3>Resursteam<\/h3>\n<p>Alla elever har r\u00e4tt till maximalt l\u00e4rande oavsett sv\u00e5righeter eller s\u00e4rskilda beg\u00e5vningar. F\u00f6r att optimera v\u00e5ra resurser har vi organiserat ett resursteam. Teamet best\u00e5r av v\u00e5ra tio fritidsl\u00e4rare som under den obligatoriska delen av skoldagen jobbar utifr\u00e5n var behov av st\u00f6d finns. Teamet jobbar under ledning av v\u00e5r bitr\u00e4dande rektor tillika speciall\u00e4rare Pernilla Torseng. Modellen g\u00e5r ut p\u00e5 att man systematiskt kartl\u00e4gger och analyserar behoven, tar fram \u00e5tg\u00e4rder, genomf\u00f6r dem, f\u00f6ljer upp och utv\u00e4rderar. Ut\u00f6ver ett b\u00e5de flexibelt och effektivt nyttjande av v\u00e5ra resurser leder arbetet till st\u00f6rre samsyn och ett otroligt starkt fritidsteam.<\/p>\n\n\t\t\t\t\t<\/div>\n\t\t\t\t\t\t\t<\/div>\n\n\t\t\t\t\t<\/div>\n\n\t\t <div class=\"ams-fifty__media u-ratio-square\">\n\t\t \t\t\t\t\t<img decoding=\"async\" width=\"600\" height=\"400\" src=\"https:\/\/noblaskolan.se\/wp-content\/uploads\/sites\/20\/2024\/01\/noblaskolan-om-skolan-hagaberg-vasteras-202304-scaled-600x400.jpg\" class=\"attachment-md size-md\" alt=\"Tv\u00e5 elever p\u00e5 Noblaskolan som sitter och studerar i ett klassrum, den ena f\u00e5r hj\u00e4lp av l\u00e4raren.\" sizes=\"(min-width: 64em) 600px, calc(100vw - 160px)\" srcset=\"https:\/\/noblaskolan.se\/wp-content\/uploads\/sites\/20\/2024\/01\/noblaskolan-om-skolan-hagaberg-vasteras-202304-scaled-600x400.jpg 600w, https:\/\/noblaskolan.se\/wp-content\/uploads\/sites\/20\/2024\/01\/noblaskolan-om-skolan-hagaberg-vasteras-202304-scaled-300x200.jpg 300w, https:\/\/noblaskolan.se\/wp-content\/uploads\/sites\/20\/2024\/01\/noblaskolan-om-skolan-hagaberg-vasteras-202304-scaled-400x267.jpg 400w, https:\/\/noblaskolan.se\/wp-content\/uploads\/sites\/20\/2024\/01\/noblaskolan-om-skolan-hagaberg-vasteras-202304-scaled-800x533.jpg 800w, https:\/\/noblaskolan.se\/wp-content\/uploads\/sites\/20\/2024\/01\/noblaskolan-om-skolan-hagaberg-vasteras-202304-scaled-1024x683.jpg 1024w, https:\/\/noblaskolan.se\/wp-content\/uploads\/sites\/20\/2024\/01\/noblaskolan-om-skolan-hagaberg-vasteras-202304-scaled-1200x800.jpg 1200w\" \/>\n\t\t\t\n\t\t\t\n\t\t\t\t\t<\/div>\n\t<\/div>\n\n\t\t\n\n<\/section>\n\n\n\n\t\n\t\n\t\n\n\t\n\t\n\t\t\n<section  class=\"c-block l-stacked  \" data-color-scheme=\"transparent\">\n\t<div class=\"ams-fifty ams-fifty--container ams-fifty--right ams-fifty--bottom l-container u-pt-fluid-2xl-4xl u-pb-fluid-2xl-4xl\">\n\t\t<div class=\"ams-fifty__content l-stack l-stack-xl is-left is-left@lg\">\n\t\t\t<div class=\"ams-fifty__text l-stack l-stack-lg\">\n\t\t\t\t\t\n\t<h2\n\tclass=\"c-heading u-font-title-2 \"\n\tstyle=\"\">\n\t\t\n\t\t\t\t\tSkolmaten p\u00e5 Noblaskolan\n\t\t\t\t\n\t<\/h2>\n\n\t\t\t\t\t\t\t\t\t<div class=\"text l-stack u-font-body\">\n\t\t\t\t\t\t<p>V\u00e5ra kockar med sina duktiga medhj\u00e4lpare lagar varje dag mat fr\u00e5n grunden i v\u00e5rt egna k\u00f6k. <a href=\"https:\/\/noblaskolan.se\/hagaberg\/om\/skolmat\/\">H\u00e4r<\/a> kan du l\u00e4sa mer om v\u00e5r skolmat.<\/p>\n<h3>Kommunikation mellan grundskola och v\u00e5rdnadshavare<\/h3>\n<p>Vi anv\u00e4nder oss av plattformen SchoolSoft f\u00f6r att skicka ut information mellan skola, elever och v\u00e5rdnadshavare. H\u00e4r finner du schema, matsedel, l\u00e4rarnas kontaktinformation, sjukanm\u00e4lan och viktiga dokument och blanketter.<\/p>\n<h3>Fr\u00e5gor om verksamheten<\/h3>\n<p>\u00c4r det n\u00e5gon information du saknar kan du ta en titt bland v\u00e5ra <a href=\"https:\/\/noblaskolan.se\/hagaberg\/om\/vanliga-fragor\/\">vanliga fr\u00e5gor<\/a>. Sj\u00e4lvklart g\u00e5r det \u00e4ven bra att <a href=\"https:\/\/noblaskolan.se\/hagaberg\/kontakt\/\">kontakta oss<\/a>.<\/p>\n\n\t\t\t\t\t<\/div>\n\t\t\t\t\t\t\t<\/div>\n\n\t\t\t\t\t<\/div>\n\n\t\t <div class=\"ams-fifty__media u-ratio-square\">\n\t\t \t\t\t\t\t<img decoding=\"async\" width=\"600\" height=\"400\" src=\"https:\/\/noblaskolan.se\/wp-content\/uploads\/sites\/20\/2024\/01\/noblaskolan-om-skolan-skolmat-hagaberg-vasteras-202304-scaled-600x400.jpg\" class=\"attachment-md size-md\" alt=\"En kock p\u00e5 Noblaskolan st\u00e5r och r\u00f6r i en gryta i k\u00f6ket.\" sizes=\"(min-width: 64em) 600px, calc(100vw - 160px)\" srcset=\"https:\/\/noblaskolan.se\/wp-content\/uploads\/sites\/20\/2024\/01\/noblaskolan-om-skolan-skolmat-hagaberg-vasteras-202304-scaled-600x400.jpg 600w, https:\/\/noblaskolan.se\/wp-content\/uploads\/sites\/20\/2024\/01\/noblaskolan-om-skolan-skolmat-hagaberg-vasteras-202304-scaled-300x200.jpg 300w, https:\/\/noblaskolan.se\/wp-content\/uploads\/sites\/20\/2024\/01\/noblaskolan-om-skolan-skolmat-hagaberg-vasteras-202304-scaled-400x267.jpg 400w, https:\/\/noblaskolan.se\/wp-content\/uploads\/sites\/20\/2024\/01\/noblaskolan-om-skolan-skolmat-hagaberg-vasteras-202304-scaled-800x533.jpg 800w, https:\/\/noblaskolan.se\/wp-content\/uploads\/sites\/20\/2024\/01\/noblaskolan-om-skolan-skolmat-hagaberg-vasteras-202304-scaled-1024x683.jpg 1024w, https:\/\/noblaskolan.se\/wp-content\/uploads\/sites\/20\/2024\/01\/noblaskolan-om-skolan-skolmat-hagaberg-vasteras-202304-scaled-1200x800.jpg 1200w\" \/>\n\t\t\t\n\t\t\t\n\t\t\t\t\t<\/div>\n\t<\/div>\n\n\t\t\n\n<\/section>\n\n\n\n<section \n\t\t class=\"\n\t\t ams-contact\n\t\t \n\t\t c-block l-stacked\n\t\t \n\t\t \n\t\t js-load-more\n\t\t \"\n\t\t data-color-scheme=\"nyans1_av_p2-card-transparent\"\n\t\t\t\t\tdata-count=\"3\"\n\t\t\t\t\t\t\tdata-count-mobile=\"2\"\n\t\t\t\t>\n\t<div\n\t\t class=\"\n\t\t l-container\n\t\t l-stack l-stack-fluid-2xl\n\t\t u-pt-fluid-2xl-4xl\n\t\t u-pb-fluid-3xl-6xl\n\t\t is-center\n\t\t is-center@md\n\t\t \">\n\t\t\t\t\t<div class=\"ams-contact__intro l-stack l-stack-lg\">\n\t\t\t\t\t\n\t<h2\n\tclass=\"c-heading u-font-title-1 \"\n\tstyle=\"\">\n\t\t\n\t\t\t\t\tKvalitets\u00adrapport\n\t\t\t\t\n\t<\/h2>\n\n\t\t\t\t\t\t\t\t\t<div class=\"c-text l-stack u-cs-xl u-font-body\">\n\t\t\t\t\t\t<div class=\"c-text l-stack u-cs-xl u-font-body\">\n<p>Vill du ta del av v\u00e5r kvalitetsrapport? Kontakta skolans administrat\u00f6r eller rektor.<\/p>\n<\/div>\n\n\t\t\t\t\t<\/div>\n\t\t\t\t\t\t\t<\/div>\n\t\t\n\t\t\n\t\t    \t\n\t\t\n\t\t<ul\n\t\t\tid=\"contact-grid-69f3e7d405540\"\n\t\t\tclass=\"ams-contact__list l-grid u-gap-fluid-2xl-4xl u-justify-center js-results \"\n\t\t\taria-label=\"Kontakter\"\n\t\t\tdata-filter-animation=\"off\"\n\t\t\t>\n\t\t\t\t\t\t\t\t\t\t\t\n\t\t\t\t\n\t\t\t\t<li class=\"l-col-6@md l-col-4@lg \" data-filter=\"a\">\n\t\t\t\t\t<article class=\"c-card \" data-variant=\"neutral\">\n\t\t\t\t\t\t<div class=\"c-card__content u-text-center\">\n\t\t\t\t\t\t\t\t\t\t\t\t\t\t\t<h3 class=\"c-card__title u-font-title-3\">\n\t\t\t\t\t\t\t\t\tHenrik L\u00f6vstedt\n\t\t\t\t\t\t\t\t<\/h3>\n\t\t\t\t\t\t\t\n\t\t\t\t\t\t\t\t\t\t\t\t\t\t\t<p class=\"position u-font-body\">Rektor<\/p>\n\t\t\t\t\t\t\t\n\t\t\t\t\t\t\t\t\t\t\t\t\t\t\t<div class=\"contact-info u-font-body\">\n\t\t\t\t\t\t\t\t\t\t\t\t\t\t\t\t\t\t\t\t\t\t\t\t\t\t\t\t\t\t<p class=\"phone\"><a\n\t\t\t\t\t\t\t\t\t\t\t\t\thref=\"tel:021314475\"\n\t\t\t\t\t\t\t\t\t\t\t\t\tclass=\"u-text-link\">021-31 44 75<\/a>\n\t\t\t\t\t\t\t\t\t\t\t<\/p>\n\t\t\t\t\t\t\t\t\t\t\t\t\t\t\t\t\t\t\t\n\t\t\t\t\t\t\t\t\t\t\t\t\t\t\t\t\t\t\t\t\t\t\t\t\t\t\t\t\t\t<p class=\"email\"><a\n\t\t\t\t\t\t\t\t\t\t\t\t\thref=\"&#109;ai&#108;&#116;&#111;&#058;&#104;e&#110;&#114;ik.&#108;ovs&#116;e&#100;t&#064;&#110;o&#098;l&#097;s&#107;o&#108;&#097;n.&#115;&#101;\"\n\t\t\t\t\t\t\t\t\t\t\t\t\tclass=\"u-text-link\">&#104;e&#110;&#114;i&#107;.lo&#118;&#115;&#116;e&#100;&#116;&#064;no&#098;&#108;a&#115;&#107;&#111;l&#097;&#110;.se<\/a>\n\t\t\t\t\t\t\t\t\t\t\t<\/p>\n\t\t\t\t\t\t\t\t\t\t\t\t\t\t\t\t\t\t\t\t\t\t\t\t\t\t\t<\/div>\n\t\t\t\t\t\t\t\n\t\t\t\t\t\t\t\t\t\t\t\t\t<\/div>\n\t\t\t\t\t\t<div class=\"c-card__media\">\n\t\t\t\t\t\t\t\t\t\t\t\t\t\t\t\t\t\t\t\t\t\t\t\t\t\t\t\t\t\t\t\t\t\t\t\t\t\t\t\t\t\t\t\t\t\t\t\t\t<img decoding=\"async\" width=\"400\" height=\"300\" src=\"https:\/\/noblaskolan.se\/wp-content\/uploads\/sites\/20\/2024\/09\/henrik-400x300.png\" class=\"u-radius-square u-ratio-landscape  \" alt=\"\" sizes=\"(max-width: 300px) 100vw, 300px\" srcset=\"https:\/\/noblaskolan.se\/wp-content\/uploads\/sites\/20\/2024\/09\/henrik-400x300.png 400w, https:\/\/noblaskolan.se\/wp-content\/uploads\/sites\/20\/2024\/09\/henrik-300x225.png 300w, https:\/\/noblaskolan.se\/wp-content\/uploads\/sites\/20\/2024\/09\/henrik.png 512w\" \/>\n\t\t\t\t\t\t<\/div>\n\t\t\t\t\t<\/article>\n\t\t\t\t<\/li>\n\t\t\t\t\t\t\t\t\t\t\t\n\t\t\t\t\n\t\t\t\t<li class=\"l-col-6@md l-col-4@lg \" data-filter=\"b ledning\">\n\t\t\t\t\t<article class=\"c-card \" data-variant=\"neutral\">\n\t\t\t\t\t\t<div class=\"c-card__content u-text-center\">\n\t\t\t\t\t\t\t\t\t\t\t\t\t\t\t<h3 class=\"c-card__title u-font-title-3\">\n\t\t\t\t\t\t\t\t\tSofia Forsberg\n\t\t\t\t\t\t\t\t<\/h3>\n\t\t\t\t\t\t\t\n\t\t\t\t\t\t\t\t\t\t\t\t\t\t\t<p class=\"position u-font-body\">Bitr\u00e4dande rektor <\/p>\n\t\t\t\t\t\t\t\n\t\t\t\t\t\t\t\t\t\t\t\t\t\t\t<div class=\"contact-info u-font-body\">\n\t\t\t\t\t\t\t\t\t\t\t\t\t\t\t\t\t\t\t\t\t\t\t\t\t\t\t\t\t\t<p class=\"phone\"><a\n\t\t\t\t\t\t\t\t\t\t\t\t\thref=\"tel:021314470\"\n\t\t\t\t\t\t\t\t\t\t\t\t\tclass=\"u-text-link\">021-31 44 70<\/a>\n\t\t\t\t\t\t\t\t\t\t\t<\/p>\n\t\t\t\t\t\t\t\t\t\t\t\t\t\t\t\t\t\t\t\n\t\t\t\t\t\t\t\t\t\t\t\t\t\t\t\t\t\t\t\t\t\t\t\t\t\t\t\t\t\t<p class=\"email\"><a\n\t\t\t\t\t\t\t\t\t\t\t\t\thref=\"&#109;a&#105;l&#116;&#111;&#058;sofi&#097;.f&#111;&#114;sber&#103;&#064;&#110;&#111;b&#108;as&#107;&#111;&#108;&#097;n.&#115;&#101;\"\n\t\t\t\t\t\t\t\t\t\t\t\t\tclass=\"u-text-link\">s&#111;&#102;ia&#046;&#102;&#111;&#114;sbe&#114;g&#064;&#110;o&#098;l&#097;s&#107;&#111;&#108;an&#046;s&#101;<\/a>\n\t\t\t\t\t\t\t\t\t\t\t<\/p>\n\t\t\t\t\t\t\t\t\t\t\t\t\t\t\t\t\t\t\t\t\t\t\t\t\t\t\t<\/div>\n\t\t\t\t\t\t\t\n\t\t\t\t\t\t\t\t\t\t\t\t\t<\/div>\n\t\t\t\t\t\t<div class=\"c-card__media\">\n\t\t\t\t\t\t\t\t\t\t\t\t\t\t\t\t\t\t\t\t\t\t\t\t\t\t\t\t\t\t\t\t\t\t\t\t\t\t\t\t\t\t\t\t\t\t\t\t\t<img decoding=\"async\" width=\"400\" height=\"300\" src=\"https:\/\/noblaskolan.se\/wp-content\/uploads\/sites\/20\/2024\/09\/sofia-forsberg-400x300.png\" class=\"u-radius-square u-ratio-landscape  \" alt=\"\" sizes=\"(max-width: 300px) 100vw, 300px\" srcset=\"https:\/\/noblaskolan.se\/wp-content\/uploads\/sites\/20\/2024\/09\/sofia-forsberg-400x300.png 400w, https:\/\/noblaskolan.se\/wp-content\/uploads\/sites\/20\/2024\/09\/sofia-forsberg-300x225.png 300w, https:\/\/noblaskolan.se\/wp-content\/uploads\/sites\/20\/2024\/09\/sofia-forsberg.png 512w\" \/>\n\t\t\t\t\t\t<\/div>\n\t\t\t\t\t<\/article>\n\t\t\t\t<\/li>\n\t\t\t\t\t<\/ul>\n\n\t\t\n\t\t    <div class=\"ams-contact__more u-inline-items js-load-more-btn\">\n        <button href=\"#\"\n                class=\"c-btn\"\n                data-style=\"round\"\n                data-size=\"md\"\n                data-width=\"full-mobile\"\n                data-variant=\"outline\">\n        \tVisa mer\n        <\/button>\n    <\/div>\n\n\t\t\t<\/div>\n\n\t\t\n\n<\/section>\n\n\n\n\n<section  class=\"ams-cta ams-cta--stacked c-block l-stacked ams-border\" data-color-scheme=\"ljusgron\">\n\t<div class=\"l-container-narrow l-stack l-stack-fluid-2xl u-pt-fluid-2xl-4xl u-pb-fluid-2xl-4xl is-center is-center@md\">\n\t\t\t\t\t<div class=\"ams-cta__intro l-stack l-stack-lg\">\n\t\t\t\t\t\n\t<h2\n\tclass=\"c-heading u-font-title-1 \"\n\tstyle=\"\">\n\t\t\n\t\t\t\t\tSt\u00e4ll ditt barn i k\u00f6\n\t\t\t\t\n\t<\/h2>\n\n\t\t\t\t\t\t\t\t\t<div class=\"c-text l-stack u-cs-xl u-font-body\">\n\t\t\t\t\t\t<p>Vill du st\u00e4lla ditt barn i k\u00f6 till Noblaskolan Hagaberg?<\/p>\n\n\t\t\t\t\t<\/div>\n\t\t\t\t\t\t\t<\/div>\n\t\t\n\t\t\n\t\t\t<div class=\"ams-cta__action u-inline-items\">\n\t\t\t\t\t\t\t\n\n\n<a href=\"https:\/\/noblaskolan.se\/hagaberg\/koanmalan\/\"\n\t\n\tclass=\"c-btn \"\n\tdata-style=\"round\"\n\tdata-size=\"md\"\n\tdata-width=\"full-mobile\"\n\tdata-variant=\"default\"\n\ttarget=\"_self\">\n\t\t\t<span class=\"label\"> Till k\u00f6anm\u00e4lan<\/span>\n\t\t\t<\/a>\n\t\t\t<\/div>\n\t<\/div>\n\n\t\t\n\n<\/section>\n\n\n<div   id=\"page-relative-menu\" class=\"site__font-monospace   container_width--full_width_conIcon   d-lg-none  \">\n\n\t\t\t\n<\/div>\n","protected":false},"excerpt":{"rendered":"","protected":false},"author":1,"featured_media":0,"parent":0,"menu_order":0,"comment_status":"closed","ping_status":"closed","template":"","meta":{"footnotes":""},"yoast_head":"<!-- This site is optimized with the Yoast SEO plugin v22.0 - https:\/\/yoast.com\/wordpress\/plugins\/seo\/ -->\n<title>Om skolan | Hagaberg<\/title>\n<meta name=\"description\" content=\"Noblaskolan Hagaberg \u00e4r grundskolan som st\u00e4ller krav, st\u00f6ttar och utmanar v\u00e5ra elever varje dag f\u00f6r att de ska n\u00e5 sin fulla potential. L\u00e4s mer om v\u00e5r skola h\u00e4r.\" \/>\n<meta name=\"robots\" content=\"index, follow, max-snippet:-1, max-image-preview:large, max-video-preview:-1\" \/>\n<link rel=\"canonical\" href=\"https:\/\/noblaskolan.se\/hagaberg\/om\/\" \/>\n<meta property=\"og:locale\" content=\"sv_SE\" \/>\n<meta property=\"og:type\" content=\"article\" \/>\n<meta property=\"og:title\" content=\"Om skolan | Hagaberg\" \/>\n<meta property=\"og:description\" content=\"Noblaskolan Hagaberg \u00e4r grundskolan som st\u00e4ller krav, st\u00f6ttar och utmanar v\u00e5ra elever varje dag f\u00f6r att de ska n\u00e5 sin fulla potential. L\u00e4s mer om v\u00e5r skola h\u00e4r.\" \/>\n<meta property=\"og:url\" content=\"https:\/\/noblaskolan.se\/hagaberg\/om\/\" \/>\n<meta property=\"og:site_name\" content=\"Hagaberg\" \/>\n<meta property=\"article:modified_time\" content=\"2026-03-16T12:26:26+00:00\" \/>\n<meta name=\"twitter:card\" content=\"summary_large_image\" \/>\n<meta name=\"twitter:title\" content=\"Om skolan | Hagaberg\" \/>\n<meta name=\"twitter:description\" content=\"Noblaskolan Hagaberg \u00e4r grundskolan som st\u00e4ller krav, st\u00f6ttar och utmanar v\u00e5ra elever varje dag f\u00f6r att de ska n\u00e5 sin fulla potential. L\u00e4s mer om v\u00e5r skola h\u00e4r.\" \/>\n<meta name=\"twitter:label1\" content=\"Ber\u00e4knad l\u00e4stid\" \/>\n\t<meta name=\"twitter:data1\" content=\"3 minuter\" \/>\n<script type=\"application\/ld+json\" class=\"yoast-schema-graph\">{\"@context\":\"https:\/\/schema.org\",\"@graph\":[{\"@type\":\"WebPage\",\"@id\":\"https:\/\/noblaskolan.se\/hagaberg\/om\/\",\"url\":\"https:\/\/noblaskolan.se\/hagaberg\/om\/\",\"name\":\"Om skolan | Hagaberg\",\"isPartOf\":{\"@id\":\"https:\/\/noblaskolan.se\/hagaberg\/#website\"},\"datePublished\":\"2020-09-01T20:06:33+00:00\",\"dateModified\":\"2026-03-16T12:26:26+00:00\",\"description\":\"Noblaskolan Hagaberg \u00e4r grundskolan som st\u00e4ller krav, st\u00f6ttar och utmanar v\u00e5ra elever varje dag f\u00f6r att de ska n\u00e5 sin fulla potential. L\u00e4s mer om v\u00e5r skola h\u00e4r.\",\"breadcrumb\":{\"@id\":\"https:\/\/noblaskolan.se\/hagaberg\/om\/#breadcrumb\"},\"inLanguage\":\"sv-SE\",\"potentialAction\":[{\"@type\":\"ReadAction\",\"target\":[\"https:\/\/noblaskolan.se\/hagaberg\/om\/\"]}]},{\"@type\":\"BreadcrumbList\",\"@id\":\"https:\/\/noblaskolan.se\/hagaberg\/om\/#breadcrumb\",\"itemListElement\":[{\"@type\":\"ListItem\",\"position\":1,\"name\":\"Start\",\"item\":\"https:\/\/noblaskolan.se\/hagaberg\/\"},{\"@type\":\"ListItem\",\"position\":2,\"name\":\"Om skolan\"}]},{\"@type\":\"WebSite\",\"@id\":\"https:\/\/noblaskolan.se\/hagaberg\/#website\",\"url\":\"https:\/\/noblaskolan.se\/hagaberg\/\",\"name\":\"Hagaberg\",\"description\":\"Noblaskolan Hagaberg\",\"potentialAction\":[{\"@type\":\"SearchAction\",\"target\":{\"@type\":\"EntryPoint\",\"urlTemplate\":\"https:\/\/noblaskolan.se\/hagaberg\/?s={search_term_string}\"},\"query-input\":\"required name=search_term_string\"}],\"inLanguage\":\"sv-SE\"}]}<\/script>\n<!-- \/ Yoast SEO plugin. -->","yoast_head_json":{"title":"Om skolan | Hagaberg","description":"Noblaskolan Hagaberg \u00e4r grundskolan som st\u00e4ller krav, st\u00f6ttar och utmanar v\u00e5ra elever varje dag f\u00f6r att de ska n\u00e5 sin fulla potential. L\u00e4s mer om v\u00e5r skola h\u00e4r.","robots":{"index":"index","follow":"follow","max-snippet":"max-snippet:-1","max-image-preview":"max-image-preview:large","max-video-preview":"max-video-preview:-1"},"canonical":"https:\/\/noblaskolan.se\/hagaberg\/om\/","og_locale":"sv_SE","og_type":"article","og_title":"Om skolan | Hagaberg","og_description":"Noblaskolan Hagaberg \u00e4r grundskolan som st\u00e4ller krav, st\u00f6ttar och utmanar v\u00e5ra elever varje dag f\u00f6r att de ska n\u00e5 sin fulla potential. L\u00e4s mer om v\u00e5r skola h\u00e4r.","og_url":"https:\/\/noblaskolan.se\/hagaberg\/om\/","og_site_name":"Hagaberg","article_modified_time":"2026-03-16T12:26:26+00:00","twitter_card":"summary_large_image","twitter_title":"Om skolan | Hagaberg","twitter_description":"Noblaskolan Hagaberg \u00e4r grundskolan som st\u00e4ller krav, st\u00f6ttar och utmanar v\u00e5ra elever varje dag f\u00f6r att de ska n\u00e5 sin fulla potential. L\u00e4s mer om v\u00e5r skola h\u00e4r.","twitter_misc":{"Ber\u00e4knad l\u00e4stid":"3 minuter"},"schema":{"@context":"https:\/\/schema.org","@graph":[{"@type":"WebPage","@id":"https:\/\/noblaskolan.se\/hagaberg\/om\/","url":"https:\/\/noblaskolan.se\/hagaberg\/om\/","name":"Om skolan | Hagaberg","isPartOf":{"@id":"https:\/\/noblaskolan.se\/hagaberg\/#website"},"datePublished":"2020-09-01T20:06:33+00:00","dateModified":"2026-03-16T12:26:26+00:00","description":"Noblaskolan Hagaberg \u00e4r grundskolan som st\u00e4ller krav, st\u00f6ttar och utmanar v\u00e5ra elever varje dag f\u00f6r att de ska n\u00e5 sin fulla potential. L\u00e4s mer om v\u00e5r skola h\u00e4r.","breadcrumb":{"@id":"https:\/\/noblaskolan.se\/hagaberg\/om\/#breadcrumb"},"inLanguage":"sv-SE","potentialAction":[{"@type":"ReadAction","target":["https:\/\/noblaskolan.se\/hagaberg\/om\/"]}]},{"@type":"BreadcrumbList","@id":"https:\/\/noblaskolan.se\/hagaberg\/om\/#breadcrumb","itemListElement":[{"@type":"ListItem","position":1,"name":"Start","item":"https:\/\/noblaskolan.se\/hagaberg\/"},{"@type":"ListItem","position":2,"name":"Om skolan"}]},{"@type":"WebSite","@id":"https:\/\/noblaskolan.se\/hagaberg\/#website","url":"https:\/\/noblaskolan.se\/hagaberg\/","name":"Hagaberg","description":"Noblaskolan Hagaberg","potentialAction":[{"@type":"SearchAction","target":{"@type":"EntryPoint","urlTemplate":"https:\/\/noblaskolan.se\/hagaberg\/?s={search_term_string}"},"query-input":"required name=search_term_string"}],"inLanguage":"sv-SE"}]}},"_links":{"self":[{"href":"https:\/\/noblaskolan.se\/hagaberg\/wp-json\/wp\/v2\/pages\/20"}],"collection":[{"href":"https:\/\/noblaskolan.se\/hagaberg\/wp-json\/wp\/v2\/pages"}],"about":[{"href":"https:\/\/noblaskolan.se\/hagaberg\/wp-json\/wp\/v2\/types\/page"}],"author":[{"embeddable":true,"href":"https:\/\/noblaskolan.se\/hagaberg\/wp-json\/wp\/v2\/users\/1"}],"replies":[{"embeddable":true,"href":"https:\/\/noblaskolan.se\/hagaberg\/wp-json\/wp\/v2\/comments?post=20"}],"version-history":[{"count":10,"href":"https:\/\/noblaskolan.se\/hagaberg\/wp-json\/wp\/v2\/pages\/20\/revisions"}],"predecessor-version":[{"id":2407,"href":"https:\/\/noblaskolan.se\/hagaberg\/wp-json\/wp\/v2\/pages\/20\/revisions\/2407"}],"wp:attachment":[{"href":"https:\/\/noblaskolan.se\/hagaberg\/wp-json\/wp\/v2\/media?parent=20"}],"curies":[{"name":"wp","href":"https:\/\/api.w.org\/{rel}","templated":true}]}}